{"id":7104,"date":"2024-03-19T15:51:47","date_gmt":"2024-03-19T14:51:47","guid":{"rendered":"https:\/\/www.centerplast.de\/ueber-uns\/team\/pd-dr-stephane-stahl\/"},"modified":"2026-04-29T15:05:58","modified_gmt":"2026-04-29T13:05:58","slug":"pd-dr-stephane-stahl","status":"publish","type":"team","link":"https:\/\/www.centerplast.de\/en\/about-us\/team\/pd-dr-stephane-stahl\/","title":{"rendered":"PD. Dr. St\u00e9phane Stahl"},"content":{"rendered":"<section id=\"bptb-block-page-header-69f4b3fb2c384\" class=\"bp-block-page-header position-relative alignfull\" data-type=\"text_image_overlap\"\n         \n>\n            \n    \n    \n            <div class=\"outer-container hide-overlay text-image-overlapping-block-container bg-secondary\">\n    <div class=\"after bg-white\"><\/div>\n        <div class=\"container container-medium\">\n        <div class=\"inner-grid\">\n            <div class=\"content-container\"\n                 data-aos=\"fade-down\">\n                                    <div class=\"content-container d-flex h-100 align-items-center pt-5 pt-lg-9 pb-5 pb-lg-9 \"\n                         data-aos=\"fade-down\" data-aos-anchor=\"#bptb-block-page-header-69f4b3fb2c384\">\n                        <div class=\"inner inner-container\">\n                            <div class=\"row justify-content-start\">\n                                <div class=\"col-12 col-lg-12\">\n                                    <div class=\"acf-innerblocks-container\">\n\n<h1 class=\"wp-block-heading has-primary-color has-text-color has-link-color wp-elements-a903a2feff958442a2708f8c20c4c014\">PD. Dr. St\u00e9phane Stahl<\/h1>\n\n\n<div id=\"bptb-block-button-group-69f4b3fb2a8df\" class=\"bp-block-button-group\">\n    <div class=\"acf-innerblocks-container d-flex flex-wrap flex-row justify-content-start\">\n        <a href=\"https:\/\/www.centerplast.de\/terminbuchung\/\" class=\"bp-block-button-item btn btn-icon-link btn-icon  btn-arrow-circle-white-right\" target=\"_blank\">\n                                                <i class=\"icon icon-arrow-circle-white-right\"><\/i>\n                                        <span class=\"btn-text text-primary\">Make an appointment<\/span>\n            <\/a>\n\n<\/div>\n<\/div>\n<\/div>\n                                <\/div>\n                            <\/div>\n                        <\/div>\n                    <\/div>\n                \n            <\/div>\n\n            <div class=\"image-container\">\n                <picture>\n                    <img fetchpriority=\"high\" decoding=\"async\" src=\"https:\/\/www.centerplast.de\/wp-content\/uploads\/2024\/03\/dr-stephane-stahl-600x690.jpg\"\n                         alt=\"\"\n                         width=\"600\"\n                         height=\"690\"\n                         loading=\"eager\"\n                         class=\"img-fluid\"\n                         data-aos=\"fade-down\">\n                <\/picture>\n            <\/div>\n\n            <div class=\"breadcrumb-outer bg-white\">\n                <div class=\"before bg-white\"><\/div>\n                    <section class=\"breadcrumb-container  pt-3 py-lg-3\">\n                                   <div class=\"row\">\n                    <div class=\"col-12 col-md-6\">\n                        <div class=\"animation-container overflow-navigation\" data-aos=\"fade-down\" data-aos-anchor=\"#page-header\">\n                            <nav  aria-label=\"breadcrumb\"><ol class=\"breadcrumb overflow-element\" itemscope itemtype=\"https:\/\/schema.org\/BreadcrumbList\"><li class=\"breadcrumb-item active\" aria-current=\"page\" itemprop=\"itemListElement\" itemscope itemtype=\"https:\/\/schema.org\/ListItem\"><span itemprop=\"name\">Home<\/span><meta itemprop=\"position\" content=\"1\"><\/li><\/ol><\/nav>\n                            <div class=\"overflow-navigation-items\">\n                                <button type=\"button\" class=\"btn btn-overflow btn-overflow-prev d-none\" aria-label=\"button left\">\n                                    <i class=\"icon icon-chevron-left\" title=\"left\"><\/i>\n                                <\/button>\n                                <button type=\"button\" class=\"btn btn-overflow btn-overflow-next\" aria-label=\"button right\">\n                                    <i class=\"icon icon-chevron-right\" title=\"right\"><\/i>\n                                <\/button>\n                            <\/div>\n                        <\/div>\n                    <\/div>\n                <\/div>\n                    <\/section>\n                <div class=\"after bg-white\"><\/div>\n            <\/div>\n\n        <\/div>\n\n    <\/div>\n\n<\/div>    \n<\/section>\n\n\n\n<div id=\"bptb-block-table-of-content-69f4b3fb37d5c\" class=\"bp-block-table-of-content alignfull bg-white\"\n     data-type=\"individual\"\n     data-outside-headlines=\"true\"\n     data-style=\"widget\"\n     data-cols=3\n     data-headlines=\"\">\n\n    \n                    <div class=\"container container-medium \">\n                    <div id=\"toc-content-69f4b3fb37d5d\" class=\"toc-container pt-5 pt-lg-9 pb-0 pb-lg-0\">\n        <div class=\"toc-header position-relative\">\n            <div class=\"h4 title text-primary mb-0 d-flex justify-content-between align-items-center collapsed\"\n                 data-toggle=\"collapse\" data-target=\"#collapse-toc-topics\"\n            >\n                <span>Table of contents\n<\/span>\n                <i class=\"icon icon-plus d-md-none\"><\/i>\n            <\/div>\n        <\/div>\n                    <ul id=\"collapse-toc-topics\" class=\"toc-topics list-unstyled mb-0\">\n                            <\/ul>\n            <\/div>\n\n    <button class=\"anchor-navigation-toggler shadow\">\n        <i class=\"icon icon-list\"><\/i>\n    <\/button>\n\n            <\/div>\n        \n    \n    <div class=\"acf-innerblocks-container\">\n                                                    \n<div id=\"bptb-block-container-69f4b3fb37117\" class=\"bp-block-container alignfull position-relative bg-white pt-6 pt-lg-9 pb-6 pb-lg-9 is-layout-flow wp-block-bp-container-is-layout-flow\"\n        >\n\n    \n                            <div class=\"container container-medium \">\n                    <div class=\"acf-innerblocks-container\">\n\n<p class=\"mb-md-6 has-primary-color has-text-color has-link-color wp-elements-f6dbef1b32c1b24c58987df7f6de2d43\">Dr. Stahl has published 3 book chapters and over 40 publications in national and international scientific journals and has given over 50 lectures at national and international symposia and congresses. He specializes in aesthetic breast surgery, aesthetic body and contour surgery, gynecomastia, hand surgery and reconstructive surgery.<\/p>\n\n\n    <div class=\"bp-block-anchor blank-anchor is-layout-flow wp-block-bp-anchor-is-layout-flow\" id=\"academic-status\" data-title=\"Academic status\">\n        <div class=\"bp-block-anchor-innerblocks acf-innerblocks-container\"><\/div>\n    <\/div>\n\n    \n\n\n\n<h3 class=\"wp-block-heading is-style-display-3 has-primary-color has-text-color has-link-color wp-elements-52f488630aa34056bb288f5ffd84a62c\"><a>Personal details<\/a><\/h3>\n\n\n\n<p>Priv.-Doz. Dr. med. St\u00e9phane Stahl<br>CenterPlast GmbH<br>Bahnhofstr. 36<br>66111 Saarbr\u00fccken<br><a href=\"https:\/\/www.centerplast.de\/en\/\">www.centerplast.de<\/a><br>E-Mail: sstahl@centerplast.de<\/p>\n\n\n\n<h3 class=\"wp-block-heading is-style-display-3 has-primary-color has-text-color has-link-color wp-elements-4f10eb4d577a9a91f33ba2999f54842b\"><a>Doctoral thesis<\/a><\/h3>\n\n\n\n<ul class=\"wp-block-list is-style-check has-primary-color has-text-color has-link-color wp-elements-d709271fbbf181d1dfa681c56321b160\">\n<li>2001 &#8211; 2004: &#8220;Method for the characterization of the arginine metabolism of individual macrophages after stimulation with Th1 and Th2 cytokines&#8221;, Max Planck Institute of Immunobiology in Freiburg, Prof. Dr. R. Eichmann, grade: magna cum laude.<\/li>\n<\/ul>\n\n\n\n<h2 class=\"wp-block-heading is-style-display-3\"><a>Habilitation thesis in the field of plastic and aesthetic surgery<\/a><\/h2>\n\n\n\n<ul class=\"wp-block-list is-style-check has-primary-color has-text-color has-link-color wp-elements-d943db6ad626b3f755824e29afaf5e1e\">\n<li>2008 &#8211; 2015: &#8220;Characterization of the etiopathogenesis of Kienb\u00f6ck disease&#8221;, from the University Clinic for Plastic, Hand, Reconstructive and Burn Surgery, Eberhard-Karls-University T\u00fcbingen.<\/li>\n<\/ul>\n\n\n    <div class=\"bp-block-anchor blank-anchor is-layout-flow wp-block-bp-anchor-is-layout-flow\" id=\"academic-education\" data-title=\"Academic education\">\n        <div class=\"bp-block-anchor-innerblocks acf-innerblocks-container\"><\/div>\n    <\/div>\n\n    \n\n\n\n<h3 class=\"wp-block-heading is-style-display-3 has-primary-color has-text-color has-link-color wp-elements-22b1365aa7918737a10d0f473bd7c6c1\"><a>Medical studies<\/a><\/h3>\n\n\n\n<ul class=\"wp-block-list is-style-check has-primary-color has-text-color has-link-color wp-elements-57401333aae3ae2276f1f7e402785968\">\n<li>04.2004 &#8211; 05.2005: Human Medicine, Charit\u00e9 University Medicine, Berlin.<\/li>\n\n\n\n<li>10.1997 &#8211; 03.2004: Human Medicine, Albert-Ludwigs-University, Freiburg.<\/li>\n<\/ul>\n\n\n\n<h3 class=\"wp-block-heading is-style-display-3\" id=\"zusatzqualifikationen\"><a>Scholarships<\/a><\/h3>\n\n\n\n<p>05.2012 &#8211; 08.2012: Stipendiat der American Society for Aesthetic Plastic Surgery, Fellowship in:<br>Atlanta, GA<\/p>\n\n\n\n<ul class=\"wp-block-list is-style-check\">\n<li>Prof. Dr. Foad Nahai, MD, FACS.<\/li>\n\n\n\n<li>Prof. Dr. Felmont Monte Eaves, MD, FACS.<\/li>\n\n\n\n<li>Prof. Dr. Albert Losken, MD.<\/li>\n\n\n\n<li>Prof. Dr. Mark Allen Codner, MD, FACS.<\/li>\n<\/ul>\n\n\n\n<p><\/p>\n\n\n\n<p>Salt Lake City, UT:<\/p>\n\n\n\n<ul class=\"wp-block-list is-style-check\">\n<li>Dr. Renato Salz, MD.<\/li>\n<\/ul>\n\n\n\n<p><\/p>\n\n\n\n<p>New York, NY:<\/p>\n\n\n\n<ul class=\"wp-block-list is-style-check\">\n<li>Prof. Dr. Sherrell J. Aston, MD.<\/li>\n\n\n\n<li>Prof. Dr. Daniel C. Baker, MD.<\/li>\n<\/ul>\n\n\n\n<p><\/p>\n\n\n\n<p>08.2004 &#8211; 04.2005: Scholarship holder of the UNIBRAL program of the Charit\u00e9 for the internship year at the university hospital Hospital Geral de Fortaleza (HGF), Prof. Dr. Salustiano Gomes de Pinho Pessoa, Brazil.<\/p>\n\n\n\n<h3 class=\"wp-block-heading is-style-display-3 has-primary-color has-text-color has-link-color wp-elements-a786d9d0a1a32e6495c9bd42e0899912\">Further education and training<\/h3>\n\n\n\n<ul class=\"wp-block-list is-style-check has-primary-color has-text-color has-link-color wp-elements-c1aaf43c2dbb3a500811ae0466b9764c\">\n<li>06.2018: Hygiene Officer Physician, North Rhine Medical Association, Tersteegenstra\u00dfe 9, 40474 D\u00fcsseldorf.<\/li>\n\n\n\n<li>12.2017: Billing seminar in plastic surgery, DRG-GO\u00c4-EBM, Dr. Hoffmann, Dr. Nyszkiewicz, Berlin<\/li>\n\n\n\n<li>04.2017: Medical quality management block 2.<\/li>\n\n\n\n<li>06.2016: Medical quality management Block 3.<\/li>\n\n\n\n<li>11.2015: Medical Quality Management Block 1.<\/li>\n\n\n\n<li>02.2015: 49th Baker Gordon Symposium, Miami, Florida.<\/li>\n\n\n\n<li>01.2015: Basic course I of the German Society for Ultrasound in Medicine for ultrasound-assisted regional anesthesia.<\/li>\n\n\n\n<li>01.2015: Special pain therapy, Block C-D, Academy for Continuing Medical Education South Baden, Freiburg.<\/li>\n\n\n\n<li class=\"mb-md-6\">01-11.2014: Physical therapy and balneology course I to VI, Verband Deutscher Bade\u00e4rzte e.V. and Lehrinstitut Damp.<\/li>\n\n\n\n<li>09.2014: M3 examiner course, Dr. M. Lammerding-K\u00f6ppel, Competence Center Medical Didactics Baden-W\u00fcrttemberg, Eberhard-Karls-University, T\u00fcbingen.<\/li>\n\n\n\n<li>07.2014: Medical Didactics Qualification II, Dr. M. Lammerding-K\u00f6ppel, Competence Center Medical Didactics Baden-W\u00fcrttemberg, Eberhard-Karls-University, T\u00fcbingen.<\/li>\n\n\n\n<li>11.2011: 20th European Course in Plastic Surgery, Prof. Dr. G. Magalon, Universit\u00e9 de la M\u00e9diterran\u00e9e in the gardens of the Palais du Pharo, Marseilles.<\/li>\n\n\n\n<li>11.2011: Canniesburn Practical Course on the use of Flaps in Reconstructive Microsurgery, Mr. J Kirkpatrick, Glasgow.<\/li>\n\n\n\n<li>09.2009: Basic qualification for teachers in medicine MQ1, Dr. M. Lammerding-K\u00f6ppel, Competence Center Medical Didactics Baden-W\u00fcrttemberg, Eberhard-Karls-University, T\u00fcbingen.<\/li>\n\n\n\n<li>04.2009: General investigator course, Dr. S. P. Luntz, Coordination Centers for Clinical Studies Heidelberg.<\/li>\n\n\n\n<li>06.2006: Advanced Trauma Life Support Course, Prof. Dr. B. Bouillon, University of Witten Herdecke, Klinikum K\u00f6ln-Merheim.<\/li>\n\n\n\n<li>02.2006: 1st Zurich Workshop on hand flaps, dissection course on flap plasty of the hand, Prof. Dr. C. Oberlin, Prof. Dr. P. Giovanoli, University of Zurich-Irchel.<\/li>\n\n\n\n<li>08.2004: 1st Clinical Workshop on Breast Surgery, Prof. Dr. S. Gomes de Pinho Pessoa, Hospital Universitario Walter Cant\u00eddio, Fortaleza, Cear\u00e1, Brazil.<\/li>\n\n\n\n<li>02.2002: Tropical medicine course, Prof. Dr. S. Schubert, University of Leipzig.<\/li>\n<\/ul>\n\n\n    <div class=\"bp-block-anchor blank-anchor is-layout-flow wp-block-bp-anchor-is-layout-flow\" id=\"professional-qualification\" data-title=\"Professional qualification\">\n        <div class=\"bp-block-anchor-innerblocks acf-innerblocks-container\"><\/div>\n    <\/div>\n\n    \n\n\n\n<h3 class=\"wp-block-heading is-style-display-3 has-primary-color has-text-color has-link-color wp-elements-586ef554cfdc1715958d0e3223df1b37\"><a>Professional career<\/a><\/h3>\n\n\n\n<ul class=\"wp-block-list is-style-check has-primary-color has-text-color has-link-color wp-elements-958e9acb3c7010787e1fe595e0c1bf72\">\n<li>Since 09.2018 Managing Director of the CenterPlast Stahl Santos Stahl group practice in Saarbr\u00fccken.<\/li>\n\n\n\n<li>01.2016 &#8211; 06.2018 Clinic Director, Clinic for Plastic, Reconstructive and Aesthetic Surgery \/ Hand Surgery, L\u00fcdenscheid Clinic.<\/li>\n\n\n\n<li>04.2015 &#8211; 12.2015 Senior Consultant, Trauma Clinic T\u00fcbingen, Clinic for Hand, Plastic, Reconstructive and Burn Surgery, Prof. Dr. H.-E. Schaller.<\/li>\n\n\n\n<li>01.2013 &#8211; 3.2015: Senior Physician, BG Trauma Clinic T\u00fcbingen, Clinic for Hand, Plastic, Reconstructive and Burn Surgery, Prof. Dr. H.-E. Schaller.<\/li>\n\n\n\n<li class=\"mb-md-6\">01.2012 &#8211; 12.2012: Specialist, BG Unfallklinik T\u00fcbingen, Clinic for Hand, Plastic, Reconstructive and Burn Surgery, Prof. Dr. H.-E. Schaller.<\/li>\n\n\n\n<li>11.2007 &#8211; 12.2011: Resident, BG Unfallklinik T\u00fcbingen, Clinic for Hand, Plastic, Reconstructive and Burn Surgery, Prof. Dr. H.-E. Schaller.<\/li>\n\n\n\n<li>03.2010 &#8211; 09.2010: Rotation, Marienhospital Stuttgart, Hand, Micro- and Reconstructive Breast Surgery, Prof. Dr. T. Schoeller.<\/li>\n\n\n\n<li>11.2006 &#8211; 10.2007: Resident, Clinic for Hand Surgery, Prof. Dr. J. van Schoonhoven, Bad Neustadt.<\/li>\n\n\n\n<li>10.2005 &#8211; 10.2006: Resident, H\u00f4pital du Jura, Porrentruy, Dr. M. Worreth, General Surgery, Switzerland.<\/li>\n<\/ul>\n\n\n\n<p><\/p>\n\n\n\n<h2 class=\"wp-block-heading is-style-display-3\"><a>Professional qualifications<\/a><\/h2>\n\n\n\n<ul class=\"wp-block-list is-style-check\">\n<li>29.08.2005: License to practice medicine.<\/li>\n<\/ul>\n\n\n\n<h2 class=\"wp-block-heading is-style-display-3\"><a>Specialist recognitions<\/a><\/h2>\n\n\n\n<ul class=\"wp-block-list is-style-check\">\n<li>01.06.2013: European specialist examination for hand surgery (FESSH).<\/li>\n\n\n\n<li>11.01.2012: German specialist examination for plastic and aesthetic surgery.<\/li>\n\n\n\n<li>05.11.2011: European specialist examination for plastic surgery (FEBOPRAS).<\/li>\n<\/ul>\n\n\n\n<h2 class=\"wp-block-heading is-style-display-3\"><a>Additional designations<\/a><\/h2>\n\n\n\n<ul class=\"wp-block-list is-style-check\">\n<li>10.06.2017: Medical quality management.<\/li>\n\n\n\n<li>27.08.2016: Physical therapy and balneology.<\/li>\n\n\n\n<li>31.10.2014: Medical didactics..<\/li>\n\n\n\n<li>30.01.2014: Hand surgery.<\/li>\n\n\n\n<li>25.07.2013: Emergency medicine.<\/li>\n<\/ul>\n\n\n\n<h2 class=\"wp-block-heading is-style-display-3\"><a>Additional qualifications<\/a><\/h2>\n\n\n\n<ul class=\"wp-block-list is-style-check\">\n<li>25.05.2016: Certified user for esth. Botulinum toxin therapy (awarded by the DGBT)<\/li>\n\n\n\n<li>19.03.2015: Specialist and expert knowledge for laser protection officers.<\/li>\n\n\n\n<li>07.03.2012: Specialist qualification in radiation protection (X-ray diagnostics of the skeleton).<\/li>\n\n\n\n<li>02.04.2009: Investigator for clinical studies.<\/li>\n\n\n\n<li>03.12.2008: Specialist knowledge in radiation protection (emergency diagnostics in adults and children).<\/li>\n<\/ul>\n\n\n    <div class=\"bp-block-anchor blank-anchor is-layout-flow wp-block-bp-anchor-is-layout-flow\" id=\"publication-activity\" data-title=\"Publication activity\">\n        <div class=\"bp-block-anchor-innerblocks acf-innerblocks-container\"><\/div>\n    <\/div>\n\n    \n\n\n\n<h3 class=\"wp-block-heading is-style-display-3 has-primary-color has-text-color has-link-color wp-elements-f9506af8fec732624f5dce9a0ccdda18\">Scientific work<\/h3>\n\n\n\n<ul class=\"wp-block-list is-style-check has-primary-color has-text-color has-link-color wp-elements-1c153ebc52ad835e40e3b729d5ea5d7d\">\n<li>Gohla G., Hauser T.K, Zerweck L., Richter V., B\u00fcrkle E., Konrad E.-M., Stahl S., Kelbsch C., Hurth H., Ernemann U., Becker H., Estler A. Deep learning-accelerated image reconstruction in MRI of the orbit to shorten acquisition time and enhance image quality. Accepted, Journal of Neuroimaging, 2023.<\/li>\n\n\n\n<li>Jorge AC, Feng Y-S, Santos Stahl A, Gr\u00f6zinger G, Nikolaou K, Glanemann M, Daigeler A, Stahl S. Danger Zones of the Gluteal Anatomy: Improving the Safety Profile of the Gluteal Fat Grafting. Aesthetic Plastic Surgery, 1-9.<\/li>\n\n\n\n<li>Stahl S, Brendlin A, Dannehl D, Hagen F, Daigeler A, Jorge C, Santos Stahl A, Feng Y-S, Nikolaou K, Estler A. Definitions of abnormal breast size and asymmetry: a cohort study of 400 women. Aesthetic Plast Surg, 47(6), 2242-2252.<\/li>\n\n\n\n<li>Stahl S., Santos Stahl A, Feng Y-S, Estler A, Buiculescu F, Jorge C. Enhanced Recovery After Surgery (ERAS) pathways for aesthetic breast surgery: a prospective cohort study on patient-reported outcomes. Aesthetic Plast Surg. 2023, 1\u201311.<\/li>\n\n\n\n<li>Stahl S, Santos Stahl A, Feng YS, Estler A, Swoboda K, Buiculescu F, Seabra Robalo Gomes Jorge AC. Enhanced Recovery After Aesthetic Breast Surgery Under Sedation, Intercostal Block and Tumescent Anaesthesia: A Prospective Cohort Study of the Early Postoperative Phase. Aesthetic Plast Surg. 2023 Jun;47(3):979-997.<\/li>\n\n\n\n<li>Estler A, Zanderigo E, Wessling D, Gr\u00f6zinger G, Steinmacher S, Daigeler A, Jorge C, Santos Stahl A, Feng YS, Schipperges V, Nikolaou K, Stahl S. Quantification of Breast Volume According to age and BMI: A Three-Dimensional MRI Analysis of 400 Women. Aesthetic Plast Surg. 2023 Oct;47(5):1713-1724.<\/li>\n\n\n\n<li>Estler A, Gr\u00f6zinger G, Estler E, Hepp T, Daigeler A, Jorge AC, Santos Stahl A, Feng Y.-S., Nikolaou K, Stahl S. Quantification of facial fat compartments variations according to gender, age, and BMI: a 3-Dimensional morphometric analysis of the cheek. Plast Reconstr Surg. 2023 Oct 1;152(4):617e-627e.<\/li>\n\n\n\n<li>S R G Jorge AC, Estler A, Wahler T, Gr\u00f6zinger G, Stahl S. Reconstruction of the Fourth Metacarpal Using a Chimeric Medial Femoral Condyle Vascularized Osteochondral Cutaneous Graft: Case Report. Ann Plast Surg. 2022 Aug 1;89(2):e1-e4.<\/li>\n\n\n\n<li>Ederer IA, Schreiner J, Stahl S, Daigeler A, Wahler T. Role of antibiotic treatment after surgical debridement of superficial hand infections in 180 patients. Hand Surg Rehabil. 2022 Jun;41(3):384-390.<\/li>\n\n\n\n<li>A Eisele, C Dereskewitz, S Kus, C Oberhauser, K-D Rudolf, M Coenen, C Best, B D\u00f6lz, N Drummer, A Franz, K Wei\u00dfenberg, W-L M\u00fcller, F Siemers, C Betz, A Franz, G Hanebuth, M Sauerbier, B Bickert, V Struckmann, U Kneser, A Daigeler, O H\u00f6ffken, C Sachs, M Lehnhardt, S Bonness, K Freund, C Schr\u00f6der-Kraft, A Thielitz, S M John, S Drisch, C Heidenreich, V Stein, N Baas, P J\u00e4nsch, M Wickert, A Eisenschenk, F Goehtz, N Weihs, J van Schoonhoven, B Heitmann, D Schreier, H H Homann , A Nusche, S Stahl, H-E Schaller. Factors affecting time off work in patients with traumatic hand injuries-A bio-psycho-social perspective. Injury. 2018 Oct;49(10):1822-1829.<\/li>\n\n\n\n<li>Gr\u00f6zinger G, Grosse U, Syha R, Hoffmann R, Partovi S, Nikolaou K, Stahl S, K\u00f6nigsrainer A, Thiel K, Thiel C. CT-Guided Translumbar Placement of Permanent Catheters in the Inferior Vena Cava: Description of the Technique with Technical Success and Complications Data. Cardiovasc Intervent Radiol. 2018 Sep;41(9):1356-1362.<\/li>\n\n\n\n<li>Kus S, Dereskewitz C, Coenen M, Rauch A, Rudolf KD, C Best, B D\u00f6lz, N Drummer, A Franz, K Wei\u00dfenberg, W-L M\u00fcller, F Siemers, C Betz, A Franz, G Hanebuth, M Sauerbier, B Bickert, V Struckmann, U Kneser, A Daigeler, O H\u00f6ffken, C Sachs, M Lehnhardt, S Bonness, C Dereskewitz, K Freund, K-D Rudolf, C Schr\u00f6der-Kraft, A Thielitz, S M John, S Drisch, C Heidenreich, V Stein, N Baas, P J\u00e4nsch, M Wickert, A Eisenschenk, F Goehtz, N Weihs, J van Schoonhoven, B Heitmann, D Schreier, H H Homann, A Nusche, S Stahl, H-E Schaller. International Classification of Functioning, Disability and Health: development of an assessment set to evaluate functioning based on the Brief ICF Core Set for Hand Conditions &#8211; ICF Hand(A). J Hand Surg Eur Vol. 2017 Sep;42(7):731-741.<\/li>\n\n\n\n<li>Stahl S, Hentschel P, Ketelsen D, Grosse U, Held M, Wahler T, Syha R, Schaller HE, Nikolaou K, Gr\u00f6zinger G. Results of a prospective clinical study on the diagnostic performance of standard magnetic resonance imaging in comparison to a combination of 3T MRI and additional CT imaging in Kienb\u00f6ck\u2019s disease. Eur J Radiol. 2017 May;90:212-219.<\/li>\n\n\n\n<li>Schiefer JL, Schulz L, Rath R, Stahl S, Schaller HE, Manoli T. Comparison of short- with long-term regeneration results after digital nerve reconstruction with muscle-in-vein conduits. Neural Regen Res. 2015 Oct;10(10):1674-7.<\/li>\n\n\n\n<li>Held M, Medved F, Stahl S, B\u00f6sch C, Rahmanian-Schwarz A, Schaller HE. Improvement of Split Skin Graft Quality Using a Newly Developed Collagen Scaffold as an Underlayment in Full Thickness Wounds in a Rat Model. Ann Plast Surg. 2015 Nov;75(5):508-12.<\/li>\n\n\n\n<li>Stahl S, Hentschel P, Santos Stahl A, Meisner C, Schaller HE, Manoli T. Comparison of clinical and radiologic treatment outcomes of Kienb\u00f6ck\u2019s disease. J Orthop Surg Res. 2015 Aug 27;10:133.<\/li>\n\n\n\n<li>Manoli T, Micheel M, Ernemann U, Schaller HE, Stahl S. Treatment algorithm and clinical outcome of venous malformations of the limbs. Dermatol Surg. 2015 Oct;41(10):1164-70.<\/li>\n\n\n\n<li>Santos Stahl A, Gubisch W, Fischer H, Haack S, Meisner C, Stahl S. Aesthetic and Functional Outcomes of 2-Stage Versus 3-Stage Paramedian Forehead Flap Techniques: A 9-Year Comparative Study With Prospectively Collected Data. Dermatol Surg. 2015 Oct;41(10):1137-48.<\/li>\n\n\n\n<li>Stahl S, Vida D, Meisner C, Santos Stahl A, Schaller HE, Held M. Work related etiology of de Quervain\u2019s tenosynovitis: a case-control study with prospectively collected data. BMC Musculoskelet Disord. 2015 May 28;16:126.<\/li>\n\n\n\n<li>Stahl S, Hentschel PJ, Meisner C, Manoli T, Schaller HE, Stahl AS. Reply: Prospective case-control study on the etiopathology of Kienb\u00f6ck disease. Plast Reconstr Surg. 2014 Dec;134(6):990e-1e.<\/li>\n\n\n\n<li>Medved F, Manoli T, Medesan R, Janghorban Esfahani B, Stahl S, Schaller HE, Brodoefel H, Ernemann U, Korn A. In vivo analysis of the vascular pattern of the superficial temporal artery based on digital subtraction angiography. Microsurgery. 2014 Nov 3. doi: 10.1002\/micr.22348.<\/li>\n\n\n\n<li>Manoli T, Schulz L, Stahl S, Jaminet P, Schaller HE. Evaluation of sensory recovery after reconstruction of digital nerves of the hand using muscle-in-vein conduits in comparison to nerve suture or nerve autografting. Microsurgery. 2014 Nov;34(8):608-15.<\/li>\n\n\n\n<li>Stahl S, Hentschel P, Held M, Manoli T, Meisner C, Schaller HE, Santos Stahl A. Characteristic features and natural evolution of Kienb\u00f6ck\u2019s disease: Five years results of a prospective case series and retrospective case series of 106 patients. J Plast Reconstr Aesthet Surg. 2014 Oct;67(10):1415-26.<\/li>\n\n\n\n<li>Santos Stahl A, Gubisch W, Fischer H, Haack S, Meisner C, Stahl S. A Cohort Study of Paramedian Forehead Flap in 2 Stages (87 Flaps) and 3 Stages (100 Flaps). Ann Plast Surg. 2014 Aug 29.<\/li>\n\n\n\n<li>Stahl S, Held M, Medved F, Manoli T, Schaller HE. Infektionen nach sogenannten Bagatellverletzungen der Hand. Trauma und Berufskrankheit. Juli 2014. 16: 281-286.<\/li>\n\n\n\n<li>Stahl S, Hentschel P, Lotter O, Meisner C, Manoli T, Schaller HE, Santos Stahl A. Prospectiv case-controll study on the etiopathology of Kienb\u00f6ck\u2019s disease. Plast Reconstr Surg. 2014 Mar;133(3):324e-334e.<\/li>\n\n\n\n<li>Rothenberger J, Held M, Jaminet P, Stahl S, Rahmanian-Schwarz A, Schaller HE. Benign subcutaneous emphysema caused by a bellows mechanism of the first interdigital space. Handchir Mikrochir Plast Chir. 2013 Oct;45(5):311-3.<\/li>\n\n\n\n<li>Stahl S, Vida D, Meisner C, Lotter O, Rothenberger J, Schaller HE., Santos Stahl A. Systematic review and meta-analysis on the work-related cause of de quervain tenosynovitis: a critical appraisal of its recognition as an occupational disease. Plast Reconstr Surg. 2013 Dec;132(6):1479-91.<\/li>\n\n\n\n<li>Lotter O, Stahl S, Townley WA, Hoefert S, Eberhard Schaller H, Amr A. Reimbursement for tissue reconstruction by pedicled and free flaps across five European countries. The importance of autologous breast reconstruction. Minerva Chir. 2013 Apr;68(2):129-37.<\/li>\n\n\n\n<li>Rothenberger J, Lotter O, Stahl S, Schaller HE. [Benign subcutaneous emphysema caused by a bellows mechanism of the first interdigital space]. Handchir Mikrochir Plast Chir. 2013 Oct;45(5):311-3.<\/li>\n\n\n\n<li>Stahl S, Santos Stahl A, Meisner C, Hentschel P., Valina S., Luz O., Schaller HE., Lotter O. Critical analysis of causality between negative ulnar variance and Kienb\u00f6ck\u2019s disease. Plast Reconstr Surg. 2013 Oct;132(4):899-909.<\/li>\n\n\n\n<li>Lotter O, Stahl S, Schiefer JL, Townley WA, Schaller HE, Jaminet P. A European comparison of reimbursement in breast reconstruction. Eur J Surg Oncol. 2013 Mar;39(3):273-8.<\/li>\n\n\n\n<li>Stahl S, Santos Stahl A, Meisner C, Rahmanian-Schwarz A, Schaller HE., Lotter O. A systematic review of the etiopathogenesis of Kienb\u00f6ck\u2019s disease and a critical appraisal of its recognition as an occupational disease related to hand-arm vibration. BMC Musculoskeletal Disorders.2012, 13:225.<\/li>\n\n\n\n<li>Stahl S, Santos Stahl A, Meisner C, Leclercq C, Schaller HE, Lotter O. An international opinion research survey of the etiology, diagnosis, therapy and outcome of Kienb\u00f6ck\u2019s disease (KD). Chir Main. 2012 Jun;31(3):128-37. Epub 2012 Apr 20.<\/li>\n\n\n\n<li>Lotter O, Amr A, Chiarello P, Bihler M, Schaller HE, Stahl S. Diagnosis-Related Groups in Hand Surgery\u2013a comparison of six European countries. Ger Med Sci. 2012;10:Doc08.<\/li>\n\n\n\n<li>Lotter O, Amr A, Jaminet P, Hoefert S, Schaller HE, Stahl S. [Development of DRGs in reconstructive breast surgery]. Handchir Mikrochir Plast Chir. 2012 Apr;44(2):112-7.<\/li>\n\n\n\n<li>Rahmanian-Schwarz A, Ndhlovu M, Held M, Knoeller T, Ebrahimi B, Schaller HE, Stahl S. Evaluation of two commonly used temporary skin dressings for the treatment of acute partial-thickness wounds in rats. Dermatol Surg. 2012 Jun;38(6):898-904.<\/li>\n\n\n\n<li>Stahl S, Santos Stahl A, Lotter O, Pfau M, Perner S, Schaller HE. Palliative surgery for skeletal metastases from melanoma in the scaphoid\u2013a critical case report appraisal. J Plast Reconstr Aesthet Surg. 2012 Aug;65(8):1111-5.<\/li>\n\n\n\n<li>Lotter O, Stahl S, Hohenstein C, Schaller HE, Jaminet P. [Comparison of pedicle and free tissue transfers in the German DRG system]. Handchir Mikrochir Plast Chir. 2011 Dec;43(6):384-92.<\/li>\n\n\n\n<li>Stahl S, Lotter O, Santos Stahl A, Meisner C, Luz O, Pfau M, Schaller HE. 100 Jahre nach Kienb\u00f6ck \u2013 Literatur\u00fcbersicht \u00fcber die Ursachenforschung der Mondbeinnekrosen. Orthop\u00e4de. 2011 Jul 9.<\/li>\n\n\n\n<li>Lotter O, Stahl S, Beck M, Loewe W, Schaller HE.<a href=\"https:\/\/pubmed.ncbi.nlm.nih.gov\/21688237\/\">[Development of Diagnosis-Related Groups in Different Surgical Disciplines.]<\/a>&nbsp;Zentralbl Chir. 2011 Jun 17.<\/li>\n\n\n\n<li>Lotter O, Vogel D, Stahl S, Pfau M, Schaller HE.<a href=\"https:\/\/pubmed.ncbi.nlm.nih.gov\/21660511\/\">[Primary treatment of complicated flexor tendon injuries of the hand]<\/a>. Unfallchirurg. 2011 Jun;114(6):517-27.<\/li>\n\n\n\n<li>Vogel D, Lotter O, Stahl S, Pfau M, Schaller HE.<a href=\"https:\/\/pubmed.ncbi.nlm.nih.gov\/21660510\/\">[Operative technique for the rupture of the deep flexor tendon close to the insertion].<\/a>&nbsp;Unfallchirurg. 2011 Jun;114(6):528-31.<\/li>\n\n\n\n<li>Lotter O, Stahl S, Nyszkiewicz R, Schaller HE. [Development of DRG-reimbursement in hand surgery]. Handchir Mikrochir Plast Chir. 2011 Feb;43(1):3-8. Epub 2010 Dec 21.<\/li>\n\n\n\n<li>Lotter O, Amr A, Stahl S, Clasen S, Schraml C, Pfau M, Schaller HE. Pseudarthrosis after disruption of an incomplete luno-triquetral coalition: a case report. Ger Med Sci. 2010 Dec 22;8:Doc34.<\/li>\n\n\n\n<li>Lotter O, Dolderer J, Stahl S, Atzei A, Haerle M, Schaller HE. Comparison of Hand Surgery in the German and Italian DRG Systems. Gesundheitswesen. 2010 Sep 30. <\/li>\n\n\n\n<li>Lotter O, Stahl S, Luz O, Pfau M, Schaller HE. Bilateral Paradoxically Symptomatic Luno-triquetral Coalition: A Case Report. Eplasty. 2010 Jun 23;10:e47.<\/li>\n\n\n\n<li>Stahl S, Lotter O, Santos Stahl A, Schaller HE, Sinis N. Immediate reconstruction of complex hand trauma with iliac crest bone graft and two pedicled fasciocutaneous skin flaps \u2013 a case report. Eplasty. 2010 Mar 10;10:e21.<\/li>\n<\/ul>\n\n\n\n<h3 class=\"wp-block-heading is-style-display-3 has-primary-color has-text-color has-link-color wp-elements-d8221c1a6ac118c138c15484e6af35fc\">Congress lectures and symposia<\/h3>\n\n\n\n<ul class=\"wp-block-list is-style-check has-primary-color has-text-color has-link-color wp-elements-a9b574693476797218de78a8a489ef71\">\n<li>13.4.2024: \u201cEnhanced Recovery After Aesthetic Breast Surgery Under Sedation, Intercostal Block and Tumescent Anaesthesia: A Prospective Cohort Study of the Early Postoperative Phase\u201d. 28th Annual Meeting of the VD\u00c4PC 2024, Berlin.<\/li>\n\n\n\n<li>16.9.2023: \u201cDefinitions of abnormal breast size and asymmetry: a cohort study of 400 women\u201d. 53rd Annual Meeting of the DGPR\u00c4C, 27th Annual Meeting of the VD\u00c4PC, Heidelberg.<\/li>\n\n\n\n<li>16.9.2023: &#8220;Enhanced Recovery After Surgery (ERAS) pathways for esthetic breast surgery: a prospective cohort study on patient-reported outcomes&#8221;. 53rd Annual Meeting of the DGPR\u00c4C, 27th Annual Meeting of the VD\u00c4PC, Heidelberg.<\/li>\n\n\n\n<li>5.5.2023: &#8220;Quantification of Facial Fat Compartments Variations According to Gender, Age and BMI: A 3D Morphometric Analysis of the Cheek&#8221;. 23rd Spring Academy VD\u00c4PC 2023, Berlin.<\/li>\n\n\n\n<li>5.5.2023: &#8220;Enhanced Recovery After Aesthetic Breast Surgery under Intercostal Block and Tumescent Anaesthesia: A Prospective Cohort Study&#8221;. 23rd VD\u00c4PC Spring Academy 2023, Berlin.<\/li>\n\n\n\n<li>25.11.2017: &#8220;Carpus: From biomechanics to complex reconstruction&#8221;. 1st Autumn Symposium of the Clinic for Hand, Plastic, Reconstructive and Burn Surgery.<\/li>\n\n\n\n<li>22.11.2017: Hosting and organization of the 4th L\u00fcdenscheid Wound Symposium, L\u00fcdenscheid.<\/li>\n\n\n\n<li>11.2016: &#8220;Breast reconstruction after breast cancer &#8211; clues for a personal decision&#8221;. 8th L\u00fcdenscheid Breast Cancer Day, L\u00fcdenscheid.<\/li>\n\n\n\n<li>04.2016: &#8220;Plastic surgical wound care for patients with pressure ulcers&#8221;. 4th L\u00fcdenscheid Wound Symposium, L\u00fcdenscheid.<\/li>\n\n\n\n<li>11.2015: &#8220;Complex carpal fractures and dislocation fractures&#8221;. 36th Trauma Medicine Conference, Baden-Baden.<\/li>\n\n\n\n<li>10.2014: &#8220;The osteosynthetic treatment of distal radius fractures&#8221;, Colloquium BG Unfallklinik, T\u00fcbingen.<\/li>\n\n\n\n<li>09.2014: &#8220;Characteristic features and natural history of Kienb\u00f6ck&#8217;s disease: five-year results of a prospective case series and a retrospective case series of 106 patients&#8221;. Best Papers, 69th Annual Meeting of the American Society for Surgery of the Hand, Boston, MA.<\/li>\n\n\n\n<li>09.2014: &#8220;Comparative study of clinical and radiologic treatment outcomes with prospectively collected data from 57 cases of Kienb\u00f6ck&#8217;s disease&#8221;. 45th Annual Meeting of the DGPR\u00c4C, 52nd Annual Meeting of the \u00d6GP\u00c4RC, 19th Annual Meeting of the VD\u00c4PC, Munich.<\/li>\n\n\n\n<li>07.2014: &#8220;The scaphoid pseudarthroses and their treatment&#8221;, Colloquium BG Unfallklinik, T\u00fcbingen.<\/li>\n\n\n\n<li>06.2014: &#8220;Characteristic features and natural development of Kienb\u00f6ck&#8217;s disease: Five-year results of a prospective case series and a retrospective case series of 106 patients&#8221;. 19th FESSH Congress, Paris.<\/li>\n\n\n\n<li>04.2014: &#8220;ASAPS Fellowship: Personal experience&#8221;. The Aesthetic Meeting 2014, San Francisco, CA.<\/li>\n\n\n\n<li>02.2014: &#8220;Treatment of fractures and ligamentous injuries of the carpus with special consideration of SL dissociation&#8221;. Trauma surgery colloquium, BG Unfallklinik T\u00fcbingen.<\/li>\n\n\n\n<li>11.2013: &#8220;Infections after so-called minor injuries&#8221;, 35th Trauma Medicine Conference, Baden-Baden.<\/li>\n\n\n\n<li>07.2013: &#8220;Wie sicher sind die Befunde in der Neurologie&#8221;, Colloquium BG Unfallklinik, T\u00fcbingen.<\/li>\n\n\n\n<li>05.2013: &#8220;Critical analysis of the causality between negative ulnar variance and Kienb\u00f6ck&#8217;s disease&#8221;. 18th FESSH Congress, Antalya Turkey.<\/li>\n\n\n\n<li>05.2013: &#8220;A systematic review of the etiopathogenesis of de Quervain&#8217;s tenosynovitis and a critical evaluation of its recognition as an occupational disease associated with manual work&#8221;. 18th FESSH Congress, Antalya Turkey.<\/li>\n\n\n\n<li>05.2013: &#8220;Prospective case-control study on the etiopathology of de Quervain&#8217;s tenosynovitis&#8221;. 18th FESSH Congress, Antalya Turkey.<\/li>\n\n\n\n<li>05.2013: &#8220;A retrospective clinical study on open excision of wrist ganglia&#8221;. 130th Congress of the DGCH, Munich, and &#8220;Prospective case-control study to investigate the etiology of tendovaginitis stenosans de Quervain&#8221;.<\/li>\n\n\n\n<li>05.2013: &#8220;Prospective case-control study to investigate the etiology of tendovaginitis stenosans de Quervain&#8221;. 130th Congress of the DGCH, Munich.<\/li>\n\n\n\n<li>02.2013: &#8220;Clinical risk management&#8221;. Colloquium BG Trauma Clinic, T\u00fcbingen.<\/li>\n\n\n\n<li>10.2012: &#8220;Infections of the hand&#8221;. Trauma surgery symposium, Ottobeuren.<\/li>\n\n\n\n<li>10.2012: &#8220;Prospective case-control study on the etiology of tendovaginitis stenosans de Quervain&#8221;. 53rd DGH Congress, L\u00fcbeck.<\/li>\n\n\n\n<li>10.2012: &#8220;Retrospective clinical study on the excision of wrist ganglia&#8221;. 53rd DGH Congress, L\u00fcbeck.<\/li>\n\n\n\n<li>09.2012: &#8220;Retrospective clinical study on the excision of wrist ganglia&#8221;. 43rd DGPR\u00c4C, 17th VD\u00c4PC congress, Bremen.<\/li>\n\n\n\n<li>09.2012: &#8220;Treatment results of tendovaginitis stenosans de Quervain by splitting the first extensor tendon compartment with a meander-shaped longitudinal incision&#8221;. 43rd DGPR\u00c4C, 17th VD\u00c4PC congress, Bremen.<\/li>\n\n\n\n<li>05.2012: &#8220;An international opinion research survey of the tiology, diagnosis, therapy and outcome of Kienb\u00f6ck&#8217;s disease&#8221;. 1st EURAPS Research Council Meeting, Munich.<\/li>\n\n\n\n<li>10.2011: &#8220;Prospective study on the value of MRI examination in the diagnosis of lunate necrosis&#8221;.52nd DGH Congress, Bonn.<\/li>\n\n\n\n<li>09.2011: &#8220;Retrospective study observing the spontaneous evolution of Kienb\u00f6ck&#8217;s disease&#8221;.42nd Annual Meeting of the DGPR\u00c4C, 49th Annual Meeting of the \u00d6GP\u00c4RC, 16th Annual Meeting of the VD\u00c4PC, Innsbruck.<\/li>\n\n\n\n<li>09.2011: &#8220;Palliative surgery for a skeletal metastases from melanoma in the scaphoid &#8211; a critical case report appraisal&#8221;.42nd Annual Meeting of the DGPR\u00c4C, 49th Annual Meeting of the \u00d6GP\u00c4RC, 16th Annual Meeting of the VD\u00c4PC, Innsbruck.<\/li>\n\n\n\n<li>05.2011: &#8220;Demoscopic analysis in England, France and Germany on the diagnosis, therapy and prognosis of lunate necrosis&#8221;. 128th Congress of the DGCH, Munich.<\/li>\n\n\n\n<li>12.2010: &#8220;Analyse d\u00e9moscopique en France et en Allemagne sur le diagnostique, les th\u00e9rapies et le pronostic de la maladie de Kienb\u00f6ck&#8221;. 46\u00e8me congr\u00e8s National de la SFCM, Paris.<\/li>\n\n\n\n<li>11.2010: \u201eLong term clinical and radiological outcome after treatment of Kienb\u00f6ck\u2019s disease in 45 patients\u201d. BSSH\/BAHT combined scientific meeting, London.<\/li>\n\n\n\n<li>10.2010: &#8220;Systematic literature review and meta-analysis on the etiopathogenesis of lunate necrosis &#8211; An indication of the need for increased research efforts&#8221;.51st Congress of the DGH, Nuremberg.<\/li>\n\n\n\n<li>09.2010: &#8220;Clinical and radiologic retrospective study to investigate the etiopathogenesis and therapy results of lunate necrosis&#8221;.41st Annual Meeting of the DGPR\u00c4C, Dresden.<\/li>\n\n\n\n<li>09.2010: &#8220;Clinical and radiologic retrospective study to investigate the etiopathogenesis and therapy results of lunate necrosis&#8221;.Colloquium BG Trauma Clinic, T\u00fcbingen.<\/li>\n\n\n\n<li>05.2010: &#8220;100 years after Kienb\u00f6ck &#8211; new insights through a meta-analysis of the etiology of Kienb\u00f6ck&#8217;s disease&#8221; and &#8220;A retrospective clinical and radiologic comparative study of surgical and conservative treatment of Kienb\u00f6ck&#8217;s disease&#8221;.International meeting on Kienb\u00f6ck&#8217;s disease, Vienna.<\/li>\n\n\n\n<li>04.2010: &#8220;Morbus Kienb\u00f6ck etiology, diagnosis, classification and therapy&#8221;. Colloquium BG Unfallklinik, T\u00fcbingen.<\/li>\n\n\n\n<li>03.2010: &#8220;100 years after Kienb\u00f6ck &#8211; New findings from a meta-analysis of causal research into lunar necrosis&#8221;. \u00d6GH spring conference, Salzburg.<\/li>\n\n\n\n<li class=\"mb-md-6\">09.2007: &#8220;Radius correction osteotomy for the treatment of Madelung&#8217;s deformity: A retrospective study&#8221;. 45th Annual Meeting of the DGPW, Hanover.<\/li>\n<\/ul>\n\n\n\n<h2 class=\"wp-block-heading is-style-display-3\">Buchbeitr\u00e4ge<\/h2>\n\n\n\n<figure class=\"wp-block-image size-full is-resized\"><img decoding=\"async\" width=\"200\" height=\"277\" src=\"https:\/\/www.centerplast.de\/wp-content\/uploads\/2024\/04\/buchbeitrag-plastische-chirurgie.png\" loading=\"lazy\" alt=\"\" class=\"wp-image-4934\" style=\"width:199px;height:auto\"\/><\/figure>\n\n\n\n<p>Stahl S, Schaller HE.&nbsp;<strong>\u201eWrist ganglia, tendon sheath ganglia, intraosseous ganglia, mucoid cysts\u201c<\/strong>&nbsp;;<br>Vol. V New trends in research; editors: Berger A., Hierner R, Pallua N.; publisher: Springer, Heidelberg.<\/p>\n\n\n\n<figure class=\"wp-block-image size-full\"><img decoding=\"async\" width=\"200\" height=\"272\" src=\"https:\/\/www.centerplast.de\/wp-content\/uploads\/2024\/04\/buchbeitrag-handchirurgie.png\" loading=\"lazy\" alt=\"\" class=\"wp-image-4935\"\/><\/figure>\n\n\n\n<p>Stahl S, Schaller HE.&nbsp;<strong>\u201eChronische and akute Osteitis\u201c<\/strong>&nbsp;;<br>Hand surgery; Hrsg.: Sauerbier M, Eisenschenk A, Krimmer K, Partecke BD, Schaller HE. Vlg.: Urban and Fischer, M\u00fcnchen; pp 179-181.<\/p>\n\n\n\n<figure class=\"wp-block-image size-full is-resized\"><img decoding=\"async\" width=\"200\" height=\"270\" src=\"https:\/\/www.centerplast.de\/wp-content\/uploads\/2024\/04\/buchbeitrag-verbrennungschirurgie.png\" loading=\"lazy\" alt=\"\" class=\"wp-image-4936\" style=\"width:200px;height:auto\"\/><\/figure>\n\n\n\n<p class=\"mb-md-6\">Stahl S, Schaller HE.&nbsp;<strong>\u201eChemical burns<\/strong>;<br>Burn surgery; Hrgs: Lehnhardt M, Hartmann B, Reichert B; Vlg: Springer, Heidelberg.<\/p>\n\n\n    <div class=\"bp-block-anchor blank-anchor is-layout-flow wp-block-bp-anchor-is-layout-flow\" id=\"teaching\" data-title=\"Teaching\">\n        <div class=\"bp-block-anchor-innerblocks acf-innerblocks-container\"><\/div>\n    <\/div>\n\n    \n\n\n\n<h3 class=\"wp-block-heading is-style-display-3\"><a>Teaching experience<\/a><\/h3>\n\n\n\n<ul class=\"wp-block-list is-style-check\">\n<li>Since 01.2016: Extra-curricular seminar Reconstructive and Aesthetic Facial Surgery, Eberhard-Karls-University, T\u00fcbingen.<\/li>\n\n\n\n<li>Since 04.2014: Oral-practical 3rd state examination (M3), Eberhard-Karls-University, T\u00fcbingen.<\/li>\n\n\n\n<li>Since 04.2014: PJ-teaching in reconstructive and microsurgery, Eberhard-Karls-University, T\u00fcbingen.<\/li>\n\n\n\n<li>Since 12.2010: Lecture in Plastic Surgery, Eberhard-Karls-University, T\u00fcbingen.<\/li>\n\n\n\n<li>01.2016 to 08.2018: Oral-practical 3rd state examination (M3), Rheinische Friedrich-Wilhelms-University, Bonn.<\/li>\n\n\n\n<li>01.2016 to 08.2018: PJ teaching breast surgery, chronic wounds, microsurgery, hand surgery, burn surgery, facial surgery, Rheinische Friedrich-Wilhelms-Universit\u00e4t Bonn.<\/li>\n\n\n\n<li>06.2013 &#8211; 12.2015: Special clinical T\u00fcbingen seminars (T\u00fcKliS) on chronic wounds, facial surgery, aesthetic surgery and breast deformities, Eberhard-Karls-University, T\u00fcbingen.<\/li>\n\n\n\n<li>09.2010 &#8211; 06.2013: Block internship, Eberhard-Karls-University, T\u00fcbingen.<\/li>\n\n\n\n<li>09.2008 &#8211; 06.2013: Surgical examination course, Eberhard-Karls-University, T\u00fcbingen.<\/li>\n<\/ul>\n\n\n    <div class=\"bp-block-anchor blank-anchor is-layout-flow wp-block-bp-anchor-is-layout-flow\" id=\"other\" data-title=\"Other\">\n        <div class=\"bp-block-anchor-innerblocks acf-innerblocks-container\"><\/div>\n    <\/div>\n\n    \n\n\n\n<h3 class=\"wp-block-heading is-style-display-3\" id=\"de112-4\">Memberships<\/h3>\n\n\n\n<ul class=\"wp-block-list is-style-check\">\n<li>Association of German Aesthetic Plastic Surgeons (VD\u00c4PC) since 2023.<\/li>\n\n\n\n<li>American Society for Aesthetic Plastic Surgery (ASAPS) since 2015.<\/li>\n\n\n\n<li>German Society for Surgery (DGCH) since 2014.<\/li>\n\n\n\n<li>European Society of Plastic, Reconstructive and Aesthetic Surgery (ESPRAS) since 2014.<\/li>\n\n\n\n<li>International Confederation for Plastic, Reconstructive and Aesthetic Surgery (IPRAS) since 2014.<\/li>\n\n\n\n<li>German Society for Hand Surgery (DGH) 2009 to 2019.<\/li>\n\n\n\n<li>German Society of Plastic, Reconstructive and Aesthetic Surgeons (DGPR\u00c4C) since 2009.<\/li>\n\n\n\n<li class=\"mb-md-6\">Interplast &#8211; Germany e.V. since 2006.<\/li>\n<\/ul>\n\n\n\n<h3 class=\"wp-block-heading is-style-display-3\" id=\"de112-5\">Awards<\/h3>\n\n\n\n<ul class=\"wp-block-list is-style-check\">\n<li>10.2015: Herbert Lauterbach Prize of the BG Clinics.<\/li>\n\n\n\n<li>10.2014: Ministerial certificate for the acquisition of university didactic skills.<\/li>\n\n\n\n<li>09.2014: Best lecture, Annual Congress of the American Society for Surgery of the Hand, Boston, MA.<\/li>\n\n\n\n<li>04.2013: Publication Award 2012, Berufsgenossenschaftlichen Unfallklinik T\u00fcbingen.<\/li>\n\n\n\n<li>2012: Fellow of the American Society for Aesthetic Plastic Surgery: International Fellowship of the American Society for Aesthetic Plastic Surgery with Prof. Dr. Foad Nahai, MD, FACS; Prof. Dr. Felmont Monte Eaves, MD, FACS; Prof. Dr. Albert Losken, MD and Prof. Dr. Mark Allen Codner, MD, FACS in Atlanta. Prof. Dr. Renato Salz, MD in Salt Lake City and Prof. Dr. Sherrell J. Aston, MD and Prof. Dr. Daniel C. Baker, MD in New York.<\/li>\n\n\n\n<li>04.2010: Certificate of the Medical Faculty of the University of T\u00fcbingen for outstanding teaching.<\/li>\n\n\n\n<li class=\"mb-md-6\">2004 &#8211; 2005: Scholarship holder of the UNIBRAL program of the Charit\u00e9 for the internship year at the university hospital Hospital Geral de Fortaleza (HGF), Prof. Dr. Salustiano Gomes de Pinho Pessoa, Brazil.<\/li>\n<\/ul>\n\n\n    <div class=\"bp-block-anchor blank-anchor is-layout-flow wp-block-bp-anchor-is-layout-flow\" id=\"languages\" data-title=\"Languages\">\n        <div class=\"bp-block-anchor-innerblocks acf-innerblocks-container\"><\/div>\n    <\/div>\n\n    \n\n\n\n<h3 class=\"wp-block-heading is-style-display-3\"><a>Languages<\/a><\/h3>\n\n\n\n<ul class=\"wp-block-list is-style-check\">\n<li>German: Mother tongue<\/li>\n\n\n\n<li>French: French Abitur, first year of specialist training in French-speaking Switzerland. Switzerland.<\/li>\n\n\n\n<li>English: Good oral and written skills, high school diploma (USA).<\/li>\n\n\n\n<li>Portuguese: Good oral and written skills, two PJ tertials in Brazil (CELPE-Bras 26.04.2006: advanced level).<\/li>\n\n\n\n<li>Spanish: Good oral skills, four-month clinical traineeship in Ecuador.<\/li>\n<\/ul>\n\n<\/div>\n                <\/div>\n            \n<\/div>\n\n<\/div>\n\n<\/div>\n\n\n\n","protected":false},"excerpt":{"rendered":"","protected":false},"featured_media":6195,"menu_order":0,"template":"","class_list":["post-7104","team","type-team","status-publish","has-post-thumbnail","hentry","category-team-aerzte-en"],"acf":[],"_links":{"self":[{"href":"https:\/\/www.centerplast.de\/en\/wp-json\/wp\/v2\/team\/7104","targetHints":{"allow":["GET"]}}],"collection":[{"href":"https:\/\/www.centerplast.de\/en\/wp-json\/wp\/v2\/team"}],"about":[{"href":"https:\/\/www.centerplast.de\/en\/wp-json\/wp\/v2\/types\/team"}],"version-history":[{"count":4,"href":"https:\/\/www.centerplast.de\/en\/wp-json\/wp\/v2\/team\/7104\/revisions"}],"predecessor-version":[{"id":12042,"href":"https:\/\/www.centerplast.de\/en\/wp-json\/wp\/v2\/team\/7104\/revisions\/12042"}],"wp:featuredmedia":[{"embeddable":true,"href":"https:\/\/www.centerplast.de\/en\/wp-json\/wp\/v2\/media\/6195"}],"wp:attachment":[{"href":"https:\/\/www.centerplast.de\/en\/wp-json\/wp\/v2\/media?parent=7104"}],"curies":[{"name":"wp","href":"https:\/\/api.w.org\/{rel}","templated":true}]}}