{"id":6665,"date":"2024-02-09T10:41:48","date_gmt":"2024-02-09T09:41:48","guid":{"rendered":"https:\/\/www.centerplast.de\/behandlungen\/facelift\/"},"modified":"2026-04-29T16:34:37","modified_gmt":"2026-04-29T14:34:37","slug":"facelift","status":"publish","type":"treatment","link":"https:\/\/www.centerplast.de\/en\/treatments\/face\/facelift\/","title":{"rendered":"Facelift"},"content":{"rendered":"<section id=\"bptb-block-page-header-69f4b217c5e95\" class=\"bp-block-page-header position-relative alignfull\" data-type=\"text_image_overlap\"\n         \n>\n            \n    \n    \n            <div class=\"outer-container hide-overlay text-image-overlapping-block-container bg-secondary\">\n    <div class=\"after bg-secondary-light\"><\/div>\n        <div class=\"container container-medium\">\n        <div class=\"inner-grid\">\n            <div class=\"content-container\"\n                 data-aos=\"fade-down\">\n                                    <div class=\"content-container d-flex h-100 align-items-center pt-5 pt-lg-9 pb-5 pb-lg-9 \"\n                         data-aos=\"fade-down\" data-aos-anchor=\"#bptb-block-page-header-69f4b217c5e95\">\n                        <div class=\"inner inner-container\">\n                            <div class=\"row justify-content-center\">\n                                <div class=\"col-12 col-lg-12\">\n                                    <div class=\"acf-innerblocks-container\">\n\n<h1 class=\"wp-block-heading has-primary-color has-text-color has-link-color wp-elements-4f64dfb9d6b647294e8e6f9250d39f68\">Facelift Saarland<\/h1>\n\n\n<div id=\"bptb-block-button-group-69f4b217c42f0\" class=\"bp-block-button-group\">\n    <div class=\"acf-innerblocks-container d-flex flex-wrap flex-row justify-content-start\">\n        <a href=\"https:\/\/www.centerplast.de\/terminbuchung\/\" class=\"bp-block-button-item btn btn-icon-link btn-icon  btn-arrow-circle-white-right\" target=\"\">\n                                                <i class=\"icon icon-arrow-circle-white-right\"><\/i>\n                                        <span class=\"btn-text text-primary\">make an appointment<\/span>\n            <\/a>\n\n<\/div>\n<\/div>\n<\/div>\n                                <\/div>\n                            <\/div>\n                        <\/div>\n                    <\/div>\n                \n            <\/div>\n\n            <div class=\"image-container\">\n                <picture>\n                    <img fetchpriority=\"high\" decoding=\"async\" src=\"https:\/\/www.centerplast.de\/wp-content\/uploads\/2024\/02\/behandlung-zum-facelifting-600x690.jpg\"\n                         alt=\"\"\n                         width=\"600\"\n                         height=\"690\"\n                         loading=\"eager\"\n                         class=\"img-fluid\"\n                         data-aos=\"fade-down\">\n                <\/picture>\n            <\/div>\n\n            <div class=\"breadcrumb-outer bg-secondary-light\">\n                <div class=\"before bg-secondary-light\"><\/div>\n                    <section class=\"breadcrumb-container  pt-3 py-lg-3\">\n                                   <div class=\"row\">\n                    <div class=\"col-12 col-md-6\">\n                        <div class=\"animation-container overflow-navigation\" data-aos=\"fade-down\" data-aos-anchor=\"#page-header\">\n                            <nav  aria-label=\"breadcrumb\"><ol class=\"breadcrumb overflow-element\" itemscope itemtype=\"https:\/\/schema.org\/BreadcrumbList\"><li class=\"breadcrumb-item active\" aria-current=\"page\" itemprop=\"itemListElement\" itemscope itemtype=\"https:\/\/schema.org\/ListItem\"><span itemprop=\"name\">Home<\/span><meta itemprop=\"position\" content=\"1\"><\/li><\/ol><\/nav>\n                            <div class=\"overflow-navigation-items\">\n                                <button type=\"button\" class=\"btn btn-overflow btn-overflow-prev d-none\" aria-label=\"button left\">\n                                    <i class=\"icon icon-chevron-left\" title=\"left\"><\/i>\n                                <\/button>\n                                <button type=\"button\" class=\"btn btn-overflow btn-overflow-next\" aria-label=\"button right\">\n                                    <i class=\"icon icon-chevron-right\" title=\"right\"><\/i>\n                                <\/button>\n                            <\/div>\n                        <\/div>\n                    <\/div>\n                <\/div>\n                    <\/section>\n                <div class=\"after bg-secondary-light\"><\/div>\n            <\/div>\n\n        <\/div>\n\n    <\/div>\n\n<\/div>    \n<\/section>\n\n\n                                                    \n<div id=\"bptb-block-container-69f4b217c99dd\" class=\"bp-block-container alignfull position-relative bg-secondary-light pt-6 pt-lg-9 pb-6 pb-lg-9 is-layout-flow wp-block-bp-container-is-layout-flow\"\n        >\n\n    \n                            <div class=\"container container-small \">\n                    <div class=\"acf-innerblocks-container\">\n\n<h2 class=\"wp-block-heading\">Face lift (facelift): Facelift options<\/h2>\n\n\n\n<p>Every year, around 400,000 people worldwide undergo a <strong>facelift<\/strong> to rejuvenate their <strong>face<\/strong> <sup data-fn=\"c9bc6c42-5632-4970-87ab-b5417a153d00\" class=\"fn\">\n  <a href=\"#c9bc6c42-5632-4970-87ab-b5417a153d00\" id=\"c9bc6c42-5632-4970-87ab-b5417a153d00-link\">1<\/a>\n<\/sup>. Facelifts have been performed in Germany and the USA for over a hundred years<sup data-fn=\"78d17755-f64d-400d-92f9-f2b3e931c12a\" class=\"fn\">\n  <a href=\"#78d17755-f64d-400d-92f9-f2b3e931c12a\" id=\"78d17755-f64d-400d-92f9-f2b3e931c12a-link\">2<\/a>\n<\/sup> <sup data-fn=\"77efcc20-0900-4ab6-8395-7b464a0667b0\" class=\"fn\">\n  <a href=\"#77efcc20-0900-4ab6-8395-7b464a0667b0\" id=\"77efcc20-0900-4ab6-8395-7b464a0667b0-link\">3<\/a>\n<\/sup>. The techniques are constantly being refined. Today&#8217;s techniques are characterized by <strong>natural<\/strong> and <strong>lasting<\/strong> results and very <strong>inconspicuous scars<\/strong>. The techniques are categorized according to the depth of the layer at which the tissue is loosened and tightened. As English is the dominant scientific language, the techniques have English names. A distinction is made between the following techniques:<\/p>\n\n\n\n<figure class=\"wp-block-image aligncenter size-full is-resized is-style-border-20\"><img decoding=\"async\" width=\"825\" height=\"800\" src=\"https:\/\/www.centerplast.de\/wp-content\/uploads\/2024\/04\/facelift-schnittfuehrung-kopie.webp\" loading=\"lazy\" alt=\"\" class=\"wp-image-4616\" style=\"width:626px;height:auto\" srcset=\"https:\/\/www.centerplast.de\/wp-content\/uploads\/2024\/04\/facelift-schnittfuehrung-kopie.webp 825w, https:\/\/www.centerplast.de\/wp-content\/uploads\/2024\/04\/facelift-schnittfuehrung-kopie-300x291.webp 300w, https:\/\/www.centerplast.de\/wp-content\/uploads\/2024\/04\/facelift-schnittfuehrung-kopie-768x745.webp 768w, https:\/\/www.centerplast.de\/wp-content\/uploads\/2024\/04\/facelift-schnittfuehrung-kopie-480x465.webp 480w, https:\/\/www.centerplast.de\/wp-content\/uploads\/2024\/04\/facelift-schnittfuehrung-kopie-600x582.webp 600w, https:\/\/www.centerplast.de\/wp-content\/uploads\/2024\/04\/facelift-schnittfuehrung-kopie-590x572.webp 590w\" sizes=\"auto, (max-width: 825px) 100vw, 825px\" \/><\/figure>\n\n\n\n<p><\/p>\n\n\n\n<ul class=\"wp-block-list is-style-check\">\n<li>The Mini facelift<\/li>\n\n\n\n<li>The SMAS Plication<\/li>\n\n\n\n<li>The SMAS Ectomy<\/li>\n\n\n\n<li>The extended SMAS facelift<\/li>\n\n\n\n<li>The Midface Lift<\/li>\n\n\n\n<li>The MACS Lift<\/li>\n<\/ul>\n\n\n<div id=\"bptb-block-button-group-69f4b217c8969\" class=\"bp-block-button-group\">\n    <div class=\"acf-innerblocks-container d-flex flex-wrap flex-row justify-content-start\">\n        <a href=\"https:\/\/www.centerplast.de\/terminbuchung\/\" class=\"bp-block-button-item btn btn-icon-link btn-icon  btn-arrow-circle-coloured-right\" target=\"_blank\">\n                                                <svg xmlns=\"http:\/\/www.w3.org\/2000\/svg\" xml:space=\"preserve\" x=\"0\" y=\"0\" version=\"1.1\" viewBox=\"0 0 64 64\">\n  <circle id=\"Ellipse_34\" cx=\"36.6\" cy=\"31.8\" r=\"26.8\" style=\"fill:#d9c69e\"\/>\n\t<g transform=\"translate(0 20)\">\n    <path d=\"M43.5 19.9c-.3 0-.5-.1-.7-.3-.4-.4-.4-1 0-1.4l6.3-6.3-6.3-6.3c-.4-.4-.4-1 0-1.4.4-.4 1-.4 1.4 0l7.7 7.7-7.7 7.7c-.2.2-.4.3-.7.3z\" class=\"st1\"\/>\n\t\t<path d=\"M43.5 12.9H1.4c-.6 0-1-.4-1-1s.4-1 1-1h42.1c.6 0 1 .4 1 1s-.4 1-1 1z\" class=\"st1\"\/>\n  <\/g>\n<\/svg>\n                                        <span class=\"btn-text text-primary\">Make an appointment<\/span>\n            <\/a>\n\n<\/div>\n<\/div>\n<\/div>\n                <\/div>\n            \n<\/div>\n\n\n                                                    \n<div id=\"bptb-block-container-69f4b217c9e9b\" class=\"bp-block-container alignfull position-relative bg-white pt-6 pt-lg-9 pb-6 pb-lg-9 is-layout-flow wp-block-bp-container-is-layout-flow\"\n        >\n\n    \n                            <div class=\"container container-medium \">\n                    <div class=\"acf-innerblocks-container\">\n\n<h3 class=\"wp-block-heading has-text-align-center\">What our patients say<\/h3>\n\n\n    <div id=\"bptb-block-provenexpert-69f4b217c9cc7\" class=\"bp-block-provenexpert wp-block-box\"\n         data-script-url=\"https:\/\/www.provenexpert.com\/widget\/landing_centerplast.js?feedback=0&amp;avatar=1&amp;competence=1&amp;style=white\"\n         data-style-url=\"https:\/\/www.provenexpert.com\/css\/widget_landing.css\">\n        <!-- ProvenExpert Bewertungssiegel -->\n        <div id=\"pewl\"><\/div>\n        \n        <!-- ProvenExpert Bewertungssiegel Ende -->\n    <\/div>\n\n<\/div>\n                <\/div>\n            \n<\/div>\n\n\n\n<div id=\"bptb-block-table-of-content-69f4b217ed4a6\" class=\"bp-block-table-of-content alignfull bg-secondary-light\"\n     data-type=\"individual\"\n     \n     data-style=\"widget\"\n     data-cols=3\n     data-headlines=\"\">\n\n    \n                    <div class=\"container container-medium \">\n                    <div id=\"toc-content-69f4b217ed4a7\" class=\"toc-container pt-5 pt-lg-9 pb-0 pb-lg-0\">\n        <div class=\"toc-header position-relative\">\n            <div class=\"h4 title text-primary mb-0 d-flex justify-content-between align-items-center collapsed\"\n                 data-toggle=\"collapse\" data-target=\"#collapse-toc-topics\"\n            >\n                <span>Table of contents\n<\/span>\n                <i class=\"icon icon-plus d-md-none\"><\/i>\n            <\/div>\n        <\/div>\n                    <ul id=\"collapse-toc-topics\" class=\"toc-topics list-unstyled mb-0\">\n                            <\/ul>\n            <\/div>\n\n    <button class=\"anchor-navigation-toggler shadow\">\n        <i class=\"icon icon-list\"><\/i>\n    <\/button>\n\n            <\/div>\n        \n    \n    <div class=\"acf-innerblocks-container\">\n                                                    \n<div id=\"bptb-block-container-69f4b217d0327\" class=\"bp-block-container alignfull position-relative bg-second-light pt-6 pt-lg-9 pb-6 pb-lg-9 is-layout-flow wp-block-bp-container-is-layout-flow\"\n        >\n\n    \n                            <div class=\"container container-medium \">\n                    <div class=\"acf-innerblocks-container\">\n    <div class=\"bp-block-anchor blank-anchor is-layout-flow wp-block-bp-anchor-is-layout-flow\" id=\"at-a-glance\" data-title=\"At a glance\">\n        <div class=\"bp-block-anchor-innerblocks acf-innerblocks-container\"><\/div>\n    <\/div>\n\n    \n\n\n\n<h3 class=\"wp-block-heading is-style-display-3\">Information at a glance<\/h3>\n\n\n<div id=\"bptb-block-treatment-short-info-69f4b217cfe68\" class=\"bp-block-treatment-short-info is-layout-flow wp-block-bp-treatment-short-info-is-layout-flow\">\n    <div class=\"row gx-md-7 gx-xl-3\">\n        <div class=\"col-12 col-lg\">\n            <div class=\"treatment-infos\">\n              <div class=\"row\">\n                                       <div class=\"col-lg-6\">\n                         <div class=\"treatment-info\">\n                             <div class=\"treatment-info-icon-container\">\n                                                                      <img decoding=\"async\"\n                                             src=\"https:\/\/www.centerplast.de\/wp-content\/uploads\/2024\/03\/op-dauer.svg\"\n                                             alt=\"Operation duration - Icon\"\n                                             width=\"60\"\n                                             height=\"60\"\n                                             loading=\"lazy\"\n                                             class=\"treatment-info-icon\"\n                                     >\n                                                              <\/div>\n\n                             <div class=\"content\">\n                                 <p class=\"treatment-info-title\">Operation duration<\/p>\n                                                                      <p>4-6 hours<\/p>\n                                                                                               <\/div>\n                         <\/div>\n                     <\/div>\n                                       <div class=\"col-lg-6\">\n                         <div class=\"treatment-info\">\n                             <div class=\"treatment-info-icon-container\">\n                                                                      <img decoding=\"async\"\n                                             src=\"https:\/\/www.centerplast.de\/wp-content\/uploads\/2024\/03\/nachbehandlung.svg\"\n                                             alt=\"Aftercare - Icon\"\n                                             width=\"60\"\n                                             height=\"60\"\n                                             loading=\"lazy\"\n                                             class=\"treatment-info-icon\"\n                                     >\n                                                              <\/div>\n\n                             <div class=\"content\">\n                                 <p class=\"treatment-info-title\">Aftercare<\/p>\n                                                                      <p>6 weeks<\/p>\n                                                                                               <\/div>\n                         <\/div>\n                     <\/div>\n                                       <div class=\"col-lg-6\">\n                         <div class=\"treatment-info\">\n                             <div class=\"treatment-info-icon-container\">\n                                                                      <img decoding=\"async\"\n                                             src=\"https:\/\/www.centerplast.de\/wp-content\/uploads\/2024\/03\/narkose.svg\"\n                                             alt=\"Anesthesia - Icon\"\n                                             width=\"60\"\n                                             height=\"60\"\n                                             loading=\"lazy\"\n                                             class=\"treatment-info-icon\"\n                                     >\n                                                              <\/div>\n\n                             <div class=\"content\">\n                                 <p class=\"treatment-info-title\">Anesthesia<\/p>\n                                                                      <p>Twilight sleep<\/p>\n                                                                                               <\/div>\n                         <\/div>\n                     <\/div>\n                                       <div class=\"col-lg-6\">\n                         <div class=\"treatment-info\">\n                             <div class=\"treatment-info-icon-container\">\n                                                                      <img decoding=\"async\"\n                                             src=\"https:\/\/www.centerplast.de\/wp-content\/uploads\/2024\/03\/fadenzug.svg\"\n                                             alt=\"Thread tension - Icon\"\n                                             width=\"60\"\n                                             height=\"60\"\n                                             loading=\"lazy\"\n                                             class=\"treatment-info-icon\"\n                                     >\n                                                              <\/div>\n\n                             <div class=\"content\">\n                                 <p class=\"treatment-info-title\">Thread tension<\/p>\n                                                                      <p>Self-dissolving threads<\/p>\n                                                                                               <\/div>\n                         <\/div>\n                     <\/div>\n                                       <div class=\"col-lg-6\">\n                         <div class=\"treatment-info\">\n                             <div class=\"treatment-info-icon-container\">\n                                                                      <img decoding=\"async\"\n                                             src=\"https:\/\/www.centerplast.de\/wp-content\/uploads\/2024\/03\/klinikaufenthalt.svg\"\n                                             alt=\"Hospitalization - Icon\"\n                                             width=\"60\"\n                                             height=\"60\"\n                                             loading=\"lazy\"\n                                             class=\"treatment-info-icon\"\n                                     >\n                                                              <\/div>\n\n                             <div class=\"content\">\n                                 <p class=\"treatment-info-title\">Hospitalization<\/p>\n                                                                      <p>Outpatient<\/p>\n                                                                                               <\/div>\n                         <\/div>\n                     <\/div>\n                                       <div class=\"col-lg-6\">\n                         <div class=\"treatment-info\">\n                             <div class=\"treatment-info-icon-container\">\n                                                                      <img decoding=\"async\"\n                                             src=\"https:\/\/www.centerplast.de\/wp-content\/uploads\/2024\/03\/gesellschaftsfaehig.svg\"\n                                             alt=\"Socially acceptable - Icon\"\n                                             width=\"60\"\n                                             height=\"60\"\n                                             loading=\"lazy\"\n                                             class=\"treatment-info-icon\"\n                                     >\n                                                              <\/div>\n\n                             <div class=\"content\">\n                                 <p class=\"treatment-info-title\">Socially acceptable<\/p>\n                                                                      <p>after 2 weeks<\/p>\n                                                                                               <\/div>\n                         <\/div>\n                     <\/div>\n                                       <div class=\"col-lg-6\">\n                         <div class=\"treatment-info\">\n                             <div class=\"treatment-info-icon-container\">\n                                                                      <img decoding=\"async\"\n                                             src=\"https:\/\/www.centerplast.de\/wp-content\/uploads\/2024\/03\/kosten.svg\"\n                                             alt=\"Costs - Icon\"\n                                             width=\"60\"\n                                             height=\"60\"\n                                             loading=\"lazy\"\n                                             class=\"treatment-info-icon\"\n                                     >\n                                                              <\/div>\n\n                             <div class=\"content\">\n                                 <p class=\"treatment-info-title\">Costs<\/p>\n                                                                                                       <p>\n                                                                                                                       <a href=\"https:\/\/www.centerplast.de\/kontakt\/\" target=\"\">\n                                             <u>Request now<\/u> \n                                         <\/a>\n                                                                          <\/p>\n                                                              <\/div>\n                         <\/div>\n                     <\/div>\n                                       <div class=\"col-lg-6\">\n                         <div class=\"treatment-info\">\n                             <div class=\"treatment-info-icon-container\">\n                                                                      <img decoding=\"async\"\n                                             src=\"https:\/\/www.centerplast.de\/wp-content\/uploads\/2024\/03\/ergaenzungen-alternativen.svg\"\n                                             alt=\"Additions or alternatives - Icon\"\n                                             width=\"60\"\n                                             height=\"60\"\n                                             loading=\"lazy\"\n                                             class=\"treatment-info-icon\"\n                                     >\n                                                              <\/div>\n\n                             <div class=\"content\">\n                                 <p class=\"treatment-info-title\">Additions or alternatives<\/p>\n                                                                                                       <p>\n                                                                                                                       <a href=\"https:\/\/www.centerplast.de\/en\/treatments\/face\/wrinkle-injection-with-autologous-fat\/\" target=\"\">\n                                             <u>Wrinkle injection with autologous fat<\/u> \/\n                                         <\/a>\n                                                                                                                       <a href=\"https:\/\/www.centerplast.de\/en\/treatments\/skin-hair\/skinbooster\/\" target=\"\">\n                                             <u>Skinbooster<\/u> \/\n                                         <\/a>\n                                                                                                                       <a href=\"https:\/\/www.centerplast.de\/en\/treatments\/skin-hair\/microneedling\/\" target=\"\">\n                                             <u>Microneedling<\/u> \n                                         <\/a>\n                                                                          <\/p>\n                                                              <\/div>\n                         <\/div>\n                     <\/div>\n                                <\/div>\n            <\/div>\n        <\/div>\n\n                    <div class=\"col-12 col-lg mt-4 mt-md-6 mt-lg-0 text-center text-lg-end\">\n                <picture>\n                    <source srcset=\"https:\/\/www.centerplast.de\/wp-content\/uploads\/2024\/02\/infos-auf-einen-blick.jpg\" media=\"(min-width: 501px)\">\n                    <img decoding=\"async\"\n                            src=\"https:\/\/www.centerplast.de\/wp-content\/uploads\/2024\/02\/infos-auf-einen-blick-590x422.jpg\"\n                            alt=\"\"\n                            width=\"590\"\n                            height=\"422\"\n                            loading=\"lazy\"\n                            class=\"img-fluid\"\n                    >\n                <\/picture>\n            <\/div>\n            <\/div>\n<\/div>\n<\/div>\n                <\/div>\n            \n<\/div>\n\n\n                                                    \n<div id=\"bptb-block-container-69f4b217d232b\" class=\"bp-block-container alignfull position-relative bg-white pt-6 pt-lg-9 pb-6 pb-lg-0 is-layout-flow wp-block-bp-container-is-layout-flow\"\n        >\n\n    \n                            <div class=\"container container-medium \">\n                    <div class=\"acf-innerblocks-container\">\n    <div class=\"bp-block-anchor blank-anchor is-layout-flow wp-block-bp-anchor-is-layout-flow\" id=\"comparison-facelift-face-lift\" data-title=\"Comparison: Facelift &amp;amp; face lift\">\n        <div class=\"bp-block-anchor-innerblocks acf-innerblocks-container\"><\/div>\n    <\/div>\n\n    \n\n\n<div class=\"bp-block-row\" id=\"bptb-block-row-69f4b217d2014\">\n    <div class=\"row  gx-xl-0 gx-xl-8 gx-xl-0 gy-5 gy-lg-0 p0 pnone p0 pnone \">\n\n<div class=\"bp-block-column col-12 col-lg\" id=\"bptb-block-column-69f4b217d0bfe\">\n    \n\n<h2 class=\"wp-block-heading is-style-display-3 has-primary-color has-text-color has-link-color wp-elements-0248ad1b4a41df8cafc922d661e886cf\">How do the facelift<br>Methods for face lifting<\/h2>\n\n\n\n<p>In the following sections, we would like to give you a rough idea of how the lifting techniques differ. The figures are estimates, as there is no exact scientific data available. The following distinctions are possible:<\/p>\n\n\n<\/div>\n\n\n<div class=\"bp-block-column col-12 col-lg\" id=\"bptb-block-column-69f4b217d1252\">\n    \n\n<figure class=\"wp-block-image size-full is-resized is-style-border-20 mb-4 mb-md-0\"><img decoding=\"async\" width=\"923\" height=\"729\" src=\"https:\/\/www.centerplast.de\/wp-content\/uploads\/2024\/02\/facelifting_content.jpg\" loading=\"lazy\" alt=\"\" class=\"wp-image-4610\" style=\"width:626px;height:auto\" srcset=\"https:\/\/www.centerplast.de\/wp-content\/uploads\/2024\/02\/facelifting_content.jpg 923w, https:\/\/www.centerplast.de\/wp-content\/uploads\/2024\/02\/facelifting_content-300x237.jpg 300w, https:\/\/www.centerplast.de\/wp-content\/uploads\/2024\/02\/facelifting_content-768x607.jpg 768w, https:\/\/www.centerplast.de\/wp-content\/uploads\/2024\/02\/facelifting_content-480x379.jpg 480w, https:\/\/www.centerplast.de\/wp-content\/uploads\/2024\/02\/facelifting_content-615x485.jpg 615w, https:\/\/www.centerplast.de\/wp-content\/uploads\/2024\/02\/facelifting_content-400x315.jpg 400w, https:\/\/www.centerplast.de\/wp-content\/uploads\/2024\/02\/facelifting_content-850x671.jpg 850w, https:\/\/www.centerplast.de\/wp-content\/uploads\/2024\/02\/facelifting_content-600x474.jpg 600w, https:\/\/www.centerplast.de\/wp-content\/uploads\/2024\/02\/facelifting_content-590x466.jpg 590w\" sizes=\"auto, (max-width: 923px) 100vw, 923px\" \/><\/figure>\n\n\n<\/div>\n<\/div>\n<\/div>\n<\/div>\n                <\/div>\n            \n<\/div>\n\n\n                                                    \n<div id=\"bptb-block-container-69f4b217d2b84\" class=\"bp-block-container alignfull position-relative bg-white pt-6 pt-lg-8 pb-6 pb-lg-9 is-layout-flow wp-block-bp-container-is-layout-flow\"\n        >\n\n    \n                            <div class=\"container container-medium \">\n                    <div class=\"acf-innerblocks-container\">\n<div class=\"bp-block-row\" id=\"bptb-block-row-69f4b217d28f3\">\n    <div class=\"row  gx-xl-8 gx-lg-default gx-md-default gy-5 gy-lg-0 p0 pnone p0 pnone \">\n\n<div class=\"bp-block-column col-12 col-lg\" id=\"bptb-block-column-69f4b217d25c2\">\n    \n\n<p><strong style=\"font-weight: bold;\">The recovery time<\/strong><strong>\n  <strong>it:<\/strong>\n<\/strong><\/p>\n\n\n\n<p class=\"mb-md-6\">Recovery time covers many different areas. When can I eat and drink after facelift surgery? When can I shower? When can I do sport? When can I go back to work? How long does the swelling last? When is scar healing complete? Our guide values refer to the earliest time at which you can carry out your daily activities.<\/p>\n\n\n\n<p><strong>\n  <strong>The duration of surgery<\/strong>\n<\/strong>:<\/p>\n\n\n\n<p>Every surgical procedure involves many processes that need to be scheduled: Entering the operating room, the administration of sleeping pills by the anaesthetist, gentle positioning of the patient, injecting a local anaesthetic (anaesthetic solution), dressing the wound, post-operative monitoring and the post-operative discussion with the plastic surgeon. To simplify matters, we give you a rough estimate of the time from the time of the skin incision to the fine suturing of the wound.<\/p>\n\n\n<\/div>\n\n\n<div class=\"bp-block-column col-12 col-lg\" id=\"bptb-block-column-69f4b217d279b\">\n    \n\n<p><strong>The <strong>duration of action<\/strong>:<\/strong><\/p>\n\n\n\n<p class=\"mb-md-6\">How long does the result last? The changes after a facelift are usually permanent. Nevertheless, no operation in the world can stop time. As a rough guide, this refers to the period during which you will look noticeably younger. How long the results for your more youthful appearance last also depends on your individual lifestyle habits (cigarette smoking, sunbathing, sleeping habits, daily skin care).<\/p>\n\n\n\n<p><strong>\n  <strong>The efficiency<\/strong>\n<\/strong>:<\/p>\n\n\n\n<p>How many years younger will I look? With the help of artificial intelligence, algorithms (FacePlusPlus, Amazon, Microsoft, IBM) can estimate a person&#8217;s age based on a facial photo. Studies show that the age determination of the algorithms is relatively reliable<sup data-fn=\"65188c28-ff85-46e5-b506-fbaff35c9e5c\" class=\"fn\">\n  <a href=\"#65188c28-ff85-46e5-b506-fbaff35c9e5c\" id=\"65188c28-ff85-46e5-b506-fbaff35c9e5c-link\">4<\/a>\n<\/sup>. The effect can also be determined on the basis of the perceived age of those affected. Since the patient&#8217;s judgment is ultimately decisive, we quantify the rejuvenation effect as a range of the evaluation of algorithms and patients.<\/p>\n\n\n<\/div>\n<\/div>\n<\/div>\n<\/div>\n                <\/div>\n            \n<\/div>\n\n\n                                                    \n<div id=\"bptb-block-container-69f4b217d817a\" class=\"bp-block-container alignfull position-relative bg-green-light pt-6 pt-lg-9 pb-6 pb-lg-9 is-layout-flow wp-block-bp-container-is-layout-flow\"\n        >\n\n    \n                            <div class=\"container container-medium \">\n                    <div class=\"acf-innerblocks-container\">\n    <div class=\"bp-block-anchor blank-anchor is-layout-flow wp-block-bp-anchor-is-layout-flow\" id=\"lifting-procedure\" data-title=\"Lifting procedure\">\n        <div class=\"bp-block-anchor-innerblocks acf-innerblocks-container\"><\/div>\n    <\/div>\n\n    \n\n\n<div class=\"bp-block-row\" id=\"bptb-block-row-69f4b217d7eab\">\n    <div class=\"row  gx-xl-0 gx-xl-9 gx-xl-0 gy-5 gy-lg-0 p0 pnone p0 pnone \">\n\n<div class=\"bp-block-column col-12 col-lg\" id=\"bptb-block-column-69f4b217d3455\">\n    \n\n<figure class=\"wp-block-image size-full is-resized is-style-border-20\"><img decoding=\"async\" width=\"923\" height=\"729\" src=\"https:\/\/www.centerplast.de\/wp-content\/uploads\/2024\/04\/beratungsgespraech-fuer-die-behandlung-der-marionettenfalten.jpg\" loading=\"lazy\" alt=\"Consultation with a patient\" class=\"wp-image-3454\" style=\"width:626px;height:auto\" srcset=\"https:\/\/www.centerplast.de\/wp-content\/uploads\/2024\/04\/beratungsgespraech-fuer-die-behandlung-der-marionettenfalten.jpg 923w, https:\/\/www.centerplast.de\/wp-content\/uploads\/2024\/04\/beratungsgespraech-fuer-die-behandlung-der-marionettenfalten-300x237.jpg 300w, https:\/\/www.centerplast.de\/wp-content\/uploads\/2024\/04\/beratungsgespraech-fuer-die-behandlung-der-marionettenfalten-768x607.jpg 768w, https:\/\/www.centerplast.de\/wp-content\/uploads\/2024\/04\/beratungsgespraech-fuer-die-behandlung-der-marionettenfalten-480x379.jpg 480w, https:\/\/www.centerplast.de\/wp-content\/uploads\/2024\/04\/beratungsgespraech-fuer-die-behandlung-der-marionettenfalten-615x485.jpg 615w, https:\/\/www.centerplast.de\/wp-content\/uploads\/2024\/04\/beratungsgespraech-fuer-die-behandlung-der-marionettenfalten-400x315.jpg 400w, https:\/\/www.centerplast.de\/wp-content\/uploads\/2024\/04\/beratungsgespraech-fuer-die-behandlung-der-marionettenfalten-850x671.jpg 850w, https:\/\/www.centerplast.de\/wp-content\/uploads\/2024\/04\/beratungsgespraech-fuer-die-behandlung-der-marionettenfalten-600x474.jpg 600w, https:\/\/www.centerplast.de\/wp-content\/uploads\/2024\/04\/beratungsgespraech-fuer-die-behandlung-der-marionettenfalten-590x466.jpg 590w\" sizes=\"auto, (max-width: 923px) 100vw, 923px\" \/><\/figure>\n\n\n<\/div>\n\n\n<div class=\"bp-block-column col-12 col-lg\" id=\"bptb-block-column-69f4b217d7d24\">\n    \n\n<h2 class=\"wp-block-heading is-style-display-3\">Lifting procedure<\/h2>\n\n\n<div class=\"bp-block-tabs wp-block-box\" id=\"bptb-block-tabs-69f4b217d7c22\">\n            <ul class=\"nav nav-pills mb-5 d-lg-flex flex-lg-wrap justify-content-start\">\n                        <li class=\"nav-item w-25\">\n                <button class=\"nav-link\">\n                    Wird geladen&#8230;\n                <\/button>\n            <\/li>\n        <\/ul>\n    \n    <div class=\"tab-content acf-innerblocks-container\">\n    <div id=\"mini-facelift-tab-pane\" class=\"wp-block-tab-item tab-pane fade \" role=\"tabpanel\" tabindex=\"0\" aria-labelledby=\"mini-facelift-tab\" data-tab-title=\"Mini facelift\">\n        <div class=\"acf-innerblocks-container\">\n\n<p class=\"is-style-heading-4 has-primary-color has-text-color has-link-color wp-elements-3e85176a4aa3e0cd3512b7f9e0b5fafe\"><strong>Mini facelift<\/strong><\/p>\n\n\n\n<p>The mini-facelift or mini-facelift is a superficial face lift (subcutaneous face lift). The superficial facelift is the oldest surgical technique for facelifting. With this technique, the layer of tissue immediately beneath the skin is loosened. During a superficial facelift, the skin can be loosened to varying degrees. Exposure of the superficial tissue layer can be limited to the skin to be removed or include the cheek area. Below is a brief overview of the key data on the Minilift:<\/p>\n\n\n\n<ul class=\"wp-block-list is-style-check-white has-primary-color has-text-color has-link-color wp-elements-d0eb371eba6037e11ae9dbaf154cda93\">\n<li><strong>Recovery time:<\/strong> 5 to 7 days.<\/li>\n\n\n\n<li><strong>Operation time: <\/strong>2 to 3 hours.<\/li>\n\n\n\n<li><strong>Duration of effect: <\/strong>4 to 5 years.<\/li>\n\n\n\n<li><strong>Effectiveness of the mini-lift:<\/strong> 4 to 5 years younger.<\/li>\n\n\n\n<li><strong>Special feature: <\/strong>If a higher degree of effectiveness is aimed for with a mini-lift, there is a risk of an unnatural result, a visible scar and a distortion of the auricle or earlobe.<\/li>\n<\/ul>\n\n<\/div>\n    <\/div>\n\n\n    <div id=\"smas-plication-tab-pane\" class=\"wp-block-tab-item tab-pane fade \" role=\"tabpanel\" tabindex=\"0\" aria-labelledby=\"smas-plication-tab\" data-tab-title=\"SMAS Plication\">\n        <div class=\"acf-innerblocks-container\">\n\n<p class=\"is-style-heading-4 has-primary-color has-text-color has-link-color wp-elements-e16dbe055a11068bbb6eb1a39c0efee8\"><strong>SMAS Plication<\/strong><\/p>\n\n\n\n<p>Like facial skin, connective tissue loses elasticity with age. Between the skin and the parotid gland there is a layer of connective tissue known as the superficial musculoaponeurotic system (abbreviation SMAS)<sup data-fn=\"f108f718-6d40-428b-8899-3d2567a26943\" class=\"fn\">\n  <a href=\"#f108f718-6d40-428b-8899-3d2567a26943\" id=\"f108f718-6d40-428b-8899-3d2567a26943-link\">5<\/a>\n<\/sup>. Techniques have been developed that not only tighten the skin, but also the underlying connective tissue. A plication is a suturing technique in which the layers of tissue are placed on top of each other. The SMAS plicature technique was first described in the early seventies<sup data-fn=\"b16cc5ec-ef54-43e2-9a0a-b2ea7360b544\" class=\"fn\">\n  <a href=\"#b16cc5ec-ef54-43e2-9a0a-b2ea7360b544\" id=\"b16cc5ec-ef54-43e2-9a0a-b2ea7360b544-link\">6<\/a>\n<\/sup>. First, the layer between the skin and the connective tissue is loosened extensively. The connective tissue layer is then tightened by plication. The tissue is shifted towards the cheekbone.<\/p>\n\n\n\n<ul class=\"wp-block-list is-style-check-white has-primary-color has-text-color has-link-color wp-elements-acab8123d25130c62bd5359ca18d75b0\">\n<li><strong>Recovery time: <\/strong>1 to 2 weeks.<\/li>\n\n\n\n<li><strong>Operation time: <\/strong>4 to 6 hours.<\/li>\n\n\n\n<li><strong>Efficiency: <\/strong>4 to 7 years younger.<\/li>\n\n\n\n<li><strong>Duration of effect: <\/strong>8 to 10 years.<\/li>\n\n\n\n<li><strong>Special feature: <\/strong>The shifting of the connective tissue layer emphasizes the contours of the cheekbones.<\/li>\n<\/ul>\n\n<\/div>\n    <\/div>\n\n\n    <div id=\"smas-ectomy-tab-pane\" class=\"wp-block-tab-item tab-pane fade \" role=\"tabpanel\" tabindex=\"0\" aria-labelledby=\"smas-ectomy-tab\" data-tab-title=\"SMAS Ectomy\">\n        <div class=\"acf-innerblocks-container\">\n\n<p class=\"is-style-heading-4 has-primary-color has-text-color has-link-color wp-elements-8f6addf4640c736f24bbaab3b5392a49\"><strong>SMAS Ectomy<\/strong><\/p>\n\n\n\n<p>This technique involves removing excess connective tissue in the area of the parotid gland. The surgical technique is therefore referred to as lateral SMAS ectomy. First, the connective tissue above the parotid gland is exposed. An approximately two centimeter narrow strip of sagging connective tissue is removed. The connective tissue layer is closed again with a suture. The removal of excess connective tissue is preferable to a tightening suture (SMAS plication) for fuller facial contours.<\/p>\n\n\n\n<ul class=\"wp-block-list is-style-check-white has-primary-color has-text-color has-link-color wp-elements-b64a64fbef3adbf9c49ea4221eb36189\">\n<li><strong>Recovery time:<\/strong> 1 to 2 weeks.<\/li>\n\n\n\n<li><strong>Operation time: <\/strong>4 to 6 hours.<\/li>\n\n\n\n<li><strong>Efficiency: <\/strong>4 to 7 years younger.<\/li>\n\n\n\n<li><strong>Duration of effect: <\/strong>8 to 10 years.<\/li>\n\n\n\n<li><strong>Special feature:<\/strong> The removal of excess connective tissue results in balanced contours for a round face shape.<\/li>\n<\/ul>\n\n<\/div>\n    <\/div>\n\n\n    <div id=\"extended-smas-lift-tab-pane\" class=\"wp-block-tab-item tab-pane fade \" role=\"tabpanel\" tabindex=\"0\" aria-labelledby=\"extended-smas-lift-tab\" data-tab-title=\"Extended SMAS Lift\">\n        <div class=\"acf-innerblocks-container\">\n\n<p class=\"is-style-heading-4 has-primary-color has-text-color has-link-color wp-elements-15837c1a5ce7caf52fbee64406dd20db\"><strong>Extended SMAS Lift<\/strong><\/p>\n\n\n\n<p>Unlike all other facelift techniques, the SMAS layer (SMAS connective tissue) is moved during an extended SMAS lift (also known as a superextended facelift). The technique of tissue displacement, also known as flap plastic surgery, is used in many areas of aesthetic plastic surgery and in many different variations. To bring the connective tissue below the cheek to the desired position, the tissue must be loosened. In contrast to other techniques, SMAS flap plasty involves separating the layers in two planes: between the skin and SMAS and between the SMAS and the parotid gland. In order to achieve harmonious facial contours, the connective tissue is shifted towards the temples during the SMAS facelift. The wide release of the tissue gives the lower face a youthful chin-jawline and softens deep nasolabial folds.<\/p>\n\n\n\n<ul class=\"wp-block-list is-style-check-white has-primary-color has-text-color has-link-color wp-elements-821b195aa558ad6fbfbe8ba4cdd12ace\">\n<li><strong>Recovery time: <\/strong>1 to 2 weeks.<\/li>\n\n\n\n<li><strong>Operation time: <\/strong>6 to 8 hours. The connective tissue must be removed with microsurgical precision.<\/li>\n\n\n\n<li><strong>Efficiency:<\/strong> 4 to 7 years younger.<\/li>\n\n\n\n<li><strong>Duration of effect: <\/strong>10 years or longer.<\/li>\n\n\n\n<li><strong>Special features:<\/strong> The SMAS-Lift technique is particularly effective for correcting sagging cheeks. The results are natural. The facial skin lies over the tightened connective tissue without any visible tension. The SMAS lift returns the fat pads in the cheeks to the position they were in when the patient was younger. The operation can be easily combined with a neck lift. In this case, it is also referred to as a face-neck lift.<\/li>\n<\/ul>\n\n<\/div>\n    <\/div>\n\n\n    <div id=\"midface-lift-tab-pane\" class=\"wp-block-tab-item tab-pane fade \" role=\"tabpanel\" tabindex=\"0\" aria-labelledby=\"midface-lift-tab\" data-tab-title=\"Midface Lift\">\n        <div class=\"acf-innerblocks-container\">\n\n<p class=\"is-style-heading-4 has-primary-color has-text-color has-link-color wp-elements-3a5382ca5256f001b2fe0dd1d9877a59\"><strong>Midface Lift<\/strong><\/p>\n\n\n\n<p>The midface lift is a facelift technique in which the tissue below the periosteum is loosened at a deep level. The technique is therefore also known as a deep plane facelift, composite and subperiosteal facelift. The effect of this technique is limited to the area below the eyes, also known as the midface. The midface lift is performed via a small incision on the lower eyelid, as with a lower eyelid lift. The zygomatic muscles and the upper lip elevator are detached from the zygomatic bone and upper jaw. The use of a special camera system (endoscope) is recommended to protect a cutaneous nerve that emerges from the upper jaw.<\/p>\n\n\n\n<ul class=\"wp-block-list is-style-check-white has-primary-color has-text-color has-link-color wp-elements-5a6cc9ffca87bdbdcbe99587675c7f08\">\n<li><strong>Recovery time: <\/strong>1 to 2 weeks.<\/li>\n\n\n\n<li><strong>Operation time:<\/strong> 4 to 6 hours.<\/li>\n\n\n\n<li><strong>Efficiency:<\/strong> 4 to 7 years younger.<\/li>\n\n\n\n<li><strong>Duration of effect:<\/strong> 8 to 10 years.<\/li>\n\n\n\n<li><strong>Special features:<\/strong> The effect is limited to the region below the eyes. The scar on the lower eyelid is very inconspicuous. The results are natural as the cheek fat pads are returned to their original position. The jaw contours and the contour of the neck cannot be improved using this technique.<\/li>\n<\/ul>\n\n<\/div>\n    <\/div>\n\n\n    <div id=\"macs-lift-tab-pane\" class=\"wp-block-tab-item tab-pane fade \" role=\"tabpanel\" tabindex=\"0\" aria-labelledby=\"macs-lift-tab\" data-tab-title=\"MACS Lift\">\n        <div class=\"acf-innerblocks-container\">\n\n<p class=\"is-style-heading-4 has-primary-color has-text-color has-link-color wp-elements-9921eaf7679492b9934cc9c89a4a0a58\"><strong>MACS Lift<\/strong><\/p>\n\n\n\n<p>MACS stands for &#8220;minimal access cranial suspension&#8221; and is a surgical technique for face lifting that was first described in 2002<sup data-fn=\"d90a3d74-e9d6-4d1b-984c-12ef6cdae65c\" class=\"fn\">\n  <a href=\"#d90a3d74-e9d6-4d1b-984c-12ef6cdae65c\" id=\"d90a3d74-e9d6-4d1b-984c-12ef6cdae65c-link\">7<\/a>\n<\/sup>. The MACS lift is a surgical technique in which the layer between the skin and the SMAS connective tissue is detached. The connective tissue is tightened using a loop-shaped suturing technique.<\/p>\n\n\n\n<ul class=\"wp-block-list is-style-check-white has-primary-color has-text-color has-link-color wp-elements-10be490f50f0ef1a3cac554b515db373\">\n<li><strong>Recovery time:<\/strong> 1 to 2 weeks.<\/li>\n\n\n\n<li><strong>Operation time: <\/strong>4 to 6 hours.<\/li>\n\n\n\n<li><strong>Efficiency:<\/strong> 4 to 7 years younger.<\/li>\n\n\n\n<li><strong>Duration of effect:<\/strong> 8 to 10 years.<\/li>\n\n\n\n<li><strong>Special features: <\/strong>The scar is quite short. The impression of fullness can be enhanced with a round face shape.<\/li>\n<\/ul>\n\n<\/div>\n    <\/div>\n\n<\/div>\n<\/div>\n\n<\/div>\n<\/div>\n<\/div>\n<\/div>\n                <\/div>\n            \n<\/div>\n\n\n                                                    \n<div id=\"bptb-block-container-69f4b217d96db\" class=\"bp-block-container alignfull position-relative bg-white pt-6 pt-lg-9 pb-6 pb-lg-9 is-layout-flow wp-block-bp-container-is-layout-flow\"\n        >\n\n    \n                            <div class=\"container container-medium \">\n                    <div class=\"acf-innerblocks-container\">\n    <div class=\"bp-block-anchor blank-anchor is-layout-flow wp-block-bp-anchor-is-layout-flow\" id=\"facial-structures\" data-title=\"Facial structures\">\n        <div class=\"bp-block-anchor-innerblocks acf-innerblocks-container\"><\/div>\n    <\/div>\n\n    \n\n\n<div class=\"bp-block-row\" id=\"bptb-block-row-69f4b217d9622\">\n    <div class=\"row  gx-xl-0 gx-xl-9 gx-xl-0 gy-5 gy-lg-0 p0 pnone p0 pnone \">\n\n<div class=\"bp-block-column col-12 col-lg\" id=\"bptb-block-column-69f4b217d88c5\">\n    \n\n<h2 class=\"wp-block-heading is-style-display-3\">Schematic representation of important structures in a facelift<\/h2>\n\n\n\n<p>During a facelift, the sagging skin is removed and the supporting apparatus is tightened. For this purpose, a fine layer of connective tissue (superficial musculoaponeurotic system) is exposed. Sagging ligaments are cut and the deep connective tissue layer is tightened. After the connective tissue has been tightened and, if necessary, lost volume has been replaced, the excess sagging skin is removed. The green zones can be injected with tissue fillers (autologous fat or hyaluronic acid) to enhance the contours.<\/p>\n\n\n\n<p><strong>Other facial nerves in the image:<\/strong> muscle nerve of the forehead (ramus frontalis nervus facialis), muscle nerve to the upper lip (rami zygomatici nervi facialis), muscle nerve of the lower lip and chin (ramus marginalis mandibulae), cutaneous nerve (nervus auricularis magnus).<br><br><strong>Other ligaments in the image:<\/strong> ligaments between the skin and bone (mandibular ligament), ligaments between the muscle and skin (masseteric ligament).<\/p>\n\n\n<\/div>\n\n\n<div class=\"bp-block-column col-12 col-lg\" id=\"bptb-block-column-69f4b217d9531\">\n    \n\n<figure class=\"wp-block-image size-full is-style-border-20\"><img decoding=\"async\" width=\"923\" height=\"729\" src=\"https:\/\/www.centerplast.de\/wp-content\/uploads\/2024\/02\/grafik-strukturen-im-gesicht.jpg\" loading=\"lazy\" alt=\"\" class=\"wp-image-4223\" style=\"aspect-ratio:4\/3;object-fit:cover\" srcset=\"https:\/\/www.centerplast.de\/wp-content\/uploads\/2024\/02\/grafik-strukturen-im-gesicht.jpg 923w, https:\/\/www.centerplast.de\/wp-content\/uploads\/2024\/02\/grafik-strukturen-im-gesicht-300x237.jpg 300w, https:\/\/www.centerplast.de\/wp-content\/uploads\/2024\/02\/grafik-strukturen-im-gesicht-768x607.jpg 768w, https:\/\/www.centerplast.de\/wp-content\/uploads\/2024\/02\/grafik-strukturen-im-gesicht-480x379.jpg 480w, https:\/\/www.centerplast.de\/wp-content\/uploads\/2024\/02\/grafik-strukturen-im-gesicht-615x485.jpg 615w, https:\/\/www.centerplast.de\/wp-content\/uploads\/2024\/02\/grafik-strukturen-im-gesicht-400x315.jpg 400w, https:\/\/www.centerplast.de\/wp-content\/uploads\/2024\/02\/grafik-strukturen-im-gesicht-850x671.jpg 850w, https:\/\/www.centerplast.de\/wp-content\/uploads\/2024\/02\/grafik-strukturen-im-gesicht-600x474.jpg 600w, https:\/\/www.centerplast.de\/wp-content\/uploads\/2024\/02\/grafik-strukturen-im-gesicht-590x466.jpg 590w\" sizes=\"auto, (max-width: 923px) 100vw, 923px\" \/><\/figure>\n\n\n\n<p><\/p>\n\n\n\n<p class=\"is-style-paragraph-3\"><strong>1st <\/strong>zone of autologous fat treatment<br><strong>2.<\/strong> incision for a face lift<br><strong>3<\/strong>. superficial temporal vessels (vasa temporalis superficialia) <strong>4.<\/strong> elevation in front of the auditory canal (tragus)<br><strong>5.<\/strong> ligaments between skin and bone (zygomatic ligament)<br><strong>6<\/strong>. parotid gland (glandula parotidea) <strong>7<\/strong>. submandibular gland (glandula submandibularis)<br><strong>8th<\/strong> cutaneous nerve (nervus auricularis magnus)<br><strong>9th<\/strong> muscle nerve to the mouth (Rami buccales nervi facialis)<br><strong>10.<\/strong> incision for a neck lift<\/p>\n\n\n<\/div>\n<\/div>\n<\/div>\n<\/div>\n                <\/div>\n            \n<\/div>\n\n\n                                                    \n<div id=\"bptb-block-container-69f4b217dbbca\" class=\"bp-block-container alignfull position-relative bg-green-light pt-6 pt-lg-9 pb-6 pb-lg-9 is-layout-flow wp-block-bp-container-is-layout-flow\"\n        >\n\n    \n                            <div class=\"container container-small \">\n                    <div class=\"acf-innerblocks-container\">\n\n<h3 class=\"wp-block-heading has-text-align-center  is-style-display-3\">Your expert for facelifts<\/h3>\n\n\n    <div id=\"bptb-block-post-cards-69f4b217db8ef\" class=\"bp-block-post-cards \">\n        <div class=\"row    \">\n            \n                \n                \n                                                    \n                                                                                                                                                                        \n                <div class=\"col-12 col-md-6 col-lg-6 mb-6 mb-md-0 \">\n\n                                                                \n                    <article class=\"card card-overlap position-relative has-overlay\">\n   <div class=\"item-container\">\n                  <a href=\"https:\/\/www.centerplast.de\/en\/about-us\/team\/dr-adelana-santos-stahl\/\" title=\"Mehr zu:  Dr. Adelana Santos Stahl\" class=\"stretched-link\"><\/a>\n       \n       <div class=\"image\">\n           <img decoding=\"async\"\n                   src=\"https:\/\/www.centerplast.de\/wp-content\/uploads\/2024\/03\/dr-santos-stahl-575x887.jpg\"\n                   alt=\"\"\n                   width=\"575\"\n                   height=\"887\"\n                   loading=\"lazy\"\n                   class=\"thumbnail img-fluid\">\n       <\/div>\n\n       <div class=\"content-container text-primary pt-4 card-body px-4 px-lg-5 py-5\">\n                          <span class=\"card-title d-block h4 mb-2 title position-relative text-center text-white\">\n                Dr. Adelana Santos Stahl\n            <\/span>\n                                                                     <a href=\"https:\/\/www.centerplast.de\/en\/about-us\/team\/dr-adelana-santos-stahl\/\" class=\"bp-block-button-item btn btn-icon-link btn-icon btn-arrow-circle-coloured-right d-flex justify-content-center mt-4\">\n                                                                                                             <svg xmlns=\"http:\/\/www.w3.org\/2000\/svg\" xml:space=\"preserve\" x=\"0\" y=\"0\" version=\"1.1\" viewBox=\"0 0 64 64\">\n  <circle id=\"Ellipse_34\" cx=\"36.6\" cy=\"31.8\" r=\"26.8\" style=\"fill:#d9c69e\"\/>\n\t<g transform=\"translate(0 20)\">\n    <path d=\"M43.5 19.9c-.3 0-.5-.1-.7-.3-.4-.4-.4-1 0-1.4l6.3-6.3-6.3-6.3c-.4-.4-.4-1 0-1.4.4-.4 1-.4 1.4 0l7.7 7.7-7.7 7.7c-.2.2-.4.3-.7.3z\" class=\"st1\"\/>\n\t\t<path d=\"M43.5 12.9H1.4c-.6 0-1-.4-1-1s.4-1 1-1h42.1c.6 0 1 .4 1 1s-.4 1-1 1z\" class=\"st1\"\/>\n  <\/g>\n<\/svg>\n                                                                                                     <\/a>\n                                                            <\/div>\n   <\/div>\n<\/article>\n                <\/div>\n                    <\/div>\n    <\/div>\n\n<\/div>\n                <\/div>\n            \n<\/div>\n\n\n                                                    \n<div id=\"bptb-block-container-69f4b217dc525\" class=\"bp-block-container alignfull position-relative bg-second-light pt-6 pt-lg-9 pb-6 pb-lg-9 is-layout-flow wp-block-bp-container-is-layout-flow\"\n        >\n\n    \n                            <div class=\"container container-small \">\n                    <div class=\"acf-innerblocks-container\">\n    <div class=\"bp-block-anchor blank-anchor is-layout-flow wp-block-bp-anchor-is-layout-flow\" id=\"facelift-without-general-anesthesia\" data-title=\"Facelift without general anesthesia\">\n        <div class=\"bp-block-anchor-innerblocks acf-innerblocks-container\"><\/div>\n    <\/div>\n\n    \n\n\n\n<h2 class=\"wp-block-heading is-style-display-3\">Facelift without general anesthesia<\/h2>\n\n\n\n<p>The aim of any anesthesia is to provide anesthesia or freedom from pain during the treatment. Preventing pain in a variety of ways achieves the greatest possible comfort. By combining different procedures, the medication can be administered in lower concentrations. As a result, side effects occur less frequently and patients recover more quickly. Thanks to modern anesthesia procedures and optimal cooperation between the anesthesiologist and the surgeon, we can offer a facelift without general anesthesia. The advantages of this special form of local anesthesia (tumescent anesthesia) and twilight sleep have been scientifically proven many times over<sup data-fn=\"29a691ab-6199-4a46-8c57-2ead88f41e93\" class=\"fn\">\n  <a href=\"#29a691ab-6199-4a46-8c57-2ead88f41e93\" id=\"29a691ab-6199-4a46-8c57-2ead88f41e93-link\">8<\/a>\n<\/sup> <sup data-fn=\"59514f21-b552-4227-bf5b-29025fb3b722\" class=\"fn\">\n  <a href=\"#59514f21-b552-4227-bf5b-29025fb3b722\" id=\"59514f21-b552-4227-bf5b-29025fb3b722-link\">9<\/a>\n<\/sup> <sup data-fn=\"bee7e9c6-1bad-442f-afab-53a41a6a0ee1\" class=\"fn\">\n  <a href=\"#bee7e9c6-1bad-442f-afab-53a41a6a0ee1\" id=\"bee7e9c6-1bad-442f-afab-53a41a6a0ee1-link\">10<\/a>\n<\/sup> <sup data-fn=\"e84cc3f0-65b2-413e-9420-2aff92adb2bc\" class=\"fn\">\n  <a href=\"#e84cc3f0-65b2-413e-9420-2aff92adb2bc\" id=\"e84cc3f0-65b2-413e-9420-2aff92adb2bc-link\">11<\/a>\n<\/sup>.<\/p>\n\n\n    <div class=\"bp-block-anchor blank-anchor is-layout-flow wp-block-bp-anchor-is-layout-flow\" id=\"facelift-with-stitches\" data-title=\"Facelift with stitches\">\n        <div class=\"bp-block-anchor-innerblocks acf-innerblocks-container\"><\/div>\n    <\/div>\n\n    \n\n\n\n<h2 class=\"wp-block-heading is-style-display-3\">Facelift with stitches<\/h2>\n\n\n\n<p>During a PDO thread treatment, sagging fat pads on the face are lifted. The cheek contours are embellished. However, PDO threads are not suitable for the treatment of sagging skin. PDO threads do not tighten the skin. Instead, PDO threads shift the skin, like the fabric of a hood or a waistband along a cord. The PDO thread lift is reserved for patients who have good skin elasticity. PDO thread lifting is not suitable for the treatment of skin and connective tissue changes that occur after the age of 45. In these cases, the skin and supporting tissue should be treated in a targeted and differentiated manner. An SMAS facelift is an effective treatment with long-lasting effects. PDO threads are not an alternative to a facelift.<\/p>\n\n<\/div>\n                <\/div>\n            \n<\/div>\n\n\n                                                    \n<div id=\"bptb-block-container-69f4b217debdb\" class=\"bp-block-container alignfull position-relative bg-white pt-6 pt-lg-9 pb-6 pb-lg-9 is-layout-flow wp-block-bp-container-is-layout-flow\"\n        >\n\n    \n                            <div class=\"container container-medium \">\n                    <div class=\"acf-innerblocks-container\">\n    <div class=\"bp-block-anchor blank-anchor is-layout-flow wp-block-bp-anchor-is-layout-flow\" id=\"procedure\" data-title=\"Procedure\">\n        <div class=\"bp-block-anchor-innerblocks acf-innerblocks-container\"><\/div>\n    <\/div>\n\n    \n\n\n\n<h2 class=\"wp-block-heading has-text-align-center is-style-display-3\">Facelift procedure<\/h2>\n\n\n<div class=\"bp-block-tabs wp-block-box\" id=\"bptb-block-tabs-69f4b217deb4d\">\n            <ul class=\"nav nav-pills mb-5 d-lg-flex flex-lg-wrap justify-content-center\">\n                        <li class=\"nav-item w-25\">\n                <button class=\"nav-link\">\n                    Wird geladen&#8230;\n                <\/button>\n            <\/li>\n        <\/ul>\n    \n    <div class=\"tab-content acf-innerblocks-container\">\n    <div id=\"preparation-tab-pane\" class=\"wp-block-tab-item tab-pane fade \" role=\"tabpanel\" tabindex=\"0\" aria-labelledby=\"preparation-tab\" data-tab-title=\"Preparation\">\n        <div class=\"acf-innerblocks-container\">\n<div class=\"bp-block-image-text-card\" id=\"bptb-block-image-text-card-69f4b217dd52a\">\n    <div class=\"row gx-0\">\n        <div class=\"col-lg-6\">\n            <img decoding=\"async\" src=\"https:\/\/www.centerplast.de\/wp-content\/uploads\/2024\/02\/vorbereitung-der-behandlung-mit-filler-1.jpg\" class=\"img-fluid\" loading=\"lazy\" alt=\"Dr. med. Adalena Santos Stahl ber\u00e4t eine Patientin ausf\u00fchrlich \u00fcber die Behandlung\"\n            width=\"825\"\n            height=\"615\"\n            \/>\n        <\/div>\n        <div class=\"col-lg-6 bg-secondary-light p-5 p-lg-8 read-more-outer\">\n            <div class=\"read-more-content acf-innerblocks-container\">\n\n<h4 class=\"wp-block-heading\">Preparation<\/h4>\n\n\n\n<p>After the personal consultation, our patients are already familiar with the surgical procedure and the preparatory and follow-up work. Nevertheless, a certain amount of residual nervousness on the day of the operation is quite normal. Dr. Santos Stahl and the anaesthetist welcome you to the clinic and check once again that the operation can take place under the best possible conditions.<\/p>\n\n<\/div>\n        <\/div>\n    <\/div>\n<\/div>\n<\/div>\n    <\/div>\n\n\n    <div id=\"the-op-tab-pane\" class=\"wp-block-tab-item tab-pane fade \" role=\"tabpanel\" tabindex=\"0\" aria-labelledby=\"the-op-tab\" data-tab-title=\"The OP\">\n        <div class=\"acf-innerblocks-container\">\n<div class=\"bp-block-image-text-card\" id=\"bptb-block-image-text-card-69f4b217de031\">\n    <div class=\"row gx-0\">\n        <div class=\"col-lg-6\">\n            <img decoding=\"async\" src=\"https:\/\/www.centerplast.de\/wp-content\/uploads\/2024\/03\/ablauf-einer-brustvergroesserung-op.png\" class=\"img-fluid\" loading=\"lazy\" alt=\"Dr. med. Adalena Santos-Stahl und Dr. St\u00e9phane Stahl befinden sich gemeinsam im OP-Saal und operieren einen Patienten.\"\n            width=\"828\"\n            height=\"615\"\n            \/>\n        <\/div>\n        <div class=\"col-lg-6 bg-secondary-light p-5 p-lg-8 read-more-outer\">\n            <div class=\"read-more-content acf-innerblocks-container\">\n\n<h4 class=\"wp-block-heading\">The OP<\/h4>\n\n\n\n<p>After you have changed, you will be given an antibiotic. You will then be taken to our operating theater, which is equipped with the latest medical technology. The entire surgical team will now check that all precautions have been taken to ensure your safety. The anesthetist will give you a sleeping pill and monitor your well-being throughout the procedure. The surgeon prepares the surgical field and injects the surgical area with a tumescent solution. The surgeon and assistant work with optical magnification in order to be able to operate as precisely and finely as possible.<\/p>\n\n\n<div class=\"bp-block-read-more\" id=\"bptb-block-read-more-69f4b217dd746\">\n\n    <div class=\"read-more-content acf-innerblocks-container\">\n\n<p>Depending on the surgical plan, excess fatty tissue is first removed by liposuction or the patient&#8217;s own fat is treated. The soft skin layer and the connective tissue underneath are then loosened. After tightening the supporting framework of the face and neck, the excess skin is removed and finely sutured. If necessary, a microneedling treatment is carried out at the end of the operation. Finally, a sterile wound dressing and a compression mask are applied. You will then be continuously monitored in the relaxation room while you rest.<\/p>\n\n<\/div>\n\n    <button class=\"btn btn-icon-link read-more-btn\"\n            data-toggle=\"collapse\" data-target=\"#bptb-block-read-more-69f4b217dd746\"\n            class=\"btn btn-secondary collapsed\"\n            title=\"Mehr lesen\">\n        mehr lesen <i class=\"icon icon-chevron-down\"><\/i>\n    <\/button>\n\n<\/div>\n<\/div>\n        <\/div>\n    <\/div>\n<\/div>\n<\/div>\n    <\/div>\n\n\n    <div id=\"after-the-procedure-tab-pane\" class=\"wp-block-tab-item tab-pane fade \" role=\"tabpanel\" tabindex=\"0\" aria-labelledby=\"after-the-procedure-tab\" data-tab-title=\"After the procedure\">\n        <div class=\"acf-innerblocks-container\">\n<div class=\"bp-block-image-text-card\" id=\"bptb-block-image-text-card-69f4b217dea33\">\n    <div class=\"row gx-0\">\n        <div class=\"col-lg-6\">\n            <img decoding=\"async\" src=\"https:\/\/www.centerplast.de\/wp-content\/uploads\/2024\/02\/nachbesprechung-der-behandlung-fuer-das-gesicht-1.jpg\" class=\"img-fluid\" loading=\"lazy\" alt=\"Dr. med. Adalena Santos Stahl befindet sich in einem Nachsorge-Gespr\u00e4ch mit ihrer Patientin.\"\n            width=\"825\"\n            height=\"615\"\n            \/>\n        <\/div>\n        <div class=\"col-lg-6 bg-secondary-light p-5 p-lg-8 read-more-outer\">\n            <div class=\"read-more-content acf-innerblocks-container\">\n\n<h4 class=\"wp-block-heading\">After the procedure<\/h4>\n\n\n\n<p>Before you leave the clinic, you will be given the cell phone number of your surgeon, who is always available for you. You will also receive a report on the treatment, the recommended precautionary measures and the dates of the follow-up examinations.<\/p>\n\n<\/div>\n        <\/div>\n    <\/div>\n<\/div>\n<\/div>\n    <\/div>\n\n<\/div>\n<\/div>\n<\/div>\n                <\/div>\n            \n<\/div>\n\n\n                                                    \n<div id=\"bptb-block-container-69f4b217e00a7\" class=\"bp-block-container alignfull position-relative bg-second-light pt-6 pt-lg-9 pb-6 pb-lg-9 is-layout-flow wp-block-bp-container-is-layout-flow\"\n        >\n\n    \n                            <div class=\"container container-small-medium \">\n                    <div class=\"acf-innerblocks-container\">\n    <div class=\"bp-block-anchor blank-anchor is-layout-flow wp-block-bp-anchor-is-layout-flow\" id=\"advantages-and-disadvantages\" data-title=\"Advantages and disadvantages\">\n        <div class=\"bp-block-anchor-innerblocks acf-innerblocks-container\"><\/div>\n    <\/div>\n\n    \n\n\n\n<h2 class=\"wp-block-heading has-text-align-center is-style-display-3\">Advantages and disadvantages of a facelift<\/h2>\n\n\n\n<p>The traces of time can be seen more clearly on some faces than on others. Those who feel younger want to bring body and soul back into harmony. The decision to have a facelift is a very personal one. Modern aesthetic surgery offers many options that have become increasingly gentle and effective over the decades. Non-surgical treatments include microneedling, treatment with the patient&#8217;s own blood and injections. The following comparison of facelift and conservative procedures should be seen as a rough guide.<\/p>\n\n\n<div class=\"bp-block-info-table mb-4 mb-md-6\" id=\"bptb-block-info-table-69f4b217dfe5f\">\n                        <div class=\"outer-container row pb-4 d-none d-md-flex\">\n                                    <div class=\"info-table-head\">\n                                                    <div class=\"row\">\n                                <div class=\"col-md-3 mb-2 mb-md-0\">\n                                <\/div>\n                                                                    <div class=\"col-12 col-md\">\n                                        <p><strong>Facelift<\/strong><\/p>\n\n                                    <\/div>\n                                                                    <div class=\"col-12 col-md\">\n                                        <p><strong>Conservative procedures<\/strong><\/p>\n\n                                    <\/div>\n                                                            <\/div>\n                                            <\/div>\n                \n                <div class=\"accordion-content col-9\"\n                     id=\"bptb-block-info-table-69f4b217dfe5f-row-1\">\n\n                    <div class=\"row\">\n\n                                            <\/div>\n\n                <\/div>\n            <\/div>\n                    <div class=\"outer-container row pb-4 \">\n                                    <div class=\"accordion-header collapsed col-3\"\n                         data-toggle=\"collapse\" data-target=\"#bptb-block-info-table-69f4b217dfe5f-row-2\">\n                        \n                                                            <div class=\"col\">\n                                    <strong>Effectiveness<\/strong>\n                                <\/div>\n                                                    \n                                                                        <\/div>\n                \n                <div class=\"accordion-content col-9\"\n                     id=\"bptb-block-info-table-69f4b217dfe5f-row-2\">\n\n                    <div class=\"row\">\n\n                                                    \n                                                                    <div class=\"d-md-none mt-2\">\n                                        <p><strong>Facelift<\/strong><\/p>\n\n                                    <\/div>\n                                \n                                <div class=\"col-12 col-md\">\n                                    <p>Rejuvenation by 4 to 7 years<\/p>\n\n                                <\/div>\n                            \n                                                                    <div class=\"d-md-none mt-2\">\n                                        <p><strong>Conservative procedures<\/strong><\/p>\n\n                                    <\/div>\n                                \n                                <div class=\"col-12 col-md\">\n                                    <p>Help to increase skin elasticity Increase skin thickness Reduce pigmentation spots<\/p>\n\n                                <\/div>\n                                                                        <\/div>\n\n                <\/div>\n            <\/div>\n                    <div class=\"outer-container row pb-4 \">\n                                    <div class=\"accordion-header collapsed col-3\"\n                         data-toggle=\"collapse\" data-target=\"#bptb-block-info-table-69f4b217dfe5f-row-3\">\n                        \n                                                            <div class=\"col\">\n                                    <strong>The duration of action<\/strong>\n                                <\/div>\n                                                    \n                                                                        <\/div>\n                \n                <div class=\"accordion-content col-9\"\n                     id=\"bptb-block-info-table-69f4b217dfe5f-row-3\">\n\n                    <div class=\"row\">\n\n                                                    \n                                                                    <div class=\"d-md-none mt-2\">\n                                        <p><strong>Facelift<\/strong><\/p>\n\n                                    <\/div>\n                                \n                                <div class=\"col-12 col-md\">\n                                    <p>Up to over 10 years, depending on the technology<\/p>\n\n                                <\/div>\n                            \n                                                                    <div class=\"d-md-none mt-2\">\n                                        <p><strong>Conservative procedures<\/strong><\/p>\n\n                                    <\/div>\n                                \n                                <div class=\"col-12 col-md\">\n                                    <p>Months to a few years<\/p>\n\n                                <\/div>\n                                                                        <\/div>\n\n                <\/div>\n            <\/div>\n                    <div class=\"outer-container row pb-4 \">\n                                    <div class=\"accordion-header collapsed col-3\"\n                         data-toggle=\"collapse\" data-target=\"#bptb-block-info-table-69f4b217dfe5f-row-4\">\n                        \n                                                            <div class=\"col\">\n                                    <strong>Risks<\/strong>\n                                <\/div>\n                                                    \n                                                                        <\/div>\n                \n                <div class=\"accordion-content col-9\"\n                     id=\"bptb-block-info-table-69f4b217dfe5f-row-4\">\n\n                    <div class=\"row\">\n\n                                                    \n                                                                    <div class=\"d-md-none mt-2\">\n                                        <p><strong>Facelift<\/strong><\/p>\n\n                                    <\/div>\n                                \n                                <div class=\"col-12 col-md\">\n                                    <p>2% haematoma, 1% inflammation, 0.1% nerve injury<\/p>\n\n                                <\/div>\n                            \n                                                                    <div class=\"d-md-none mt-2\">\n                                        <p><strong>Conservative procedures<\/strong><\/p>\n\n                                    <\/div>\n                                \n                                <div class=\"col-12 col-md\">\n                                    <p>0.004% Inflammation  <span class=\"footnote_referrer\"><a tabindex=\"0\" role=\"button\"><sup id=\"footnote_plugin_tooltip_3672_1_13\" class=\"footnote_plugin_tooltip_text\">[13]<\/sup><\/a><span id=\"footnote_plugin_tooltip_text_3672_1_13\" class=\"footnote_tooltip\"><\/span><\/span><\/p>\n\n                                <\/div>\n                                                                        <\/div>\n\n                <\/div>\n            <\/div>\n                    <div class=\"outer-container row pb-4 \">\n                                    <div class=\"accordion-header collapsed col-3\"\n                         data-toggle=\"collapse\" data-target=\"#bptb-block-info-table-69f4b217dfe5f-row-5\">\n                        \n                                                            <div class=\"col\">\n                                    <strong>Downtime<\/strong>\n                                <\/div>\n                                                    \n                                                                        <\/div>\n                \n                <div class=\"accordion-content col-9\"\n                     id=\"bptb-block-info-table-69f4b217dfe5f-row-5\">\n\n                    <div class=\"row\">\n\n                                                    \n                                                                    <div class=\"d-md-none mt-2\">\n                                        <p><strong>Facelift<\/strong><\/p>\n\n                                    <\/div>\n                                \n                                <div class=\"col-12 col-md\">\n                                    <p>7 to 14 days<\/p>\n\n                                <\/div>\n                            \n                                                                    <div class=\"d-md-none mt-2\">\n                                        <p><strong>Conservative procedures<\/strong><\/p>\n\n                                    <\/div>\n                                \n                                <div class=\"col-12 col-md\">\n                                    <p>None<\/p>\n\n                                <\/div>\n                                                                        <\/div>\n\n                <\/div>\n            <\/div>\n                    <div class=\"outer-container row pb-4 \">\n                                    <div class=\"accordion-header collapsed col-3\"\n                         data-toggle=\"collapse\" data-target=\"#bptb-block-info-table-69f4b217dfe5f-row-6\">\n                        \n                                                            <div class=\"col\">\n                                    <strong>Duration of treatment<\/strong>\n                                <\/div>\n                                                    \n                                                                        <\/div>\n                \n                <div class=\"accordion-content col-9\"\n                     id=\"bptb-block-info-table-69f4b217dfe5f-row-6\">\n\n                    <div class=\"row\">\n\n                                                    \n                                                                    <div class=\"d-md-none mt-2\">\n                                        <p><strong>Facelift<\/strong><\/p>\n\n                                    <\/div>\n                                \n                                <div class=\"col-12 col-md\">\n                                    <p>4 to 6 hours<\/p>\n\n                                <\/div>\n                            \n                                                                    <div class=\"d-md-none mt-2\">\n                                        <p><strong>Conservative procedures<\/strong><\/p>\n\n                                    <\/div>\n                                \n                                <div class=\"col-12 col-md\">\n                                    <p>30 to 45 minutes<\/p>\n\n                                <\/div>\n                                                                        <\/div>\n\n                <\/div>\n            <\/div>\n                    <div class=\"outer-container row pb-4 \">\n                                    <div class=\"accordion-header collapsed col-3\"\n                         data-toggle=\"collapse\" data-target=\"#bptb-block-info-table-69f4b217dfe5f-row-7\">\n                        \n                                                            <div class=\"col\">\n                                    <strong>Visibility of the result<\/strong>\n                                <\/div>\n                                                    \n                                                                        <\/div>\n                \n                <div class=\"accordion-content col-9\"\n                     id=\"bptb-block-info-table-69f4b217dfe5f-row-7\">\n\n                    <div class=\"row\">\n\n                                                    \n                                                                    <div class=\"d-md-none mt-2\">\n                                        <p><strong>Facelift<\/strong><\/p>\n\n                                    <\/div>\n                                \n                                <div class=\"col-12 col-md\">\n                                    <p>After 2 to 3 weeks<\/p>\n\n                                <\/div>\n                            \n                                                                    <div class=\"d-md-none mt-2\">\n                                        <p><strong>Conservative procedures<\/strong><\/p>\n\n                                    <\/div>\n                                \n                                <div class=\"col-12 col-md\">\n                                    <p>After 6 to 12 weeks &#8211; treatments at intervals of 4 weeks should be repeated at least 3 times<\/p>\n\n                                <\/div>\n                                                                        <\/div>\n\n                <\/div>\n            <\/div>\n                    <div class=\"outer-container row pb-4 \">\n                                    <div class=\"accordion-header collapsed col-3\"\n                         data-toggle=\"collapse\" data-target=\"#bptb-block-info-table-69f4b217dfe5f-row-8\">\n                        \n                                                            <div class=\"col\">\n                                    <strong>Follow-up operation<\/strong>\n                                <\/div>\n                                                    \n                                                                        <\/div>\n                \n                <div class=\"accordion-content col-9\"\n                     id=\"bptb-block-info-table-69f4b217dfe5f-row-8\">\n\n                    <div class=\"row\">\n\n                                                    \n                                                                    <div class=\"d-md-none mt-2\">\n                                        <p><strong>Facelift<\/strong><\/p>\n\n                                    <\/div>\n                                \n                                <div class=\"col-12 col-md\">\n                                    <p>If you want a moderate augmentation, one appointment is sufficient for a breast augmentation with autologous fat.<\/p>\n\n                                <\/div>\n                            \n                                                                    <div class=\"d-md-none mt-2\">\n                                        <p><strong>Conservative procedures<\/strong><\/p>\n\n                                    <\/div>\n                                \n                                <div class=\"col-12 col-md\">\n                                    <p>In the case of breast augmentation with implants, it may become necessary to change or remove the implants in the course of life.<\/p>\n\n                                <\/div>\n                                                                        <\/div>\n\n                <\/div>\n            <\/div>\n                    <div class=\"outer-container row pb-4 \">\n                                    <div class=\"accordion-header collapsed col-3\"\n                         data-toggle=\"collapse\" data-target=\"#bptb-block-info-table-69f4b217dfe5f-row-9\">\n                        \n                                                            <div class=\"col\">\n                                    <strong>Aftercare<\/strong>\n                                <\/div>\n                                                    \n                                                                        <\/div>\n                \n                <div class=\"accordion-content col-9\"\n                     id=\"bptb-block-info-table-69f4b217dfe5f-row-9\">\n\n                    <div class=\"row\">\n\n                                                    \n                                                                    <div class=\"d-md-none mt-2\">\n                                        <p><strong>Facelift<\/strong><\/p>\n\n                                    <\/div>\n                                \n                                <div class=\"col-12 col-md\">\n                                    <p>Changes in the breast tissue after breast augmentation with autologous fat can usually be easily differentiated from other diseases by experienced radiologists using an ultrasound examination and\/or a mammogram.<\/p>\n\n                                <\/div>\n                            \n                                                                    <div class=\"d-md-none mt-2\">\n                                        <p><strong>Conservative procedures<\/strong><\/p>\n\n                                    <\/div>\n                                \n                                <div class=\"col-12 col-md\">\n                                    <p>After breast augmentation with implants, the U.S. Food and Drug Administration (FDA) recommends an MRI scan after three years and every two years thereafter.<\/p>\n\n                                <\/div>\n                                                                        <\/div>\n\n                <\/div>\n            <\/div>\n            <\/div>\n<\/div>\n                <\/div>\n            \n<\/div>\n\n\n                                                    \n<div id=\"bptb-block-container-69f4b217e0ac6\" class=\"bp-block-container alignfull position-relative bg-white pt-6 pt-lg-9 pb-6 pb-lg-9 is-layout-flow wp-block-bp-container-is-layout-flow\"\n        >\n\n    \n                            <div class=\"container container-medium \">\n                    <div class=\"acf-innerblocks-container\">\n    <div class=\"bp-block-anchor blank-anchor is-layout-flow wp-block-bp-anchor-is-layout-flow\" id=\"facelift-for-men\" data-title=\"Facelift for men\">\n        <div class=\"bp-block-anchor-innerblocks acf-innerblocks-container\"><\/div>\n    <\/div>\n\n    \n\n\n<div class=\"bp-block-row\" id=\"bptb-block-row-69f4b217e0a4a\">\n    <div class=\"row  gx-xl-8 gx-lg-default gx-md-default gy-5 gy-lg-0 p0 pnone p0 pnone \">\n\n<div class=\"bp-block-column col-12 col-lg\" id=\"bptb-block-column-69f4b217e056b\">\n    \n\n<h2 class=\"wp-block-heading is-style-display-3\">Facelift for men<\/h2>\n\n\n\n<p>Facelift techniques are basically similar for men and women. However, the technical intricacies must meet men&#8217;s specific characteristics. Men have an accentuated lower jaw, a broader chin and flatter round cheeks. The skin is thicker and has a stronger blood supply than in women. The cut must take into account the beard hair and the short haircut.<\/p>\n\n\n<\/div>\n\n\n<div class=\"bp-block-column col-12 col-lg\" id=\"bptb-block-column-69f4b217e09c0\">\n    \n\n<figure class=\"wp-block-image size-card_md is-style-border-20\"><img decoding=\"async\" width=\"615\" height=\"485\" src=\"https:\/\/www.centerplast.de\/wp-content\/uploads\/2024\/02\/gesichtsstraffung-bei-einem-mann-615x485.jpg\" loading=\"lazy\" alt=\"Facelift for a man\" class=\"wp-image-3063\" srcset=\"https:\/\/www.centerplast.de\/wp-content\/uploads\/2024\/02\/gesichtsstraffung-bei-einem-mann-615x485.jpg 615w, https:\/\/www.centerplast.de\/wp-content\/uploads\/2024\/02\/gesichtsstraffung-bei-einem-mann-300x237.jpg 300w, https:\/\/www.centerplast.de\/wp-content\/uploads\/2024\/02\/gesichtsstraffung-bei-einem-mann-768x607.jpg 768w, https:\/\/www.centerplast.de\/wp-content\/uploads\/2024\/02\/gesichtsstraffung-bei-einem-mann-480x379.jpg 480w, https:\/\/www.centerplast.de\/wp-content\/uploads\/2024\/02\/gesichtsstraffung-bei-einem-mann-400x315.jpg 400w, https:\/\/www.centerplast.de\/wp-content\/uploads\/2024\/02\/gesichtsstraffung-bei-einem-mann-850x671.jpg 850w, https:\/\/www.centerplast.de\/wp-content\/uploads\/2024\/02\/gesichtsstraffung-bei-einem-mann-600x474.jpg 600w, https:\/\/www.centerplast.de\/wp-content\/uploads\/2024\/02\/gesichtsstraffung-bei-einem-mann-590x466.jpg 590w, https:\/\/www.centerplast.de\/wp-content\/uploads\/2024\/02\/gesichtsstraffung-bei-einem-mann.jpg 923w\" sizes=\"auto, (max-width: 615px) 100vw, 615px\" \/><\/figure>\n\n\n<\/div>\n<\/div>\n<\/div>\n<\/div>\n                <\/div>\n            \n<\/div>\n\n\n                                                    \n<div id=\"bptb-block-container-69f4b217e1025\" class=\"bp-block-container alignfull position-relative bg-second-light pt-6 pt-lg-9 pb-6 pb-lg-9 is-layout-flow wp-block-bp-container-is-layout-flow\"\n        >\n\n    \n                            <div class=\"container container-small \">\n                    <div class=\"acf-innerblocks-container\">\n    <div class=\"bp-block-anchor blank-anchor is-layout-flow wp-block-bp-anchor-is-layout-flow\" id=\"facelift-with-the-laser\" data-title=\"Facelift with the laser\">\n        <div class=\"bp-block-anchor-innerblocks acf-innerblocks-container\"><\/div>\n    <\/div>\n\n    \n\n\n<div class=\"bp-block-row\" id=\"bptb-block-row-69f4b217e0fb2\">\n    <div class=\"row  gx-xl-0 gx-xl-9 gx-xl-0 gy-5 gy-lg-0 p0 pnone p0 pnone \">\n\n<div class=\"bp-block-column col-12 col-lg\" id=\"bptb-block-column-69f4b217e0f2f\">\n    \n\n<h2 class=\"wp-block-heading is-style-display-3\">Facelift with the laser<\/h2>\n\n\n\n<p>A laser can be used to treat the surface of the skin. A CO2 laser treatment stimulates collagen production and is a useful addition to a facelift<sup data-fn=\"ef064360-be89-42fa-9c9b-5d26fb95cc80\" class=\"fn\">\n  <a href=\"#ef064360-be89-42fa-9c9b-5d26fb95cc80\" id=\"ef064360-be89-42fa-9c9b-5d26fb95cc80-link\">12<\/a>\n<\/sup>. Many studies show that microneedling is comparably good at improving skin pigmentation spots and increasing skin elasticity<sup data-fn=\"c0c33bde-dcf9-4db5-ac59-c89445805542\" class=\"fn\">\n  <a href=\"#c0c33bde-dcf9-4db5-ac59-c89445805542\" id=\"c0c33bde-dcf9-4db5-ac59-c89445805542-link\">13<\/a>\n<\/sup>. Laser treatment can cause darkening of the skin (post-inflammatory hyperpigmentation), particularly in darker skin types. We prefer microneedling treatment to laser treatment because microneedling has fewer side effects and the recovery time is shorter<sup data-fn=\"d3a97e50-0fc9-476e-8a5b-7080721740e2\" class=\"fn\">\n  <a href=\"#d3a97e50-0fc9-476e-8a5b-7080721740e2\" id=\"d3a97e50-0fc9-476e-8a5b-7080721740e2-link\">14<\/a>\n<\/sup> <sup data-fn=\"d0d5b5d6-78a3-4124-bf5a-ce1c8037b3dd\" class=\"fn\">\n  <a href=\"#d0d5b5d6-78a3-4124-bf5a-ce1c8037b3dd\" id=\"d0d5b5d6-78a3-4124-bf5a-ce1c8037b3dd-link\">15<\/a>\n<\/sup>. In addition, the microneedling treatment is more sustainable. The effect of microneedling treatment can be enhanced by simultaneous treatment with the patient&#8217;s own blood. However, neither the laser nor microneedling can replace a facelift.<\/p>\n\n\n<\/div>\n<\/div>\n<\/div>\n<\/div>\n                <\/div>\n            \n<\/div>\n\n\n                                                    \n<div id=\"bptb-block-container-69f4b217e3164\" class=\"bp-block-container alignfull position-relative bg-white pt-6 pt-lg-9 pb-6 pb-lg-9 is-layout-flow wp-block-bp-container-is-layout-flow\"\n        >\n\n    \n                            <div class=\"container container-medium \">\n                    <div class=\"acf-innerblocks-container\">\n    <div class=\"bp-block-anchor blank-anchor is-layout-flow wp-block-bp-anchor-is-layout-flow\" id=\"what-should-be-considered-after-a-facelift\" data-title=\"What should be considered after a facelift?\">\n        <div class=\"bp-block-anchor-innerblocks acf-innerblocks-container\"><\/div>\n    <\/div>\n\n    \n\n\n<div class=\"bp-block-row\" id=\"bptb-block-row-69f4b217e30f3\">\n    <div class=\"row  gx-xl-8 gx-lg-default gx-md-default gy-5 gy-lg-0 p0 pnone p0 pnone \">\n\n<div class=\"bp-block-column col-12 col-lg\" id=\"bptb-block-column-69f4b217e26f7\">\n    \n<div class=\"wp-block-youtube-player wp-block-box is-layout-flow wp-block-bp-youtube-player-is-layout-flow\" id=\"bptb-block-youtube-player-69f4b217e2452\">\n    <div data-youtube-id=\"ldQtsEq56sk\" class=\"youtube-container\" itemscope itemprop=\"VideoObject\" itemtype=\"https:\/\/schema.org\/VideoObject\">\n    <meta itemprop=\"contentUrl\" content=\"https:\/\/www.youtube.com\/watch?v=ldQtsEq56sk\"  \/>\n    <meta itemprop=\"thumbnailUrl\" content=\"https:\/\/www.centerplast.de\/wp-content\/uploads\/2024\/02\/facelifting_nachsorge-850x475.jpg\" \/>\n    <meta itemprop=\"name\" content=\"Centerplast Video\" \/>\n    <meta itemprop=\"uploadDate\" content=\"18-12-2018\" \/>\n    <meta itemprop=\"description\" content=\"CenterPlast bietet Ihnen ein umfassendes Leistungsspektrum aus der \u00e4sthetischen Medizin und plastischen Chirurgie sowie der Intim- und Handchirurgie\" \/>\n\n    <div class=\"video-container\">\n        <div class=\"player-container d-none ratio ratio-16x9\">\n            <div class=\"yt-player\" id=\"youtube-player-69f4b217e24ef\"><\/div>\n        <\/div>\n\n        <div class=\"video-poster \">\n            <button type=\"button\" class=\"stretched-link video-trigger\" aria-label=\"Video ansehen\"\n                                >\n                <i class=\"icon icon-play\"><\/i>\n            <\/button>\n\n            <picture>\n                <source srcset=\"https:\/\/www.centerplast.de\/wp-content\/uploads\/2024\/02\/facelifting_nachsorge-850x475.jpg\" media=\"(min-width: 461px)\">\n                <img decoding=\"async\" class=\"img-fluid\" loading=\"eager\"\n                     src=\"https:\/\/www.centerplast.de\/wp-content\/uploads\/2024\/02\/facelifting_nachsorge.jpg\" alt=\"\" width=\"850\" height=\"475\" >\n            <\/picture>\n        <\/div>\n\n                                <\/div>\n\n    <div class=\"alert alert-light video-cookie-notice mt-2\" role=\"alert\">\n        <p class=\"m-0 small\">Mit dem Laden des Videos akzeptieren Sie die <a href=\"\/\/policies.google.com\/privacy\" target=\"_blank\" rel=\"noopener\">Datenschutzerkl\u00e4rung<\/a> von YouTube.<\/p>\n    <\/div>\n<\/div>\n\n    \n<\/div>\n\n<\/div>\n\n\n<div class=\"bp-block-column col-12 col-lg\" id=\"bptb-block-column-69f4b217e3077\">\n    \n\n<h2 class=\"wp-block-heading is-style-display-3 has-primary-color has-text-color has-link-color wp-elements-e5acc4d81a983354058848f38adc20f9\">What should be considered after a facelift?<\/h2>\n\n\n\n<p>Without conscientious aftercare, even a perfectly successful operation cannot lead to an optimal result. Please note the following recommendations:<\/p>\n\n\n\n<ul class=\"wp-block-list is-style-check\">\n<li>You will be offered four appointments on site or via video consultation in the first two weeks to monitor wound healing.<\/li>\n\n\n\n<li>Use cooling elements or so-called migraine glasses for a maximum of 15 minutes every two to three hours during the first three days. Do not apply the face mask directly to the skin, as extreme cold can cause skin damage. Always make sure to place a compress on the surgical area before applying the cooling elements. These should only be chilled, not frozen.<\/li>\n\n\n\n<li>Lying down and sleeping with a light upper body (about 30 degrees) for the first five days is conducive to reducing swelling and wound healing.<\/li>\n\n\n\n<li>Minor pain may occur when the anesthetic wears off, usually one to two hours after the procedure. In all cases, you will be prescribed medication before the operation that you can take to prevent pain from occurring in the first place.<\/li>\n\n\n\n<li>If you suffer from high blood pressure, your blood pressure should be measured every two to three hours for the first five days. If the first (systolic) value of your blood pressure rises above 140 mm Hg, you should take medication to lower your blood pressure.<\/li>\n\n\n\n<li>If there is an increased tendency to bleed, small drainage tubes are temporarily inserted behind the ear. The drains are usually removed after 24 hours.<\/li>\n\n\n\n<li>The finest skin threads are removed after about ten days.<\/li>\n\n\n\n<li>You can shower as usual on the first day after the operation. Make sure that no soap residue remains and always dry your face with a fresh towel. In the first week, we recommend applying a wound disinfectant spray (Octenisept\u00ae) after showering.<\/li>\n\n\n\n<li>A previously fitted compression mask can be worn during the first week to help reduce swelling. In the second week, the compression mask only needs to be worn at night.<\/li>\n\n\n\n<li>You can support scar healing from the third week onwards. Apply a fat cream with as few additives as possible to the scars. Massage the cream into the skin two to three times a day for about five minutes. Protect your skin and scars with sun cream.<\/li>\n\n\n\n<li>Bending down, lifting heavy loads, heavy physical work and sporting activities should be avoided for three weeks, possibly longer if swelling persists. Of course, strong UV radiation (sunbathing or solarium) should also be avoided for a certain period of healing.<\/li>\n<\/ul>\n\n\n<div id=\"bptb-block-button-group-69f4b217e2fed\" class=\"bp-block-button-group\">\n    <div class=\"acf-innerblocks-container d-flex flex-wrap flex-row justify-content-start\">\n        <a href=\"https:\/\/www.centerplast.de\/terminbuchung\/\/booking?bookingFunnelSource=external_referral&amp;profile_skipped=true&amp;speciality_id=1297&amp;utm_campaign=website-button&amp;utm_content=custom&amp;utm_medium=referral&amp;utm_source=centerplast-website-button&amp;utm_term=centerplast&amp;visit_motive_category_id=84754&amp;vmid=2500486\" class=\"bp-block-button-item btn btn-icon-link btn-icon  btn-arrow-circle-coloured-right\" target=\"_blank\">\n                                                <svg xmlns=\"http:\/\/www.w3.org\/2000\/svg\" xml:space=\"preserve\" x=\"0\" y=\"0\" version=\"1.1\" viewBox=\"0 0 64 64\">\n  <circle id=\"Ellipse_34\" cx=\"36.6\" cy=\"31.8\" r=\"26.8\" style=\"fill:#d9c69e\"\/>\n\t<g transform=\"translate(0 20)\">\n    <path d=\"M43.5 19.9c-.3 0-.5-.1-.7-.3-.4-.4-.4-1 0-1.4l6.3-6.3-6.3-6.3c-.4-.4-.4-1 0-1.4.4-.4 1-.4 1.4 0l7.7 7.7-7.7 7.7c-.2.2-.4.3-.7.3z\" class=\"st1\"\/>\n\t\t<path d=\"M43.5 12.9H1.4c-.6 0-1-.4-1-1s.4-1 1-1h42.1c.6 0 1 .4 1 1s-.4 1-1 1z\" class=\"st1\"\/>\n  <\/g>\n<\/svg>\n                                        <span class=\"btn-text text-primary\">Let us advise you!<\/span>\n            <\/a>\n\n<\/div>\n<\/div>\n\n<\/div>\n<\/div>\n<\/div>\n<\/div>\n                <\/div>\n            \n<\/div>\n\n\n                                                    \n<div id=\"bptb-block-container-69f4b217e393b\" class=\"bp-block-container alignfull position-relative bg-second-light pt-6 pt-lg-9 pb-6 pb-lg-9 is-layout-flow wp-block-bp-container-is-layout-flow\"\n        >\n\n    \n                            <div class=\"container container-small \">\n                    <div class=\"acf-innerblocks-container\">\n    <div class=\"bp-block-anchor blank-anchor is-layout-flow wp-block-bp-anchor-is-layout-flow\" id=\"facelift-without-surgery\" data-title=\"Facelift without surgery\">\n        <div class=\"bp-block-anchor-innerblocks acf-innerblocks-container\"><\/div>\n    <\/div>\n\n    \n\n\n\n<h2 class=\"wp-block-heading is-style-display-3\">Facelift without surgery<\/h2>\n\n\n\n<p>As patients naturally start by finding out about alternatives to facelift surgery, they initially come across a large number of dubious advertising promises on the Internet. Dietary supplements, cosmetic products and naturopaths are not subject to the strict provisions of the Therapeutic Products Advertising Act or the professional code of conduct for doctors. It is therefore not surprising that promotional advertising for tightening facial skin with various devices, creams or even facial gymnastics is widespread online. The advertising of ultrasound devices, EMS facial muscle training (electrical muscle stimulation), radio waves or plasma pens for face lifting is misleading. There is currently no high-quality scientific study that proves a rejuvenating effect of these procedures.<\/p>\n\n\n\n<p>Only minimally invasive aesthetic procedures such as injections with fillers and muscle relaxants can be an alternative, but these provide a temporary result and therefore need to be repeated several times. In addition, they are only effective if the signs of ageing are less pronounced (fewer deep wrinkles and less sagging skin). You can find more information on this in our category on minimally invasive treatments.<\/p>\n\n\n    <div class=\"bp-block-anchor blank-anchor is-layout-flow wp-block-bp-anchor-is-layout-flow\" id=\"before-and-after-pictures\" data-title=\"Before and after pictures\">\n        <div class=\"bp-block-anchor-innerblocks acf-innerblocks-container\"><\/div>\n    <\/div>\n\n    \n\n\n\n<h2 class=\"wp-block-heading is-style-display-3\">Our before and after pictures of a facelift<\/h2>\n\n\n\n<p>In the run-up to a facelift, patients want to get an idea of the possible result of the facelift. Before and after photos of cosmetic surgery may not be published on the Internet. At CenterPlast, however, you have the opportunity to view corresponding images of the entire face during the non-binding consultation appointment. The lifting images are carefully selected according to specific criteria for comparability. The before and after photos were of course taken in accordance with data protection regulations. The treated persons have given their consent to support other patients in their education. Feel free to ask us about the possibility of viewing the before and after pictures during your individual consultation.<\/p>\n\n<\/div>\n                <\/div>\n            \n<\/div>\n\n\n                                                    \n<div id=\"bptb-block-container-69f4b217e5427\" class=\"bp-block-container alignfull position-relative bg-green-light pt-6 pt-lg-9 pb-6 pb-lg-9 is-layout-flow wp-block-bp-container-is-layout-flow\"\n        >\n\n    \n                            <div class=\"container container-small \">\n                    <div class=\"acf-innerblocks-container\">\n    <div class=\"bp-block-anchor blank-anchor is-layout-flow wp-block-bp-anchor-is-layout-flow\" id=\"faq\" data-title=\"FAQ\">\n        <div class=\"bp-block-anchor-innerblocks acf-innerblocks-container\"><\/div>\n    <\/div>\n\n    \n\n\n\n<h3 class=\"wp-block-heading has-text-align-center is-style-display-3\" id=\"FAQ\">FAQ &#8211; Frequently asked questions<\/h3>\n\n\n<div\n    id=\"bptb-block-accordion-69f4b217e5335\"\n    class=\"bp-block-accordion accordion conversation is-layout-flow wp-block-bp-accordion-is-layout-flow\"\n    itemscope=\"\" itemtype=\"https:\/\/schema.org\/FAQPage\">\n    <div class=\"acf-innerblocks-container\">\n<div\n    class=\"bp-block-accordion-item accordion-item is-layout-flow wp-block-bp-accordion-item-is-layout-flow\"\n    itemscope=\"\" itemprop=\"mainEntity\" itemtype=\"https:\/\/schema.org\/Question\">\n    <div class=\"accordion-header\">\n        <button\n            class=\"accordion-button \"\n            type=\"button\"\n            data-toggle=\"collapse\"\n            data-target=\"#bptb-block-accordion-item-69f4b217e3f8c\"\n            aria-expanded=\"true\"\n            aria-controls=\"bptb-block-accordion-item-69f4b217e3f8c\"\n        >\n                            <span\n                    itemprop=\"name\" itemprop=\"name\"                >\n                    Which method of facelift is the best?\n                <\/span>\n                    <\/button>\n    <\/div>\n\n    <div\n        id=\"bptb-block-accordion-item-69f4b217e3f8c\"\n        class=\"accordion-collapse collapse show\"\n        data-bs-parent=\"#\"\n    >\n        <div\n            class=\"accordion-body\"\n            itemscope=\"\" itemprop=\"acceptedAnswer\" itemtype=\"https:\/\/schema.org\/Answer\"        >\n                            <div itemprop=\"text\">\n                            <div class=\"acf-innerblocks-container\">\n\n<p>Unfortunately, there is no one-size-fits-all answer to this question, as every patient has unique requirements. Even the comparison of different techniques in identical twins could not answer the question<sup data-fn=\"9cad751d-4d0b-429e-a134-a374112f2aa8\" class=\"fn\">\n  <a href=\"#9cad751d-4d0b-429e-a134-a374112f2aa8\" id=\"9cad751d-4d0b-429e-a134-a374112f2aa8-link\">16<\/a>\n<\/sup>. In our opinion, the method with the lowest complication rates, a significantly rejuvenating and long-lasting result is the best. The selection of the appropriate method depends on the individual skin elasticity, the shape of the face, the contour of the lower jaw and the neck. The method can also vary depending on the patient&#8217;s wishes and expectations. After examining you and discussing your goals, we will recommend a treatment plan.<\/p>\n\n<\/div>\n                            <\/div>\n                    <\/div>\n    <\/div>\n<\/div>\n\n\n<div\n    class=\"bp-block-accordion-item accordion-item is-layout-flow wp-block-bp-accordion-item-is-layout-flow\"\n    itemscope=\"\" itemprop=\"mainEntity\" itemtype=\"https:\/\/schema.org\/Question\">\n    <div class=\"accordion-header\">\n        <button\n            class=\"accordion-button collapsed\"\n            type=\"button\"\n            data-toggle=\"collapse\"\n            data-target=\"#bptb-block-accordion-item-69f4b217e40df\"\n            aria-expanded=\"false\"\n            aria-controls=\"bptb-block-accordion-item-69f4b217e40df\"\n        >\n                            <span\n                    itemprop=\"name\" itemprop=\"name\"                >\n                    What does a facelift cost?\n                <\/span>\n                    <\/button>\n    <\/div>\n\n    <div\n        id=\"bptb-block-accordion-item-69f4b217e40df\"\n        class=\"accordion-collapse collapse \"\n        data-bs-parent=\"#\"\n    >\n        <div\n            class=\"accordion-body\"\n            itemscope=\"\" itemprop=\"acceptedAnswer\" itemtype=\"https:\/\/schema.org\/Answer\"        >\n                            <div itemprop=\"text\">\n                            <div class=\"acf-innerblocks-container\">\n\n<p>The facelift costs depend on various factors. If you would like to know the price of your minor facelift or major facelift, get in touch with us anytime. With just a few clicks you will receive a customized offer.<\/p>\n\n<\/div>\n                            <\/div>\n                    <\/div>\n    <\/div>\n<\/div>\n\n\n<div\n    class=\"bp-block-accordion-item accordion-item is-layout-flow wp-block-bp-accordion-item-is-layout-flow\"\n    itemscope=\"\" itemprop=\"mainEntity\" itemtype=\"https:\/\/schema.org\/Question\">\n    <div class=\"accordion-header\">\n        <button\n            class=\"accordion-button collapsed\"\n            type=\"button\"\n            data-toggle=\"collapse\"\n            data-target=\"#bptb-block-accordion-item-69f4b217e41db\"\n            aria-expanded=\"false\"\n            aria-controls=\"bptb-block-accordion-item-69f4b217e41db\"\n        >\n                            <span\n                    itemprop=\"name\" itemprop=\"name\"                >\n                    Are scars visible after a facelift?\n                <\/span>\n                    <\/button>\n    <\/div>\n\n    <div\n        id=\"bptb-block-accordion-item-69f4b217e41db\"\n        class=\"accordion-collapse collapse \"\n        data-bs-parent=\"#\"\n    >\n        <div\n            class=\"accordion-body\"\n            itemscope=\"\" itemprop=\"acceptedAnswer\" itemtype=\"https:\/\/schema.org\/Answer\"        >\n                            <div itemprop=\"text\">\n                            <div class=\"acf-innerblocks-container\">\n\n<p>This is one of the most frequently asked questions, as patients naturally do not want any visible scars on their face. In experienced hands and with optimal aftercare, the scars after a facelift are virtually invisible. As the scars are barely visible, we recommend that you do not base your goals on the length of the scar. In principle, the incisions are made as short as possible and as long as necessary to achieve your goals. The extended SMAS facelift is more suitable for rejuvenating the jaw and neck contours than the &#8220;short scar facelift&#8221;. The scar of an &#8220;extended SMAS facelift&#8221; is insignificantly longer than the scar of a &#8220;short scar facelift&#8221;.<\/p>\n\n<\/div>\n                            <\/div>\n                    <\/div>\n    <\/div>\n<\/div>\n\n\n<div\n    class=\"bp-block-accordion-item accordion-item is-layout-flow wp-block-bp-accordion-item-is-layout-flow\"\n    itemscope=\"\" itemprop=\"mainEntity\" itemtype=\"https:\/\/schema.org\/Question\">\n    <div class=\"accordion-header\">\n        <button\n            class=\"accordion-button collapsed\"\n            type=\"button\"\n            data-toggle=\"collapse\"\n            data-target=\"#bptb-block-accordion-item-69f4b217e45d9\"\n            aria-expanded=\"false\"\n            aria-controls=\"bptb-block-accordion-item-69f4b217e45d9\"\n        >\n                            <span\n                    itemprop=\"name\" itemprop=\"name\"                >\n                    Where do the scars run after a facelift?\n                <\/span>\n                    <\/button>\n    <\/div>\n\n    <div\n        id=\"bptb-block-accordion-item-69f4b217e45d9\"\n        class=\"accordion-collapse collapse \"\n        data-bs-parent=\"#\"\n    >\n        <div\n            class=\"accordion-body\"\n            itemscope=\"\" itemprop=\"acceptedAnswer\" itemtype=\"https:\/\/schema.org\/Answer\"        >\n                            <div itemprop=\"text\">\n                            <div class=\"acf-innerblocks-container\">\n\n<p>The scars run in the fold in front of and behind the ear. The &#8220;short scar facelift&#8221; technique is particularly scar-saving. With an extended SMAS facelift with neck lift, the scars are only a few centimeters longer. In experienced hands, the scars are barely recognizable after a few months. Certain subtleties contribute to the scars being particularly inconspicuous. These technical refinements include<\/p>\n\n\n\n<ul class=\"wp-block-list is-style-check\">\n<li>A scar in front of the tragus:<br>At the front entrance of the ear there is a small elevation called the tragus. The incision follows the natural contours along the fold in front of the ear.<\/li>\n\n\n\n<li>A scar behind the tragus:<br>The incision is made on the inside of the tragus. After removing the excess skin, the facial skin is refined in order to optimally adapt to the contours of the tragus. The scar is not recognizable as such at this point. As a rule, this type of incision is only used on women, as the beard hair can interfere with men.<\/li>\n\n\n\n<li>A short scar facelift:<br>The incision for a &#8220;short scar facelift&#8221; runs one to two centimeters above the ear, then along the front edge of the ear, below the earlobe, to a few centimeters behind the ear. The extent of the operation does not correlate with the length of the scar. The extent of a facelift is rather due to the tightening of the connective tissue under the skin. Even with a short scar, the SMAS connective tissue can be loosened and displaced. The term mini face lift is therefore not related to the extent of the operation or the result.<\/li>\n\n\n\n<li>An extended SMAS facelift with neck lift:<br>Over the years, the sagging of the skin affects both the facial features and the contours of the neck. Youthful and harmonious contours of the neck are achieved with a neck lift. The surgical method is often combined with an SMAS facelift. For this purpose, the scar behind the ear is extended only a few centimeters in the area of the hairy scalp. The scar is not significantly more noticeable than the scar of a short scar facelift.<\/li>\n<\/ul>\n\n<\/div>\n                            <\/div>\n                    <\/div>\n    <\/div>\n<\/div>\n\n\n<div\n    class=\"bp-block-accordion-item accordion-item is-layout-flow wp-block-bp-accordion-item-is-layout-flow\"\n    itemscope=\"\" itemprop=\"mainEntity\" itemtype=\"https:\/\/schema.org\/Question\">\n    <div class=\"accordion-header\">\n        <button\n            class=\"accordion-button collapsed\"\n            type=\"button\"\n            data-toggle=\"collapse\"\n            data-target=\"#bptb-block-accordion-item-69f4b217e49ff\"\n            aria-expanded=\"false\"\n            aria-controls=\"bptb-block-accordion-item-69f4b217e49ff\"\n        >\n                            <span\n                    itemprop=\"name\" itemprop=\"name\"                >\n                    Can a facelift be combined with other treatments?\n                <\/span>\n                    <\/button>\n    <\/div>\n\n    <div\n        id=\"bptb-block-accordion-item-69f4b217e49ff\"\n        class=\"accordion-collapse collapse \"\n        data-bs-parent=\"#\"\n    >\n        <div\n            class=\"accordion-body\"\n            itemscope=\"\" itemprop=\"acceptedAnswer\" itemtype=\"https:\/\/schema.org\/Answer\"        >\n                            <div itemprop=\"text\">\n                            <div class=\"acf-innerblocks-container\">\n\n<p>A facelift can be combined with various treatment methods. The surgical methods most commonly used during facelift surgery include<\/p>\n\n\n\n<ul class=\"wp-block-list is-style-check\">\n<li>The neck lift.<\/li>\n\n\n\n<li>Lipofilling.<\/li>\n\n\n\n<li>The upper eyelid lift or lower eyelid lift.<\/li>\n\n\n\n<li>A microneedling treatment.<\/li>\n\n\n\n<li>A skin treatment with your own blood.<\/li>\n\n\n\n<li>The removal of excess fat from the cheeks (Bichat fat plug).<\/li>\n<\/ul>\n\n<\/div>\n                            <\/div>\n                    <\/div>\n    <\/div>\n<\/div>\n\n\n<div\n    class=\"bp-block-accordion-item accordion-item is-layout-flow wp-block-bp-accordion-item-is-layout-flow\"\n    itemscope=\"\" itemprop=\"mainEntity\" itemtype=\"https:\/\/schema.org\/Question\">\n    <div class=\"accordion-header\">\n        <button\n            class=\"accordion-button collapsed\"\n            type=\"button\"\n            data-toggle=\"collapse\"\n            data-target=\"#bptb-block-accordion-item-69f4b217e4af9\"\n            aria-expanded=\"false\"\n            aria-controls=\"bptb-block-accordion-item-69f4b217e4af9\"\n        >\n                            <span\n                    itemprop=\"name\" itemprop=\"name\"                >\n                    How long does a facelift last?\n                <\/span>\n                    <\/button>\n    <\/div>\n\n    <div\n        id=\"bptb-block-accordion-item-69f4b217e4af9\"\n        class=\"accordion-collapse collapse \"\n        data-bs-parent=\"#\"\n    >\n        <div\n            class=\"accordion-body\"\n            itemscope=\"\" itemprop=\"acceptedAnswer\" itemtype=\"https:\/\/schema.org\/Answer\"        >\n                            <div itemprop=\"text\">\n                            <div class=\"acf-innerblocks-container\">\n\n<p>When tightening the SMAS connective tissue, most studies assume that a younger appearance in relation to the time before the operation lasts for over 10 years<sup data-fn=\"69d0564f-9706-4855-aa98-22822f864914\" class=\"fn\">\n  <a href=\"#69d0564f-9706-4855-aa98-22822f864914\" id=\"69d0564f-9706-4855-aa98-22822f864914-link\">17<\/a>\n<\/sup> <sup data-fn=\"7fb1bbc9-66bb-4b97-92c1-670e38b63040\" class=\"fn\">\n  <a href=\"#7fb1bbc9-66bb-4b97-92c1-670e38b63040\" id=\"7fb1bbc9-66bb-4b97-92c1-670e38b63040-link\">18<\/a>\n<\/sup> <sup data-fn=\"2ce5a6da-15b1-42c6-8225-f3d3766af967\" class=\"fn\">\n  <a href=\"#2ce5a6da-15b1-42c6-8225-f3d3766af967\" id=\"2ce5a6da-15b1-42c6-8225-f3d3766af967-link\">19<\/a>\n<\/sup> <sup data-fn=\"77d93256-6581-468d-83ae-a03da9a1f04d\" class=\"fn\">\n  <a href=\"#77d93256-6581-468d-83ae-a03da9a1f04d\" id=\"77d93256-6581-468d-83ae-a03da9a1f04d-link\">20<\/a>\n<\/sup>. The exact and meaningful answer to this question is complicated. There are at least three reasons for this: Not all patients can be followed up for scientific purposes ten or fifteen years after a facelift. Other factors such as cigarette smoking, physical exercise, a healthy diet, sufficient sleep, complementary treatments, good skin care and sun protection influence the ageing process and therefore the outcome of the operation. There is no single numerical value that can be used to measure the effect of a facelift. Computer algorithms can estimate the biological age of a face (FacePlusPlus, Amazon, Microsoft, IBM). Patient satisfaction, the specialist&#8217;s assessment of the overall result or the depth and number of wrinkles can be categorized on the basis of scales. Every method for assessing the effect of a facelift has certain limitations.<\/p>\n\n<\/div>\n                            <\/div>\n                    <\/div>\n    <\/div>\n<\/div>\n\n\n<div\n    class=\"bp-block-accordion-item accordion-item is-layout-flow wp-block-bp-accordion-item-is-layout-flow\"\n    itemscope=\"\" itemprop=\"mainEntity\" itemtype=\"https:\/\/schema.org\/Question\">\n    <div class=\"accordion-header\">\n        <button\n            class=\"accordion-button collapsed\"\n            type=\"button\"\n            data-toggle=\"collapse\"\n            data-target=\"#bptb-block-accordion-item-69f4b217e4be7\"\n            aria-expanded=\"false\"\n            aria-controls=\"bptb-block-accordion-item-69f4b217e4be7\"\n        >\n                            <span\n                    itemprop=\"name\" itemprop=\"name\"                >\n                    Face lift or neck lift?\n                <\/span>\n                    <\/button>\n    <\/div>\n\n    <div\n        id=\"bptb-block-accordion-item-69f4b217e4be7\"\n        class=\"accordion-collapse collapse \"\n        data-bs-parent=\"#\"\n    >\n        <div\n            class=\"accordion-body\"\n            itemscope=\"\" itemprop=\"acceptedAnswer\" itemtype=\"https:\/\/schema.org\/Answer\"        >\n                            <div itemprop=\"text\">\n                            <div class=\"acf-innerblocks-container\">\n\n<p>Individual hereditary factors and personal lifestyle habits cause us to age at different rates. Facial features and neck contours reveal our biological age. Sunken cheeks, deep wrinkles at the corners of the mouth and sagging cheeks may appear on the face. The sagging skin on the neck leads to a loss of shape and a double chin. After a facelift and neck lift, patients are considered to be younger than they are. The focus of every treatment is a beautiful, harmonious and natural result. There is scientific evidence that people mainly look at the jawline and neck to assess the age of the other person<sup data-fn=\"e37b8507-f5f0-4018-8c15-8ab9a8b6ba75\" class=\"fn\">\n  <a href=\"#e37b8507-f5f0-4018-8c15-8ab9a8b6ba75\" id=\"e37b8507-f5f0-4018-8c15-8ab9a8b6ba75-link\">21<\/a>\n<\/sup>.<\/p>\n\n<\/div>\n                            <\/div>\n                    <\/div>\n    <\/div>\n<\/div>\n\n\n<div\n    class=\"bp-block-accordion-item accordion-item is-layout-flow wp-block-bp-accordion-item-is-layout-flow\"\n    itemscope=\"\" itemprop=\"mainEntity\" itemtype=\"https:\/\/schema.org\/Question\">\n    <div class=\"accordion-header\">\n        <button\n            class=\"accordion-button collapsed\"\n            type=\"button\"\n            data-toggle=\"collapse\"\n            data-target=\"#bptb-block-accordion-item-69f4b217e4cd7\"\n            aria-expanded=\"false\"\n            aria-controls=\"bptb-block-accordion-item-69f4b217e4cd7\"\n        >\n                            <span\n                    itemprop=\"name\" itemprop=\"name\"                >\n                    At what age does a facelift make sense?\n                <\/span>\n                    <\/button>\n    <\/div>\n\n    <div\n        id=\"bptb-block-accordion-item-69f4b217e4cd7\"\n        class=\"accordion-collapse collapse \"\n        data-bs-parent=\"#\"\n    >\n        <div\n            class=\"accordion-body\"\n            itemscope=\"\" itemprop=\"acceptedAnswer\" itemtype=\"https:\/\/schema.org\/Answer\"        >\n                            <div itemprop=\"text\">\n                            <div class=\"acf-innerblocks-container\">\n\n<p>Facelifts to improve the contours of the cheeks and to treat sagging cheeks are most commonly performed between the ages of 40 and 50. As a rule, the elasticity of the skin and connective tissue decreases between the ages of 30 and 35. The youthful contours of the jawline and cheeks fade away. The fat pads in the cheeks sink and sagging cheeks form. Depending on predisposition, lifestyle habits and pre-treatment, these symptoms may appear sooner or later. Microneedling, treatment with the patient&#8217;s own blood or injections of Sculptra\u00ae (poly-L-lactic acid) are useful treatment methods for improving skin elasticity. As a result, changes that are treated with a facelift appear much later.<\/p>\n\n<\/div>\n                            <\/div>\n                    <\/div>\n    <\/div>\n<\/div>\n\n\n<div\n    class=\"bp-block-accordion-item accordion-item is-layout-flow wp-block-bp-accordion-item-is-layout-flow\"\n    itemscope=\"\" itemprop=\"mainEntity\" itemtype=\"https:\/\/schema.org\/Question\">\n    <div class=\"accordion-header\">\n        <button\n            class=\"accordion-button collapsed\"\n            type=\"button\"\n            data-toggle=\"collapse\"\n            data-target=\"#bptb-block-accordion-item-69f4b217e517b\"\n            aria-expanded=\"false\"\n            aria-controls=\"bptb-block-accordion-item-69f4b217e517b\"\n        >\n                            <span\n                    itemprop=\"name\" itemprop=\"name\"                >\n                    What should I consider before a facelift?\n                <\/span>\n                    <\/button>\n    <\/div>\n\n    <div\n        id=\"bptb-block-accordion-item-69f4b217e517b\"\n        class=\"accordion-collapse collapse \"\n        data-bs-parent=\"#\"\n    >\n        <div\n            class=\"accordion-body\"\n            itemscope=\"\" itemprop=\"acceptedAnswer\" itemtype=\"https:\/\/schema.org\/Answer\"        >\n                            <div itemprop=\"text\">\n                            <div class=\"acf-innerblocks-container\">\n\n<p>You have decided to have a facelift and are already looking forward to a younger and fresher appearance. A few preparations contribute to the safety of the operation and ensure a relaxed and speedy recovery after the operation.<\/p>\n\n\n\n<ul class=\"wp-block-list is-style-check\">\n<li>Planning ahead also means allowing your body to rest and recover after the operation. Avoid binding appointments and physical exertion in the first two weeks. Do not plan any business or private air travel in the six weeks following the operation.<\/li>\n\n\n\n<li>If you smoke, it&#8217;s best to quit today. Tobacco cigarettes and e-cigarettes reduce blood flow to body tissue<sup data-fn=\"5633a5d2-4598-4b41-9a74-2926ae382b9c\" class=\"fn\">\n  <a href=\"#5633a5d2-4598-4b41-9a74-2926ae382b9c\" id=\"5633a5d2-4598-4b41-9a74-2926ae382b9c-link\">22<\/a>\n<\/sup>. Smoking increases the rate of complications during and after surgery, as countless studies have shown<sup data-fn=\"45567458-a595-4236-82a5-4bf002217d18\" class=\"fn\">\n  <a href=\"#45567458-a595-4236-82a5-4bf002217d18\" id=\"45567458-a595-4236-82a5-4bf002217d18-link\">23<\/a>\n<\/sup> <sup data-fn=\"ba7df64b-f147-4c4c-8737-eed9029f3758\" class=\"fn\">\n  <a href=\"#ba7df64b-f147-4c4c-8737-eed9029f3758\" id=\"ba7df64b-f147-4c4c-8737-eed9029f3758-link\">24<\/a>\n<\/sup>. In smokers, wound healing is delayed and the cosmetic results can be significantly worse.<\/li>\n\n\n\n<li>Some people suffer from mild high blood pressure, which can be treated without medication through a healthy lifestyle. Even if your blood pressure is only rarely or slightly elevated, you should have a blood pressure monitor at home to check it. After the operation, certain blood pressure limits must not be exceeded, not even for a short time. Before the operation, it is advisable to discuss with your family doctor which medication you can take to lower your blood pressure if necessary.<\/li>\n\n\n\n<li>Certain food supplements, vitamins and medication can thin the blood. These food supplements and vitamins include, for example: ginkgo biloba, green tea, garlic capsules, vitamin A, vitamin E, preparations with omega-3 fatty acids, echinacea, St. John&#8217;s wort preparations. To reduce the risk of bruising and bruising, these preparations should be avoided two to three weeks before the operation if possible.<\/li>\n\n\n\n<li>Some patients find a slightly cooling face mask pleasant after the operation. If you want to get a cooling element in advance, make sure it is as light as possible, has an ergonomic fit and a surface that can be disinfected.<\/li>\n\n\n\n<li>Slight wound pain may occur in the course of wound healing. You can take precautions for the time after the operation with the following over-the-counter painkillers: Paracetamol 500mg, Arnica D6 (homeopathic) 3 x 5 globules. Please read the package leaflet carefully.<\/li>\n\n\n\n<li>Shower or bathe as you wish in the morning before the treatment. You can help to reduce the risk of infection by cleaning your skin with a disinfectant soap (e.g. HiBiScrub\u00ae Plus by M\u00f6lnlycke, Octenisan\u00ae Wash Lotion by Sch\u00fclke, Prontoderm\u00ae Shower Gel by B.Braun). Cleanse areas of skin rich in sebaceous glands particularly thoroughly. Please come without make-up on the day of the operation.<\/li>\n<\/ul>\n\n<\/div>\n                            <\/div>\n                    <\/div>\n    <\/div>\n<\/div>\n\n\n<div\n    class=\"bp-block-accordion-item accordion-item is-layout-flow wp-block-bp-accordion-item-is-layout-flow\"\n    itemscope=\"\" itemprop=\"mainEntity\" itemtype=\"https:\/\/schema.org\/Question\">\n    <div class=\"accordion-header\">\n        <button\n            class=\"accordion-button collapsed\"\n            type=\"button\"\n            data-toggle=\"collapse\"\n            data-target=\"#bptb-block-accordion-item-69f4b217e5280\"\n            aria-expanded=\"false\"\n            aria-controls=\"bptb-block-accordion-item-69f4b217e5280\"\n        >\n                            <span\n                    itemprop=\"name\" itemprop=\"name\"                >\n                    What are the risks of a facelift?\n                <\/span>\n                    <\/button>\n    <\/div>\n\n    <div\n        id=\"bptb-block-accordion-item-69f4b217e5280\"\n        class=\"accordion-collapse collapse \"\n        data-bs-parent=\"#\"\n    >\n        <div\n            class=\"accordion-body\"\n            itemscope=\"\" itemprop=\"acceptedAnswer\" itemtype=\"https:\/\/schema.org\/Answer\"        >\n                            <div itemprop=\"text\">\n                            <div class=\"acf-innerblocks-container\">\n\n<p>The frequency of risks depends on the extent of the operation and the patient&#8217;s state of health. The type of anesthesia can also affect the risks. The safety of our patients is our top priority. We therefore use the gentlest form of anesthesia and ensure that the procedure is performed under the best possible conditions. A facelift is a safe procedure in the hands of an experienced specialist in aesthetic and plastic surgery. The overall risk of possible complications is around five percent<sup data-fn=\"dbc84be3-3301-4b8c-88b9-809aad97d65e\" class=\"fn\">\n  <a href=\"#dbc84be3-3301-4b8c-88b9-809aad97d65e\" id=\"dbc84be3-3301-4b8c-88b9-809aad97d65e-link\">25<\/a>\n<\/sup>. There is an increased risk in overweight patients, smokers, in the combination of several operations, for example on the breast or abdomen, and in operations under general anesthesia. Possible risks include post-operative bleeding (two percent), inflammation (0.9 percent), accumulation of wound fluid (0.6 percent), wound healing disorders (0.6 percent) or nerve injuries (0.1 percent). The attending physician will of course provide you with comprehensive information on this.<\/p>\n\n<\/div>\n                            <\/div>\n                    <\/div>\n    <\/div>\n<\/div>\n\n<\/div>\n<\/div>\n\n<\/div>\n                <\/div>\n            \n<\/div>\n\n\n                                                    \n<div id=\"bptb-block-container-69f4b217e63d7\" class=\"bp-block-container alignfull position-relative bg-second-light pt-6 pt-lg-9 pb-6 pb-lg-9 is-layout-flow wp-block-bp-container-is-layout-flow\"\n        >\n\n    \n                            <div class=\"container container-small-medium \">\n                    <div class=\"acf-innerblocks-container\">\n<div class=\"bp-block-quote is-layout-flow wp-block-bp-quote-is-layout-flow\" id=\"bptb-block-quote-69f4b217e6165\">\n    <div class=\"row gx-lg-6\">\n        <div class=\"col-md-4\">\n            <picture class=\"d-block author-image mb-4 mb-md-0\">\n                <source srcset=\"https:\/\/www.centerplast.de\/wp-content\/uploads\/2024\/02\/dr-adelana-santos-stahl.png\" media=\"(min-width: 468px)\">\n                <img decoding=\"async\" class=\"img-fluid\"\n                     src=\"https:\/\/www.centerplast.de\/wp-content\/uploads\/2024\/02\/dr-adelana-santos-stahl-165x165.png\"\n                     width=\"259\"\n                     height=\"260\"\n                     loading=\"lazy\"\n                     alt=\"\">\n            <\/picture>\n        <\/div>\n        <div class=\"col-md-8\">\n            <div class=\"acf-innerblocks-container\">\n\n<p class=\"mb-0 has-primary-color has-text-color has-link-color wp-elements-bb944492880f3cf6afeabed87af5d8af\"><strong>AUTHOR<\/strong><\/p>\n\n\n\n<h4 class=\"wp-block-heading mt-0 mb-2 has-primary-color has-text-color has-link-color wp-elements-3c083f55e97984533f78b39252b53be0\"><strong><em>Dr. Adelana Santos Stahl<\/em><\/strong><\/h4>\n\n\n\n<p class=\"is-style-quote has-primary-color has-text-color has-link-color wp-elements-68871e9436daa5a4a7e70e3a3da00597\"><em>Our aim is to offer optimal, discreet and precise treatment based on our extensive expertise in the field of plastic surgery.<\/em><\/p>\n\n\n\n<p>Dr. Adelana Santos Stahl has a unique international perspective with a female view of plastic surgery. Your individual and detailed approach is the key to the beautiful and natural results. Having trained in Brazil, one of the largest and best-known countries for aesthetic and reconstructive plastic surgery, she understands her patients&#8217; desire to look and feel their best.<\/p>\n\n\n\n<p>She completed her medical studies and training as a specialist in plastic and aesthetic surgery in Brazil. In 2009, she also successfully passed the German equivalence examinations for the state medical examination.<\/p>\n\n\n\n<p>Two years later, in 2011, she received the German and in 2012 the EU specialist certification (EBOPRAS) for plastic surgery. From 2009 to 2013, she deepened her knowledge of aesthetic and reconstructive facial surgery with world-renowned representatives of plastic surgery such as Professor Gubisch at the Marienhospital and Madame Firmin in Paris.<\/p>\n\n\n\n<p>A VD\u00c4PC Fellowship (continuing scholarship for graduate students) in Switzerland, France and the USA has further enriched her professional experience. Dr. Santos Stahl is active in various renowned professional associations. In addition to the DGPR\u00c4C and DGBT, she is also a member of the Brazilian Society of Plastic Surgery &#8211; SBCP.<\/p>\n\n\n\n<p>She is also the author of several scientific articles and, together with her husband, is dedicated to research and clinical studies in the field of plastic surgery.<\/p>\n\n\n\n<p>She has been based in Saarbr\u00fccken since 2019.<\/p>\n\n\n<div id=\"bptb-block-button-group-69f4b217e5eba\" class=\"bp-block-button-group\">\n    <div class=\"acf-innerblocks-container d-flex flex-wrap flex-row justify-content-start\">\n        <a href=\"https:\/\/www.centerplast.de\/ueber-uns\/team\/dr-adelana-santos-stahl\/\" class=\"bp-block-button-item btn btn-icon-link btn-icon  btn-arrow-circle-coloured-right\" target=\"\">\n                                                <svg xmlns=\"http:\/\/www.w3.org\/2000\/svg\" xml:space=\"preserve\" x=\"0\" y=\"0\" version=\"1.1\" viewBox=\"0 0 64 64\">\n  <circle id=\"Ellipse_34\" cx=\"36.6\" cy=\"31.8\" r=\"26.8\" style=\"fill:#d9c69e\"\/>\n\t<g transform=\"translate(0 20)\">\n    <path d=\"M43.5 19.9c-.3 0-.5-.1-.7-.3-.4-.4-.4-1 0-1.4l6.3-6.3-6.3-6.3c-.4-.4-.4-1 0-1.4.4-.4 1-.4 1.4 0l7.7 7.7-7.7 7.7c-.2.2-.4.3-.7.3z\" class=\"st1\"\/>\n\t\t<path d=\"M43.5 12.9H1.4c-.6 0-1-.4-1-1s.4-1 1-1h42.1c.6 0 1 .4 1 1s-.4 1-1 1z\" class=\"st1\"\/>\n  <\/g>\n<\/svg>\n                                        <span class=\"btn-text text-primary\">More about Dr. Santos Stahl<\/span>\n            <\/a>\n\n<\/div>\n<\/div>\n<\/div>\n        <\/div>\n    <\/div>\n<\/div>\n<\/div>\n                <\/div>\n            \n<\/div>\n\n\n                                                    \n<div id=\"bptb-block-container-69f4b217e6aa4\" class=\"bp-block-container alignfull position-relative bg-white pt-6 pt-lg-9 pb-6 pb-lg-0 is-layout-flow wp-block-bp-container-is-layout-flow\"\n        >\n\n    \n                            <div class=\"container container-small \">\n                    <div class=\"acf-innerblocks-container\">\n<div\n    id=\"bptb-block-accordion-69f4b217e68ce\"\n    class=\"bp-block-accordion accordion is-style-clean is-layout-flow wp-block-bp-accordion-is-layout-flow\"\n    >\n    <div class=\"acf-innerblocks-container\">\n<div\n    class=\"bp-block-accordion-item accordion-item is-layout-flow wp-block-bp-accordion-item-is-layout-flow\"\n    >\n    <div class=\"accordion-header\">\n        <button\n            class=\"accordion-button collapsed\"\n            type=\"button\"\n            data-toggle=\"collapse\"\n            data-target=\"#bptb-block-accordion-item-69f4b217e6625\"\n            aria-expanded=\"false\"\n            aria-controls=\"bptb-block-accordion-item-69f4b217e6625\"\n        >\n                            <span\n                                    >\n                    References\n                <\/span>\n                    <\/button>\n    <\/div>\n\n    <div\n        id=\"bptb-block-accordion-item-69f4b217e6625\"\n        class=\"accordion-collapse collapse \"\n        data-bs-parent=\"#\"\n    >\n        <div\n            class=\"accordion-body\"\n                    >\n                            <div class=\"acf-innerblocks-container\">\n<ol class=\"wp-block-footnotes\"><li id=\"c9bc6c42-5632-4970-87ab-b5417a153d00\">ISAPS Gobal Statistics 2019 <a href=\"#c9bc6c42-5632-4970-87ab-b5417a153d00-link\" aria-label=\"Jump to footnote reference 1\">\u21a9\ufe0e<\/a><\/li><li id=\"78d17755-f64d-400d-92f9-f2b3e931c12a\">Miller C.C., 1907, The Correction of Featural Imperfections. Oak Printing Co, Chicago, IL <a href=\"#78d17755-f64d-400d-92f9-f2b3e931c12a-link\" aria-label=\"Jump to footnote reference 2\">\u21a9\ufe0e<\/a><\/li><li id=\"77efcc20-0900-4ab6-8395-7b464a0667b0\">Lexer E. Die Gesamte Wiederherstellungschirurgie. Leipzig: Johann Ambrosius Barth Publishers; 1931. <a href=\"#77efcc20-0900-4ab6-8395-7b464a0667b0-link\" aria-label=\"Jump to footnote reference 3\">\u21a9\ufe0e<\/a><\/li><li id=\"65188c28-ff85-46e5-b506-fbaff35c9e5c\"> Litjens G., Kooi T., Bejnordi B.E., Setio A.A.A., Ciompi F., et al., 2017, Med Image Anal. <a href=\"#65188c28-ff85-46e5-b506-fbaff35c9e5c-link\" aria-label=\"Jump to footnote reference 4\">\u21a9\ufe0e<\/a><\/li><li id=\"f108f718-6d40-428b-8899-3d2567a26943\">Mitz V, Peyronie M., 1976, Plast Reconstr Surg. <a href=\"#f108f718-6d40-428b-8899-3d2567a26943-link\" aria-label=\"Jump to footnote reference 5\">\u21a9\ufe0e<\/a><\/li><li id=\"b16cc5ec-ef54-43e2-9a0a-b2ea7360b544\">Skoog T., 1974, Plastic Surgery. 1st ed. Stockholm: Almgrist and Wicksell International <a href=\"#b16cc5ec-ef54-43e2-9a0a-b2ea7360b544-link\" aria-label=\"Jump to footnote reference 6\">\u21a9\ufe0e<\/a><\/li><li id=\"d90a3d74-e9d6-4d1b-984c-12ef6cdae65c\">Tonnard P, Verpaele A, Monstrey S, et al., 2002, Plast Reconstr Surg. <a href=\"#d90a3d74-e9d6-4d1b-984c-12ef6cdae65c-link\" aria-label=\"Jump to footnote reference 7\">\u21a9\ufe0e<\/a><\/li><li id=\"29a691ab-6199-4a46-8c57-2ead88f41e93\">DeJoseph L.M., Pou JD., 2020, Facial Plast Surg Clin North Am. <a href=\"#29a691ab-6199-4a46-8c57-2ead88f41e93-link\" aria-label=\"Jump to footnote reference 8\">\u21a9\ufe0e<\/a><\/li><li id=\"59514f21-b552-4227-bf5b-29025fb3b722\">Frojo G., Dotson A., Christopher K., Kaswan S., et al. 2019, Aesthet Surg J. <a href=\"#59514f21-b552-4227-bf5b-29025fb3b722-link\" aria-label=\"Jump to footnote reference 9\">\u21a9\ufe0e<\/a><\/li><li id=\"bee7e9c6-1bad-442f-afab-53a41a6a0ee1\">Moris V., Bensa P., Gerenton B., Rizzi P., et al., 2019, J Plast Reconstr Aesthet Surg. <a href=\"#bee7e9c6-1bad-442f-afab-53a41a6a0ee1-link\" aria-label=\"Jump to footnote reference 10\">\u21a9\ufe0e<\/a><\/li><li id=\"e84cc3f0-65b2-413e-9420-2aff92adb2bc\">Vitale G., Piereschi S., 2017, Ann Chir Plast Esthet. <a href=\"#e84cc3f0-65b2-413e-9420-2aff92adb2bc-link\" aria-label=\"Jump to footnote reference 11\">\u21a9\ufe0e<\/a><\/li><li id=\"ef064360-be89-42fa-9c9b-5d26fb95cc80\">de Filippi Sartori J., Osaki T.H., et al., 2021, Aesthet Surg J. <a href=\"#ef064360-be89-42fa-9c9b-5d26fb95cc80-link\" aria-label=\"Jump to footnote reference 12\">\u21a9\ufe0e<\/a><\/li><li id=\"c0c33bde-dcf9-4db5-ac59-c89445805542\">Emam A.A.M., Nada H.A., 2021, J Cosmet Dermatol. <a href=\"#c0c33bde-dcf9-4db5-ac59-c89445805542-link\" aria-label=\"Jump to footnote reference 13\">\u21a9\ufe0e<\/a><\/li><li id=\"d3a97e50-0fc9-476e-8a5b-7080721740e2\">Robati R.M., Hamedani B., Namazi N., et al., 2020, J Cosmet Dermatol. <a href=\"#d3a97e50-0fc9-476e-8a5b-7080721740e2-link\" aria-label=\"Jump to footnote reference 14\">\u21a9\ufe0e<\/a><\/li><li id=\"d0d5b5d6-78a3-4124-bf5a-ce1c8037b3dd\">Cachafeiro T., Escobar G., et al., 2016, Dermatol Surg. <a href=\"#d0d5b5d6-78a3-4124-bf5a-ce1c8037b3dd-link\" aria-label=\"Jump to footnote reference 15\">\u21a9\ufe0e<\/a><\/li><li id=\"9cad751d-4d0b-429e-a134-a374112f2aa8\">Alpert B.S, Baker D.C., Sam T Hamra S.T., Owsley J.Q., et al., 2009, Plast Reconstr Surg. <a href=\"#9cad751d-4d0b-429e-a134-a374112f2aa8-link\" aria-label=\"Jump to footnote reference 16\">\u21a9\ufe0e<\/a><\/li><li id=\"69d0564f-9706-4855-aa98-22822f864914\">Sundine MJ, Kretsis V, Connell BF., 2010, Plast Reconstr Surg. <a href=\"#69d0564f-9706-4855-aa98-22822f864914-link\" aria-label=\"Jump to footnote reference 17\">\u21a9\ufe0e<\/a><\/li><li id=\"7fb1bbc9-66bb-4b97-92c1-670e38b63040\">Botti C, Botti G, Pascali M., 2021, Aesthet Surg J. Aug <a href=\"#7fb1bbc9-66bb-4b97-92c1-670e38b63040-link\" aria-label=\"Jump to footnote reference 18\">\u21a9\ufe0e<\/a><\/li><li id=\"2ce5a6da-15b1-42c6-8225-f3d3766af967\">Jones BM, Lo SJ., 2012, Plast Reconstr Surg. <a href=\"#2ce5a6da-15b1-42c6-8225-f3d3766af967-link\" aria-label=\"Jump to footnote reference 19\">\u21a9\ufe0e<\/a><\/li><li id=\"77d93256-6581-468d-83ae-a03da9a1f04d\">Alpert B.S, Baker D.C., Sam T Hamra S.T., Owsley J.Q., et al., 2009, Plast Reconstr Surg. <a href=\"#77d93256-6581-468d-83ae-a03da9a1f04d-link\" aria-label=\"Jump to footnote reference 20\">\u21a9\ufe0e<\/a><\/li><li id=\"e37b8507-f5f0-4018-8c15-8ab9a8b6ba75\">Liao D., Ishii L.E., Chen J., Chen L.W., et al., 2020, Facial Plast Surg Aesthet Med. <a href=\"#e37b8507-f5f0-4018-8c15-8ab9a8b6ba75-link\" aria-label=\"Jump to footnote reference 21\">\u21a9\ufe0e<\/a><\/li><li id=\"5633a5d2-4598-4b41-9a74-2926ae382b9c\">Pywell M.J., Wordsworth M., Kwasnicki R.M., et al., 2018, J Hand Surg Am. <a href=\"#5633a5d2-4598-4b41-9a74-2926ae382b9c-link\" aria-label=\"Jump to footnote reference 22\">\u21a9\ufe0e<\/a><\/li><li id=\"45567458-a595-4236-82a5-4bf002217d18\">Fu R.H., Toyoda Y., Li L., et al., 2018, Plast Reconstr Surg. <a href=\"#45567458-a595-4236-82a5-4bf002217d18-link\" aria-label=\"Jump to footnote reference 23\">\u21a9\ufe0e<\/a><\/li><li id=\"ba7df64b-f147-4c4c-8737-eed9029f3758\">Chopan M., Samant S., Mast B.A., 2020, Plast Reconstr Surg. <a href=\"#ba7df64b-f147-4c4c-8737-eed9029f3758-link\" aria-label=\"Jump to footnote reference 24\">\u21a9\ufe0e<\/a><\/li><li id=\"dbc84be3-3301-4b8c-88b9-809aad97d65e\">Chopan M., Samant S., Mast B.A., 2020, Plast Reconstr Surg. <a href=\"#dbc84be3-3301-4b8c-88b9-809aad97d65e-link\" aria-label=\"Jump to footnote reference 25\">\u21a9\ufe0e<\/a><\/li><\/ol>\n<\/div>\n                    <\/div>\n    <\/div>\n<\/div>\n\n<\/div>\n<\/div>\n\n<\/div>\n                <\/div>\n            \n<\/div>\n\n\n                                                    \n<div id=\"bptb-block-container-69f4b217eb59f\" class=\"bp-block-container alignfull position-relative bg-white is-layout-flow wp-block-bp-container-is-layout-flow\"\n        >\n\n    \n                            <div class=\"container container-medium \">\n                    <div class=\"acf-innerblocks-container\">\n\n<h3 class=\"wp-block-heading has-text-align-center is-style-display-3\">You might also be interested in<\/h3>\n\n\n<div id=\"bptb-block-slider-item-69f4b217e8bcd\" class=\"bp-block-slider-item is-layout-flow wp-block-bp-slider-item-is-layout-flow\">\n    <div class=\"slider-container show-card-shadow\">\n    <div id=\"slider-69f4b217e8c34\"\n         class=\"swiper slider \"\n         data-slider-config=\"{&quot;pagination&quot;:true,&quot;spaceBetween&quot;:15,&quot;slidesPerView&quot;:1.25,&quot;scrollbar&quot;:{&quot;el&quot;:&quot;.swiper-scrollbar&quot;,&quot;draggable&quot;:true},&quot;breakpoints&quot;:{&quot;768&quot;:{&quot;slidesPerView&quot;:1.75,&quot;spaceBetween&quot;:30},&quot;1024&quot;:{&quot;slidesPerView&quot;:&quot;3&quot;,&quot;spaceBetween&quot;:30},&quot;1250&quot;:{&quot;slidesPerView&quot;:&quot;3&quot;,&quot;spaceBetween&quot;:30}}}\"          data-slides=\"3\"     >\n        <div class=\"swiper-wrapper py-4\">\n                                        <div class=\"swiper-slide h-100\">\n                    <div class=\"item-container h-100\">\n                                                    <a href=\"https:\/\/www.centerplast.de\/en\/treatments\/face\/wrinkle-injection-with-autologous-fat\/\" title=\"Mehr zu:  Wrinkle injection with autologous fat\" class=\"stretched-link\">\n                                                                    <span class=\"visually-hidden\">Wrinkle injection with autologous fat<\/span>\n                                                            <\/a>\n                                                <picture class=\"d-block author-image mb-0 h-100\">\n                            <source srcset=\"https:\/\/www.centerplast.de\/wp-content\/uploads\/2024\/02\/behandlung-zur-faltenunterspritzung-mit-eigenfett-575x887.jpg\" media=\"(min-width: 468px)\">\n                            <img decoding=\"async\"\n                                    src=\"https:\/\/www.centerplast.de\/wp-content\/uploads\/2024\/02\/behandlung-zur-faltenunterspritzung-mit-eigenfett-300x463.jpg\"\n                                    alt=\"Centerplast Slider Bild\"\n                                    width=\"575\"\n                                    height=\"887\"\n                                    loading=\"lazy\"\n                                    class=\"thumbnail img-fluid h-100\"\n                            >\n                        <\/picture>\n                        <div class=\"content-container text-white text-center px-4 px-lg-5 py-5\">\n                            <div class=\"inner\">\n                                                                    <span class=\"d-block h4 mb-2 title fw-medium letter-spacing-xs font-size-base\">Wrinkle injection with autologous fat<\/span>\n                                                                                                                                    <a href=\"https:\/\/www.centerplast.de\/en\/treatments\/face\/wrinkle-injection-with-autologous-fat\/\" class=\"link\" aria-label=\"Mehr zu:  Wrinkle injection with autologous fat\">\n                                        <i class=\"icon icon-arrow-right\"><\/i>\n                                    <\/a>\n                                                            <\/div>\n                        <\/div>\n                    <\/div>\n                <\/div>\n                            <div class=\"swiper-slide h-100\">\n                    <div class=\"item-container h-100\">\n                                                    <a href=\"https:\/\/www.centerplast.de\/en\/treatments\/botox\/remove-crows-feet\/\" title=\"Mehr zu:  Remove crow&#8217;s feet\" class=\"stretched-link\">\n                                                                    <span class=\"visually-hidden\">Remove crow&#8217;s feet<\/span>\n                                                            <\/a>\n                                                <picture class=\"d-block author-image mb-0 h-100\">\n                            <source srcset=\"https:\/\/www.centerplast.de\/wp-content\/uploads\/2024\/04\/botox-behandlung-gegen-kraehenfuesse-575x887.jpg\" media=\"(min-width: 468px)\">\n                            <img decoding=\"async\"\n                                    src=\"https:\/\/www.centerplast.de\/wp-content\/uploads\/2024\/04\/botox-behandlung-gegen-kraehenfuesse-300x463.jpg\"\n                                    alt=\"Centerplast Slider Bild\"\n                                    width=\"575\"\n                                    height=\"887\"\n                                    loading=\"lazy\"\n                                    class=\"thumbnail img-fluid h-100\"\n                            >\n                        <\/picture>\n                        <div class=\"content-container text-white text-center px-4 px-lg-5 py-5\">\n                            <div class=\"inner\">\n                                                                    <span class=\"d-block h4 mb-2 title fw-medium letter-spacing-xs font-size-base\">Remove crow&#8217;s feet<\/span>\n                                                                                                                                    <a href=\"https:\/\/www.centerplast.de\/en\/treatments\/botox\/remove-crows-feet\/\" class=\"link\" aria-label=\"Mehr zu:  Remove crow&#8217;s feet\">\n                                        <i class=\"icon icon-arrow-right\"><\/i>\n                                    <\/a>\n                                                            <\/div>\n                        <\/div>\n                    <\/div>\n                <\/div>\n                            <div class=\"swiper-slide h-100\">\n                    <div class=\"item-container h-100\">\n                                                    <a href=\"https:\/\/www.centerplast.de\/en\/treatments\/filler\/jawline\/\" title=\"Mehr zu:  Jawline\" class=\"stretched-link\">\n                                                                    <span class=\"visually-hidden\">Jawline<\/span>\n                                                            <\/a>\n                                                <picture class=\"d-block author-image mb-0 h-100\">\n                            <source srcset=\"https:\/\/www.centerplast.de\/wp-content\/uploads\/2024\/04\/behandlung-jawline-unterspritzen-575x887.jpg\" media=\"(min-width: 468px)\">\n                            <img decoding=\"async\"\n                                    src=\"https:\/\/www.centerplast.de\/wp-content\/uploads\/2024\/04\/behandlung-jawline-unterspritzen-300x463.jpg\"\n                                    alt=\"Centerplast Slider Bild\"\n                                    width=\"575\"\n                                    height=\"887\"\n                                    loading=\"lazy\"\n                                    class=\"thumbnail img-fluid h-100\"\n                            >\n                        <\/picture>\n                        <div class=\"content-container text-white text-center px-4 px-lg-5 py-5\">\n                            <div class=\"inner\">\n                                                                    <span class=\"d-block h4 mb-2 title fw-medium letter-spacing-xs font-size-base\">Jawline<\/span>\n                                                                                                                                    <a href=\"https:\/\/www.centerplast.de\/en\/treatments\/filler\/jawline\/\" class=\"link\" aria-label=\"Mehr zu:  Jawline\">\n                                        <i class=\"icon icon-arrow-right\"><\/i>\n                                    <\/a>\n                                                            <\/div>\n                        <\/div>\n                    <\/div>\n                <\/div>\n                            <\/div>\n    <\/div>\n\n    <div class=\"swiper-controls mt-5\">\n        <div class=\"swiper-arrow swiper-button-prev\"><i class=\"icon icon-arrow-circle-left\"><\/i><\/div>\n\n        <div class=\"swiper-pagination\"><\/div>\n        <div class=\"swiper-scrollbar\"><\/div>\n\n        <div class=\"swiper-arrow swiper-button-next\"><i class=\"icon icon-arrow-circle-right\"><\/i><\/div>\n    <\/div>\n\n    <\/div>\n\n    \n<\/div>\n\n<\/div>\n                <\/div>\n            \n<\/div>\n\n\n<div id=\"bptb-block-personal-advice-69f4b217ecd6a\" class=\"bp-block-personal-advice position-relative  bg-secondary-light overflow-x-hidden alignfull\"\ndata-overlapping=\"true\">\n            <div class=\"overlapping d-none d-lg-block bg-white\"\n        style=&quot;height:20%;&quot;><\/div>\n        <div class=\"container text-primary py-7 py-lg-0\">\n        <div class=\"row justify-content-center\">\n            <div class=\"col-lg-10\">\n                <div class=\"row\">\n                                            <div class=\"col-lg-6\">\n                            <div class=\"image-container position-relative d-none d-lg-block\">\n                                <img decoding=\"async\"\n                                        src=\"https:\/\/www.centerplast.de\/wp-content\/uploads\/2024\/02\/persoenliche-beratung-min-600x716.png\"\n                                        alt=\"\"\n                                        width=\"600\"\n                                        height=\"716\"\n                                        loading=\"lazy\"\n                                        class=\"d-block img-fluid\"\n                                >\n                            <\/div>\n                        <\/div>\n                                        <div class=\"col-12 col-lg-5 content-col d-flex align-items-center\">\n                        <div class=\"acf-innerblocks-container\">\n\n<h2 class=\"wp-block-heading\">Personal advice<\/h2>\n\n\n\n<p class=\"has-text-align-left is-style-paragraph-1\">We take time for you and offer you customized advice and treatment for your individual result.<\/p>\n\n\n<div id=\"bptb-block-button-group-69f4b217ebc71\" class=\"bp-block-button-group\">\n    <div class=\"acf-innerblocks-container d-flex flex-wrap flex-row justify-content-start\">\n        <a href=\"https:\/\/www.centerplast.de\/terminbuchung\/\" class=\"bp-block-button-item btn btn-icon-link btn-icon  btn-appointment-circle\" target=\"\">\n                                                <i class=\"icon icon-appointment-circle\"><\/i>\n                                        <span class=\"btn-text text-primary\">Make an appointment<\/span>\n            <\/a>\n\n\n        <a href=\"https:\/\/www.centerplast.de\/en\/about-us\/practice\/video-consultation\/\" class=\"bp-block-button-item btn btn-icon-link btn-icon  btn-video-consultation-circle\" target=\"\">\n                                                <i class=\"icon icon-video-consultation-circle\"><\/i>\n                                        <span class=\"btn-text text-primary\">Book a video consultation<\/span>\n            <\/a>\n\n<\/div>\n<\/div>\n<\/div>\n                    <\/div>\n                <\/div>\n            <\/div>\n        <\/div>\n    <\/div>\n<\/div>\n\n\n\n<\/div>\n\n<\/div>\n\n\n\n","protected":false},"featured_media":5593,"parent":6677,"menu_order":0,"template":"","meta":{"_acf_changed":false,"_seopress_robots_primary_cat":"","_seopress_titles_title":"Facelift | Facelift in Saarbr\u00fccken | CenterPlast","_seopress_titles_desc":"Tightening sagging facial skin \u2713 Modern techniques \u2713 Experienced specialists \u2713 Arrange a consultation now!","_seopress_robots_index":"","footnotes":"[{\"content\":\"ISAPS Gobal Statistics 2019\",\"id\":\"c9bc6c42-5632-4970-87ab-b5417a153d00\"},{\"content\":\"Miller C.C., 1907, The Correction of Featural Imperfections. Oak Printing Co, Chicago, IL\",\"id\":\"78d17755-f64d-400d-92f9-f2b3e931c12a\"},{\"content\":\"Lexer E. Die Gesamte Wiederherstellungschirurgie. Leipzig: Johann Ambrosius Barth Publishers; 1931.\",\"id\":\"77efcc20-0900-4ab6-8395-7b464a0667b0\"},{\"content\":\" Litjens G., Kooi T., Bejnordi B.E., Setio A.A.A., Ciompi F., et al., 2017, Med Image Anal.\",\"id\":\"65188c28-ff85-46e5-b506-fbaff35c9e5c\"},{\"content\":\"Mitz V, Peyronie M., 1976, Plast Reconstr Surg.\",\"id\":\"f108f718-6d40-428b-8899-3d2567a26943\"},{\"content\":\"Skoog T., 1974, Plastic Surgery. 1st ed. Stockholm: Almgrist and Wicksell International\",\"id\":\"b16cc5ec-ef54-43e2-9a0a-b2ea7360b544\"},{\"content\":\"Tonnard P, Verpaele A, Monstrey S, et al., 2002, Plast Reconstr Surg.\",\"id\":\"d90a3d74-e9d6-4d1b-984c-12ef6cdae65c\"},{\"content\":\"DeJoseph L.M., Pou JD., 2020, Facial Plast Surg Clin North Am.\",\"id\":\"29a691ab-6199-4a46-8c57-2ead88f41e93\"},{\"content\":\"Frojo G., Dotson A., Christopher K., Kaswan S., et al. 2019, Aesthet Surg J.\",\"id\":\"59514f21-b552-4227-bf5b-29025fb3b722\"},{\"content\":\"Moris V., Bensa P., Gerenton B., Rizzi P., et al., 2019, J Plast Reconstr Aesthet Surg.\",\"id\":\"bee7e9c6-1bad-442f-afab-53a41a6a0ee1\"},{\"content\":\"Vitale G., Piereschi S., 2017, Ann Chir Plast Esthet.\",\"id\":\"e84cc3f0-65b2-413e-9420-2aff92adb2bc\"},{\"content\":\"de Filippi Sartori J., Osaki T.H., et al., 2021, Aesthet Surg J.\",\"id\":\"ef064360-be89-42fa-9c9b-5d26fb95cc80\"},{\"content\":\"Emam A.A.M., Nada H.A., 2021, J Cosmet Dermatol.\",\"id\":\"c0c33bde-dcf9-4db5-ac59-c89445805542\"},{\"content\":\"Robati R.M., Hamedani B., Namazi N., et al., 2020, J Cosmet Dermatol.\",\"id\":\"d3a97e50-0fc9-476e-8a5b-7080721740e2\"},{\"content\":\"Cachafeiro T., Escobar G., et al., 2016, Dermatol Surg.\",\"id\":\"d0d5b5d6-78a3-4124-bf5a-ce1c8037b3dd\"},{\"content\":\"Alpert B.S, Baker D.C., Sam T Hamra S.T., Owsley J.Q., et al., 2009, Plast Reconstr Surg.\",\"id\":\"9cad751d-4d0b-429e-a134-a374112f2aa8\"},{\"content\":\"Sundine MJ, Kretsis V, Connell BF., 2010, Plast Reconstr Surg.\",\"id\":\"69d0564f-9706-4855-aa98-22822f864914\"},{\"content\":\"Botti C, Botti G, Pascali M., 2021, Aesthet Surg J. Aug\",\"id\":\"7fb1bbc9-66bb-4b97-92c1-670e38b63040\"},{\"content\":\"Jones BM, Lo SJ., 2012, Plast Reconstr Surg.\",\"id\":\"2ce5a6da-15b1-42c6-8225-f3d3766af967\"},{\"content\":\"Alpert B.S, Baker D.C., Sam T Hamra S.T., Owsley J.Q., et al., 2009, Plast Reconstr Surg.\",\"id\":\"77d93256-6581-468d-83ae-a03da9a1f04d\"},{\"content\":\"Liao D., Ishii L.E., Chen J., Chen L.W., et al., 2020, Facial Plast Surg Aesthet Med.\",\"id\":\"e37b8507-f5f0-4018-8c15-8ab9a8b6ba75\"},{\"content\":\"Pywell M.J., Wordsworth M., Kwasnicki R.M., et al., 2018, J Hand Surg Am.\",\"id\":\"5633a5d2-4598-4b41-9a74-2926ae382b9c\"},{\"content\":\"Fu R.H., Toyoda Y., Li L., et al., 2018, Plast Reconstr Surg.\",\"id\":\"45567458-a595-4236-82a5-4bf002217d18\"},{\"content\":\"Chopan M., Samant S., Mast B.A., 2020, Plast Reconstr Surg.\",\"id\":\"ba7df64b-f147-4c4c-8737-eed9029f3758\"},{\"content\":\"Chopan M., Samant S., Mast B.A., 2020, Plast Reconstr Surg.\",\"id\":\"dbc84be3-3301-4b8c-88b9-809aad97d65e\"}]"},"class_list":["post-6665","treatment","type-treatment","status-publish","has-post-thumbnail","hentry"],"acf":[],"_links":{"self":[{"href":"https:\/\/www.centerplast.de\/en\/wp-json\/wp\/v2\/treatment\/6665","targetHints":{"allow":["GET"]}}],"collection":[{"href":"https:\/\/www.centerplast.de\/en\/wp-json\/wp\/v2\/treatment"}],"about":[{"href":"https:\/\/www.centerplast.de\/en\/wp-json\/wp\/v2\/types\/treatment"}],"version-history":[{"count":7,"href":"https:\/\/www.centerplast.de\/en\/wp-json\/wp\/v2\/treatment\/6665\/revisions"}],"predecessor-version":[{"id":12053,"href":"https:\/\/www.centerplast.de\/en\/wp-json\/wp\/v2\/treatment\/6665\/revisions\/12053"}],"up":[{"embeddable":true,"href":"https:\/\/www.centerplast.de\/en\/wp-json\/wp\/v2\/treatment\/6677"}],"wp:featuredmedia":[{"embeddable":true,"href":"https:\/\/www.centerplast.de\/en\/wp-json\/wp\/v2\/media\/5593"}],"wp:attachment":[{"href":"https:\/\/www.centerplast.de\/en\/wp-json\/wp\/v2\/media?parent=6665"}],"curies":[{"name":"wp","href":"https:\/\/api.w.org\/{rel}","templated":true}]}}