{"id":6836,"date":"2024-02-16T15:35:55","date_gmt":"2024-02-16T14:35:55","guid":{"rendered":"https:\/\/www.centerplast.de\/behandlungen\/face\/lower-eyelid-lift\/"},"modified":"2025-08-27T10:30:32","modified_gmt":"2025-08-27T08:30:32","slug":"lower-eyelid-lift","status":"publish","type":"treatment","link":"https:\/\/www.centerplast.de\/en\/treatments\/face\/lower-eyelid-lift\/","title":{"rendered":"Lower eyelid lift"},"content":{"rendered":"<section id=\"bptb-block-page-header-69f48b3493d6f\" class=\"bp-block-page-header position-relative alignfull\" data-type=\"video_small\"\n         \n>\n            \n    \n    \n            <div class=\"outer-container hide-overlay\">\n    <div class=\"content-container d-flex h-100\n     align-items-center\n    bg-secondary pt-5 pt-lg-9 pb-5 pb-lg-8 \">\n        <div class=\"inner container\">\n            <div class=\"row justify-content-center\">\n                <div class=\"col-12 col-lg-12\"\n                     data-aos=\"fade-down\"\n                     data-aos-anchor=\"#bptb-block-page-header-69f48b3493d6f\">\n                    <div class=\"acf-innerblocks-container\">\n\n<h1 class=\"wp-block-heading has-text-align-center is-style-default has-primary-color has-text-color has-link-color wp-elements-c71d8b22ea75caca6c36514ffabc5d70\">Lower eyelid lift Saarland<\/h1>\n\n\n<div id=\"bptb-block-button-group-69f48b3491bf0\" class=\"bp-block-button-group\">\n    <div class=\"acf-innerblocks-container d-flex flex-wrap flex-row justify-content-center\">\n        <a href=\"https:\/\/www.centerplast.de\/terminbuchung\/\/booking\/insurance-sector?specialityId=1297&amp;telehealth=false&amp;placeId=practice-115021&amp;profile_skipped=true&amp;vmid=2500585&amp;visit_motive_category_id=84756&amp;speciality_ids%5B%5D=1297&amp;utm_source=centerplast-website-button&amp;utm_medium=referral&amp;utm_campaign=website-button&amp;utm_content=custom&amp;bookingFunnelSource=external_referral\" class=\"bp-block-button-item btn btn-icon-link btn-icon  btn-arrow-circle-white-right\" target=\"_blank\">\n                                                <i class=\"icon icon-arrow-circle-white-right\"><\/i>\n                                        <span class=\"btn-text text-primary\">Make an appointment<\/span>\n            <\/a>\n\n<\/div>\n<\/div>\n<\/div>\n                <\/div>\n            <\/div>\n        <\/div>\n    <\/div>\n   <div class=\"video-container d-flex justify-content-center\" data-overlapping=\"true\">\n       <div class=\"video-holder container position-relative has-play-icon\">\n           \n           \n               <div class=\"image-holder position-relative\">\n                   <img fetchpriority=\"high\" decoding=\"async\" src=\"https:\/\/www.centerplast.de\/wp-content\/uploads\/2024\/02\/video-zur-unterlidstraffung.jpg\"\n                        alt=\"\"\n                        width=\"850\"\n                        height=\"475\"\n                        loading=\"eager\" class=\"img-fluid video-thumbnail d-block position-relative\"\n                        data-bs-toggle=\"modal\"\n                        data-bs-target=\"#videoModal-page-header\"\n                        data-video-id=\"JstsVbPQsE0\"\n                        data-modal-title=\"Video\"\n                   >\n\n\n                   <div class=\"button-holder\">\n                       <button class=\"stretched-link play-button border-0\"\n                               data-bs-toggle=\"modal\"\n                               data-bs-target=\"#videoModal-page-header\"\n                               data-video-id=\"JstsVbPQsE0\"\n                               data-modal-title=\"Video\"\n                               title=\"Video abspielen\" aria-label=\"Video abspielen\"\n                       >\n                           <i class=\"icon icon-play\"><\/i>\n                       <\/button>\n                   <\/div>\n\n               <\/div>\n               <div class=\"modal fade\" id=\"videoModal-page-header\" tabindex=\"-1\" aria-hidden=\"true\">\n    <div class=\"modal-dialog modal-dialog-centered modal-xl\">\n        <div class=\"modal-content\">\n            <div class=\"modal-header\">\n                <p class=\"modal-title mb-0 fs-5\" id=\"videoModal-page-headerLabel\">Video<\/p>\n                <button type=\"button\" class=\"btn-close\" data-bs-dismiss=\"modal\" aria-label=\"Close\"><\/button>\n            <\/div>\n            <div class=\"modal-body p-0\">\n                <div class=\"video-wrapper d-none ratio ratio-16x9\">\n                    <div class=\"yt-player\" id=\"player-videoModal-page-header\"><\/div>\n                <\/div>\n                <div class=\"cookie-blocker-container py-4 px-5\">\n    <div class=\"cookie-blocker-box\">\n        <p class=\"mb-1\">Datenschutz<\/p>\n        <p class=\"h4 mt-0\"> External content (YouTube)<\/p>\n\n        <p class=\"mb-2\">By loading the contact form, you accept the following privacy policy:<\/p>\n\n        <ul class=\"list-unstyled\">\n                            <li><a href=\"https:\/\/policies.google.com\/privacy?hl=de\" target=\"_blank\">Privacy policy YouTube (Google)<\/a><\/li>\n                    <\/ul>\n\n        <div class=\"d-flex justify-content-end flex-column flex-sm-row flex-wrap\">\n            <button\n                    type=\"button\"\n                    class=\"btn btn-outline-primary open-cookie-consent mb-3 mb-sm-0\"\n            >\n                Settings\n            <\/button>\n            <button\n                    type=\"button\"\n                    class=\"btn btn-primary cookie-btn-one-time ms-sm-3\"\n                    data-cookie-category=\"external-media\"\n            >\n                Acce\n            <\/button>\n        <\/div>\n    <\/div>\n<\/div>\n            <\/div>\n        <\/div>\n    <\/div>\n<\/div>\n           \n               <section class=\"breadcrumb-container  pt-3 py-lg-3 z-3 position-relative\">\n                                   <div class=\"row\">\n                    <div class=\"col-12\">\n                        <div class=\"animation-container overflow-navigation\" data-aos=\"fade-down\" data-aos-anchor=\"#page-header\">\n                            <nav  aria-label=\"breadcrumb\"><ol class=\"breadcrumb overflow-element\" itemscope itemtype=\"https:\/\/schema.org\/BreadcrumbList\"><li class=\"breadcrumb-item active\" aria-current=\"page\" itemprop=\"itemListElement\" itemscope itemtype=\"https:\/\/schema.org\/ListItem\"><span itemprop=\"name\">Home<\/span><meta itemprop=\"position\" content=\"1\"><\/li><\/ol><\/nav>\n                            <div class=\"overflow-navigation-items\">\n                                <button type=\"button\" class=\"btn btn-overflow btn-overflow-prev d-none\" aria-label=\"button left\">\n                                    <i class=\"icon icon-chevron-left\" title=\"left\"><\/i>\n                                <\/button>\n                                <button type=\"button\" class=\"btn btn-overflow btn-overflow-next\" aria-label=\"button right\">\n                                    <i class=\"icon icon-chevron-right\" title=\"right\"><\/i>\n                                <\/button>\n                            <\/div>\n                        <\/div>\n                    <\/div>\n                <\/div>\n                    <\/section>\n\n       <\/div>\n\n                  <div class=\"overlapping bg-secondary\"><\/div>\n       \n                  <div class=\"overlapping overlapping-bottom bg-secondary-light\"><\/div>\n       \n\n\n\n   <\/div>\n\n<\/div>\n\n    \n<\/section>\n\n\n                                                    \n<div id=\"bptb-block-container-69f48b34956a5\" class=\"bp-block-container alignfull position-relative bg-secondary-light pt-6 pt-lg-9 pb-6 pb-lg-9 is-layout-flow wp-block-bp-container-is-layout-flow\"\n        >\n\n    \n                            <div class=\"container container-small \">\n                    <div class=\"acf-innerblocks-container\">\n\n<h2 class=\"wp-block-heading\">Lower eyelid lift in Saarbr\u00fccken<\/h2>\n\n\n\n<p>In youth, the skin around the eyes is flawlessly smooth. The transition from the lower eyelid to the cheek follows a harmonious S-curve in the half profile. Eye wrinkles form when the skin loses its elasticity. When the soft tissues of the face sag and lose volume, dark circles, tear troughs or bags under the eyes form. Anti-aging wrinkle creams cannot stop this development. Wrinkles under the eyes make us look older than we feel. Shadows under the eyes also make us look tired.<\/p>\n\n\n<div id=\"bptb-block-button-group-69f48b349468c\" class=\"bp-block-button-group\">\n    <div class=\"acf-innerblocks-container d-flex flex-wrap flex-row justify-content-start\">\n        <a href=\"https:\/\/www.centerplast.de\/terminbuchung\/\/booking\/insurance-sector?specialityId=1297&amp;telehealth=false&amp;placeId=practice-115021&amp;profile_skipped=true&amp;vmid=2500585&amp;visit_motive_category_id=84756&amp;speciality_ids%5B%5D=1297&amp;utm_source=centerplast-website-button&amp;utm_medium=referral&amp;utm_campaign=website-button&amp;utm_content=custom&amp;bookingFunnelSource=external_referral\" class=\"bp-block-button-item btn btn-icon-link btn-icon  btn-arrow-circle-coloured-right\" target=\"_blank\">\n                                                <svg xmlns=\"http:\/\/www.w3.org\/2000\/svg\" xml:space=\"preserve\" x=\"0\" y=\"0\" version=\"1.1\" viewBox=\"0 0 64 64\">\n  <circle id=\"Ellipse_34\" cx=\"36.6\" cy=\"31.8\" r=\"26.8\" style=\"fill:#d9c69e\"\/>\n\t<g transform=\"translate(0 20)\">\n    <path d=\"M43.5 19.9c-.3 0-.5-.1-.7-.3-.4-.4-.4-1 0-1.4l6.3-6.3-6.3-6.3c-.4-.4-.4-1 0-1.4.4-.4 1-.4 1.4 0l7.7 7.7-7.7 7.7c-.2.2-.4.3-.7.3z\" class=\"st1\"\/>\n\t\t<path d=\"M43.5 12.9H1.4c-.6 0-1-.4-1-1s.4-1 1-1h42.1c.6 0 1 .4 1 1s-.4 1-1 1z\" class=\"st1\"\/>\n  <\/g>\n<\/svg>\n                                        <span class=\"btn-text text-primary\">Make an appointment<\/span>\n            <\/a>\n\n<\/div>\n<\/div>\n<\/div>\n                <\/div>\n            \n<\/div>\n\n\n                                                    \n<div id=\"bptb-block-container-69f48b3496e0f\" class=\"bp-block-container alignfull position-relative bg-white pt-6 pt-lg-9 pb-6 pb-lg-9 is-layout-flow wp-block-bp-container-is-layout-flow\"\n        >\n\n    \n                            <div class=\"container container-medium \">\n                    <div class=\"acf-innerblocks-container\">\n\n<h3 class=\"wp-block-heading has-text-align-center\">What our patients say<\/h3>\n\n\n    <div id=\"bptb-block-provenexpert-69f48b3496c27\" class=\"bp-block-provenexpert wp-block-box\"\n         data-script-url=\"https:\/\/www.provenexpert.com\/widget\/landing_centerplast.js?feedback=0&amp;avatar=1&amp;competence=1&amp;style=white\"\n         data-style-url=\"https:\/\/www.provenexpert.com\/css\/widget_landing.css\">\n        <!-- ProvenExpert Bewertungssiegel -->\n        <div id=\"pewl\"><\/div>\n        \n        <!-- ProvenExpert Bewertungssiegel Ende -->\n    <\/div>\n\n<\/div>\n                <\/div>\n            \n<\/div>\n\n\n\n<div id=\"bptb-block-table-of-content-69f48b34add9e\" class=\"bp-block-table-of-content alignfull bg-secondary-light\"\n     data-type=\"individual\"\n     \n     data-style=\"widget\"\n     data-cols=3\n     data-headlines=\"\">\n\n    \n                    <div class=\"container container-medium \">\n                    <div id=\"toc-content-69f48b34add9f\" class=\"toc-container pt-5 pt-lg-9 pb-0 pb-lg-0\">\n        <div class=\"toc-header position-relative\">\n            <div class=\"h4 title text-primary mb-0 d-flex justify-content-between align-items-center collapsed\"\n                 data-toggle=\"collapse\" data-target=\"#collapse-toc-topics\"\n            >\n                <span>Table of contents\n<\/span>\n                <i class=\"icon icon-plus d-md-none\"><\/i>\n            <\/div>\n        <\/div>\n                    <ul id=\"collapse-toc-topics\" class=\"toc-topics list-unstyled mb-0\">\n                            <\/ul>\n            <\/div>\n\n    <button class=\"anchor-navigation-toggler shadow\">\n        <i class=\"icon icon-list\"><\/i>\n    <\/button>\n\n            <\/div>\n        \n    \n    <div class=\"acf-innerblocks-container\">\n                                                    \n<div id=\"bptb-block-container-69f48b349bb0d\" class=\"bp-block-container alignfull position-relative bg-second-light pt-6 pt-lg-9 pb-6 pb-lg-9 is-layout-flow wp-block-bp-container-is-layout-flow\"\n        >\n\n    \n                            <div class=\"container container-medium \">\n                    <div class=\"acf-innerblocks-container\">\n    <div class=\"bp-block-anchor blank-anchor is-layout-flow wp-block-bp-anchor-is-layout-flow\" id=\"at-a-glance\" data-title=\"At a glance\">\n        <div class=\"bp-block-anchor-innerblocks acf-innerblocks-container\"><\/div>\n    <\/div>\n\n    \n\n\n\n<h3 class=\"wp-block-heading is-style-display-3\">Information at a glance<\/h3>\n\n\n<div id=\"bptb-block-treatment-short-info-69f48b349b8dd\" class=\"bp-block-treatment-short-info is-layout-flow wp-block-bp-treatment-short-info-is-layout-flow\">\n    <div class=\"row gx-md-7 gx-xl-3\">\n        <div class=\"col-12 col-lg\">\n            <div class=\"treatment-infos\">\n              <div class=\"row\">\n                                       <div class=\"col-lg-6\">\n                         <div class=\"treatment-info\">\n                             <div class=\"treatment-info-icon-container\">\n                                                                      <img decoding=\"async\"\n                                             src=\"https:\/\/www.centerplast.de\/wp-content\/uploads\/2024\/03\/op-dauer.svg\"\n                                             alt=\"Operation duration - Icon\"\n                                             width=\"60\"\n                                             height=\"60\"\n                                             loading=\"lazy\"\n                                             class=\"treatment-info-icon\"\n                                     >\n                                                              <\/div>\n\n                             <div class=\"content\">\n                                 <p class=\"treatment-info-title\">Operation duration<\/p>\n                                                                      <p>approx. 90 minutes<\/p>\n                                                                                               <\/div>\n                         <\/div>\n                     <\/div>\n                                       <div class=\"col-lg-6\">\n                         <div class=\"treatment-info\">\n                             <div class=\"treatment-info-icon-container\">\n                                                                      <img decoding=\"async\"\n                                             src=\"https:\/\/www.centerplast.de\/wp-content\/uploads\/2024\/03\/nachbehandlung.svg\"\n                                             alt=\"Aftercare - Icon\"\n                                             width=\"60\"\n                                             height=\"60\"\n                                             loading=\"lazy\"\n                                             class=\"treatment-info-icon\"\n                                     >\n                                                              <\/div>\n\n                             <div class=\"content\">\n                                 <p class=\"treatment-info-title\">Aftercare<\/p>\n                                                                      <p>6 weeks<\/p>\n                                                                                               <\/div>\n                         <\/div>\n                     <\/div>\n                                       <div class=\"col-lg-6\">\n                         <div class=\"treatment-info\">\n                             <div class=\"treatment-info-icon-container\">\n                                                                      <img decoding=\"async\"\n                                             src=\"https:\/\/www.centerplast.de\/wp-content\/uploads\/2024\/03\/narkose.svg\"\n                                             alt=\"Anesthesia - Icon\"\n                                             width=\"60\"\n                                             height=\"60\"\n                                             loading=\"lazy\"\n                                             class=\"treatment-info-icon\"\n                                     >\n                                                              <\/div>\n\n                             <div class=\"content\">\n                                 <p class=\"treatment-info-title\">Anesthesia<\/p>\n                                                                      <p>Local anesthesia \/ twilight sleep<\/p>\n                                                                                               <\/div>\n                         <\/div>\n                     <\/div>\n                                       <div class=\"col-lg-6\">\n                         <div class=\"treatment-info\">\n                             <div class=\"treatment-info-icon-container\">\n                                                                      <img decoding=\"async\"\n                                             src=\"https:\/\/www.centerplast.de\/wp-content\/uploads\/2024\/03\/fadenzug.svg\"\n                                             alt=\"Thread tension - Icon\"\n                                             width=\"60\"\n                                             height=\"60\"\n                                             loading=\"lazy\"\n                                             class=\"treatment-info-icon\"\n                                     >\n                                                              <\/div>\n\n                             <div class=\"content\">\n                                 <p class=\"treatment-info-title\">Thread tension<\/p>\n                                                                      <p>Self-dissolving threads<\/p>\n                                                                                               <\/div>\n                         <\/div>\n                     <\/div>\n                                       <div class=\"col-lg-6\">\n                         <div class=\"treatment-info\">\n                             <div class=\"treatment-info-icon-container\">\n                                                                      <img decoding=\"async\"\n                                             src=\"https:\/\/www.centerplast.de\/wp-content\/uploads\/2024\/03\/klinikaufenthalt.svg\"\n                                             alt=\"Hospitalization - Icon\"\n                                             width=\"60\"\n                                             height=\"60\"\n                                             loading=\"lazy\"\n                                             class=\"treatment-info-icon\"\n                                     >\n                                                              <\/div>\n\n                             <div class=\"content\">\n                                 <p class=\"treatment-info-title\">Hospitalization<\/p>\n                                                                      <p>Outpatient<\/p>\n                                                                                               <\/div>\n                         <\/div>\n                     <\/div>\n                                       <div class=\"col-lg-6\">\n                         <div class=\"treatment-info\">\n                             <div class=\"treatment-info-icon-container\">\n                                                                      <img decoding=\"async\"\n                                             src=\"https:\/\/www.centerplast.de\/wp-content\/uploads\/2024\/03\/gesellschaftsfaehig.svg\"\n                                             alt=\"Socially acceptable - Icon\"\n                                             width=\"60\"\n                                             height=\"60\"\n                                             loading=\"lazy\"\n                                             class=\"treatment-info-icon\"\n                                     >\n                                                              <\/div>\n\n                             <div class=\"content\">\n                                 <p class=\"treatment-info-title\">Socially acceptable<\/p>\n                                                                      <p>after 2 weeks<\/p>\n                                                                                               <\/div>\n                         <\/div>\n                     <\/div>\n                                       <div class=\"col-lg-6\">\n                         <div class=\"treatment-info\">\n                             <div class=\"treatment-info-icon-container\">\n                                                                      <img decoding=\"async\"\n                                             src=\"https:\/\/www.centerplast.de\/wp-content\/uploads\/2024\/03\/kosten.svg\"\n                                             alt=\"Costs - Icon\"\n                                             width=\"60\"\n                                             height=\"60\"\n                                             loading=\"lazy\"\n                                             class=\"treatment-info-icon\"\n                                     >\n                                                              <\/div>\n\n                             <div class=\"content\">\n                                 <p class=\"treatment-info-title\">Costs<\/p>\n                                                                                                       <p>\n                                                                                                                       <a href=\"https:\/\/www.centerplast.de\/kontakt\/\" target=\"\">\n                                             <u>Request now<\/u> \n                                         <\/a>\n                                                                          <\/p>\n                                                              <\/div>\n                         <\/div>\n                     <\/div>\n                                       <div class=\"col-lg-6\">\n                         <div class=\"treatment-info\">\n                             <div class=\"treatment-info-icon-container\">\n                                                                      <img decoding=\"async\"\n                                             src=\"https:\/\/www.centerplast.de\/wp-content\/uploads\/2024\/03\/ergaenzungen-alternativen.svg\"\n                                             alt=\"Additions or alternatives - Icon\"\n                                             width=\"60\"\n                                             height=\"60\"\n                                             loading=\"lazy\"\n                                             class=\"treatment-info-icon\"\n                                     >\n                                                              <\/div>\n\n                             <div class=\"content\">\n                                 <p class=\"treatment-info-title\">Additions or alternatives<\/p>\n                                                                                                       <p>\n                                                                                                                       <a href=\"https:\/\/www.centerplast.de\/behandlungen\/gesicht\/augenbrauenlifting\/\" target=\"\">\n                                             <u>Eyebrow lift<\/u> \/\n                                         <\/a>\n                                                                                                                       <a href=\"https:\/\/www.centerplast.de\/behandlungen\/gesicht\/oberlidstraffung\/\" target=\"\">\n                                             <u>Upper eyelid lift<\/u> \n                                         <\/a>\n                                                                          <\/p>\n                                                              <\/div>\n                         <\/div>\n                     <\/div>\n                                <\/div>\n            <\/div>\n        <\/div>\n\n                    <div class=\"col-12 col-lg mt-4 mt-md-6 mt-lg-0 text-center text-lg-end\">\n                <picture>\n                    <source srcset=\"https:\/\/www.centerplast.de\/wp-content\/uploads\/2024\/02\/infos-auf-einen-blick.jpg\" media=\"(min-width: 501px)\">\n                    <img decoding=\"async\"\n                            src=\"https:\/\/www.centerplast.de\/wp-content\/uploads\/2024\/02\/infos-auf-einen-blick-590x422.jpg\"\n                            alt=\"\"\n                            width=\"590\"\n                            height=\"422\"\n                            loading=\"lazy\"\n                            class=\"img-fluid\"\n                    >\n                <\/picture>\n            <\/div>\n            <\/div>\n<\/div>\n<\/div>\n                <\/div>\n            \n<\/div>\n\n\n                                                    \n<div id=\"bptb-block-container-69f48b349d0c4\" class=\"bp-block-container alignfull position-relative bg-white pt-6 pt-lg-9 pb-6 pb-lg-9 is-layout-flow wp-block-bp-container-is-layout-flow\"\n        >\n\n    \n                            <div class=\"container container-medium \">\n                    <div class=\"acf-innerblocks-container\">\n    <div class=\"bp-block-anchor blank-anchor is-layout-flow wp-block-bp-anchor-is-layout-flow\" id=\"explanation-of-the-lower-eyelid-lift\" data-title=\"Explanation of the lower eyelid lift\">\n        <div class=\"bp-block-anchor-innerblocks acf-innerblocks-container\"><\/div>\n    <\/div>\n\n    \n\n\n<div class=\"bp-block-row\" id=\"bptb-block-row-69f48b349d01b\">\n    <div class=\"row  gx-xl-8 gx-lg-default gx-md-default gy-5 gy-lg-0 p0 pnone p0 pnone \">\n\n<div class=\"bp-block-column col-12 col-lg-6 order-2 order-lg-1 has-col-class\" id=\"bptb-block-column-69f48b349c450\">\n    \n\n<figure class=\"wp-block-image size-card_md is-style-border-20\"><img decoding=\"async\" width=\"615\" height=\"485\" src=\"https:\/\/www.centerplast.de\/wp-content\/uploads\/2024\/02\/unterlid-skizzieren-615x485.jpg\" loading=\"lazy\" alt=\"Doctor outlines a patient's lower eyelid\" class=\"wp-image-3056\" style=\"aspect-ratio:4\/3;object-fit:cover\" srcset=\"https:\/\/www.centerplast.de\/wp-content\/uploads\/2024\/02\/unterlid-skizzieren-615x485.jpg 615w, https:\/\/www.centerplast.de\/wp-content\/uploads\/2024\/02\/unterlid-skizzieren-300x237.jpg 300w, https:\/\/www.centerplast.de\/wp-content\/uploads\/2024\/02\/unterlid-skizzieren-768x607.jpg 768w, https:\/\/www.centerplast.de\/wp-content\/uploads\/2024\/02\/unterlid-skizzieren-480x379.jpg 480w, https:\/\/www.centerplast.de\/wp-content\/uploads\/2024\/02\/unterlid-skizzieren-400x315.jpg 400w, https:\/\/www.centerplast.de\/wp-content\/uploads\/2024\/02\/unterlid-skizzieren-850x671.jpg 850w, https:\/\/www.centerplast.de\/wp-content\/uploads\/2024\/02\/unterlid-skizzieren-600x474.jpg 600w, https:\/\/www.centerplast.de\/wp-content\/uploads\/2024\/02\/unterlid-skizzieren-590x466.jpg 590w, https:\/\/www.centerplast.de\/wp-content\/uploads\/2024\/02\/unterlid-skizzieren.jpg 923w\" sizes=\"auto, (max-width: 615px) 100vw, 615px\" \/><\/figure>\n\n\n\n<p><\/p>\n\n\n<\/div>\n\n\n<div class=\"bp-block-column col-12 col-lg-6 order-1 order-lg-2 has-col-class\" id=\"bptb-block-column-69f48b349c758\">\n    \n\n<h2 class=\"wp-block-heading is-style-display-3\">What is a lower eyelid lift?<\/h2>\n\n\n\n<p>Excess skin and muscle is removed during an <strong>eyelid lift<\/strong>. In addition, the removal of excess fatty tissue can be helpful in eyelid correction. To soften the shadows of tear troughs and correct the contours of bags under the eyes, the fat pads are moved over the lower bone edge of the eye socket. The scar is partially covered by the lower eyelid lashes and can be hidden in the smile lines at the outer corner of the eyelid. If there are no eye wrinkles, the eyelid lift is performed on the inside of the lower eyelid (transconjunctival). No externally visible scar remains after this wrinkle treatment.<\/p>\n\n\n<\/div>\n<\/div>\n<\/div>\n<\/div>\n                <\/div>\n            \n<\/div>\n\n\n                                                    \n<div id=\"bptb-block-container-69f48b349d723\" class=\"bp-block-container alignfull position-relative bg-second-light pt-6 pt-lg-9 pb-6 pb-lg-9 is-layout-flow wp-block-bp-container-is-layout-flow\"\n        >\n\n    \n                            <div class=\"container container-small \">\n                    <div class=\"acf-innerblocks-container\">\n    <div class=\"bp-block-anchor blank-anchor is-layout-flow wp-block-bp-anchor-is-layout-flow\" id=\"impairment-of-the-eyes\" data-title=\"Impairment of the eyes\">\n        <div class=\"bp-block-anchor-innerblocks acf-innerblocks-container\"><\/div>\n    <\/div>\n\n    \n\n\n\n<h2 class=\"wp-block-heading is-style-display-3\">What changes can affect the radiance of the eyes?<\/h2>\n\n\n\n<h4 class=\"wp-block-heading\">Dark circles:<\/h4>\n\n\n\n<p>Dark circles develop in the border area between two fat pads: the pad behind the eye ring muscle and that of the eye socket. Between these two lies a ligament that creates a connection between the skin and the lower edge of the eye socket. The superficial fat pads of the face shift downwards with advancing age. In the area of the above-mentioned ligament, an arch-shaped indentation is created, which is called an eye ring. Swelling of the tissue can increase the appearance of dark circles under the eyes.<\/p>\n\n\n\n<h4 class=\"wp-block-heading\">Tear troughs:<\/h4>\n\n\n\n<p>Tear troughs develop in a similar way to dark circles. The indentation runs below the inner corner of the eye between the eye ring muscle, the upper lip and nasal wing elevator and the upper lip elevator. Tear troughs are referred to in English as &#8220;nasojugal groove&#8221; or &#8220;tear trough deformity&#8221;. As with dark circles, the treatment is carried out by loosening a band at the lower edge of the eye socket. In addition, a tear trough is corrected by loosening the above-mentioned muscle attachments and free grafting of a fat body.<\/p>\n\n\n\n<h4 class=\"wp-block-heading\">Bags under the eyes:<\/h4>\n\n\n\n<p>Bags under the eyes are caused by a loss of volume in the deep fat pads of the face and the sagging of the fat pad behind the eye ring muscle. The skin is firmly attached to the zygomatic bone by a ligament. The overlying fat pad lies over the ligament and leads to a bag-shaped bulge. The English term for bags under the eyes is &#8220;festoons&#8221; or &#8220;malar bags&#8221;.<\/p>\n\n\n\n<p>In the early stages, these changes are only visible as fluid shifts in the evening or in the morning. Sleep, rest, a healthy diet, exercise and good skin care are important. A lower eyelid correction can alleviate or correct these signs of ageing or familial predispositions.<\/p>\n\n<\/div>\n                <\/div>\n            \n<\/div>\n\n\n                                                    \n<div id=\"bptb-block-container-69f48b349e15a\" class=\"bp-block-container alignfull position-relative bg-white pt-6 pt-lg-9 pb-6 pb-lg-9 is-layout-flow wp-block-bp-container-is-layout-flow\"\n        >\n\n    \n                            <div class=\"container container-medium \">\n                    <div class=\"acf-innerblocks-container\">\n    <div class=\"bp-block-anchor blank-anchor is-layout-flow wp-block-bp-anchor-is-layout-flow\" id=\"problems\" data-title=\"Problems\">\n        <div class=\"bp-block-anchor-innerblocks acf-innerblocks-container\"><\/div>\n    <\/div>\n\n    \n\n\n<div class=\"bp-block-row\" id=\"bptb-block-row-69f48b349e0e8\">\n    <div class=\"row  gx-xl-8 gx-lg-8 gx-md-8 gy-5 gy-lg-0 p0 pnone p0 pnone \">\n\n<div class=\"bp-block-column col-12 col-lg-6 order-2 order-lg-1 has-col-class\" id=\"bptb-block-column-69f48b349dbbc\">\n    \n\n<h2 class=\"wp-block-heading is-style-display-3\">What different problems can occur?<\/h2>\n\n\n\n<p><strong>1. <\/strong>formation of drooping eyelids<br><strong>2.<\/strong> formation of lower eyelid wrinkles due to loss of skin elasticity<br><strong>3<\/strong>. formation of bags under the eyes above the edge of the bone due to slackening of the connective tissue wall of the eye socket (&#8220;eyelid bags&#8221;)<br><strong>4.<\/strong> formation of dark circles under the edge of the bone due to sagging of the skin and atrophy of the fatty tissue (&#8220;tear trough&#8221;) Supporting ligament: orbicularis retaining ligament, orbitomalar ligament, arcus marginalis<br><strong>5.<\/strong> formation of a swelling above the zygomatic bone due to water retention and slackening of the supporting ligaments (&#8220;festoons&#8221;, &#8220;malar mounds&#8221;, &#8220;malar bags&#8221;)<\/p>\n\n\n<\/div>\n\n\n<div class=\"bp-block-column col-12 col-lg-6 order-1 order-lg-2 has-col-class\" id=\"bptb-block-column-69f48b349e004\">\n    \n\n<figure class=\"wp-block-image size-card_md is-style-border-20\"><img decoding=\"async\" width=\"615\" height=\"485\" src=\"https:\/\/www.centerplast.de\/wp-content\/uploads\/2024\/02\/grafik-auge-615x485.jpg\" loading=\"lazy\" alt=\"Sketch of the human eye\" class=\"wp-image-4183\" style=\"aspect-ratio:4\/3;object-fit:cover\" srcset=\"https:\/\/www.centerplast.de\/wp-content\/uploads\/2024\/02\/grafik-auge-615x485.jpg 615w, https:\/\/www.centerplast.de\/wp-content\/uploads\/2024\/02\/grafik-auge-400x315.jpg 400w\" sizes=\"auto, (max-width: 615px) 100vw, 615px\" \/><\/figure>\n\n\n<\/div>\n<\/div>\n<\/div>\n<\/div>\n                <\/div>\n            \n<\/div>\n\n\n                                                    \n<div id=\"bptb-block-container-69f48b349ebfc\" class=\"bp-block-container alignfull position-relative bg-white pt-6 pt-lg-0 pb-6 pb-lg-9 is-layout-flow wp-block-bp-container-is-layout-flow\"\n        >\n\n    \n                            <div class=\"container container-medium \">\n                    <div class=\"acf-innerblocks-container\">\n    <div class=\"bp-block-anchor blank-anchor is-layout-flow wp-block-bp-anchor-is-layout-flow\" id=\"structure-of-the-eyes-and-eyelids\" data-title=\"Structure of the eyes and eyelids\">\n        <div class=\"bp-block-anchor-innerblocks acf-innerblocks-container\"><\/div>\n    <\/div>\n\n    \n\n\n<div class=\"bp-block-row\" id=\"bptb-block-row-69f48b349e9ff\">\n    <div class=\"row  gx-xl-8 gx-lg-default gx-md-default gy-5 gy-lg-0 p0 pnone p0 pnone \">\n\n<div class=\"bp-block-column col-12 col-lg\" id=\"bptb-block-column-69f48b349e69c\">\n    \n\n<figure class=\"wp-block-image size-card_md is-resized is-style-border-20\"><img decoding=\"async\" width=\"615\" height=\"485\" src=\"https:\/\/www.centerplast.de\/wp-content\/uploads\/2024\/02\/grafik-eines-schlupflids-615x485.jpg\" loading=\"lazy\" alt=\"Representation of the human eye\" class=\"wp-image-4163\" style=\"aspect-ratio:1.3333333333333333;object-fit:cover;width:652px;height:auto\" srcset=\"https:\/\/www.centerplast.de\/wp-content\/uploads\/2024\/02\/grafik-eines-schlupflids-615x485.jpg 615w, https:\/\/www.centerplast.de\/wp-content\/uploads\/2024\/02\/grafik-eines-schlupflids-400x315.jpg 400w\" sizes=\"auto, (max-width: 615px) 100vw, 615px\" \/><\/figure>\n\n\n<\/div>\n\n\n<div class=\"bp-block-column col-12 col-lg\" id=\"bptb-block-column-69f48b349e987\">\n    \n\n<h2 class=\"wp-block-heading is-style-display-3\">The structure around the eyes &amp; eyelid<\/h2>\n\n\n\n<p><strong>1st <\/strong>eyebrow  <br><strong>2.<\/strong> fat pad of the eye socket<br><strong>3.<\/strong> blood vessel supplying the eye<br><strong>4.<\/strong> eye ring muscle<br><strong>5.<\/strong> eyelid cartilage (eyelid plate, tarsus palpebrae)<br><strong>6.<\/strong> optic nerve<br><strong>7.<\/strong> connective tissue sheath of the eye (capsulopalpebral fascia)<br><strong>8.<\/strong> connective tissue wall of the eye socket (orbital septum)<br><strong>9.<\/strong> fat pad of the eye socket<br><strong>10.<\/strong> inferior oblique eye muscle (Musculus obliquus inferior oculi)<br><strong>11.<\/strong> bone edge of the eye socket (zygomatic bone)<br><strong>12.<\/strong> fat pad behind the eye ring muscle<br><strong>13.<\/strong> supporting ligament: orbicularis oculi ligament (zygomaticocutaneous ligament)<br><strong>14.<\/strong> superficial buccal fat body<br><strong>15.<\/strong> greater zygomaticus muscle (zygomaticus major)<\/p>\n\n\n<\/div>\n<\/div>\n<\/div>\n<\/div>\n                <\/div>\n            \n<\/div>\n\n\n                                                    \n<div id=\"bptb-block-container-69f48b34a0bb6\" class=\"bp-block-container alignfull position-relative bg-green-light pt-6 pt-lg-9 pb-6 pb-lg-9 is-layout-flow wp-block-bp-container-is-layout-flow\"\n        >\n\n    \n                            <div class=\"container container-small \">\n                    <div class=\"acf-innerblocks-container\">\n\n<h3 class=\"wp-block-heading has-text-align-center  is-style-display-3\">Your expert for lower eyelid lifting<\/h3>\n\n\n    <div id=\"bptb-block-post-cards-69f48b34a091f\" class=\"bp-block-post-cards \">\n        <div class=\"row    \">\n            \n                \n                \n                                                    \n                                                                                                                                                                        \n                <div class=\"col-12 col-md-6 col-lg-6 mb-6 mb-md-0 \">\n\n                                                                \n                    <article class=\"card card-overlap position-relative has-overlay\">\n   <div class=\"item-container\">\n                  <a href=\"https:\/\/www.centerplast.de\/en\/about-us\/team\/dr-adelana-santos-stahl\/\" title=\"Mehr zu:  Dr. Adelana Santos Stahl\" class=\"stretched-link\"><\/a>\n       \n       <div class=\"image\">\n           <img decoding=\"async\"\n                   src=\"https:\/\/www.centerplast.de\/wp-content\/uploads\/2024\/03\/dr-santos-stahl-575x887.jpg\"\n                   alt=\"\"\n                   width=\"575\"\n                   height=\"887\"\n                   loading=\"lazy\"\n                   class=\"thumbnail img-fluid\">\n       <\/div>\n\n       <div class=\"content-container text-primary pt-4 card-body px-4 px-lg-5 py-5\">\n                          <span class=\"card-title d-block h4 mb-2 title position-relative text-center text-white\">\n                Dr. Adelana Santos Stahl\n            <\/span>\n                                                                     <a href=\"https:\/\/www.centerplast.de\/en\/about-us\/team\/dr-adelana-santos-stahl\/\" class=\"bp-block-button-item btn btn-icon-link btn-icon btn-arrow-circle-coloured-right d-flex justify-content-center mt-4\">\n                                                                                                             <svg xmlns=\"http:\/\/www.w3.org\/2000\/svg\" xml:space=\"preserve\" x=\"0\" y=\"0\" version=\"1.1\" viewBox=\"0 0 64 64\">\n  <circle id=\"Ellipse_34\" cx=\"36.6\" cy=\"31.8\" r=\"26.8\" style=\"fill:#d9c69e\"\/>\n\t<g transform=\"translate(0 20)\">\n    <path d=\"M43.5 19.9c-.3 0-.5-.1-.7-.3-.4-.4-.4-1 0-1.4l6.3-6.3-6.3-6.3c-.4-.4-.4-1 0-1.4.4-.4 1-.4 1.4 0l7.7 7.7-7.7 7.7c-.2.2-.4.3-.7.3z\" class=\"st1\"\/>\n\t\t<path d=\"M43.5 12.9H1.4c-.6 0-1-.4-1-1s.4-1 1-1h42.1c.6 0 1 .4 1 1s-.4 1-1 1z\" class=\"st1\"\/>\n  <\/g>\n<\/svg>\n                                                                                                     <\/a>\n                                                            <\/div>\n   <\/div>\n<\/article>\n                <\/div>\n                    <\/div>\n    <\/div>\n\n<\/div>\n                <\/div>\n            \n<\/div>\n\n\n                                                    \n<div id=\"bptb-block-container-69f48b34a3710\" class=\"bp-block-container alignfull position-relative bg-white pt-6 pt-lg-9 pb-6 pb-lg-9 is-layout-flow wp-block-bp-container-is-layout-flow\"\n        >\n\n    \n                            <div class=\"container container-medium \">\n                    <div class=\"acf-innerblocks-container\">\n    <div class=\"bp-block-anchor blank-anchor is-layout-flow wp-block-bp-anchor-is-layout-flow\" id=\"procedure\" data-title=\"Procedure\">\n        <div class=\"bp-block-anchor-innerblocks acf-innerblocks-container\"><\/div>\n    <\/div>\n\n    \n\n\n\n<h3 class=\"wp-block-heading has-text-align-center is-style-display-3\">Procedure for lower eyelid correction<\/h3>\n\n\n<div class=\"bp-block-tabs wp-block-box\" id=\"bptb-block-tabs-69f48b34a366b\">\n            <ul class=\"nav nav-pills mb-5 d-lg-flex flex-lg-wrap justify-content-center\">\n                        <li class=\"nav-item w-25\">\n                <button class=\"nav-link\">\n                    Wird geladen&#8230;\n                <\/button>\n            <\/li>\n        <\/ul>\n    \n    <div class=\"tab-content acf-innerblocks-container\">\n    <div id=\"preparation-tab-pane\" class=\"wp-block-tab-item tab-pane fade \" role=\"tabpanel\" tabindex=\"0\" aria-labelledby=\"preparation-tab\" data-tab-title=\"Preparation\">\n        <div class=\"acf-innerblocks-container\">\n<div class=\"bp-block-image-text-card\" id=\"bptb-block-image-text-card-69f48b34a1e81\">\n    <div class=\"row gx-0\">\n        <div class=\"col-lg-6\">\n            <img decoding=\"async\" src=\"https:\/\/www.centerplast.de\/wp-content\/uploads\/2024\/02\/vorbereitung-der-behandlung-mit-filler-1.jpg\" class=\"img-fluid\" loading=\"lazy\" alt=\"Dr. med. Adalena Santos Stahl ber\u00e4t eine Patientin ausf\u00fchrlich \u00fcber die Behandlung\"\n            width=\"825\"\n            height=\"615\"\n            \/>\n        <\/div>\n        <div class=\"col-lg-6 bg-secondary-light p-5 p-lg-8 read-more-outer\">\n            <div class=\"read-more-content acf-innerblocks-container\">\n\n<h4 class=\"wp-block-heading\">Preparation<\/h4>\n\n\n\n<p>Immediately before the eyelid lift, the surgeon will discuss all the important issues and the procedure with you again. The entire surgical team checks several times whether all the requirements for the surgical removal of deep wrinkles under the eyes are met. This ensures maximum patient safety. Only when all the specialists, the surgeon, the anesthetist and the surgical specialists give the green light is the wrinkle treatment method started.<\/p>\n\n<\/div>\n        <\/div>\n    <\/div>\n<\/div>\n<\/div>\n    <\/div>\n\n\n    <div id=\"the-op-tab-pane\" class=\"wp-block-tab-item tab-pane fade \" role=\"tabpanel\" tabindex=\"0\" aria-labelledby=\"the-op-tab\" data-tab-title=\"The OP\">\n        <div class=\"acf-innerblocks-container\">\n<div class=\"bp-block-image-text-card\" id=\"bptb-block-image-text-card-69f48b34a2acf\">\n    <div class=\"row gx-0\">\n        <div class=\"col-lg-6\">\n            <img decoding=\"async\" src=\"https:\/\/www.centerplast.de\/wp-content\/uploads\/2024\/02\/der-eingriff-fuer-die-behandlung-im-gesicht-1.jpg\" class=\"img-fluid\" loading=\"lazy\" alt=\"\"\n            width=\"825\"\n            height=\"615\"\n            \/>\n        <\/div>\n        <div class=\"col-lg-6 bg-secondary-light p-5 p-lg-8 read-more-outer\">\n            <div class=\"read-more-content acf-innerblocks-container\">\n\n<h4 class=\"wp-block-heading\">The OP<\/h4>\n\n\n\n<p>During a so-called twilight sleep, you will be given medication that reduces the sensation of pain and at the same time takes away your fear. Beforehand, the plastic surgery expert marks the planned small incisions on the skin and checks the surgical planning again. The local anesthetic contains adrenaline to prevent bruising (tumescent technique). The injection is made into the area around the eye and the lower eyelid. The surgical site is numb within 5 to 10 minutes. If you are not already fast asleep, you will only feel that something is going on in your eyes.<\/p>\n\n\n<div class=\"bp-block-read-more\" id=\"bptb-block-read-more-69f48b34a2186\">\n\n    <div class=\"read-more-content acf-innerblocks-container\">\n\n<p>The aesthetic plastic surgeon wears magnifying glasses in order to be able to work with maximum precision. In the case of excess skin on the lower eyelid, an approach is made parallel to the edge of the eyelid up to the laugh lines. The underlying fat pads are redistributed as required. If the lower eyelid is slack, the eyelid frenulum is fixed to the periosteum of the lateral eye socket. The excess skin is gently removed. Dark circles without excess thin skin are corrected via an incision on the inside of the lower eyelid. Finally, the wound edges are sutured and a small dressing is applied. The local anesthesia lasts beyond the removal of bags under the eyes and the eyelid lift. The <strong>duration of the operation<\/strong> for both lower eyelids is approx. <strong>90 minutes<\/strong>.<\/p>\n\n<\/div>\n\n    <button class=\"btn btn-icon-link read-more-btn\"\n            data-toggle=\"collapse\" data-target=\"#bptb-block-read-more-69f48b34a2186\"\n            class=\"btn btn-secondary collapsed\"\n            title=\"Mehr lesen\">\n        mehr lesen <i class=\"icon icon-chevron-down\"><\/i>\n    <\/button>\n\n<\/div>\n<\/div>\n        <\/div>\n    <\/div>\n<\/div>\n<\/div>\n    <\/div>\n\n\n    <div id=\"after-the-procedure-tab-pane\" class=\"wp-block-tab-item tab-pane fade \" role=\"tabpanel\" tabindex=\"0\" aria-labelledby=\"after-the-procedure-tab\" data-tab-title=\"After the procedure\">\n        <div class=\"acf-innerblocks-container\">\n<div class=\"bp-block-image-text-card\" id=\"bptb-block-image-text-card-69f48b34a3458\">\n    <div class=\"row gx-0\">\n        <div class=\"col-lg-6\">\n            <img decoding=\"async\" src=\"https:\/\/www.centerplast.de\/wp-content\/uploads\/2024\/02\/nachbesprechung-der-behandlung-fuer-das-gesicht-1.jpg\" class=\"img-fluid\" loading=\"lazy\" alt=\"Dr. med. Adalena Santos Stahl befindet sich in einem Nachsorge-Gespr\u00e4ch mit ihrer Patientin.\"\n            width=\"825\"\n            height=\"615\"\n            \/>\n        <\/div>\n        <div class=\"col-lg-6 bg-secondary-light p-5 p-lg-8 read-more-outer\">\n            <div class=\"read-more-content acf-innerblocks-container\">\n\n<h4 class=\"wp-block-heading\">After the procedure<\/h4>\n\n\n\n<p>You will find out how to proceed immediately after the eyelid lift and which aftercare measures are recommended during your consultation with the surgeon.<\/p>\n\n<\/div>\n        <\/div>\n    <\/div>\n<\/div>\n<\/div>\n    <\/div>\n\n<\/div>\n<\/div>\n<\/div>\n                <\/div>\n            \n<\/div>\n\n\n                                                    \n<div id=\"bptb-block-container-69f48b34a3d0e\" class=\"bp-block-container alignfull position-relative bg-second-light pt-6 pt-lg-9 pb-6 pb-lg-9 is-layout-flow wp-block-bp-container-is-layout-flow\"\n        >\n\n    \n                            <div class=\"container container-small \">\n                    <div class=\"acf-innerblocks-container\">\n    <div class=\"bp-block-anchor blank-anchor is-layout-flow wp-block-bp-anchor-is-layout-flow\" id=\"lower-eyelid-correction-without-surgery\" data-title=\"Lower eyelid correction without surgery\">\n        <div class=\"bp-block-anchor-innerblocks acf-innerblocks-container\"><\/div>\n    <\/div>\n\n    \n\n\n\n<h2 class=\"wp-block-heading is-style-display-3\">What alternatives are there to surgery? Lower eyelid correction without surgery<\/h2>\n\n\n\n<p>Of course, patients usually want to be informed about all non-surgical measures before deciding on a surgical lower eyelid lift. The individual types of treatment are briefly presented below and the advantages and disadvantages compared to lower eyelid lifting \/ lacrimal sac surgery are discussed. Further information can be found on the link to the treatment&#8217;s own page, if we offer it.<\/p>\n\n\n\n<h4 class=\"wp-block-heading\">Fractional CO2 laser treatment<\/h4>\n\n\n\n<p>However, laser treatment does not reduce wrinkles and fine lines around the eyes to any great effect. This is limited to the surface of the skin during laser treatment. The smoothing of the top layer of skin lasts for around two years. Laser therapy is not suitable for bags under the eyes, dark circles and tear troughs. We are happy to recommend specialists for laser therapies.<\/p>\n\n\n\n<h4 class=\"wp-block-heading\">Injecting dark circles under the eyes<\/h4>\n\n\n\n<p>Wrinkles under the eyes can be concealed with hyaluronic acid injections. The skin around the eyes is the finest on the whole body. There is therefore a risk that palpable and visible irregularities in the skin will remain after the minimally invasive treatment in the form of an injection. The body builds up hyaluron over time. The effect of fillers also fades after twelve to eighteen months. Your fresh appearance is therefore limited in time with this treatment method.<\/p>\n\n\n\n<h4 class=\"wp-block-heading\">Treatment with the body&#8217;s own processed blood against eye wrinkles<\/h4>\n\n\n\n<p><a href=\"https:\/\/www.centerplast.de\/en\/treatments\/skin-hair\/vampire-lift\/\">Treatment with the patient&#8217;s own blood<\/a>, also known as vampire lifting, leads to an increase and renewal of epidermal cells, especially in combination with microneedling. Different types of collagen and elastin are essential building blocks of connective tissue. The proportions of the various collagens in the skin are improved and the elastin content is increased. The blood supply to the skin also increases. We recommend plasma treatment and microneedling for young patients, for mild tear troughs or gentle dark circles under the eyes and for small wrinkles in the skin.<\/p>\n\n\n\n<h4 class=\"wp-block-heading\">Muscle relaxants against eye wrinkles<\/h4>\n\n\n\n<p><a href=\"https:\/\/www.centerplast.de\/en\/treatments\/botox\/\">Treatment with muscle-relaxing preparations<\/a> reduces dynamic wrinkles. Treatment with the active ingredient is particularly effective against crow&#8217;s feet, as they are mimic wrinkles. Dark circles, tear troughs or natural eyelid wrinkles cannot be effectively corrected with this active ingredient.<\/p>\n\n<\/div>\n                <\/div>\n            \n<\/div>\n\n\n                                                    \n<div id=\"bptb-block-container-69f48b34a58ec\" class=\"bp-block-container alignfull position-relative bg-green-light pt-6 pt-lg-9 pb-6 pb-lg-9 is-layout-flow wp-block-bp-container-is-layout-flow\"\n        >\n\n    \n                            <div class=\"container container-medium \">\n                    <div class=\"acf-innerblocks-container\">\n    <div class=\"bp-block-anchor blank-anchor is-layout-flow wp-block-bp-anchor-is-layout-flow\" id=\"advantages\" data-title=\"Advantages\">\n        <div class=\"bp-block-anchor-innerblocks acf-innerblocks-container\"><\/div>\n    <\/div>\n\n    \n\n\n<div class=\"bp-block-row\" id=\"bptb-block-row-69f48b34a5741\">\n    <div class=\"row  gx-xl-8 gx-lg-default gx-md-default gy-5 gy-lg-0 p0 pnone p0 pnone \">\n\n<div class=\"bp-block-column col-12 col-lg\" id=\"bptb-block-column-69f48b34a41d2\">\n    \n\n<h3 class=\"wp-block-heading is-style-display-3 has-primary-color has-text-color has-link-color wp-elements-17a20bd636c3531a4b9c88b194adab43\">What are the advantages of a lower eyelid lift?<\/h3>\n\n\n\n<p class=\"has-primary-color has-text-color has-link-color wp-elements-37b71ed3a5aea91cddb2653b826f3bf3\">The eyes have a decisive influence on facial expression. The removal of dark circles, the so-called bags under the eyes or tear troughs, makes you look fresher and younger. The removal of eyelid wrinkles rejuvenates the entire facial expression. The correction of pronounced bags under the eyes helps to create a harmonious transition from the lower eyelid to the cheek.<\/p>\n\n\n<\/div>\n\n\n<div class=\"bp-block-column col-12 col-lg\" id=\"bptb-block-column-69f48b34a56c5\">\n    \n<div class=\"wp-block-youtube-player wp-block-box is-layout-flow wp-block-bp-youtube-player-is-layout-flow\" id=\"bptb-block-youtube-player-69f48b34a5435\">\n    <div data-youtube-id=\"SWR-_tH10_o&amp;amp;t=54s\" class=\"youtube-container\" itemscope itemprop=\"VideoObject\" itemtype=\"https:\/\/schema.org\/VideoObject\">\n    <meta itemprop=\"contentUrl\" content=\"https:\/\/www.youtube.com\/watch?v=SWR-_tH10_o&amp;amp;t=54s\"  \/>\n    <meta itemprop=\"thumbnailUrl\" content=\"https:\/\/www.centerplast.de\/wp-content\/uploads\/2024\/02\/vorteile-unterlidstraffung-850x475.jpg\" \/>\n    <meta itemprop=\"name\" content=\"Centerplast Video\" \/>\n    <meta itemprop=\"uploadDate\" content=\"18-12-2018\" \/>\n    <meta itemprop=\"description\" content=\"CenterPlast bietet Ihnen ein umfassendes Leistungsspektrum aus der \u00e4sthetischen Medizin und plastischen Chirurgie sowie der Intim- und Handchirurgie\" \/>\n\n    <div class=\"video-container\">\n        <div class=\"player-container d-none ratio ratio-16x9\">\n            <div class=\"yt-player\" id=\"youtube-player-69f48b34a54d1\"><\/div>\n        <\/div>\n\n        <div class=\"video-poster has-shadow\">\n            <button type=\"button\" class=\"stretched-link video-trigger\" aria-label=\"Video ansehen\"\n                                >\n                <i class=\"icon icon-play\"><\/i>\n            <\/button>\n\n            <picture>\n                <source srcset=\"https:\/\/www.centerplast.de\/wp-content\/uploads\/2024\/02\/vorteile-unterlidstraffung-850x475.jpg\" media=\"(min-width: 461px)\">\n                <img decoding=\"async\" class=\"img-fluid\" loading=\"eager\"\n                     src=\"https:\/\/www.centerplast.de\/wp-content\/uploads\/2024\/02\/vorteile-unterlidstraffung.jpg\" alt=\"\" width=\"850\" height=\"475\" >\n            <\/picture>\n        <\/div>\n\n                                <\/div>\n\n    <div class=\"alert alert-light video-cookie-notice mt-2\" role=\"alert\">\n        <p class=\"m-0 small\">Mit dem Laden des Videos akzeptieren Sie die <a href=\"\/\/policies.google.com\/privacy\" target=\"_blank\" rel=\"noopener\">Datenschutzerkl\u00e4rung<\/a> von YouTube.<\/p>\n    <\/div>\n<\/div>\n\n    \n<\/div>\n\n<\/div>\n<\/div>\n<\/div>\n<\/div>\n                <\/div>\n            \n<\/div>\n\n\n                                                    \n<div id=\"bptb-block-container-69f48b34a5e68\" class=\"bp-block-container alignfull position-relative bg-white pt-6 pt-lg-9 pb-6 pb-lg-9 is-layout-flow wp-block-bp-container-is-layout-flow\"\n        >\n\n    \n                            <div class=\"container container-small \">\n                    <div class=\"acf-innerblocks-container\">\n    <div class=\"bp-block-anchor blank-anchor is-layout-flow wp-block-bp-anchor-is-layout-flow\" id=\"before-and-after-pictures\" data-title=\"Before and after pictures\">\n        <div class=\"bp-block-anchor-innerblocks acf-innerblocks-container\"><\/div>\n    <\/div>\n\n    \n\n\n\n<h3 class=\"wp-block-heading is-style-display-3\">Our before and after pictures of eye wrinkle surgery<\/h3>\n\n\n\n<p>The comparative pictorial representation of the success of treatment using before and after photos may not be published on the Internet in accordance with Section 1 (1) No. 2 of the Therapeutic Products Advertising Act. Nevertheless, before\/after images can be used to inform patients. We will be happy to show you before and after pictures as part of a personal consultation to show you the possibilities and limitations of cosmetic surgery. It goes without saying that we comply with all statutory data protection regulations.<\/p>\n\n<\/div>\n                <\/div>\n            \n<\/div>\n\n\n                                                    \n<div id=\"bptb-block-container-69f48b34a7030\" class=\"bp-block-container alignfull position-relative bg-green-light pt-6 pt-lg-9 pb-6 pb-lg-9 is-layout-flow wp-block-bp-container-is-layout-flow\"\n        >\n\n    \n                            <div class=\"container container-small-medium \">\n                    <div class=\"acf-innerblocks-container\">\n    <div class=\"bp-block-anchor blank-anchor is-layout-flow wp-block-bp-anchor-is-layout-flow\" id=\"faq\" data-title=\"FAQ\">\n        <div class=\"bp-block-anchor-innerblocks acf-innerblocks-container\"><\/div>\n    <\/div>\n\n    \n\n\n\n<h2 class=\"wp-block-heading has-text-align-center is-style-display-3\">Frequently asked questions<\/h2>\n\n\n<div\n    id=\"bptb-block-accordion-69f48b34a6e49\"\n    class=\"bp-block-accordion accordion conversation is-layout-flow wp-block-bp-accordion-is-layout-flow\"\n    itemscope=\"\" itemtype=\"https:\/\/schema.org\/FAQPage\">\n    <div class=\"acf-innerblocks-container\">\n<div\n    class=\"bp-block-accordion-item accordion-item is-layout-flow wp-block-bp-accordion-item-is-layout-flow\"\n    itemscope=\"\" itemprop=\"mainEntity\" itemtype=\"https:\/\/schema.org\/Question\">\n    <div class=\"accordion-header\">\n        <button\n            class=\"accordion-button collapsed\"\n            type=\"button\"\n            data-toggle=\"collapse\"\n            data-target=\"#bptb-block-accordion-item-69f48b34a6491\"\n            aria-expanded=\"false\"\n            aria-controls=\"bptb-block-accordion-item-69f48b34a6491\"\n        >\n                            <span\n                    itemprop=\"name\" itemprop=\"name\"                >\n                    How can you prepare for a lower eyelid lift in Saarbr\u00fccken?\n                <\/span>\n                    <\/button>\n    <\/div>\n\n    <div\n        id=\"bptb-block-accordion-item-69f48b34a6491\"\n        class=\"accordion-collapse collapse \"\n        data-bs-parent=\"#\"\n    >\n        <div\n            class=\"accordion-body\"\n            itemscope=\"\" itemprop=\"acceptedAnswer\" itemtype=\"https:\/\/schema.org\/Answer\"        >\n                            <div itemprop=\"text\">\n                            <div class=\"acf-innerblocks-container\">\n\n<p>All your questions about possible complications and alternative treatments should be answered before the operation. The topics are discussed in detail in the consultation meetings.  <\/p>\n\n<\/div>\n                            <\/div>\n                    <\/div>\n    <\/div>\n<\/div>\n\n\n<div\n    class=\"bp-block-accordion-item accordion-item is-layout-flow wp-block-bp-accordion-item-is-layout-flow\"\n    itemscope=\"\" itemprop=\"mainEntity\" itemtype=\"https:\/\/schema.org\/Question\">\n    <div class=\"accordion-header\">\n        <button\n            class=\"accordion-button collapsed\"\n            type=\"button\"\n            data-toggle=\"collapse\"\n            data-target=\"#bptb-block-accordion-item-69f48b34a65c8\"\n            aria-expanded=\"false\"\n            aria-controls=\"bptb-block-accordion-item-69f48b34a65c8\"\n        >\n                            <span\n                    itemprop=\"name\" itemprop=\"name\"                >\n                    What do you need to consider after a lower eyelid lift in Saarbr\u00fccken?\n                <\/span>\n                    <\/button>\n    <\/div>\n\n    <div\n        id=\"bptb-block-accordion-item-69f48b34a65c8\"\n        class=\"accordion-collapse collapse \"\n        data-bs-parent=\"#\"\n    >\n        <div\n            class=\"accordion-body\"\n            itemscope=\"\" itemprop=\"acceptedAnswer\" itemtype=\"https:\/\/schema.org\/Answer\"        >\n                            <div itemprop=\"text\">\n                            <div class=\"acf-innerblocks-container\">\n\n<p>After a lower eyelid lift, it is important to follow the practice&#8217;s instructions. The specialist surgeon treating you will inform you about all precautionary measures and the entire aftercare.<\/p>\n\n<\/div>\n                            <\/div>\n                    <\/div>\n    <\/div>\n<\/div>\n\n\n<div\n    class=\"bp-block-accordion-item accordion-item is-layout-flow wp-block-bp-accordion-item-is-layout-flow\"\n    itemscope=\"\" itemprop=\"mainEntity\" itemtype=\"https:\/\/schema.org\/Question\">\n    <div class=\"accordion-header\">\n        <button\n            class=\"accordion-button collapsed\"\n            type=\"button\"\n            data-toggle=\"collapse\"\n            data-target=\"#bptb-block-accordion-item-69f48b34a670b\"\n            aria-expanded=\"false\"\n            aria-controls=\"bptb-block-accordion-item-69f48b34a670b\"\n        >\n                            <span\n                    itemprop=\"name\" itemprop=\"name\"                >\n                    Who is a lower eyelid lift suitable for?\n                <\/span>\n                    <\/button>\n    <\/div>\n\n    <div\n        id=\"bptb-block-accordion-item-69f48b34a670b\"\n        class=\"accordion-collapse collapse \"\n        data-bs-parent=\"#\"\n    >\n        <div\n            class=\"accordion-body\"\n            itemscope=\"\" itemprop=\"acceptedAnswer\" itemtype=\"https:\/\/schema.org\/Answer\"        >\n                            <div itemprop=\"text\">\n                            <div class=\"acf-innerblocks-container\">\n\n<p>We focus on the expression of your eyes. An eyelid lift will make you look fresher and more rested. However, you do not become a different person. A positive result means that your fellow human beings notice that you look better without recognizing any signs of surgery.<\/p>\n\n\n\n<p>From the age of forty, the first signs of ageing usually appear in the eye. In exceptional cases, such changes can occur earlier due to genetic influences. People then try to cover up these wrinkles with make-up.<\/p>\n\n\n\n<p>Unfavorable conditions for lower eyelid correction are dry eyes, thyroid disease and the use of blood-thinning medication. Each case must therefore be examined individually to determine whether you are suitable for treatment.<\/p>\n\n<\/div>\n                            <\/div>\n                    <\/div>\n    <\/div>\n<\/div>\n\n\n<div\n    class=\"bp-block-accordion-item accordion-item is-layout-flow wp-block-bp-accordion-item-is-layout-flow\"\n    itemscope=\"\" itemprop=\"mainEntity\" itemtype=\"https:\/\/schema.org\/Question\">\n    <div class=\"accordion-header\">\n        <button\n            class=\"accordion-button collapsed\"\n            type=\"button\"\n            data-toggle=\"collapse\"\n            data-target=\"#bptb-block-accordion-item-69f48b34a6c8b\"\n            aria-expanded=\"false\"\n            aria-controls=\"bptb-block-accordion-item-69f48b34a6c8b\"\n        >\n                            <span\n                    itemprop=\"name\" itemprop=\"name\"                >\n                    What can you expect during a consultation for a lower eyelid lift?\n                <\/span>\n                    <\/button>\n    <\/div>\n\n    <div\n        id=\"bptb-block-accordion-item-69f48b34a6c8b\"\n        class=\"accordion-collapse collapse \"\n        data-bs-parent=\"#\"\n    >\n        <div\n            class=\"accordion-body\"\n            itemscope=\"\" itemprop=\"acceptedAnswer\" itemtype=\"https:\/\/schema.org\/Answer\"        >\n                            <div itemprop=\"text\">\n                            <div class=\"acf-innerblocks-container\">\n\n<p>To achieve an aesthetic and natural result, we first ask you about your desired changes. Skin wrinkles, dark circles, tear troughs and bags under the eyes can make you look tired and worn out. In order to identify and prevent any risks in good time, Dr. Santos Stahl will ask for information on the following topics:<\/p>\n\n\n\n<ul class=\"wp-block-list is-style-check\">\n<li>Poor eyesight (correction with glasses or contact lenses)<\/li>\n\n\n\n<li>Pre-existing conditions (high blood pressure, diabetes, coagulation disorders, thyroid disease, glaucoma)<\/li>\n\n\n\n<li>Previous operations, especially eye operations<\/li>\n\n\n\n<li>Allergies and<\/li>\n\n\n\n<li>Medication intake.<\/li>\n<\/ul>\n\n\n\n<p>Please let us know if you smoke or take dietary supplements. These factors have an important influence on your operation.<\/p>\n\n\n\n<p>The skin, the palpebral fissure, the symmetry, the position of the eyebrows, the position of the eye and the elasticity of the eyelid are examined in detail. The force of the eyelid lift is measured. The elasticity of the lower eyelid and the function of the eye muscles are checked. Your surgeon will discuss the possibilities and limitations of the treatment options with you. The surgeon will show you various treatment alternatives and the associated risks and restrictions. Dark circles under the eyes, crow&#8217;s feet, frown lines, wrinkles between the nostrils and corners of the mouth (nasolabial folds) or bulging fatty tissue have an effect on appearance. For a harmonious overall result, each change should be treated specifically. During the consultation, you will receive all the information you need to decide which treatment is right for you. It is very important to discuss your expectations openly with your surgeon. Often a poorly informed patient or surgeon is the cause of an unsatisfactory result, even if there are no complications during the operation.<\/p>\n\n\n\n<p>Dr. Santos Stahl will discuss all the details of the procedure with you, including the type of anaesthetic used, follow-up insurance, preparatory measures and what to do after the procedure. It provides you with a transparent and comprehensible breakdown of the costs of a lower eyelid lift.<\/p>\n\n\n\n<p>If you are unsure or do not feel fully informed, do not hesitate to ask your doctor questions. It is not uncommon for questions to arise afterwards. At the end of the initial consultation, we will be happy to offer you a second consultation. It is very important to us that all your questions are answered before the operation.<\/p>\n\n\n\n<p>If you suffer from dry eyes, we recommend that you have a so-called Schirmer test carried out by an ophthalmologist.<\/p>\n\n<\/div>\n                            <\/div>\n                    <\/div>\n    <\/div>\n<\/div>\n\n\n<div\n    class=\"bp-block-accordion-item accordion-item is-layout-flow wp-block-bp-accordion-item-is-layout-flow\"\n    itemscope=\"\" itemprop=\"mainEntity\" itemtype=\"https:\/\/schema.org\/Question\">\n    <div class=\"accordion-header\">\n        <button\n            class=\"accordion-button collapsed\"\n            type=\"button\"\n            data-toggle=\"collapse\"\n            data-target=\"#bptb-block-accordion-item-69f48b34a6d91\"\n            aria-expanded=\"false\"\n            aria-controls=\"bptb-block-accordion-item-69f48b34a6d91\"\n        >\n                            <span\n                    itemprop=\"name\" itemprop=\"name\"                >\n                    How much does a lower eyelid lift cost in Saarbr\u00fccken?\n                <\/span>\n                    <\/button>\n    <\/div>\n\n    <div\n        id=\"bptb-block-accordion-item-69f48b34a6d91\"\n        class=\"accordion-collapse collapse \"\n        data-bs-parent=\"#\"\n    >\n        <div\n            class=\"accordion-body\"\n            itemscope=\"\" itemprop=\"acceptedAnswer\" itemtype=\"https:\/\/schema.org\/Answer\"        >\n                            <div itemprop=\"text\">\n                            <div class=\"acf-innerblocks-container\">\n\n<p>If you would like to find out the cost of a lower eyelid lift quickly and easily, use our price calculator now. We will also be happy to advise you on financing options without obligation.<\/p>\n\n<\/div>\n                            <\/div>\n                    <\/div>\n    <\/div>\n<\/div>\n\n<\/div>\n<\/div>\n\n<\/div>\n                <\/div>\n            \n<\/div>\n\n\n                                                    \n<div id=\"bptb-block-container-69f48b34a8192\" class=\"bp-block-container alignfull position-relative bg-second-light pt-6 pt-lg-9 pb-6 pb-lg-9 is-layout-flow wp-block-bp-container-is-layout-flow\"\n        >\n\n    \n                            <div class=\"container container-small-medium \">\n                    <div class=\"acf-innerblocks-container\">\n<div class=\"bp-block-quote is-layout-flow wp-block-bp-quote-is-layout-flow\" id=\"bptb-block-quote-69f48b34a7e20\">\n    <div class=\"row gx-lg-6\">\n        <div class=\"col-md-4\">\n            <picture class=\"d-block author-image mb-4 mb-md-0\">\n                <source srcset=\"https:\/\/www.centerplast.de\/wp-content\/uploads\/2024\/02\/dr-adelana-santos-stahl.png\" media=\"(min-width: 468px)\">\n                <img decoding=\"async\" class=\"img-fluid\"\n                     src=\"https:\/\/www.centerplast.de\/wp-content\/uploads\/2024\/02\/dr-adelana-santos-stahl-165x165.png\"\n                     width=\"259\"\n                     height=\"260\"\n                     loading=\"lazy\"\n                     alt=\"\">\n            <\/picture>\n        <\/div>\n        <div class=\"col-md-8\">\n            <div class=\"acf-innerblocks-container\">\n\n<p class=\"mb-0 has-primary-color has-text-color has-link-color wp-elements-bb944492880f3cf6afeabed87af5d8af\"><strong>AUTHOR<\/strong><\/p>\n\n\n\n<h4 class=\"wp-block-heading mt-0 mb-2 has-primary-color has-text-color has-link-color wp-elements-3c083f55e97984533f78b39252b53be0\"><strong><em>Dr. Adelana Santos Stahl<\/em><\/strong><\/h4>\n\n\n\n<p class=\"is-style-quote has-primary-color has-text-color has-link-color wp-elements-68871e9436daa5a4a7e70e3a3da00597\"><em>Our aim is to offer optimal, discreet and precise treatment based on our extensive expertise in the field of plastic surgery.<\/em><\/p>\n\n\n\n<p>Dr. Adelana Santos Stahl has a unique international perspective with a female view of plastic surgery. Your individual and detailed approach is the key to the beautiful and natural results. Having trained in Brazil, one of the largest and best-known countries for aesthetic and reconstructive plastic surgery, she understands her patients&#8217; desire to look and feel their best.<\/p>\n\n\n\n<p>She completed her medical studies and training as a specialist in plastic and aesthetic surgery in Brazil. In 2009, she also successfully passed the German equivalence examinations for the state medical examination.<\/p>\n\n\n\n<p>Two years later, in 2011, she received the German and in 2012 the EU specialist certification (EBOPRAS) for plastic surgery. From 2009 to 2013, she deepened her knowledge of aesthetic and reconstructive facial surgery with world-renowned representatives of plastic surgery such as Professor Gubisch at the Marienhospital and Madame Firmin in Paris.<\/p>\n\n\n\n<p>A VD\u00c4PC Fellowship (continuing scholarship for graduate students) in Switzerland, France and the USA has further enriched her professional experience. Dr. Santos Stahl is active in various renowned professional associations. In addition to the DGPR\u00c4C and DGBT, she is also a member of the Brazilian Society of Plastic Surgery &#8211; SBCP.<\/p>\n\n\n\n<p>She is also the author of several scientific articles and, together with her husband, is dedicated to research and clinical studies in the field of plastic surgery.<\/p>\n\n\n\n<p>She has been based in Saarbr\u00fccken since 2019.<\/p>\n\n\n<div id=\"bptb-block-button-group-69f48b34a7b9f\" class=\"bp-block-button-group\">\n    <div class=\"acf-innerblocks-container d-flex flex-wrap flex-row justify-content-start\">\n        <a href=\"https:\/\/www.centerplast.de\/ueber-uns\/team\/dr-adelana-santos-stahl\/\" class=\"bp-block-button-item btn btn-icon-link btn-icon  btn-arrow-circle-coloured-right\" target=\"\">\n                                                <svg xmlns=\"http:\/\/www.w3.org\/2000\/svg\" xml:space=\"preserve\" x=\"0\" y=\"0\" version=\"1.1\" viewBox=\"0 0 64 64\">\n  <circle id=\"Ellipse_34\" cx=\"36.6\" cy=\"31.8\" r=\"26.8\" style=\"fill:#d9c69e\"\/>\n\t<g transform=\"translate(0 20)\">\n    <path d=\"M43.5 19.9c-.3 0-.5-.1-.7-.3-.4-.4-.4-1 0-1.4l6.3-6.3-6.3-6.3c-.4-.4-.4-1 0-1.4.4-.4 1-.4 1.4 0l7.7 7.7-7.7 7.7c-.2.2-.4.3-.7.3z\" class=\"st1\"\/>\n\t\t<path d=\"M43.5 12.9H1.4c-.6 0-1-.4-1-1s.4-1 1-1h42.1c.6 0 1 .4 1 1s-.4 1-1 1z\" class=\"st1\"\/>\n  <\/g>\n<\/svg>\n                                        <span class=\"btn-text text-primary\">More about Dr. Santos Stahl<\/span>\n            <\/a>\n\n<\/div>\n<\/div>\n<\/div>\n        <\/div>\n    <\/div>\n<\/div>\n<\/div>\n                <\/div>\n            \n<\/div>\n\n\n                                                    \n<div id=\"bptb-block-container-69f48b34ab584\" class=\"bp-block-container alignfull position-relative bg-white is-layout-flow wp-block-bp-container-is-layout-flow\"\n        >\n\n    \n                            <div class=\"container container-medium \">\n                    <div class=\"acf-innerblocks-container\">\n\n<h3 class=\"wp-block-heading has-text-align-center is-style-display-3\">You might also be interested in<\/h3>\n\n\n<div id=\"bptb-block-slider-item-69f48b34aa696\" class=\"bp-block-slider-item is-layout-flow wp-block-bp-slider-item-is-layout-flow\">\n    <div class=\"slider-container show-card-shadow\">\n    <div id=\"slider-69f48b34aa714\"\n         class=\"swiper slider \"\n         data-slider-config=\"{&quot;pagination&quot;:true,&quot;spaceBetween&quot;:15,&quot;slidesPerView&quot;:1.25,&quot;scrollbar&quot;:{&quot;el&quot;:&quot;.swiper-scrollbar&quot;,&quot;draggable&quot;:true},&quot;breakpoints&quot;:{&quot;768&quot;:{&quot;slidesPerView&quot;:1.75,&quot;spaceBetween&quot;:30},&quot;1024&quot;:{&quot;slidesPerView&quot;:&quot;3&quot;,&quot;spaceBetween&quot;:30},&quot;1250&quot;:{&quot;slidesPerView&quot;:&quot;3&quot;,&quot;spaceBetween&quot;:30}}}\"          data-slides=\"3\"     >\n        <div class=\"swiper-wrapper py-4\">\n                                        <div class=\"swiper-slide h-100\">\n                    <div class=\"item-container h-100\">\n                                                    <a href=\"https:\/\/www.centerplast.de\/en\/treatments\/face\/upper-eyelid-lift\/\" title=\"Mehr zu:  Upper eyelid lift\" class=\"stretched-link\">\n                                                                    <span class=\"visually-hidden\">Upper eyelid lift<\/span>\n                                                            <\/a>\n                                                <picture class=\"d-block author-image mb-0 h-100\">\n                            <source srcset=\"https:\/\/www.centerplast.de\/wp-content\/uploads\/2024\/02\/behandlung-zur-oberlidstraffung-575x887.jpg\" media=\"(min-width: 468px)\">\n                            <img decoding=\"async\"\n                                    src=\"https:\/\/www.centerplast.de\/wp-content\/uploads\/2024\/02\/behandlung-zur-oberlidstraffung-300x463.jpg\"\n                                    alt=\"Centerplast Slider Bild\"\n                                    width=\"575\"\n                                    height=\"887\"\n                                    loading=\"lazy\"\n                                    class=\"thumbnail img-fluid h-100\"\n                            >\n                        <\/picture>\n                        <div class=\"content-container text-white text-center px-4 px-lg-5 py-5\">\n                            <div class=\"inner\">\n                                                                    <span class=\"d-block h4 mb-2 title fw-medium letter-spacing-xs font-size-base\">Upper eyelid lift<\/span>\n                                                                                                                                    <a href=\"https:\/\/www.centerplast.de\/en\/treatments\/face\/upper-eyelid-lift\/\" class=\"link\" aria-label=\"Mehr zu:  Upper eyelid lift\">\n                                        <i class=\"icon icon-arrow-right\"><\/i>\n                                    <\/a>\n                                                            <\/div>\n                        <\/div>\n                    <\/div>\n                <\/div>\n                            <div class=\"swiper-slide h-100\">\n                    <div class=\"item-container h-100\">\n                                                    <a href=\"https:\/\/www.centerplast.de\/en\/treatments\/face\/injecting-dark-circles-under-the-eyes\/\" title=\"Mehr zu:  Injecting dark circles under the eyes\" class=\"stretched-link\">\n                                                                    <span class=\"visually-hidden\">Injecting dark circles under the eyes<\/span>\n                                                            <\/a>\n                                                <picture class=\"d-block author-image mb-0 h-100\">\n                            <source srcset=\"https:\/\/www.centerplast.de\/wp-content\/uploads\/2024\/03\/behandlung-augenringe-unterspritzen-575x887.jpg\" media=\"(min-width: 468px)\">\n                            <img decoding=\"async\"\n                                    src=\"https:\/\/www.centerplast.de\/wp-content\/uploads\/2024\/03\/behandlung-augenringe-unterspritzen-300x463.jpg\"\n                                    alt=\"Centerplast Slider Bild\"\n                                    width=\"575\"\n                                    height=\"887\"\n                                    loading=\"lazy\"\n                                    class=\"thumbnail img-fluid h-100\"\n                            >\n                        <\/picture>\n                        <div class=\"content-container text-white text-center px-4 px-lg-5 py-5\">\n                            <div class=\"inner\">\n                                                                    <span class=\"d-block h4 mb-2 title fw-medium letter-spacing-xs font-size-base\">Injecting dark circles under the eyes<\/span>\n                                                                                                                                    <a href=\"https:\/\/www.centerplast.de\/en\/treatments\/face\/injecting-dark-circles-under-the-eyes\/\" class=\"link\" aria-label=\"Mehr zu:  Injecting dark circles under the eyes\">\n                                        <i class=\"icon icon-arrow-right\"><\/i>\n                                    <\/a>\n                                                            <\/div>\n                        <\/div>\n                    <\/div>\n                <\/div>\n                            <div class=\"swiper-slide h-100\">\n                    <div class=\"item-container h-100\">\n                                                    <a href=\"https:\/\/www.centerplast.de\/en\/treatments\/filler\/cheek-augmentation\/\" title=\"Mehr zu:  Cheek augmentation\" class=\"stretched-link\">\n                                                                    <span class=\"visually-hidden\">Cheek augmentation<\/span>\n                                                            <\/a>\n                                                <picture class=\"d-block author-image mb-0 h-100\">\n                            <source srcset=\"https:\/\/www.centerplast.de\/wp-content\/uploads\/2024\/04\/behandlung-zum-wangenaufbau-575x887.jpg\" media=\"(min-width: 468px)\">\n                            <img decoding=\"async\"\n                                    src=\"https:\/\/www.centerplast.de\/wp-content\/uploads\/2024\/04\/behandlung-zum-wangenaufbau-300x463.jpg\"\n                                    alt=\"Centerplast Slider Bild\"\n                                    width=\"575\"\n                                    height=\"887\"\n                                    loading=\"lazy\"\n                                    class=\"thumbnail img-fluid h-100\"\n                            >\n                        <\/picture>\n                        <div class=\"content-container text-white text-center px-4 px-lg-5 py-5\">\n                            <div class=\"inner\">\n                                                                    <span class=\"d-block h4 mb-2 title fw-medium letter-spacing-xs font-size-base\">Cheek augmentation<\/span>\n                                                                                                                                    <a href=\"https:\/\/www.centerplast.de\/en\/treatments\/filler\/cheek-augmentation\/\" class=\"link\" aria-label=\"Mehr zu:  Cheek augmentation\">\n                                        <i class=\"icon icon-arrow-right\"><\/i>\n                                    <\/a>\n                                                            <\/div>\n                        <\/div>\n                    <\/div>\n                <\/div>\n                            <\/div>\n    <\/div>\n\n    <div class=\"swiper-controls mt-5\">\n        <div class=\"swiper-arrow swiper-button-prev\"><i class=\"icon icon-arrow-circle-left\"><\/i><\/div>\n\n        <div class=\"swiper-pagination\"><\/div>\n        <div class=\"swiper-scrollbar\"><\/div>\n\n        <div class=\"swiper-arrow swiper-button-next\"><i class=\"icon icon-arrow-circle-right\"><\/i><\/div>\n    <\/div>\n\n    <\/div>\n\n    \n<\/div>\n\n<\/div>\n                <\/div>\n            \n<\/div>\n\n\n<div id=\"bptb-block-personal-advice-69f48b34ad67e\" class=\"bp-block-personal-advice position-relative  bg-secondary-light overflow-x-hidden alignfull\"\ndata-overlapping=\"true\">\n            <div class=\"overlapping d-none d-lg-block bg-white\"\n        style=&quot;height:20%;&quot;><\/div>\n        <div class=\"container text-primary py-7 py-lg-0\">\n        <div class=\"row justify-content-center\">\n            <div class=\"col-lg-10\">\n                <div class=\"row\">\n                                            <div class=\"col-lg-6\">\n                            <div class=\"image-container position-relative d-none d-lg-block\">\n                                <img decoding=\"async\"\n                                        src=\"https:\/\/www.centerplast.de\/wp-content\/uploads\/2024\/02\/persoenliche-beratung-600x716.png\"\n                                        alt=\"\"\n                                        width=\"600\"\n                                        height=\"716\"\n                                        loading=\"lazy\"\n                                        class=\"d-block img-fluid\"\n                                >\n                            <\/div>\n                        <\/div>\n                                        <div class=\"col-12 col-lg-5 content-col d-flex align-items-center\">\n                        <div class=\"acf-innerblocks-container\">\n\n<h2 class=\"wp-block-heading\">Personal advice<\/h2>\n\n\n\n<p class=\"has-text-align-left is-style-paragraph-1\">We take time for you and offer you customized advice and treatment for your individual result.<\/p>\n\n\n<div id=\"bptb-block-button-group-69f48b34ac3d4\" class=\"bp-block-button-group\">\n    <div class=\"acf-innerblocks-container d-flex flex-wrap flex-row justify-content-start\">\n\n<a href=\"https:\/\/www.centerplast.de\/terminbuchung\/\"\n   class=\"bp-block-button-item btn btn-icon-link btn-appointment-circle\"\n   target=\"_blank\"\n>\n                                <i class=\"icon icon-appointment-circle\"><\/i>\n            \n    <span class=\"btn-text \">\n        Termin auf doctolib buchen\n    <\/span>\n\n<\/a>\n\n\n        <a href=\"https:\/\/www.centerplast.de\/en\/about-us\/practice\/video-consultation\/\" class=\"bp-block-button-item btn btn-icon-link btn-icon  btn-video-consultation-circle\" target=\"\">\n                                                <i class=\"icon icon-video-consultation-circle\"><\/i>\n                                        <span class=\"btn-text text-primary\">Book a video consultation<\/span>\n            <\/a>\n\n<\/div>\n<\/div>\n<\/div>\n                    <\/div>\n                <\/div>\n            <\/div>\n        <\/div>\n    <\/div>\n<\/div>\n\n\n\n<\/div>\n\n<\/div>\n\n\n\n","protected":false},"featured_media":5765,"parent":6677,"menu_order":0,"template":"","meta":{"_acf_changed":false,"_seopress_robots_primary_cat":"","_seopress_titles_title":"Lower eyelid lift in Saarbr\u00fccken | CenterPlast","_seopress_titles_desc":"Correction of the lower eyelids \u2713 Modern techniques \u2713 Experienced specialists \u2713 Arrange a consultation now!","_seopress_robots_index":"","footnotes":""},"class_list":["post-6836","treatment","type-treatment","status-publish","has-post-thumbnail","hentry"],"acf":[],"_links":{"self":[{"href":"https:\/\/www.centerplast.de\/en\/wp-json\/wp\/v2\/treatment\/6836","targetHints":{"allow":["GET"]}}],"collection":[{"href":"https:\/\/www.centerplast.de\/en\/wp-json\/wp\/v2\/treatment"}],"about":[{"href":"https:\/\/www.centerplast.de\/en\/wp-json\/wp\/v2\/types\/treatment"}],"version-history":[{"count":5,"href":"https:\/\/www.centerplast.de\/en\/wp-json\/wp\/v2\/treatment\/6836\/revisions"}],"predecessor-version":[{"id":11227,"href":"https:\/\/www.centerplast.de\/en\/wp-json\/wp\/v2\/treatment\/6836\/revisions\/11227"}],"up":[{"embeddable":true,"href":"https:\/\/www.centerplast.de\/en\/wp-json\/wp\/v2\/treatment\/6677"}],"wp:featuredmedia":[{"embeddable":true,"href":"https:\/\/www.centerplast.de\/en\/wp-json\/wp\/v2\/media\/5765"}],"wp:attachment":[{"href":"https:\/\/www.centerplast.de\/en\/wp-json\/wp\/v2\/media?parent=6836"}],"curies":[{"name":"wp","href":"https:\/\/api.w.org\/{rel}","templated":true}]}}