{"id":11077,"date":"2024-12-09T07:42:15","date_gmt":"2024-12-09T06:42:15","guid":{"rendered":"https:\/\/www.centerplast.de\/mediathek\/magazin\/polymastie-causes-symptomes-et-traitement-de-la-formation-de-tissu-mammaire-supplementaire\/"},"modified":"2025-08-22T17:09:31","modified_gmt":"2025-08-22T15:09:31","slug":"polymastie-causes-symptomes-et-traitement-de-la-formation-de-tissu-mammaire-supplementaire","status":"publish","type":"magazine","link":"https:\/\/www.centerplast.de\/fr\/mediathek\/magazin\/polymastie-causes-symptomes-et-traitement-de-la-formation-de-tissu-mammaire-supplementaire\/","title":{"rendered":"Polymastie : causes, sympt\u00f4mes et traitement de la formation de tissu mammaire suppl\u00e9mentaire"},"content":{"rendered":"                                                    \n<div id=\"bptb-block-container-69f4d7b47b1d0\" class=\"bp-block-container alignfull position-relative bg-white pt-9 pt-lg-9 pb-8 pb-lg-0 is-layout-flow wp-block-bp-container-is-layout-flow\"\n        >\n\n    \n                            <div class=\"container container-small \">\n                    <div class=\"acf-innerblocks-container\">\n\n<p class=\"has-text-align-left is-style-headline-teaser has-primary-color has-text-color\">Magazine<\/p>\n\n\n\n<h1 class=\"wp-block-heading has-primary-color has-text-color\">Polymastie : causes, sympt\u00f4mes et traitement de la formation de tissu mammaire suppl\u00e9mentaire<\/h1>\n\n\n\n<figure class=\"wp-block-image size-large is-style-border-20\"><img decoding=\"async\" width=\"1024\" height=\"683\" src=\"https:\/\/www.centerplast.de\/wp-content\/uploads\/2024\/12\/polymastie-wird-durch-vor-frauenbrust-verschraenkte-arme-symbolisiert-1024x683.jpg\" loading=\"lazy\" alt=\"Les bras crois&#xE9;s devant la poitrine des femmes symbolisent la polymastie\" class=\"wp-image-10407\" srcset=\"https:\/\/www.centerplast.de\/wp-content\/uploads\/2024\/12\/polymastie-wird-durch-vor-frauenbrust-verschraenkte-arme-symbolisiert-1024x683.jpg 1024w, https:\/\/www.centerplast.de\/wp-content\/uploads\/2024\/12\/polymastie-wird-durch-vor-frauenbrust-verschraenkte-arme-symbolisiert-300x200.jpg 300w, https:\/\/www.centerplast.de\/wp-content\/uploads\/2024\/12\/polymastie-wird-durch-vor-frauenbrust-verschraenkte-arme-symbolisiert-768x512.jpg 768w, https:\/\/www.centerplast.de\/wp-content\/uploads\/2024\/12\/polymastie-wird-durch-vor-frauenbrust-verschraenkte-arme-symbolisiert-960x640.jpg 960w, https:\/\/www.centerplast.de\/wp-content\/uploads\/2024\/12\/polymastie-wird-durch-vor-frauenbrust-verschraenkte-arme-symbolisiert-480x320.jpg 480w, https:\/\/www.centerplast.de\/wp-content\/uploads\/2024\/12\/polymastie-wird-durch-vor-frauenbrust-verschraenkte-arme-symbolisiert-850x567.jpg 850w, https:\/\/www.centerplast.de\/wp-content\/uploads\/2024\/12\/polymastie-wird-durch-vor-frauenbrust-verschraenkte-arme-symbolisiert-600x400.jpg 600w, https:\/\/www.centerplast.de\/wp-content\/uploads\/2024\/12\/polymastie-wird-durch-vor-frauenbrust-verschraenkte-arme-symbolisiert-590x393.jpg 590w, https:\/\/www.centerplast.de\/wp-content\/uploads\/2024\/12\/polymastie-wird-durch-vor-frauenbrust-verschraenkte-arme-symbolisiert.jpg 1500w\" sizes=\"auto, (max-width: 1024px) 100vw, 1024px\" \/><\/figure>\n\n\n\n<p><\/p>\n\n\n\n<p class=\"has-text-align-left has-primary-color has-text-color\">Les seins f\u00e9minins peuvent \u00eatre affect\u00e9s par diff\u00e9rentes anomalies. Celles-ci peuvent \u00eatre cong\u00e9nitales ou appara\u00eetre au cours du d\u00e9veloppement mammaire et affecter l&rsquo;un ou l&rsquo;autre sein, voire les deux. Dans la plupart des cas, il s&rsquo;agit de modifications b\u00e9nignes.  <\/p>\n\n\n\n<p class=\"has-text-align-left has-primary-color has-text-color\">La \u00ab\u00a0polymastie\u00a0\u00bb en fait \u00e9galement partie. Cette maladie mammaire cong\u00e9nitale rare se caract\u00e9rise par un exc\u00e8s de tissu glandulaire. Cette malformation peut \u00eatre trait\u00e9e avec succ\u00e8s par une <a href=\"https:\/\/www.centerplast.de\/fr\/traitements\/seins-feminins\/correction-des-seins\/\">correction mammaire<\/a>. Nous vous donnons ci-dessous un aper\u00e7u des causes et des sympt\u00f4mes de la polymastie et vous informons sur l&rsquo;op\u00e9ration qui peut am\u00e9liorer votre bien-\u00eatre et votre qualit\u00e9 de vie.   <\/p>\n\n<\/div>\n                <\/div>\n            \n<\/div>\n\n<div id=\"bptb-block-table-of-content-69f4d7b47d6a8\" class=\"bp-block-table-of-content alignfull bg-blanc\"\n     data-type=\"automatic\"\n     \n     data-style=\"widget\"\n     data-cols=3\n     data-headlines=\"h2\">\n\n    \n                    <div class=\"container container-medium \">\n                    <div id=\"toc-content-69f4d7b47d6a9\" class=\"toc-container pt-lg-8 pb-lg-8\">\n        <div class=\"toc-header position-relative\">\n            <div class=\"h4 title text-primary mb-0 d-flex justify-content-between align-items-center collapsed\"\n                 data-toggle=\"collapse\" data-target=\"#collapse-toc-topics\"\n            >\n                <span>Table des mati\u00e8res<\/span>\n                <i class=\"icon icon-plus d-md-none\"><\/i>\n            <\/div>\n        <\/div>\n                    <ul id=\"collapse-toc-topics\" class=\"toc-topics list-unstyled mb-0\">\n                            <\/ul>\n            <\/div>\n\n    <button class=\"anchor-navigation-toggler shadow\">\n        <i class=\"icon icon-list\"><\/i>\n    <\/button>\n\n            <\/div>\n        \n    \n    <div class=\"acf-innerblocks-container\">\n                                                    \n<div id=\"bptb-block-container-69f4d7b47c669\" class=\"bp-block-container alignfull position-relative bg-white pt-9 pt-lg-0 pb-9 pb-lg-6 is-layout-flow wp-block-bp-container-is-layout-flow\"\n        >\n\n    \n                            <div class=\"container container-small \">\n                    <div class=\"acf-innerblocks-container\">\n\n<h2 class=\"wp-block-heading\">Qu&rsquo;est-ce que la polymastie et comment se d\u00e9veloppe-t-elle ?<\/h2>\n\n\n\n<p>La polymastie est la formation de tissu mammaire suppl\u00e9mentaire. Ce ph\u00e9nom\u00e8ne est particuli\u00e8rement fr\u00e9quent au niveau des aisselles et des muscles pectoraux, mais il peut \u00e9galement se manifester tout au long de la cr\u00eate mammaire. Le tissu mammaire exc\u00e9dentaire est souvent d\u00e9pourvu de mamelon ou d&rsquo;ar\u00e9ole.  <\/p>\n\n\n\n<p>Cette malformation est due \u00e0 une r\u00e9gression incompl\u00e8te de la cr\u00eate mammaire. La cr\u00eate mammaire est un \u00e9paississement naturel de la peau qui s&rsquo;\u00e9tend des deux c\u00f4t\u00e9s des aisselles jusqu&rsquo;\u00e0 la r\u00e9gion g\u00e9nitale. Elle se forme au cours du d\u00e9veloppement embryonnaire et dispara\u00eet normalement compl\u00e8tement au cours du d\u00e9veloppement, ne laissant que les seins normaux. Si ce processus est perturb\u00e9, comme dans le cas de la polymastie, des glandes mammaires ou des mamelons surnum\u00e9raires peuvent appara\u00eetre le long de cette ligne initiale.   <\/p>\n\n\n\n<h2 class=\"wp-block-heading\">Comment le tissu mammaire suppl\u00e9mentaire se manifeste-t-il ?<\/h2>\n\n\n\n<p>Une polymastie n&rsquo;est pas toujours reconnaissable au premier coup d&rsquo;\u0153il. Elle peut \u00eatre remarqu\u00e9e par les sympt\u00f4mes suivants : <\/p>\n\n\n\n<ul class=\"wp-block-list\">\n<li><strong>Gonflement ou protub\u00e9rance<\/strong>: un gonflement peut \u00eatre visible, en particulier dans l&rsquo;aisselle ou le long de la cr\u00eate laiteuse.<\/li>\n\n\n\n<li><strong>Douleurs cycliques<\/strong>: comme les tissus r\u00e9agissent aux changements hormonaux pendant le cycle menstruel, ils peuvent ressentir des tensions et des douleurs pendant cette p\u00e9riode.<\/li>\n\n\n\n<li><strong>Limitation de la mobilit\u00e9<\/strong>: S&rsquo;il s&rsquo;agit de grandes quantit\u00e9s de tissus dans la r\u00e9gion de l&rsquo;aisselle, la mobilit\u00e9 du bras peut \u00eatre douloureusement limit\u00e9e.<\/li>\n\n\n\n<li><strong>Le<\/strong> tissu mammaire visible peut poser un probl\u00e8me esth\u00e9tique et avoir un impact n\u00e9gatif sur la confiance en soi.<\/li>\n<\/ul>\n\n\n\n<p>Dans certains cas, le tissu glandulaire mammaire suppl\u00e9mentaire peut aussi passer inaper\u00e7u jusqu&rsquo;\u00e0 ce que des changements hormonaux, par exemple pendant la grossesse ou l&rsquo;allaitement, provoquent un gonflement.<\/p>\n\n\n\n<h2 class=\"wp-block-heading\">Avantages du traitement chirurgical de la polymastie<\/h2>\n\n\n\n<p>L&rsquo;ablation de l&rsquo;exc\u00e8s de tissu mammaire pr\u00e9sente des avantages esth\u00e9tiques, mais peut \u00e9galement \u00e9liminer les douleurs physiques. Vous vous sentez mieux et retrouvez votre qualit\u00e9 de vie. Parmi les avantages de l&rsquo;op\u00e9ration, on peut citer  <\/p>\n\n\n\n<ul class=\"wp-block-list\">\n<li><strong>Soulagement de la<\/strong> douleur : les douleurs cycliques ou m\u00eame permanentes peuvent \u00eatre \u00e9limin\u00e9es par l&rsquo;ablation des tissus.<\/li>\n\n\n\n<li><strong>Libert\u00e9 de mouvement<\/strong>: en particulier dans le cas de grandes quantit\u00e9s de tissus dans l&rsquo;aisselle, l&rsquo;op\u00e9ration peut permettre de retrouver une mobilit\u00e9 illimit\u00e9e des bras.<\/li>\n\n\n\n<li><strong>Am\u00e9lioration esth\u00e9tique<\/strong>: en \u00e9liminant les protub\u00e9rances ou les gonflements, vous pouvez retrouver votre confiance en vous.<\/li>\n\n\n\n<li><strong>R\u00e9sultats \u00e0 long terme<\/strong>: Une fois que l&rsquo;exc\u00e8s de tissu a \u00e9t\u00e9 retir\u00e9, il ne se reforme pas.<\/li>\n<\/ul>\n\n\n\n<h2 class=\"wp-block-heading\">Op\u00e9ration de la polymastie : comment le tissu mammaire suppl\u00e9mentaire est-il retir\u00e9 ?<\/h2>\n\n\n\n<p>La polymastie, et donc ses sympt\u00f4mes, peut \u00eatre corrig\u00e9e par une correction mammaire. L&rsquo;op\u00e9ration de la polymastie dure g\u00e9n\u00e9ralement environ 60 minutes. Apr\u00e8s une consultation d\u00e9taill\u00e9e, une planification minutieuse et un marquage de la zone concern\u00e9e, l&rsquo;exc\u00e9dent de tissu est retir\u00e9 par de petites incisions. Pour ce faire, on a recours \u00e0 une technique tr\u00e8s peu cicatrisante.   <\/p>\n\n\n\n<p>Dans le cas de seins tr\u00e8s volumineux en exc\u00e8s, il convient d&rsquo;envisager l&rsquo;ablation du rev\u00eatement cutan\u00e9. Cette intervention peut s&rsquo;accompagner d&rsquo;une cicatrice de quelques centim\u00e8tres. Apr\u00e8s l&rsquo;intervention, la patiente est suivie de pr\u00e8s et re\u00e7oit des informations d\u00e9taill\u00e9es sur les soins postop\u00e9ratoires appropri\u00e9s afin de favoriser la gu\u00e9rison, de rendre la cicatrisation aussi discr\u00e8te que possible et d&rsquo;\u00e9viter les complications.  <\/p>\n\n\n\n<h3 class=\"wp-block-heading\">Pr\u00e9paration et suivi : \u00e0 quoi faut-il faire attention ?<\/h3>\n\n\n\n<p>Pour que le traitement soit efficace, une pr\u00e9paration minutieuse est essentielle. Il s&rsquo;agit notamment d&rsquo;\u00e9viter l&rsquo;alcool et la nicotine et d&rsquo;adapter certains m\u00e9dicaments apr\u00e8s avoir consult\u00e9 votre m\u00e9decin traitant. Ces produits comprennent par exemple les pr\u00e9parations hormonales ainsi que les m\u00e9dicaments qui fluidifient le sang.  <\/p>\n\n\n\n<p>Apr\u00e8s l&rsquo;intervention, vous devez \u00e9viter les activit\u00e9s sportives, les efforts physiques et le sauna pendant au moins quatre semaines. Des rendez-vous de contr\u00f4le r\u00e9guliers permettent de s&rsquo;assurer que la cicatrisation se d\u00e9roule de mani\u00e8re optimale. \u00c0 partir de la troisi\u00e8me semaine postop\u00e9ratoire, des massages peuvent contribuer au soin des cicatrices. Nous vous informerons en d\u00e9tail \u00e0 ce sujet au pr\u00e9alable.   <\/p>\n\n\n\n<h2 class=\"wp-block-heading\">Quand est-il utile d&rsquo;enlever une polymastie ?<\/h2>\n\n\n\n<p>La d\u00e9cision d&rsquo;enlever l&rsquo;exc\u00e8s de tissu mammaire d\u00e9pend de diff\u00e9rents facteurs. L&rsquo;ablation peut \u00eatre m\u00e9dicalement n\u00e9cessaire en cas de douleur ou de limitation des mouvements. Des raisons esth\u00e9tiques peuvent \u00e9galement jouer un r\u00f4le.  <\/p>\n\n\n\n<p>Une intervention chirurgicale est particuli\u00e8rement conseill\u00e9e avant un projet de grossesse. En effet, les modifications hormonales peuvent entra\u00eener une nouvelle augmentation du tissu mammaire suppl\u00e9mentaire, ce qui peut nuire \u00e0 l&rsquo;\u00e9lasticit\u00e9 de la peau. <\/p>\n\n\n\n<h2 class=\"wp-block-heading\">Consultation individuelle dans notre cabinet \u00e0 Sarrebruck<\/h2>\n\n\n\n<p>La polymastie peut \u00eatre non seulement physiquement, mais aussi psychologiquement p\u00e9nible. L&rsquo;ablation de l&rsquo;exc\u00e9dent de tissu mammaire permet g\u00e9n\u00e9ralement de rem\u00e9dier compl\u00e8tement aux sympt\u00f4mes, ce qui entra\u00eene en fin de compte une nette am\u00e9lioration de la qualit\u00e9 de vie. <\/p>\n\n\n\n<p>Si vous souffrez des sympt\u00f4mes de la polymastie ou si vous n&rsquo;\u00eates pas satisfaite de son apparence, nous sommes \u00e0 votre disposition pour vous aider. Prenez rendez-vous pour une consultation personnelle afin de vous informer sur les possibilit\u00e9s de correction des seins chez CenterPlast. Nous vous conseillerons avec empathie et de mani\u00e8re individuelle afin de trouver la solution optimale pour vous et vous aider \u00e0 vous sentir mieux.  <\/p>\n\n\n<div id=\"bptb-block-button-group-69f4d7b47c3e7\" class=\"bp-block-button-group\">\n    <div class=\"acf-innerblocks-container d-flex flex-wrap flex-row justify-content-start\">\n        <a href=\"https:\/\/www.centerplast.de\/terminbuchung\/\/booking\/insurance-sector?specialityId=1297&amp;telehealth=false&amp;placeId=practice-115021&amp;bookingFunnelSource=profile\" class=\"bp-block-button-item btn btn-icon-link btn-icon  btn-arrow-circle-coloured-right\" target=\"_blank\">\n                                                <svg xmlns=\"http:\/\/www.w3.org\/2000\/svg\" xml:space=\"preserve\" x=\"0\" y=\"0\" version=\"1.1\" viewBox=\"0 0 64 64\">\n  <circle id=\"Ellipse_34\" cx=\"36.6\" cy=\"31.8\" r=\"26.8\" style=\"fill:#d9c69e\"\/>\n\t<g transform=\"translate(0 20)\">\n    <path d=\"M43.5 19.9c-.3 0-.5-.1-.7-.3-.4-.4-.4-1 0-1.4l6.3-6.3-6.3-6.3c-.4-.4-.4-1 0-1.4.4-.4 1-.4 1.4 0l7.7 7.7-7.7 7.7c-.2.2-.4.3-.7.3z\" class=\"st1\"\/>\n\t\t<path d=\"M43.5 12.9H1.4c-.6 0-1-.4-1-1s.4-1 1-1h42.1c.6 0 1 .4 1 1s-.4 1-1 1z\" class=\"st1\"\/>\n  <\/g>\n<\/svg>\n                                        <span class=\"btn-text text-primaire\">Demandez conseil !<\/span>\n            <\/a>\n\n<\/div>\n<\/div>\n<\/div>\n                <\/div>\n            \n<\/div>\n\n<\/div>\n\n<\/div>\n\n\n\n                                                    \n<div id=\"bptb-block-container-69f4d7b47dbbe\" class=\"bp-block-container alignfull position-relative bg-white pt-9 pt-lg-0 pb-9 pb-lg-9 is-layout-flow wp-block-bp-container-is-layout-flow\"\n        >\n\n    \n                            <div class=\"container container-small \">\n                    <div class=\"acf-innerblocks-container\">\n<div id=\"bptb-block-social-share-69f4d7b47d9c0\" class=\"bp-block-social-share \">\n    <div class=\"social-share-container\">\n        <ul class=\"list-unstyled list-inline share-desktop mb-0\">\n            <div class=\"fw-medium mb-2\">TEILEN<\/div>\n                            <li class=\"list-inline-item\">\n                    <a\n                        href=\"https:\/\/www.facebook.com\/sharer\/sharer.php?u=https:\/\/www.centerplast.de\/fr\/mediathek\/magazin\/polymastie-causes-symptomes-et-traitement-de-la-formation-de-tissu-mammaire-supplementaire\/\"\n                        rel=\"noopener\"\n                        target=\"_blank\"\n                        class=\"social-icon\"\n                        aria-label=\"Diesen Beitrag auf Facebook teilen\"\n                        title=\"Facebook\"\n                    >\n                        <i class=\"icon icon-facebook\" aria-hidden=\"true\"><\/i>\n                    <\/a>\n                <\/li>\n                            <li class=\"list-inline-item\">\n                    <a\n                        href=\"https:\/\/api.whatsapp.com\/send?text=https:\/\/www.centerplast.de\/fr\/mediathek\/magazin\/polymastie-causes-symptomes-et-traitement-de-la-formation-de-tissu-mammaire-supplementaire\/\"\n                        rel=\"noopener\"\n                        target=\"_blank\"\n                        class=\"social-icon\"\n                        aria-label=\"Diesen Beitrag auf Whatsapp teilen\"\n                        title=\"Whatsapp\"\n                    >\n                        <i class=\"icon icon-whatsapp\" aria-hidden=\"true\"><\/i>\n                    <\/a>\n                <\/li>\n                            <li class=\"list-inline-item\">\n                    <a\n                        href=\"https:\/\/twitter.com\/intent\/tweet?url=https:\/\/www.centerplast.de\/fr\/mediathek\/magazin\/polymastie-causes-symptomes-et-traitement-de-la-formation-de-tissu-mammaire-supplementaire\/\"\n                        rel=\"noopener\"\n                        target=\"_blank\"\n                        class=\"social-icon\"\n                        aria-label=\"Diesen Beitrag auf Diesen Beitrag teilen auf Twitter teilen\"\n                        title=\"Diesen Beitrag teilen auf Twitter\"\n                    >\n                        <i class=\"icon icon-twitter\" aria-hidden=\"true\"><\/i>\n                    <\/a>\n                <\/li>\n                            <li class=\"list-inline-item\">\n                    <a\n                        href=\"https:\/\/www.linkedin.com\/shareArticle\/?mini=true&amp;url=https:\/\/www.centerplast.de\/fr\/mediathek\/magazin\/polymastie-causes-symptomes-et-traitement-de-la-formation-de-tissu-mammaire-supplementaire\/\"\n                        rel=\"noopener\"\n                        target=\"_blank\"\n                        class=\"social-icon\"\n                        aria-label=\"Diesen Beitrag auf Diesen Beitrag auf LinkedIn teilen\"\n                        title=\"Diesen Beitrag auf LinkedIn\"\n                    >\n                        <i class=\"icon icon-linkedin\" aria-hidden=\"true\"><\/i>\n                    <\/a>\n                <\/li>\n                    <\/ul>\n    <\/div>\n<\/div>\n\n\n\n\n\n<\/div>\n                <\/div>\n            \n<\/div>\n                                                    \n<div id=\"bptb-block-container-69f4d7b483aac\" class=\"bp-block-container alignfull position-relative bg-secondary-light pt-9 pt-lg-9 pb-9 pb-lg-9 is-layout-flow wp-block-bp-container-is-layout-flow\"\n        >\n\n    \n                            <div class=\"container container-medium \">\n                    <div class=\"acf-innerblocks-container\">\n\n<h3 class=\"wp-block-heading is-style-display-3\">\u00c4hnliche Beitr\u00e4ge zum Thema K\u00f6rper<\/h3>\n\n\n<div id=\"bptb-block-archive-post-69f4d7b483780\" class=\"bp-block-archive-post\">\n            <div class=\"slider-container height-cards\">\n    <div id=\"slider-69f4d7b483850\"\n         class=\"swiper slider \"\n         data-slider-config=\"{&quot;slidesPerView&quot;:1,&quot;spaceBetween&quot;:20,&quot;breakpoints&quot;:{&quot;768&quot;:{&quot;slidesPerView&quot;:&quot;1&quot;},&quot;1024&quot;:{&quot;slidesPerView&quot;:&quot;2&quot;},&quot;1416&quot;:{&quot;slidesPerView&quot;:&quot;3&quot;}}}\"              >\n        <div class=\"swiper-wrapper\">\n                                                <div class=\"swiper-slide h-100 \">\n                        <div class=\"card card-post h-100 \">\n\n            <a class=\"stretched-link\" href=\"https:\/\/www.centerplast.de\/fr\/mediathek\/magazin\/se-debarrasser-de-la-graisse-des-hanches-les-methodes-les-plus-efficaces-pour-affiner-la-taille\/\" title=\"Se d\u00e9barrasser de la graisse des hanches : Les m\u00e9thodes les plus efficaces pour affiner la taille\">\n                            <span class=\"visually-hidden\">Se d\u00e9barrasser de la graisse des hanches : Les m\u00e9thodes les plus efficaces pour affiner la taille<\/span>\n                    <\/a>\n        \n    <div class=\"card-img-top-container position-relative overflow-hidden\">\n        <img decoding=\"async\" src=\"https:\/\/www.centerplast.de\/wp-content\/uploads\/2025\/02\/hueftspeck-loswerden-wird-durch-kneifende-hand-in-huefte-symbolisiert-535x300.jpg\"\n             alt=\"Kneifende Hand in H\u00fcfte symbolisiert H\u00fcftspeck loswerden\"\n             width=\"535\"\n             height=\"300\" loading=\"lazy\"\n             class=\"card-img-top img-fluid w-100 object-fit-cover\">\n    <\/div>\n\n    <div class=\"card-body d-flex flex-column justify-content-between \">\n        <div class=\"top-content\">\n            <h3 class=\"h5 mb-3 mt-3\">Se d\u00e9barrasser de la graisse des hanches : Les m\u00e9thodes les plus efficaces pour affiner la taille<\/h3>\n            \n                            <p class=\"text-primary pb-2 d-flex align-items-center\">Zum Beitrag <i class=\"icon icon-chevron-right ms-1\"><\/i><\/p>\n            \n        <\/div>\n\n    <\/div>\n<\/div>                    <\/div>\n                                    <div class=\"swiper-slide h-100 \">\n                        <div class=\"card card-post h-100 \">\n\n            <a class=\"stretched-link\" href=\"https:\/\/www.centerplast.de\/fr\/mediathek\/magazin\/raffermissement-de-la-peau-apres-une-perte-de-poids-possibilites-deliminer-lexces-de-peau-au-niveau-du-ventre\/\" title=\"Raffermissement de la peau apr\u00e8s une perte de poids : possibilit\u00e9s d&rsquo;\u00e9liminer l&rsquo;exc\u00e8s de peau au niveau du ventre\">\n                            <span class=\"visually-hidden\">Raffermissement de la peau apr\u00e8s une perte de poids : possibilit\u00e9s d&rsquo;\u00e9liminer l&rsquo;exc\u00e8s de peau au niveau du ventre<\/span>\n                    <\/a>\n        \n    <div class=\"card-img-top-container position-relative overflow-hidden\">\n        <img decoding=\"async\" src=\"https:\/\/www.centerplast.de\/wp-content\/uploads\/2024\/12\/hautstraffung-nach-gewichtsabnahme-wird-durch-ueberschuessige-haut-amb-auch-symbolisiert-535x300.jpg\"\n             alt=\"\u00dcbersch\u00fcssige Haut am Bauch symbolisiert Hautstraffung nach Gewichtsabnahme\n\"\n             width=\"535\"\n             height=\"300\" loading=\"lazy\"\n             class=\"card-img-top img-fluid w-100 object-fit-cover\">\n    <\/div>\n\n    <div class=\"card-body d-flex flex-column justify-content-between \">\n        <div class=\"top-content\">\n            <h3 class=\"h5 mb-3 mt-3\">Raffermissement de la peau apr\u00e8s une perte de poids : possibilit\u00e9s d&rsquo;\u00e9liminer l&rsquo;exc\u00e8s de peau au niveau du ventre<\/h3>\n            \n                            <p class=\"text-primary pb-2 d-flex align-items-center\">Zum Beitrag <i class=\"icon icon-chevron-right ms-1\"><\/i><\/p>\n            \n        <\/div>\n\n    <\/div>\n<\/div>                    <\/div>\n                                    <div class=\"swiper-slide h-100 \">\n                        <div class=\"card card-post h-100 \">\n\n            <a class=\"stretched-link\" href=\"https:\/\/www.centerplast.de\/fr\/mediathek\/magazin\/se-debarrasser-des-bras-de-fer-conseils-pour-raffermir-les-bras\/\" title=\"Se d\u00e9barrasser des bras de fer : Conseils pour raffermir les bras\">\n                            <span class=\"visually-hidden\">Se d\u00e9barrasser des bras de fer : Conseils pour raffermir les bras<\/span>\n                    <\/a>\n        \n    <div class=\"card-img-top-container position-relative overflow-hidden\">\n        <img decoding=\"async\" src=\"https:\/\/www.centerplast.de\/wp-content\/uploads\/2024\/12\/winkearme-loswerden-frauen-oberarm-mit-haengender-haut-535x300.jpg\"\n             alt=\"H\u00e4ngende Haut an Oberarm symbolisiert Winkearme loswerden\"\n             width=\"535\"\n             height=\"300\" loading=\"lazy\"\n             class=\"card-img-top img-fluid w-100 object-fit-cover\">\n    <\/div>\n\n    <div class=\"card-body d-flex flex-column justify-content-between \">\n        <div class=\"top-content\">\n            <h3 class=\"h5 mb-3 mt-3\">Se d\u00e9barrasser des bras de fer : Conseils pour raffermir les bras<\/h3>\n            \n                            <p class=\"text-primary pb-2 d-flex align-items-center\">Zum Beitrag <i class=\"icon icon-chevron-right ms-1\"><\/i><\/p>\n            \n        <\/div>\n\n    <\/div>\n<\/div>                    <\/div>\n                                    <div class=\"swiper-slide h-100 \">\n                        <div class=\"card card-post h-100 \">\n\n            <a class=\"stretched-link\" href=\"https:\/\/www.centerplast.de\/fr\/mediathek\/magazin\/graisse-au-dessus-des-genoux-causes-conseils-et-traitement\/\" title=\"graisse au-dessus des genoux : Causes, conseils et traitement\">\n                            <span class=\"visually-hidden\">graisse au-dessus des genoux : Causes, conseils et traitement<\/span>\n                    <\/a>\n        \n    <div class=\"card-img-top-container position-relative overflow-hidden\">\n        <img decoding=\"async\" src=\"https:\/\/www.centerplast.de\/wp-content\/uploads\/2024\/12\/fett-ueber-den-knien-wird-durch-kneifende-frauenhaende-an-knien-symbolisiert-535x300.jpg\"\n             alt=\"Kneifende Frauenh\u00e4nde an Knien symbolisieren Fett \u00fcber den Knien\"\n             width=\"535\"\n             height=\"300\" loading=\"lazy\"\n             class=\"card-img-top img-fluid w-100 object-fit-cover\">\n    <\/div>\n\n    <div class=\"card-body d-flex flex-column justify-content-between \">\n        <div class=\"top-content\">\n            <h3 class=\"h5 mb-3 mt-3\">graisse au-dessus des genoux : Causes, conseils et traitement<\/h3>\n            \n                            <p class=\"text-primary pb-2 d-flex align-items-center\">Zum Beitrag <i class=\"icon icon-chevron-right ms-1\"><\/i><\/p>\n            \n        <\/div>\n\n    <\/div>\n<\/div>                    <\/div>\n                                    <div class=\"swiper-slide h-100 \">\n                        <div class=\"card card-post h-100 \">\n\n            <a class=\"stretched-link\" href=\"https:\/\/www.centerplast.de\/fr\/mediathek\/magazin\/comment-se-compose-le-cout-dune-abdominoplastie\/\" title=\"Comment se compose le co\u00fbt d&rsquo;une abdominoplastie ?\">\n                            <span class=\"visually-hidden\">Comment se compose le co\u00fbt d&rsquo;une abdominoplastie ?<\/span>\n                    <\/a>\n        \n    <div class=\"card-img-top-container position-relative overflow-hidden\">\n        <img decoding=\"async\" src=\"https:\/\/www.centerplast.de\/wp-content\/uploads\/2024\/12\/bauchdeckenstraffung-kosten-wird-durch-frauenhaende-vor-bauch-symbolisiert-535x300.jpg\"\n             alt=\"Frauenh\u00e4nde vor Bauch symbolisieren Bauchdeckenstraffung Kosten\"\n             width=\"535\"\n             height=\"300\" loading=\"lazy\"\n             class=\"card-img-top img-fluid w-100 object-fit-cover\">\n    <\/div>\n\n    <div class=\"card-body d-flex flex-column justify-content-between \">\n        <div class=\"top-content\">\n            <h3 class=\"h5 mb-3 mt-3\">Comment se compose le co\u00fbt d&rsquo;une abdominoplastie ?<\/h3>\n            \n                            <p class=\"text-primary pb-2 d-flex align-items-center\">Zum Beitrag <i class=\"icon icon-chevron-right ms-1\"><\/i><\/p>\n            \n        <\/div>\n\n    <\/div>\n<\/div>                    <\/div>\n                                    <div class=\"swiper-slide h-100 \">\n                        <div class=\"card card-post h-100 \">\n\n            <a class=\"stretched-link\" href=\"https:\/\/www.centerplast.de\/fr\/mediathek\/magazin\/methodes-dabdominoplastie-quelle-est-la-procedure-qui-vous-convient-le-mieux\/\" title=\"M\u00e9thodes d&rsquo;abdominoplastie &#8211; Quelle est la proc\u00e9dure qui vous convient le mieux ?\">\n                            <span class=\"visually-hidden\">M\u00e9thodes d&rsquo;abdominoplastie &#8211; Quelle est la proc\u00e9dure qui vous convient le mieux ?<\/span>\n                    <\/a>\n        \n    <div class=\"card-img-top-container position-relative overflow-hidden\">\n        <img decoding=\"async\" src=\"https:\/\/www.centerplast.de\/wp-content\/uploads\/2024\/10\/methoden-der-bauchdeckenstraffung-centerplast-535x300.jpg\"\n             alt=\"Frau mit Fettsch\u00fcrze\"\n             width=\"535\"\n             height=\"300\" loading=\"lazy\"\n             class=\"card-img-top img-fluid w-100 object-fit-cover\">\n    <\/div>\n\n    <div class=\"card-body d-flex flex-column justify-content-between \">\n        <div class=\"top-content\">\n            <h3 class=\"h5 mb-3 mt-3\">M\u00e9thodes d&rsquo;abdominoplastie &#8211; Quelle est la proc\u00e9dure qui vous convient le mieux ?<\/h3>\n            \n                            <p class=\"text-primary pb-2 d-flex align-items-center\">Zum Beitrag <i class=\"icon icon-chevron-right ms-1\"><\/i><\/p>\n            \n        <\/div>\n\n    <\/div>\n<\/div>                    <\/div>\n                                    <div class=\"swiper-slide h-100 \">\n                        <div class=\"card card-post h-100 \">\n\n            <a class=\"stretched-link\" href=\"https:\/\/www.centerplast.de\/fr\/mediathek\/magazin\/diastase-du-rectus-apres-laccouchement-detection-prevention-et-traitement\/\" title=\"Diastase du rectus apr\u00e8s l&rsquo;accouchement : d\u00e9tection, pr\u00e9vention et traitement\">\n                            <span class=\"visually-hidden\">Diastase du rectus apr\u00e8s l&rsquo;accouchement : d\u00e9tection, pr\u00e9vention et traitement<\/span>\n                    <\/a>\n        \n    <div class=\"card-img-top-container position-relative overflow-hidden\">\n        <img decoding=\"async\" src=\"https:\/\/www.centerplast.de\/wp-content\/uploads\/2024\/09\/rektusdiastase-nach-der-geburt-centerplast-saarbruecken-535x300.jpg\"\n             alt=\"Bauch mit Dehnungsstreifen und Rektusdiastase nach der Geburt\"\n             width=\"535\"\n             height=\"300\" loading=\"lazy\"\n             class=\"card-img-top img-fluid w-100 object-fit-cover\">\n    <\/div>\n\n    <div class=\"card-body d-flex flex-column justify-content-between \">\n        <div class=\"top-content\">\n            <h3 class=\"h5 mb-3 mt-3\">Diastase du rectus apr\u00e8s l&rsquo;accouchement : d\u00e9tection, pr\u00e9vention et traitement<\/h3>\n            \n                            <p class=\"text-primary pb-2 d-flex align-items-center\">Zum Beitrag <i class=\"icon icon-chevron-right ms-1\"><\/i><\/p>\n            \n        <\/div>\n\n    <\/div>\n<\/div>                    <\/div>\n                                    <div class=\"swiper-slide h-100 \">\n                        <div class=\"card card-post h-100 \">\n\n            <a class=\"stretched-link\" href=\"https:\/\/www.centerplast.de\/fr\/mediathek\/magazin\/un-ventre-qui-tombe-apres-une-grossesse-ce-que-vous-pouvez-faire-pour-vous-en-debarrasser\/\" title=\"Un ventre qui tombe apr\u00e8s une grossesse ? Ce que vous pouvez faire pour vous en d\u00e9barrasser\">\n                            <span class=\"visually-hidden\">Un ventre qui tombe apr\u00e8s une grossesse ? Ce que vous pouvez faire pour vous en d\u00e9barrasser<\/span>\n                    <\/a>\n        \n    <div class=\"card-img-top-container position-relative overflow-hidden\">\n        <img decoding=\"async\" src=\"https:\/\/www.centerplast.de\/wp-content\/uploads\/2024\/09\/haengebauch-nach-schwangerschaft-centerplast-saarbruecken-535x300.jpg\"\n             alt=\"Frau mit H\u00e4ngebauch nach Schwangerschaft\"\n             width=\"535\"\n             height=\"300\" loading=\"lazy\"\n             class=\"card-img-top img-fluid w-100 object-fit-cover\">\n    <\/div>\n\n    <div class=\"card-body d-flex flex-column justify-content-between \">\n        <div class=\"top-content\">\n            <h3 class=\"h5 mb-3 mt-3\">Un ventre qui tombe apr\u00e8s une grossesse ? Ce que vous pouvez faire pour vous en d\u00e9barrasser<\/h3>\n            \n                            <p class=\"text-primary pb-2 d-flex align-items-center\">Zum Beitrag <i class=\"icon icon-chevron-right ms-1\"><\/i><\/p>\n            \n        <\/div>\n\n    <\/div>\n<\/div>                    <\/div>\n                                    <div class=\"swiper-slide h-100 \">\n                        <div class=\"card card-post h-100 \">\n\n            <a class=\"stretched-link\" href=\"https:\/\/www.centerplast.de\/fr\/mediathek\/magazin\/avant-et-apres-labdominoplastie-comment-se-preparer-et-se-reposer-au-mieux\/\" title=\"Avant et apr\u00e8s l&rsquo;abdominoplastie : comment se pr\u00e9parer et se reposer au mieux\">\n                            <span class=\"visually-hidden\">Avant et apr\u00e8s l&rsquo;abdominoplastie : comment se pr\u00e9parer et se reposer au mieux<\/span>\n                    <\/a>\n        \n    <div class=\"card-img-top-container position-relative overflow-hidden\">\n        <img decoding=\"async\" src=\"https:\/\/www.centerplast.de\/wp-content\/uploads\/2024\/09\/vor-und-nach-der-bauchdeckenstraffung-centerplast-saarbruecken-535x300.jpg\"\n             alt=\"Frau liegt auf Sofa und erholt sich von ihrer Bauchdeckenstraffung\"\n             width=\"535\"\n             height=\"300\" loading=\"lazy\"\n             class=\"card-img-top img-fluid w-100 object-fit-cover\">\n    <\/div>\n\n    <div class=\"card-body d-flex flex-column justify-content-between \">\n        <div class=\"top-content\">\n            <h3 class=\"h5 mb-3 mt-3\">Avant et apr\u00e8s l&rsquo;abdominoplastie : comment se pr\u00e9parer et se reposer au mieux<\/h3>\n            \n                            <p class=\"text-primary pb-2 d-flex align-items-center\">Zum Beitrag <i class=\"icon icon-chevron-right ms-1\"><\/i><\/p>\n            \n        <\/div>\n\n    <\/div>\n<\/div>                    <\/div>\n                                    <\/div>\n    <\/div>\n\n    <div class=\"swiper-controls mt-5\">\n        <div class=\"swiper-arrow swiper-button-prev\"><i class=\"icon icon-arrow-circle-left\"><\/i><\/div>\n\n        <div class=\"swiper-pagination\"><\/div>\n        <div class=\"swiper-scrollbar\"><\/div>\n\n        <div class=\"swiper-arrow swiper-button-next\"><i class=\"icon icon-arrow-circle-right\"><\/i><\/div>\n    <\/div>\n\n    <\/div>\n\n    \n    <\/div>\n<\/div>\n                <\/div>\n            \n<\/div>\n                                  \n<div id=\"bptb-block-container-69f4d7b483db2\" class=\"bp-block-container alignfull position-relative bg-white pt-6 pt-lg-0 pb-6 pb-lg-0 is-layout-flow wp-block-bp-container-is-layout-flow\"\n        >\n\n    \n                            <div class=\"container container-small \">\n                    <div class=\"acf-innerblocks-container\"><\/div>\n                <\/div>\n            \n<\/div>\n                                  \n<div id=\"bptb-block-container-69f4d7b483ea8\" class=\"bp-block-container alignfull position-relative bg-white pt-6 pt-lg-0 pb-6 pb-lg-0 is-layout-flow wp-block-bp-container-is-layout-flow\"\n        >\n\n    \n                            <div class=\"container container-small \">\n                    <div class=\"acf-innerblocks-container\">\n\n<p><\/p>\n\n<\/div>\n                <\/div>\n            \n<\/div>\n","protected":false},"excerpt":{"rendered":"","protected":false},"featured_media":10409,"menu_order":0,"template":"","class_list":["post-11077","magazine","type-magazine","status-publish","has-post-thumbnail","hentry","category-magazine-poitrine"],"acf":[],"_links":{"self":[{"href":"https:\/\/www.centerplast.de\/fr\/wp-json\/wp\/v2\/magazine\/11077","targetHints":{"allow":["GET"]}}],"collection":[{"href":"https:\/\/www.centerplast.de\/fr\/wp-json\/wp\/v2\/magazine"}],"about":[{"href":"https:\/\/www.centerplast.de\/fr\/wp-json\/wp\/v2\/types\/magazine"}],"version-history":[{"count":1,"href":"https:\/\/www.centerplast.de\/fr\/wp-json\/wp\/v2\/magazine\/11077\/revisions"}],"predecessor-version":[{"id":11078,"href":"https:\/\/www.centerplast.de\/fr\/wp-json\/wp\/v2\/magazine\/11077\/revisions\/11078"}],"wp:featuredmedia":[{"embeddable":true,"href":"https:\/\/www.centerplast.de\/fr\/wp-json\/wp\/v2\/media\/10409"}],"wp:attachment":[{"href":"https:\/\/www.centerplast.de\/fr\/wp-json\/wp\/v2\/media?parent=11077"}],"curies":[{"name":"wp","href":"https:\/\/api.w.org\/{rel}","templated":true}]}}