{"id":6827,"date":"2024-02-14T10:24:07","date_gmt":"2024-02-14T09:24:07","guid":{"rendered":"https:\/\/www.centerplast.de\/behandlungen\/seins-feminins\/raffermissement-des-seins\/"},"modified":"2024-04-23T14:22:59","modified_gmt":"2024-04-23T12:22:59","slug":"raffermissement-des-seins","status":"publish","type":"treatment","link":"https:\/\/www.centerplast.de\/fr\/traitements\/seins-feminins\/raffermissement-des-seins\/","title":{"rendered":"Raffermissement des seins"},"content":{"rendered":"<section id=\"bptb-block-page-header-69f5a858b45c9\" class=\"bp-block-page-header position-relative alignfull\" data-type=\"video_small\"\n         \n>\n            \n    \n    \n            <div class=\"outer-container hide-overlay\">\n    <div class=\"content-container d-flex h-100\n     align-items-center\n    bg-secondary pt-5 pt-lg-9 pb-5 pb-lg-8 \">\n        <div class=\"inner container\">\n            <div class=\"row justify-content-center\">\n                <div class=\"col-12 col-lg-12\"\n                     data-aos=\"fade-down\"\n                     data-aos-anchor=\"#bptb-block-page-header-69f5a858b45c9\">\n                    <div class=\"acf-innerblocks-container\">\n\n<h1 class=\"wp-block-heading has-text-align-center is-style-default has-primary-color has-text-color has-link-color wp-elements-0054e1d47c466f21185f69fcc966944d\">Lifting des seins en Saarland<\/h1>\n\n\n<div id=\"bptb-block-button-group-69f5a858b2735\" class=\"bp-block-button-group\">\n    <div class=\"acf-innerblocks-container d-flex flex-wrap flex-row justify-content-center\">\n        <a href=\"https:\/\/www.centerplast.de\/terminbuchung\/\/booking\/insurance-sector?specialityId=1297&amp;telehealth=false&amp;placeId=practice-115021&amp;bookingFunnelSource=profile\" class=\"bp-block-button-item btn btn-icon-link btn-icon  btn-arrow-circle-white-right\" target=\"_blank\">\n                                                <i class=\"icon icon-arrow-circle-white-right\"><\/i>\n                                        <span class=\"btn-text text-primaire\">Prendre rendez-vous<\/span>\n            <\/a>\n\n<\/div>\n<\/div>\n<\/div>\n                <\/div>\n            <\/div>\n        <\/div>\n    <\/div>\n   <div class=\"video-container d-flex justify-content-center\" data-overlapping=\"true\">\n       <div class=\"video-holder container position-relative has-play-icon\">\n           \n           \n               <div class=\"image-holder position-relative\">\n                   <img fetchpriority=\"high\" decoding=\"async\" src=\"https:\/\/www.centerplast.de\/wp-content\/uploads\/2024\/02\/video-zur-bruststraffung.jpg\"\n                        alt=\"\"\n                        width=\"850\"\n                        height=\"475\"\n                        loading=\"eager\" class=\"img-fluid video-thumbnail d-block position-relative\"\n                        data-bs-toggle=\"modal\"\n                        data-bs-target=\"#videoModal-page-header\"\n                        data-video-id=\"4a6bUOUHzNc\"\n                        data-modal-title=\"Video\"\n                   >\n\n\n                   <div class=\"button-holder\">\n                       <button class=\"stretched-link play-button border-0\"\n                               data-bs-toggle=\"modal\"\n                               data-bs-target=\"#videoModal-page-header\"\n                               data-video-id=\"4a6bUOUHzNc\"\n                               data-modal-title=\"Video\"\n                               title=\"Video abspielen\" aria-label=\"Video abspielen\"\n                       >\n                           <i class=\"icon icon-play\"><\/i>\n                       <\/button>\n                   <\/div>\n\n               <\/div>\n               <div class=\"modal fade\" id=\"videoModal-page-header\" tabindex=\"-1\" aria-hidden=\"true\">\n    <div class=\"modal-dialog modal-dialog-centered modal-xl\">\n        <div class=\"modal-content\">\n            <div class=\"modal-header\">\n                <p class=\"modal-title mb-0 fs-5\" id=\"videoModal-page-headerLabel\">Video<\/p>\n                <button type=\"button\" class=\"btn-close\" data-bs-dismiss=\"modal\" aria-label=\"Close\"><\/button>\n            <\/div>\n            <div class=\"modal-body p-0\">\n                <div class=\"video-wrapper d-none ratio ratio-16x9\">\n                    <div class=\"yt-player\" id=\"player-videoModal-page-header\"><\/div>\n                <\/div>\n                <div class=\"cookie-blocker-container py-4 px-5\">\n    <div class=\"cookie-blocker-box\">\n        <p class=\"mb-1\">Datenschutz<\/p>\n        <p class=\"h4 mt-0\">Contenu externe (YouTube)<\/p>\n\n        <p class=\"mb-2\">En chargeant le formulaire de contact, vous acceptez la d\u00e9claration de confidentialit\u00e9 suivante :<\/p>\n\n        <ul class=\"list-unstyled\">\n                            <li><a href=\"https:\/\/policies.google.com\/privacy?hl=de\" target=\"_blank\">D\u00e9claration de confidentialit\u00e9 YouTube (Google)<\/a><\/li>\n                    <\/ul>\n\n        <div class=\"d-flex justify-content-end flex-column flex-sm-row flex-wrap\">\n            <button\n                    type=\"button\"\n                    class=\"btn btn-outline-primary open-cookie-consent mb-3 mb-sm-0\"\n            >\n                R\u00e9glages\n            <\/button>\n            <button\n                    type=\"button\"\n                    class=\"btn btn-primary cookie-btn-one-time ms-sm-3\"\n                    data-cookie-category=\"external-media\"\n            >\n                Accepter\n            <\/button>\n        <\/div>\n    <\/div>\n<\/div>\n            <\/div>\n        <\/div>\n    <\/div>\n<\/div>\n           \n               <section class=\"breadcrumb-container  pt-3 py-lg-3 z-3 position-relative\">\n                                   <div class=\"row\">\n                    <div class=\"col-12\">\n                        <div class=\"animation-container overflow-navigation\" data-aos=\"fade-down\" data-aos-anchor=\"#page-header\">\n                            <nav  aria-label=\"Fil d&#039;Ariane\"><ol class=\"breadcrumb overflow-element\" itemscope itemtype=\"https:\/\/schema.org\/BreadcrumbList\"><li class=\"breadcrumb-item active\" aria-current=\"page\" itemprop=\"itemListElement\" itemscope itemtype=\"https:\/\/schema.org\/ListItem\"><span itemprop=\"name\">Page d&rsquo;accueil<\/span><meta itemprop=\"position\" content=\"1\"><\/li><\/ol><\/nav>\n                            <div class=\"overflow-navigation-items\">\n                                <button type=\"button\" class=\"btn btn-overflow btn-overflow-prev d-none\" aria-label=\"button left\">\n                                    <i class=\"icon icon-chevron-left\" title=\"left\"><\/i>\n                                <\/button>\n                                <button type=\"button\" class=\"btn btn-overflow btn-overflow-next\" aria-label=\"button right\">\n                                    <i class=\"icon icon-chevron-right\" title=\"right\"><\/i>\n                                <\/button>\n                            <\/div>\n                        <\/div>\n                    <\/div>\n                <\/div>\n                    <\/section>\n\n       <\/div>\n\n                  <div class=\"overlapping bg-secondary\"><\/div>\n       \n                  <div class=\"overlapping overlapping-bottom bg-secondary-light\"><\/div>\n       \n\n\n\n   <\/div>\n\n<\/div>\n\n    \n<\/section>\n\n\n                                                    \n<div id=\"bptb-block-container-69f5a858b7cda\" class=\"bp-block-container alignfull position-relative bg-secondary-light pt-6 pt-lg-9 pb-6 pb-lg-9 is-layout-flow wp-block-bp-container-is-layout-flow\"\n        >\n\n    \n                            <div class=\"container container-small \">\n                    <div class=\"acf-innerblocks-container\">\n\n<h2 class=\"wp-block-heading\">Raffermissement des seins : d\u00e9cidez pour votre corps<\/h2>\n\n\n\n<p>Les p\u00e9riodes de grossesse et d&rsquo;allaitement, les variations de poids et les changements tissulaires apr\u00e8s la m\u00e9nopause sont consid\u00e9r\u00e9s comme les principales causes de l&rsquo;<strong>affaissement des seins<\/strong>. De nombreuses femmes consid\u00e8rent qu&rsquo;une poitrine tombante <strong>est inesth\u00e9tique<\/strong> et <strong>contraignante<\/strong> et utilisent des soutiens-gorge de maintien sp\u00e9ciaux ou un soutien-gorge de sport, mais cela n&rsquo;apporte qu&rsquo;un soulagement limit\u00e9. Vous aussi, vous vous sentez mal \u00e0 l&rsquo;aise avec votre poitrine ? Vous \u00e9vitez de vous regarder dans le miroir ? Vous souhaitez retrouver un d\u00e9collet\u00e9 avec lequel vous vous sentez \u00e0 l&rsquo;aise ?<\/p>\n\n\n\n<p><strong>Se sentir bien, partout, tout le temps :<\/strong><\/p>\n\n\n\n<ul class=\"is-style-check wp-block-list\">\n<li>Que ce soit dans un sauna ou avec votre partenaire, vous ne ressentirez plus de g\u00eane.<\/li>\n\n\n\n<li>\u00c9quilibrer le corps gr\u00e2ce aux bonnes proportions<\/li>\n\n\n\n<li>Augmenter l&rsquo;attractivit\u00e9 gr\u00e2ce \u00e0 l&rsquo;augmentation mammaire<\/li>\n\n\n\n<li>Se passer des soutiens-gorge push-up g\u00eanants<\/li>\n<\/ul>\n\n\n<div id=\"bptb-block-button-group-69f5a858b68ba\" class=\"bp-block-button-group\">\n    <div class=\"acf-innerblocks-container d-flex flex-wrap flex-row justify-content-start\">\n        <a href=\"https:\/\/www.centerplast.de\/terminbuchung\/\/booking\/insurance-sector?specialityId=1297&amp;telehealth=false&amp;placeId=practice-115021&amp;bookingFunnelSource=profile\" class=\"bp-block-button-item btn btn-icon-link btn-icon  btn-arrow-circle-coloured-right\" target=\"_blank\">\n                                                <svg xmlns=\"http:\/\/www.w3.org\/2000\/svg\" xml:space=\"preserve\" x=\"0\" y=\"0\" version=\"1.1\" viewBox=\"0 0 64 64\">\n  <circle id=\"Ellipse_34\" cx=\"36.6\" cy=\"31.8\" r=\"26.8\" style=\"fill:#d9c69e\"\/>\n\t<g transform=\"translate(0 20)\">\n    <path d=\"M43.5 19.9c-.3 0-.5-.1-.7-.3-.4-.4-.4-1 0-1.4l6.3-6.3-6.3-6.3c-.4-.4-.4-1 0-1.4.4-.4 1-.4 1.4 0l7.7 7.7-7.7 7.7c-.2.2-.4.3-.7.3z\" class=\"st1\"\/>\n\t\t<path d=\"M43.5 12.9H1.4c-.6 0-1-.4-1-1s.4-1 1-1h42.1c.6 0 1 .4 1 1s-.4 1-1 1z\" class=\"st1\"\/>\n  <\/g>\n<\/svg>\n                                        <span class=\"btn-text text-primaire\">Prendre rendez-vous<\/span>\n            <\/a>\n\n<\/div>\n<\/div>\n<\/div>\n                <\/div>\n            \n<\/div>\n\n\n                                                    \n<div id=\"bptb-block-container-69f5a858b8c7d\" class=\"bp-block-container alignfull position-relative bg-white pt-6 pt-lg-9 pb-6 pb-lg-9 is-layout-flow wp-block-bp-container-is-layout-flow\"\n        >\n\n    \n                            <div class=\"container container-medium \">\n                    <div class=\"acf-innerblocks-container\">\n\n<h3 class=\"wp-block-heading has-text-align-center\">Ce que disent nos patients<\/h3>\n\n\n    <div id=\"bptb-block-provenexpert-69f5a858b8a9a\" class=\"bp-block-provenexpert wp-block-box\"\n         data-script-url=\"https:\/\/www.provenexpert.com\/widget\/landing_centerplast.js?feedback=0&amp;avatar=1&amp;competence=1&amp;style=white\"\n         data-style-url=\"https:\/\/www.provenexpert.com\/css\/widget_landing.css\">\n        <!-- ProvenExpert Bewertungssiegel -->\n        <div id=\"pewl\"><\/div>\n        \n        <!-- ProvenExpert Bewertungssiegel Ende -->\n    <\/div>\n\n<\/div>\n                <\/div>\n            \n<\/div>\n\n\n\n<div id=\"bptb-block-table-of-content-69f5a858cded7\" class=\"bp-block-table-of-content alignfull bg-secondary-light\"\n     data-type=\"individual\"\n     \n     data-style=\"widget\"\n     data-cols=3\n     data-headlines=\"\">\n\n    \n                    <div class=\"container container-medium \">\n                    <div id=\"toc-content-69f5a858cded8\" class=\"toc-container pt-5 pt-lg-9 pb-0 pb-lg-0\">\n        <div class=\"toc-header position-relative\">\n            <div class=\"h4 title text-primary mb-0 d-flex justify-content-between align-items-center collapsed\"\n                 data-toggle=\"collapse\" data-target=\"#collapse-toc-topics\"\n            >\n                <span>Table des mati\u00e8res<\/span>\n                <i class=\"icon icon-plus d-md-none\"><\/i>\n            <\/div>\n        <\/div>\n                    <ul id=\"collapse-toc-topics\" class=\"toc-topics list-unstyled mb-0\">\n                            <\/ul>\n            <\/div>\n\n    <button class=\"anchor-navigation-toggler shadow\">\n        <i class=\"icon icon-list\"><\/i>\n    <\/button>\n\n            <\/div>\n        \n    \n    <div class=\"acf-innerblocks-container\">\n                                                    \n<div id=\"bptb-block-container-69f5a858bce6b\" class=\"bp-block-container alignfull position-relative bg-secondary-light pt-6 pt-lg-9 pb-6 pb-lg-9 is-layout-flow wp-block-bp-container-is-layout-flow\"\n        >\n\n    \n                            <div class=\"container container-medium \">\n                    <div class=\"acf-innerblocks-container\">\n    <div class=\"bp-block-anchor blank-anchor is-layout-flow wp-block-bp-anchor-is-layout-flow\" id=\"en-un-coup-doeil\" data-title=\"En un coup d&#039;\u0153il\">\n        <div class=\"bp-block-anchor-innerblocks acf-innerblocks-container\"><\/div>\n    <\/div>\n\n    \n\n\n\n<h3 class=\"wp-block-heading is-style-display-3\">Informations en un coup d&rsquo;\u0153il<\/h3>\n\n\n<div id=\"bptb-block-treatment-short-info-69f5a858bcc20\" class=\"bp-block-treatment-short-info is-layout-flow wp-block-bp-treatment-short-info-is-layout-flow\">\n    <div class=\"row gx-md-7 gx-xl-3\">\n        <div class=\"col-12 col-lg\">\n            <div class=\"treatment-infos\">\n              <div class=\"row\">\n                                       <div class=\"col-lg-6\">\n                         <div class=\"treatment-info\">\n                             <div class=\"treatment-info-icon-container\">\n                                                                      <img decoding=\"async\"\n                                             src=\"https:\/\/www.centerplast.de\/wp-content\/uploads\/2024\/03\/op-dauer.svg\"\n                                             alt=\"Dur\u00e9e de l&#039;op\u00e9ration - Icon\"\n                                             width=\"60\"\n                                             height=\"60\"\n                                             loading=\"lazy\"\n                                             class=\"treatment-info-icon\"\n                                     >\n                                                              <\/div>\n\n                             <div class=\"content\">\n                                 <p class=\"treatment-info-title\">Dur\u00e9e de l&rsquo;op\u00e9ration<\/p>\n                                                                      <p>1,5 \u00e0 4 heures<\/p>\n                                                                                               <\/div>\n                         <\/div>\n                     <\/div>\n                                       <div class=\"col-lg-6\">\n                         <div class=\"treatment-info\">\n                             <div class=\"treatment-info-icon-container\">\n                                                                      <img decoding=\"async\"\n                                             src=\"https:\/\/www.centerplast.de\/wp-content\/uploads\/2024\/03\/nachbehandlung.svg\"\n                                             alt=\"Post-traitement - Icon\"\n                                             width=\"60\"\n                                             height=\"60\"\n                                             loading=\"lazy\"\n                                             class=\"treatment-info-icon\"\n                                     >\n                                                              <\/div>\n\n                             <div class=\"content\">\n                                 <p class=\"treatment-info-title\">Post-traitement<\/p>\n                                                                      <p>6 semaines<\/p>\n                                                                                               <\/div>\n                         <\/div>\n                     <\/div>\n                                       <div class=\"col-lg-6\">\n                         <div class=\"treatment-info\">\n                             <div class=\"treatment-info-icon-container\">\n                                                                      <img decoding=\"async\"\n                                             src=\"https:\/\/www.centerplast.de\/wp-content\/uploads\/2024\/03\/narkose.svg\"\n                                             alt=\"Anesth\u00e9sie - Icon\"\n                                             width=\"60\"\n                                             height=\"60\"\n                                             loading=\"lazy\"\n                                             class=\"treatment-info-icon\"\n                                     >\n                                                              <\/div>\n\n                             <div class=\"content\">\n                                 <p class=\"treatment-info-title\">Anesth\u00e9sie<\/p>\n                                                                      <p>Sommeil cr\u00e9pusculaire<\/p>\n                                                                                               <\/div>\n                         <\/div>\n                     <\/div>\n                                       <div class=\"col-lg-6\">\n                         <div class=\"treatment-info\">\n                             <div class=\"treatment-info-icon-container\">\n                                                                      <img decoding=\"async\"\n                                             src=\"https:\/\/www.centerplast.de\/wp-content\/uploads\/2024\/03\/fadenzug.svg\"\n                                             alt=\"Tirage de fil - Icon\"\n                                             width=\"60\"\n                                             height=\"60\"\n                                             loading=\"lazy\"\n                                             class=\"treatment-info-icon\"\n                                     >\n                                                              <\/div>\n\n                             <div class=\"content\">\n                                 <p class=\"treatment-info-title\">Tirage de fil<\/p>\n                                                                      <p>Fils auto-dissolvants<\/p>\n                                                                                               <\/div>\n                         <\/div>\n                     <\/div>\n                                       <div class=\"col-lg-6\">\n                         <div class=\"treatment-info\">\n                             <div class=\"treatment-info-icon-container\">\n                                                                      <img decoding=\"async\"\n                                             src=\"https:\/\/www.centerplast.de\/wp-content\/uploads\/2024\/03\/klinikaufenthalt.svg\"\n                                             alt=\"S\u00e9jour en clinique - Icon\"\n                                             width=\"60\"\n                                             height=\"60\"\n                                             loading=\"lazy\"\n                                             class=\"treatment-info-icon\"\n                                     >\n                                                              <\/div>\n\n                             <div class=\"content\">\n                                 <p class=\"treatment-info-title\">S\u00e9jour en clinique<\/p>\n                                                                      <p>Ambulatoire<\/p>\n                                                                                               <\/div>\n                         <\/div>\n                     <\/div>\n                                       <div class=\"col-lg-6\">\n                         <div class=\"treatment-info\">\n                             <div class=\"treatment-info-icon-container\">\n                                                                      <img decoding=\"async\"\n                                             src=\"https:\/\/www.centerplast.de\/wp-content\/uploads\/2024\/03\/gesellschaftsfaehig.svg\"\n                                             alt=\"Apte \u00e0 la vie en soci\u00e9t\u00e9 - Icon\"\n                                             width=\"60\"\n                                             height=\"60\"\n                                             loading=\"lazy\"\n                                             class=\"treatment-info-icon\"\n                                     >\n                                                              <\/div>\n\n                             <div class=\"content\">\n                                 <p class=\"treatment-info-title\">Apte \u00e0 la vie en soci\u00e9t\u00e9<\/p>\n                                                                      <p>apr\u00e8s 5 jours<\/p>\n                                                                                               <\/div>\n                         <\/div>\n                     <\/div>\n                                       <div class=\"col-lg-6\">\n                         <div class=\"treatment-info\">\n                             <div class=\"treatment-info-icon-container\">\n                                                                      <img decoding=\"async\"\n                                             src=\"https:\/\/www.centerplast.de\/wp-content\/uploads\/2024\/03\/kosten.svg\"\n                                             alt=\"Co\u00fbts - Icon\"\n                                             width=\"60\"\n                                             height=\"60\"\n                                             loading=\"lazy\"\n                                             class=\"treatment-info-icon\"\n                                     >\n                                                              <\/div>\n\n                             <div class=\"content\">\n                                 <p class=\"treatment-info-title\">Co\u00fbts<\/p>\n                                                                                                       <p>\n                                                                                                                       <a href=\"https:\/\/www.centerplast.de\/kontakt\/\" target=\"\">\n                                             <u>Demandez maintenant<\/u> \n                                         <\/a>\n                                                                          <\/p>\n                                                              <\/div>\n                         <\/div>\n                     <\/div>\n                                       <div class=\"col-lg-6\">\n                         <div class=\"treatment-info\">\n                             <div class=\"treatment-info-icon-container\">\n                                                                      <img decoding=\"async\"\n                                             src=\"https:\/\/www.centerplast.de\/wp-content\/uploads\/2024\/03\/ergaenzungen-alternativen.svg\"\n                                             alt=\"Compl\u00e9ments ou alternatives - Icon\"\n                                             width=\"60\"\n                                             height=\"60\"\n                                             loading=\"lazy\"\n                                             class=\"treatment-info-icon\"\n                                     >\n                                                              <\/div>\n\n                             <div class=\"content\">\n                                 <p class=\"treatment-info-title\">Compl\u00e9ments ou alternatives<\/p>\n                                                                                                       <p>\n                                                                                                                       <a href=\"https:\/\/www.centerplast.de\/behandlungen\/weibliche-brust\/hybrid-brustvergroesserung\/\" target=\"\">\n                                             <u>Augmentation mammaire hybride<\/u> \/\n                                         <\/a>\n                                                                                                                       <a href=\"https:\/\/www.centerplast.de\/behandlungen\/weibliche-brust\/brustvergroesserung-mit-implantat\/\" target=\"\">\n                                             <u>Augmentation mammaire par implant<\/u> \n                                         <\/a>\n                                                                          <\/p>\n                                                              <\/div>\n                         <\/div>\n                     <\/div>\n                                <\/div>\n            <\/div>\n        <\/div>\n\n                    <div class=\"col-12 col-lg mt-4 mt-md-6 mt-lg-0 text-center text-lg-end\">\n                <picture>\n                    <source srcset=\"https:\/\/www.centerplast.de\/wp-content\/uploads\/2024\/02\/infos-auf-einen-blick.jpg\" media=\"(min-width: 501px)\">\n                    <img decoding=\"async\"\n                            src=\"https:\/\/www.centerplast.de\/wp-content\/uploads\/2024\/02\/infos-auf-einen-blick-590x422.jpg\"\n                            alt=\"\"\n                            width=\"590\"\n                            height=\"422\"\n                            loading=\"lazy\"\n                            class=\"img-fluid\"\n                    >\n                <\/picture>\n            <\/div>\n            <\/div>\n<\/div>\n<\/div>\n                <\/div>\n            \n<\/div>\n\n\n                                                    \n<div id=\"bptb-block-container-69f5a858be480\" class=\"bp-block-container alignfull position-relative bg-white pt-6 pt-lg-9 pb-6 pb-lg-9 is-layout-flow wp-block-bp-container-is-layout-flow\"\n        >\n\n    \n                            <div class=\"container container-small \">\n                    <div class=\"acf-innerblocks-container\">\n    <div class=\"bp-block-anchor blank-anchor is-layout-flow wp-block-bp-anchor-is-layout-flow\" id=\"quest-ce-quun-lifting-des-seins\" data-title=\"Qu&#039;est-ce qu&#039;un lifting des seins ?\">\n        <div class=\"bp-block-anchor-innerblocks acf-innerblocks-container\"><\/div>\n    <\/div>\n\n    \n\n\n\n<h2 class=\"wp-block-heading is-style-display-3\">Qu&rsquo;est-ce qu&rsquo;un lifting des seins ?<\/h2>\n\n\n\n<p><strong>Les op\u00e9rations de raffermissement<\/strong>, qu&rsquo;il s&rsquo;agisse de la poitrine ou de l&rsquo;abdomen, \u00e9liminent le rel\u00e2chement et l&rsquo;\u00e9tirement de la peau et r\u00e9pondent au d\u00e9sir de redonner au corps une apparence jeune et attrayante. Les techniques n&rsquo;ont cess\u00e9 d&rsquo;\u00e9voluer au fil des d\u00e9cennies afin d&rsquo;obtenir une <strong>forme de poitrine naturelle et jeune<\/strong> tout en laissant des cicatrices presque invisibles. Pour obtenir un r\u00e9sultat final optimal, de nombreuses caract\u00e9ristiques du sein doivent \u00eatre prises en compte :<\/p>\n\n\n\n<ul class=\"is-style-check wp-block-list\">\n<li>Le volume et la taille de la poitrine doivent \u00eatre en harmonie avec la silhouette du corps.<\/li>\n\n\n\n<li>La silhouette de la poitrine doit former une courbe douce vers l&rsquo;int\u00e9rieur dans sa partie sup\u00e9rieure et un arrondi harmonieux dans sa partie inf\u00e9rieure.<\/li>\n\n\n\n<li>Le mamelon doit se trouver \u00e0 peu pr\u00e8s au point le plus haut du sein. Ce point se situe id\u00e9alement au niveau du milieu du bras.<\/li>\n\n\n\n<li>La distance entre le mamelon et la limite interne du sein par rapport \u00e0 la limite externe est id\u00e9alement de 60 \u00e0 40 pour cent.<sup data-fn=\"aa911eed-bb90-41c0-994e-1f697cea9bcd\" class=\"fn\">\n  <a href=\"#aa911eed-bb90-41c0-994e-1f697cea9bcd\" id=\"aa911eed-bb90-41c0-994e-1f697cea9bcd-link\">1<\/a>\n<\/sup>.<\/li>\n\n\n\n<li>Un rapport de volume entre la moiti\u00e9 sup\u00e9rieure et la moiti\u00e9 inf\u00e9rieure de la poitrine de 45 \u00e0 55 pour cent est consid\u00e9r\u00e9 comme particuli\u00e8rement harmonieux.<sup data-fn=\"5f7417fb-6002-4312-b946-0672402d5de0\" class=\"fn\">\n  <a href=\"#5f7417fb-6002-4312-b946-0672402d5de0\" id=\"5f7417fb-6002-4312-b946-0672402d5de0-link\">2<\/a>\n<\/sup>.<\/li>\n<\/ul>\n\n\n\n<figure class=\"wp-block-image size-full is-resized\"><img decoding=\"async\" width=\"768\" height=\"241\" src=\"https:\/\/www.centerplast.de\/wp-content\/uploads\/2024\/04\/bruststraffung_220528_kopie-768x241-1.webp\" loading=\"lazy\" alt=\"Graphique sur les trois techniques d'incision du lifting des seins\" class=\"wp-image-2353\" style=\"width:768px;height:auto\" srcset=\"https:\/\/www.centerplast.de\/wp-content\/uploads\/2024\/04\/bruststraffung_220528_kopie-768x241-1.webp 768w, https:\/\/www.centerplast.de\/wp-content\/uploads\/2024\/04\/bruststraffung_220528_kopie-768x241-1-300x94.webp 300w, https:\/\/www.centerplast.de\/wp-content\/uploads\/2024\/04\/bruststraffung_220528_kopie-768x241-1-480x151.webp 480w, https:\/\/www.centerplast.de\/wp-content\/uploads\/2024\/04\/bruststraffung_220528_kopie-768x241-1-600x188.webp 600w, https:\/\/www.centerplast.de\/wp-content\/uploads\/2024\/04\/bruststraffung_220528_kopie-768x241-1-590x185.webp 590w\" sizes=\"auto, (max-width: 768px) 100vw, 768px\" \/><\/figure>\n\n\n\n<p><\/p>\n\n\n\n<p class=\"is-style-paragraph-3\"><strong>1 <\/strong>. technique O du lifting des seins<strong> 2. <\/strong>technique I du lifting des seins <strong>3.<\/strong> technique T du lifting des seins<\/p>\n\n\n\n<p><\/p>\n\n\n\n<p>Le choix de la technique appropri\u00e9e d\u00e9pend de l&rsquo;\u00e9tendue de l&rsquo;exc\u00e8s de peau. Si les seins sont l\u00e9g\u00e8rement tombants, il est possible d&rsquo;obtenir un lifting par la technique dite du \u00ab\u00a0O\u00a0\u00bb. En cas d&rsquo;affaissement notable des seins, il est possible d&rsquo;obtenir un lifting par une technique en I ou en T.<\/p>\n\n\n\n<figure class=\"wp-block-image alignleft size-full is-resized\"><img decoding=\"async\" width=\"500\" height=\"739\" src=\"https:\/\/www.centerplast.de\/wp-content\/uploads\/2024\/04\/brustwarzenkorrektur-zahlen2klein.webp\" loading=\"lazy\" alt=\"Graphique sur le positionnement du mamelon lors du lifting des seins\" class=\"wp-image-2354\" style=\"width:353px;height:auto\" srcset=\"https:\/\/www.centerplast.de\/wp-content\/uploads\/2024\/04\/brustwarzenkorrektur-zahlen2klein.webp 500w, https:\/\/www.centerplast.de\/wp-content\/uploads\/2024\/04\/brustwarzenkorrektur-zahlen2klein-203x300.webp 203w, https:\/\/www.centerplast.de\/wp-content\/uploads\/2024\/04\/brustwarzenkorrektur-zahlen2klein-480x709.webp 480w\" sizes=\"auto, (max-width: 500px) 100vw, 500px\" \/><\/figure>\n\n\n\n<p><\/p>\n\n\n\n<p class=\"is-style-paragraph-3\"><strong>1<\/strong> Mamelon hypertrophi\u00e9<br><strong>2<\/strong> Peau \u00e0 retirer<br><strong>3 <\/strong>Suture de la peau<br><strong>4 <\/strong>Ar\u00e9ole hypertrophi\u00e9e<br><strong>5<\/strong> Exc\u00e8s de peau de l&rsquo;ar\u00e9ole<br><strong>6<\/strong> Suture avec des fils non d\u00e9tachables<br><strong>7<\/strong> Couture fronce<\/p>\n\n\n\n<p><\/p>\n\n\n\n<p><\/p>\n\n\n\n<p><\/p>\n\n\n\n<p class=\"is-style-paragraph-3\"><\/p>\n\n<\/div>\n                <\/div>\n            \n<\/div>\n\n\n                                                    \n<div id=\"bptb-block-container-69f5a858bf5db\" class=\"bp-block-container alignfull position-relative bg-secondary-light pt-6 pt-lg-9 pb-6 pb-lg-9 is-layout-flow wp-block-bp-container-is-layout-flow\"\n        >\n\n    \n                            <div class=\"container container-medium \">\n                    <div class=\"acf-innerblocks-container\">\n    <div class=\"bp-block-anchor blank-anchor is-layout-flow wp-block-bp-anchor-is-layout-flow\" id=\"o-technique\" data-title=\"O-Technique\">\n        <div class=\"bp-block-anchor-innerblocks acf-innerblocks-container\"><\/div>\n    <\/div>\n\n    \n\n\n<div class=\"bp-block-row\" id=\"bptb-block-row-69f5a858bf534\">\n    <div class=\"row  gx-xl-0 gx-xl-8 gx-xl-0 gy-5 gy-lg-0 p0 pnone p0 pnone \">\n\n<div class=\"bp-block-column col-12 col-lg\" id=\"bptb-block-column-69f5a858be9c7\">\n    \n\n<figure class=\"wp-block-image size-full is-style-border-20\"><img decoding=\"async\" width=\"923\" height=\"729\" src=\"https:\/\/www.centerplast.de\/wp-content\/uploads\/2024\/02\/bruststraffung-o-technik.jpg\" loading=\"lazy\" alt=\"Technique O du lifting des seins\" class=\"wp-image-3638\" style=\"aspect-ratio:4\/3;object-fit:cover\" srcset=\"https:\/\/www.centerplast.de\/wp-content\/uploads\/2024\/02\/bruststraffung-o-technik.jpg 923w, https:\/\/www.centerplast.de\/wp-content\/uploads\/2024\/02\/bruststraffung-o-technik-300x237.jpg 300w, https:\/\/www.centerplast.de\/wp-content\/uploads\/2024\/02\/bruststraffung-o-technik-768x607.jpg 768w, https:\/\/www.centerplast.de\/wp-content\/uploads\/2024\/02\/bruststraffung-o-technik-480x379.jpg 480w, https:\/\/www.centerplast.de\/wp-content\/uploads\/2024\/02\/bruststraffung-o-technik-615x485.jpg 615w, https:\/\/www.centerplast.de\/wp-content\/uploads\/2024\/02\/bruststraffung-o-technik-400x315.jpg 400w, https:\/\/www.centerplast.de\/wp-content\/uploads\/2024\/02\/bruststraffung-o-technik-850x671.jpg 850w, https:\/\/www.centerplast.de\/wp-content\/uploads\/2024\/02\/bruststraffung-o-technik-600x474.jpg 600w, https:\/\/www.centerplast.de\/wp-content\/uploads\/2024\/02\/bruststraffung-o-technik-590x466.jpg 590w\" sizes=\"auto, (max-width: 923px) 100vw, 923px\" \/><\/figure>\n\n\n<\/div>\n\n\n<div class=\"bp-block-column col-12 col-lg\" id=\"bptb-block-column-69f5a858bed12\">\n    \n\n<h2 class=\"wp-block-heading is-style-display-3\">Technique O du lifting des seins<\/h2>\n\n\n\n<p><strong>1.<\/strong> un l\u00e9ger rel\u00e2chement de la poitrine  <\/p>\n\n\n\n<p><strong>2.<\/strong> marquage de l&rsquo;exc\u00e8s de peau.  <\/p>\n\n\n\n<p><strong>3.<\/strong> poitrine raffermie avec une cicatrice peu visible autour de l&rsquo;ar\u00e9ole.<\/p>\n\n\n<\/div>\n<\/div>\n<\/div>\n<\/div>\n                <\/div>\n            \n<\/div>\n\n\n                                                    \n<div id=\"bptb-block-container-69f5a858bff5c\" class=\"bp-block-container alignfull position-relative bg-white pt-6 pt-lg-9 pb-6 pb-lg-9 is-layout-flow wp-block-bp-container-is-layout-flow\"\n        >\n\n    \n                            <div class=\"container container-medium \">\n                    <div class=\"acf-innerblocks-container\">\n    <div class=\"bp-block-anchor blank-anchor is-layout-flow wp-block-bp-anchor-is-layout-flow\" id=\"raisons\" data-title=\"Raisons\">\n        <div class=\"bp-block-anchor-innerblocks acf-innerblocks-container\"><\/div>\n    <\/div>\n\n    \n\n\n<div class=\"bp-block-row\" id=\"bptb-block-row-69f5a858bfee4\">\n    <div class=\"row  gx-xl-0 gx-xl-9 gx-xl-0 gy-5 gy-lg-0 p0 pnone p0 pnone \">\n\n<div class=\"bp-block-column col-12 col-lg\" id=\"bptb-block-column-69f5a858bfa15\">\n    \n\n<h2 class=\"wp-block-heading is-style-display-3\">Raisons pour un lifting des seins<\/h2>\n\n\n\n<p>Outre les raisons esth\u00e9tiques, il est prouv\u00e9 que les seins tombants favorisent les douleurs dorsales.<sup data-fn=\"9a4ada20-f636-4399-961e-e3638f2410cc\" class=\"fn\">\n  <a href=\"#9a4ada20-f636-4399-961e-e3638f2410cc\" id=\"9a4ada20-f636-4399-961e-e3638f2410cc-link\">3<\/a>\n<\/sup>. Les personnes concern\u00e9es souhaitent en premier lieu une poitrine plus belle et plus ferme, mais le lifting pour embellir la poitrine peut \u00e9galement favoriser une augmentation des performances physiques, une meilleure estime de soi et une meilleure qualit\u00e9 de vie.<sup data-fn=\"714ca943-840e-48f4-9cf8-5c6d13bf7196\" class=\"fn\">\n  <a href=\"#714ca943-840e-48f4-9cf8-5c6d13bf7196\" id=\"714ca943-840e-48f4-9cf8-5c6d13bf7196-link\">4<\/a>\n<\/sup>. Plus de 90% des patientes sont tr\u00e8s satisfaites du r\u00e9sultat d&rsquo;un lifting des seins.<\/p>\n\n\n<\/div>\n\n\n<div class=\"bp-block-column col-12 col-lg\" id=\"bptb-block-column-69f5a858bfdc6\">\n    \n\n<figure class=\"wp-block-image size-full is-style-border-20\"><img decoding=\"async\" width=\"923\" height=\"729\" src=\"https:\/\/www.centerplast.de\/wp-content\/uploads\/2024\/02\/gruende-fuer-eine-bruststraffung.jpg\" loading=\"lazy\" alt=\"\" class=\"wp-image-2914\" srcset=\"https:\/\/www.centerplast.de\/wp-content\/uploads\/2024\/02\/gruende-fuer-eine-bruststraffung.jpg 923w, https:\/\/www.centerplast.de\/wp-content\/uploads\/2024\/02\/gruende-fuer-eine-bruststraffung-300x237.jpg 300w, https:\/\/www.centerplast.de\/wp-content\/uploads\/2024\/02\/gruende-fuer-eine-bruststraffung-768x607.jpg 768w, https:\/\/www.centerplast.de\/wp-content\/uploads\/2024\/02\/gruende-fuer-eine-bruststraffung-480x379.jpg 480w, https:\/\/www.centerplast.de\/wp-content\/uploads\/2024\/02\/gruende-fuer-eine-bruststraffung-615x485.jpg 615w, https:\/\/www.centerplast.de\/wp-content\/uploads\/2024\/02\/gruende-fuer-eine-bruststraffung-400x315.jpg 400w, https:\/\/www.centerplast.de\/wp-content\/uploads\/2024\/02\/gruende-fuer-eine-bruststraffung-850x671.jpg 850w, https:\/\/www.centerplast.de\/wp-content\/uploads\/2024\/02\/gruende-fuer-eine-bruststraffung-600x474.jpg 600w, https:\/\/www.centerplast.de\/wp-content\/uploads\/2024\/02\/gruende-fuer-eine-bruststraffung-590x466.jpg 590w\" sizes=\"auto, (max-width: 923px) 100vw, 923px\" \/><\/figure>\n\n\n<\/div>\n<\/div>\n<\/div>\n<\/div>\n                <\/div>\n            \n<\/div>\n\n\n                                                    \n<div id=\"bptb-block-container-69f5a858c1956\" class=\"bp-block-container alignfull position-relative bg-green-light pt-6 pt-lg-9 pb-6 pb-lg-9 is-layout-flow wp-block-bp-container-is-layout-flow\"\n        >\n\n    \n                            <div class=\"container container-small \">\n                    <div class=\"acf-innerblocks-container\">\n\n<h3 class=\"wp-block-heading has-text-align-center  is-style-display-3\">Vos experts en lifting des seins<\/h3>\n\n\n    <div id=\"bptb-block-post-cards-69f5a858c1720\" class=\"bp-block-post-cards \">\n        <div class=\"row    \">\n            \n                \n                \n                                                    \n                                                                                                                                                                        \n                <div class=\"col-12 col-md-6 col-lg-6 mb-6 mb-md-0 \">\n\n                                                                \n                    <article class=\"card card-overlap position-relative has-overlay\">\n   <div class=\"item-container\">\n                  <a href=\"https:\/\/www.centerplast.de\/ueber-uns\/team\/dr-adelana-santos-stahl\/\" title=\"Mehr zu:  Dr. Adelana Santos Stahl\" class=\"stretched-link\"><\/a>\n       \n       <div class=\"image\">\n           <img decoding=\"async\"\n                   src=\"https:\/\/www.centerplast.de\/wp-content\/uploads\/2024\/03\/dr-santos-stahl-400x475.jpg\"\n                   alt=\"Dr. Adelana Santos Stahl\"\n                   width=\"400\"\n                   height=\"475\"\n                   loading=\"lazy\"\n                   class=\"thumbnail img-fluid\">\n       <\/div>\n\n       <div class=\"content-container text-primary pt-4 card-body px-4 px-lg-5 py-5\">\n                          <span class=\"card-title d-block h4 mb-2 title position-relative text-center text-white\">\n                Dr. Adelana Santos Stahl\n            <\/span>\n                                                                     <a href=\"https:\/\/www.centerplast.de\/ueber-uns\/team\/dr-adelana-santos-stahl\/\" class=\"link text-center\">\n                                   <i class=\"icon icon-arrow-right\"><\/i>\n                               <\/a>\n                                                            <\/div>\n   <\/div>\n<\/article>\n                <\/div>\n            \n                \n                \n                                                    \n                                                                                                                                                                        \n                <div class=\"col-12 col-md-6 col-lg-6 mb-6 mb-md-0 \">\n\n                                                                \n                    <article class=\"card card-overlap position-relative has-overlay\">\n   <div class=\"item-container\">\n                  <a href=\"https:\/\/www.centerplast.de\/ueber-uns\/team\/pd-dr-stephane-stahl\/\" title=\"Mehr zu:  PD. Dr. St\u00e9phane Stahl\" class=\"stretched-link\"><\/a>\n       \n       <div class=\"image\">\n           <img decoding=\"async\"\n                   src=\"https:\/\/www.centerplast.de\/wp-content\/uploads\/2024\/03\/dr-stephane-stahl-400x475.jpg\"\n                   alt=\"Dr. Stephane Stahl\"\n                   width=\"400\"\n                   height=\"475\"\n                   loading=\"lazy\"\n                   class=\"thumbnail img-fluid\">\n       <\/div>\n\n       <div class=\"content-container text-primary pt-4 card-body px-4 px-lg-5 py-5\">\n                          <span class=\"card-title d-block h4 mb-2 title position-relative text-center text-white\">\n                PD. Dr. St\u00e9phane Stahl\n            <\/span>\n                                                                     <a href=\"https:\/\/www.centerplast.de\/ueber-uns\/team\/pd-dr-stephane-stahl\/\" class=\"link text-center\">\n                                   <i class=\"icon icon-arrow-right\"><\/i>\n                               <\/a>\n                                                            <\/div>\n   <\/div>\n<\/article>\n                <\/div>\n                    <\/div>\n    <\/div>\n\n<\/div>\n                <\/div>\n            \n<\/div>\n\n\n                                                    \n<div id=\"bptb-block-container-69f5a858c41d8\" class=\"bp-block-container alignfull position-relative bg-white pt-6 pt-lg-9 pb-6 pb-lg-9 is-layout-flow wp-block-bp-container-is-layout-flow\"\n        >\n\n    \n                            <div class=\"container container-medium \">\n                    <div class=\"acf-innerblocks-container\">\n    <div class=\"bp-block-anchor blank-anchor is-layout-flow wp-block-bp-anchor-is-layout-flow\" id=\"deroulement\" data-title=\"D\u00e9roulement\">\n        <div class=\"bp-block-anchor-innerblocks acf-innerblocks-container\"><\/div>\n    <\/div>\n\n    \n\n\n\n<h2 class=\"wp-block-heading has-text-align-center is-style-display-3\">D\u00e9roulement d&rsquo;un lifting des seins<\/h2>\n\n\n<div class=\"bp-block-tabs wp-block-box\" id=\"bptb-block-tabs-69f5a858c4125\">\n            <ul class=\"nav nav-pills mb-5 d-lg-flex flex-lg-wrap justify-content-center\">\n                        <li class=\"nav-item w-25\">\n                <button class=\"nav-link\">\n                    Wird geladen&#8230;\n                <\/button>\n            <\/li>\n        <\/ul>\n    \n    <div class=\"tab-content acf-innerblocks-container\">\n    <div id=\"preparation-tab-pane\" class=\"wp-block-tab-item tab-pane fade \" role=\"tabpanel\" tabindex=\"0\" aria-labelledby=\"preparation-tab\" data-tab-title=\"Pr\u00e9paration\">\n        <div class=\"acf-innerblocks-container\">\n<div class=\"bp-block-image-text-card\" id=\"bptb-block-image-text-card-69f5a858c29b5\">\n    <div class=\"row gx-0\">\n        <div class=\"col-lg-6\">\n            <img decoding=\"async\" src=\"https:\/\/www.centerplast.de\/wp-content\/uploads\/2024\/02\/vorbereitung-der-behandlung-fuer-die-brust-op.png\" class=\"img-fluid\" loading=\"lazy\" alt=\"\"\n            width=\"828\"\n            height=\"615\"\n            \/>\n        <\/div>\n        <div class=\"col-lg-6 bg-secondary-light p-5 p-lg-8 read-more-outer\">\n            <div class=\"read-more-content acf-innerblocks-container\">\n\n<h4 class=\"wp-block-heading\">Pr\u00e9paration<\/h4>\n\n\n\n<p>L&rsquo;attention et l&rsquo;attention personnalis\u00e9e cr\u00e9ent une atmosph\u00e8re agr\u00e9able. A titre pr\u00e9ventif, un antibiotique vous sera administr\u00e9 avant de vous accueillir en salle d&rsquo;op\u00e9ration. Avant le d\u00e9but de chaque op\u00e9ration, l&rsquo;\u00e9quipe chirurgicale discute \u00e0 nouveau syst\u00e9matiquement de tous les points importants. Ce n&rsquo;est qu&rsquo;une fois que tout a \u00e9t\u00e9 v\u00e9rifi\u00e9 que l&rsquo;anesth\u00e9siste vous administre un m\u00e9dicament contre la douleur afin que vous ne sentiez m\u00eame pas les piq\u00fbres d&rsquo;anesth\u00e9sie. En g\u00e9n\u00e9ral, les patientes sont d\u00e9j\u00e0 l\u00e9g\u00e8rement endormies pendant que toute l&rsquo;\u00e9quipe chirurgicale se concentre sur l&rsquo;intervention.<\/p>\n\n<\/div>\n        <\/div>\n    <\/div>\n<\/div>\n<\/div>\n    <\/div>\n\n\n    <div id=\"la-chirurgie-tab-pane\" class=\"wp-block-tab-item tab-pane fade \" role=\"tabpanel\" tabindex=\"0\" aria-labelledby=\"la-chirurgie-tab\" data-tab-title=\"La chirurgie\">\n        <div class=\"acf-innerblocks-container\">\n<div class=\"bp-block-image-text-card\" id=\"bptb-block-image-text-card-69f5a858c34b0\">\n    <div class=\"row gx-0\">\n        <div class=\"col-lg-6\">\n            <img decoding=\"async\" src=\"https:\/\/www.centerplast.de\/wp-content\/uploads\/2024\/03\/ablauf-einer-brustvergroesserung-op.png\" class=\"img-fluid\" loading=\"lazy\" alt=\"Dr. med. Adalena Santos-Stahl und Dr. St\u00e9phane Stahl befinden sich gemeinsam im OP-Saal und operieren einen Patienten.\"\n            width=\"828\"\n            height=\"615\"\n            \/>\n        <\/div>\n        <div class=\"col-lg-6 bg-secondary-light p-5 p-lg-8 read-more-outer\">\n            <div class=\"read-more-content acf-innerblocks-container\">\n\n<h4 class=\"wp-block-heading\">La chirurgie<\/h4>\n\n\n\n<p>La dur\u00e9e de l&rsquo;op\u00e9ration de lifting des seins est de 1,5 heure pour les petits seins et jusqu&rsquo;\u00e0 4 heures pour les seins tr\u00e8s volumineux. Cela d\u00e9pend g\u00e9n\u00e9ralement de l&rsquo;ampleur de l&rsquo;intervention. Dans le cabinet CenterPlast, l&rsquo;anesth\u00e9sie Fast Recovery est utilis\u00e9e depuis des ann\u00e9es avec de bons r\u00e9sultats. Votre s\u00e9curit\u00e9 et votre confort sont les priorit\u00e9s de cette m\u00e9thode. Gr\u00e2ce \u00e0 l&rsquo;anesth\u00e9sie cibl\u00e9e \u00e0 longue dur\u00e9e d&rsquo;action sur les nerfs de la paroi thoracique, peu d&rsquo;anesth\u00e9siques sont n\u00e9cessaires. Cette forme d&rsquo;anesth\u00e9sie est consid\u00e9r\u00e9e comme pr\u00e9sentant moins de risques que l&rsquo;anesth\u00e9sie g\u00e9n\u00e9rale. En outre, nos patientes r\u00e9cup\u00e8rent tr\u00e8s rapidement apr\u00e8s une op\u00e9ration et ont besoin de moins de m\u00e9dicaments contre la douleur, m\u00eame plusieurs heures apr\u00e8s l&rsquo;op\u00e9ration.<\/p>\n\n<\/div>\n        <\/div>\n    <\/div>\n<\/div>\n<\/div>\n    <\/div>\n\n\n    <div id=\"apres-lintervention-tab-pane\" class=\"wp-block-tab-item tab-pane fade \" role=\"tabpanel\" tabindex=\"0\" aria-labelledby=\"apres-lintervention-tab\" data-tab-title=\"Apr\u00e8s l&#039;intervention\">\n        <div class=\"acf-innerblocks-container\">\n<div class=\"bp-block-image-text-card\" id=\"bptb-block-image-text-card-69f5a858c3ef3\">\n    <div class=\"row gx-0\">\n        <div class=\"col-lg-6\">\n            <img decoding=\"async\" src=\"https:\/\/www.centerplast.de\/wp-content\/uploads\/2024\/02\/nachbesprechung-der-behandlung-von-der-brust-op.png\" class=\"img-fluid\" loading=\"lazy\" alt=\"\"\n            width=\"828\"\n            height=\"615\"\n            \/>\n        <\/div>\n        <div class=\"col-lg-6 bg-secondary-light p-5 p-lg-8 read-more-outer\">\n            <div class=\"read-more-content acf-innerblocks-container\">\n\n<h4 class=\"wp-block-heading\">Apr\u00e8s l&rsquo;intervention<\/h4>\n\n\n\n<p>Une fois l&rsquo;intervention de chirurgie plastique et esth\u00e9tique termin\u00e9e, un pansement vous sera appliqu\u00e9. L&rsquo;\u00e9quipe chirurgicale vous aidera \u00e0 enfiler le soutien-gorge de compression sp\u00e9cial. Ce soutien-gorge sp\u00e9cial (\u00e9galement appel\u00e9 soutien-gorge de maintien) doit \u00eatre port\u00e9 pendant les premi\u00e8res semaines suivant la date de l&rsquo;op\u00e9ration. Si vous le souhaitez, le m\u00e9decin traitant prend contact avec un proche imm\u00e9diatement apr\u00e8s l&rsquo;op\u00e9ration. Vous pouvez boire ou manger peu de temps apr\u00e8s l&rsquo;op\u00e9ration. Avant de venir vous chercher, votre chirurgien discutera \u00e0 nouveau avec vous des points \u00e0 prendre en compte. Vous recevrez une lettre indiquant toutes les recommandations, les dates de suivi et le num\u00e9ro de t\u00e9l\u00e9phone personnel de votre chirurgien.<\/p>\n\n<\/div>\n        <\/div>\n    <\/div>\n<\/div>\n<\/div>\n    <\/div>\n\n<\/div>\n<\/div>\n<\/div>\n                <\/div>\n            \n<\/div>\n\n\n                                                    \n<div id=\"bptb-block-container-69f5a858c4716\" class=\"bp-block-container alignfull position-relative bg-secondary-light pt-6 pt-lg-9 pb-6 pb-lg-9 is-layout-flow wp-block-bp-container-is-layout-flow\"\n        >\n\n    \n                            <div class=\"container container-small \">\n                    <div class=\"acf-innerblocks-container\">\n    <div class=\"bp-block-anchor blank-anchor is-layout-flow wp-block-bp-anchor-is-layout-flow\" id=\"methodes\" data-title=\"M\u00e9thodes\">\n        <div class=\"bp-block-anchor-innerblocks acf-innerblocks-container\"><\/div>\n    <\/div>\n\n    \n\n\n\n<h2 class=\"wp-block-heading is-style-display-3\">Quelles sont les m\u00e9thodes ou les types de lifting des seins ?<\/h2>\n\n\n\n<p>Chaque m\u00e9thode de traitement ou d&rsquo;op\u00e9ration pr\u00e9sente des avantages et des inconv\u00e9nients sp\u00e9cifiques. La cl\u00e9 d&rsquo;un r\u00e9sultat parfait est de choisir la forme de traitement qui convient le mieux \u00e0 la forme et \u00e0 la taille individuelles de vos seins. La recommandation d&rsquo;une technique particuli\u00e8re se base avant tout sur les caract\u00e9ristiques des seins, du tissu glandulaire mammaire et de la peau. Vos objectifs, votre \u00e9tat de sant\u00e9, les traitements pr\u00e9c\u00e9dents et les connaissances scientifiques actuelles sont \u00e9galement pris en compte pour choisir avec vous la m\u00e9thode de lifting des seins la plus appropri\u00e9e. Les diff\u00e9rentes m\u00e9thodes de raffermissement de la peau des seins sont sch\u00e9matiquement divis\u00e9es en fonction de l&rsquo;\u00e9volution de vos cicatrices :<\/p>\n\n\n\n<ol class=\"wp-block-list\">\n<li><strong>Technique O<\/strong>:<br>Les m\u00e9thodes chirurgicales qui laissent une cicatrice autour de l&rsquo;ar\u00e9ole sont commun\u00e9ment appel\u00e9es technique O. La cicatrisation de l&rsquo;ar\u00e9ole peut \u00eatre r\u00e9alis\u00e9e \u00e0 l&rsquo;aide d&rsquo;une aiguille ou d&rsquo;un bistouri. Ces m\u00e9thodes permettent d&rsquo;\u00e9liminer un l\u00e9ger exc\u00e9dent de peau de deux centim\u00e8tres de diam\u00e8tre maximum. La technique a \u00e9t\u00e9 d\u00e9crite d\u00e8s 1932<sup data-fn=\"41523385-abb5-49b2-aaf4-d5ea422c64d1\" class=\"fn\">\n  <a href=\"#41523385-abb5-49b2-aaf4-d5ea422c64d1\" id=\"41523385-abb5-49b2-aaf4-d5ea422c64d1-link\">5<\/a>\n<\/sup>. Le chirurgien plasticien Louis Benelli a compl\u00e9t\u00e9 la m\u00e9thode par une technique de suture sp\u00e9ciale autour du mamelon afin d&rsquo;\u00e9viter l&rsquo;agrandissement ou la d\u00e9formation de l&rsquo;ar\u00e9ole.<sup data-fn=\"af9d1d26-aef5-4c8e-9f6a-edbe0d4e81b9\" class=\"fn\">\n  <a href=\"#af9d1d26-aef5-4c8e-9f6a-edbe0d4e81b9\" id=\"af9d1d26-aef5-4c8e-9f6a-edbe0d4e81b9-link\">6<\/a>\n<\/sup>. Cette technique est donc souvent recherch\u00e9e sous le nom de m\u00e9thode Benelli. Toutefois, cette technique n&rsquo;est pas adapt\u00e9e \u00e0 la <a href=\"https:\/\/www.centerplast.de\/fr\/traitements\/seins-feminins\/reduction-mammaire\/\" data-type=\"treatment\" data-id=\"373\">r\u00e9duction mammaire<\/a>.<br><\/li>\n\n\n\n<li><strong>I-technique<\/strong>:<br>La technique en I regroupe diff\u00e9rentes m\u00e9thodes dont le r\u00e9sultat final est une cicatrice circulaire autour du mamelon et une cicatrice verticale entre le mamelon et le pli sous-mammaire. En raison de la forme de la cicatrice, qui s&rsquo;\u00e9tend principalement sur la partie inf\u00e9rieure de la poitrine, on parle \u00e9galement de la technique de la sucette. La technique en \u00ab\u00a0I\u00a0\u00bb pr\u00e9sente l&rsquo;avantage d&rsquo;une cicatrice plus petite que celle de la technique en \u00ab\u00a0T\u00a0\u00bb. Elle est donc \u00e9galement appel\u00e9e technique short-scar. La technique de l&rsquo;incision en I pour la r\u00e9duction mammaire avec une cicatrice verticale en forme de \u00ab\u00a0I\u00a0\u00bb a \u00e9t\u00e9 d\u00e9crite d\u00e8s 1923.<sup data-fn=\"866fca1f-496c-425c-b224-5c4c72fbb85d\" class=\"fn\">\n  <a href=\"#866fca1f-496c-425c-b224-5c4c72fbb85d\" id=\"866fca1f-496c-425c-b224-5c4c72fbb85d-link\">7<\/a>\n<\/sup>. Le chirurgien plasticien fran\u00e7ais Claude Lassus a fait \u00e9voluer la technique chirurgicale dans les ann\u00e9es 1970. Dans cette technique, le mamelon reste en contact avec un pont tissulaire sup\u00e9rieur.<sup data-fn=\"f18d96e1-47dd-4406-9c8d-50cb9b7fcf8e\" class=\"fn\">\n  <a href=\"#f18d96e1-47dd-4406-9c8d-50cb9b7fcf8e\" id=\"f18d96e1-47dd-4406-9c8d-50cb9b7fcf8e-link\">8<\/a>\n<\/sup>. C&rsquo;est pour cette raison qu&rsquo;elle est \u00e9galement connue sous le nom de m\u00e9thode Lejour. Hall Findlay a d\u00e9crit une l\u00e9g\u00e8re variation de la technique de Lejour, dans laquelle le mamelon est d\u00e9plac\u00e9 pour la nouvelle position avec un mouvement de pivotement<sup data-fn=\"b3ec50d1-43d0-4bd3-9cd5-cc19020485bf\" class=\"fn\">\n  <a href=\"#b3ec50d1-43d0-4bd3-9cd5-cc19020485bf\" id=\"b3ec50d1-43d0-4bd3-9cd5-cc19020485bf-link\">9<\/a>\n<\/sup>. L&rsquo;inconv\u00e9nient de cette technique est que le sein prend une forme d&rsquo;entonnoir apr\u00e8s l&rsquo;op\u00e9ration. Il peut falloir jusqu&rsquo;\u00e0 six mois pour que le sein prenne une forme naturelle de goutte apr\u00e8s l&rsquo;op\u00e9ration. Si la r\u00e9duction mammaire d\u00e9passe 500 g, il y a \u00e9galement un risque que la cicatrice verticale soit visible sous le pli sous-mammaire et que l&rsquo;exc\u00e9dent de peau reste sous la forme d&rsquo;une pointe de peau.<br><\/li>\n\n\n\n<li><strong>Technique J ou L :<\/strong><br>La m\u00e9thode J ou L consiste \u00e0 retirer un exc\u00e9dent de peau sur le c\u00f4t\u00e9 du thorax, en plus de la technique I. Cette m\u00e9thode permet de r\u00e9duire la taille de l&rsquo;abdomen. La cicatrice restante en forme de J ou de L ressemble donc \u00e0 la lettre J sur le sein droit ou \u00e0 la lettre L sur le sein gauche en raison de la d\u00e9coupe en L.<br><\/li>\n\n\n\n<li><strong>Technique T :<\/strong><br>Contrairement \u00e0 la technique I, la m\u00e9thode T consiste \u00e0 effectuer en plus un lifting horizontal de la peau. Le raffermissement \u00e0 la verticale et \u00e0 l&rsquo;horizontale permet un remodelage pr\u00e9cis de la poitrine. Cette technique laisse une cicatrice en forme de T, comparable \u00e0 la technique en I, avec une cicatrice aussi courte que possible, cach\u00e9e dans le pli sous le sein. La cicatrice de l&rsquo;incision en T a la forme d&rsquo;une ancre ou d&rsquo;un T invers\u00e9. La partie sup\u00e9rieure du \u00ab\u00a0T\u00a0\u00bb forme la partie inf\u00e9rieure de la cicatrice gr\u00e2ce \u00e0 l&rsquo;incision horizontale. La technique a \u00e9t\u00e9<a>d\u00e9crite<\/a> d\u00e8s 1912 par Erich Lexer<sup data-fn=\"2fb752da-57e2-45c4-872c-e27217a3537b\" class=\"fn\">\n  <a href=\"#2fb752da-57e2-45c4-872c-e27217a3537b\" id=\"2fb752da-57e2-45c4-872c-e27217a3537b-link\">10<\/a>\n<\/sup>. Aux \u00c9tats-Unis, cette technique est appel\u00e9e \u00ab\u00a0Wise pattern\u00a0\u00bb.<sup data-fn=\"6a25b990-a0d4-4407-807a-ba7ac747b6e8\" class=\"fn\">\n  <a href=\"#6a25b990-a0d4-4407-807a-ba7ac747b6e8\" id=\"6a25b990-a0d4-4407-807a-ba7ac747b6e8-link\">11<\/a>\n<\/sup>. Cette m\u00e9thode est particuli\u00e8rement adapt\u00e9e aux seins volumineux et \u00e0 la peau non \u00e9lastique.<\/li>\n<\/ol>\n\n<\/div>\n                <\/div>\n            \n<\/div>\n\n\n                                                    \n<div id=\"bptb-block-container-69f5a858c4bcc\" class=\"bp-block-container alignfull position-relative bg-white pt-6 pt-lg-9 pb-6 pb-lg-9 is-layout-flow wp-block-bp-container-is-layout-flow\"\n        >\n\n    \n                            <div class=\"container container-small \">\n                    <div class=\"acf-innerblocks-container\">\n    <div class=\"bp-block-anchor blank-anchor is-layout-flow wp-block-bp-anchor-is-layout-flow\" id=\"pourquoi-centerplast\" data-title=\"Pourquoi CenterPlast ?\">\n        <div class=\"bp-block-anchor-innerblocks acf-innerblocks-container\"><\/div>\n    <\/div>\n\n    \n\n\n\n<h2 class=\"wp-block-heading is-style-display-3\">Pourquoi un lifting des seins chez CenterPlast ?<\/h2>\n\n\n\n<p>CenterPlast est synonyme de comp\u00e9tence, de s\u00e9curit\u00e9 et de confort. Vous pouvez demander conseil aussi bien \u00e0 un chirurgien qu&rsquo;\u00e0 une chirurgienne. Dans tous les cas, des m\u00e9decins parfaitement form\u00e9s et exp\u00e9riment\u00e9s s&rsquo;occupent de votre demande personnelle. La qualit\u00e9 de nos traitements \u00e9tant notre principe directeur, nous fournissons des informations plus d\u00e9taill\u00e9es sur la qualit\u00e9 en chirurgie plastique dans la rubrique \u00ab\u00a0<a href=\"https:\/\/www.centerplast.de\/fr\/a-propos-de-nous\/qualite\/\" data-type=\"page\" data-id=\"1790\">Qu&rsquo;est-ce que la qualit\u00e9 ?<\/a> Vous y trouverez des informations plus d\u00e9taill\u00e9es sur les comp\u00e9tences sp\u00e9cifiques de nos sp\u00e9cialistes exp\u00e9riment\u00e9s.<\/p>\n\n\n\n<p>Le Dr Santos Stahl a appris la chirurgie esth\u00e9tique du sein au Br\u00e9sil et a pass\u00e9 avec succ\u00e8s les examens br\u00e9silien, allemand et europ\u00e9en de sp\u00e9cialiste en chirurgie plastique et esth\u00e9tique. Des chirurgiens plasticiens du monde entier se rendent au Br\u00e9sil pour apprendre les techniques modernes et le doigt\u00e9 des chirurgiens br\u00e9siliens dans le domaine de la chirurgie esth\u00e9tique du sein. Afin d&rsquo;\u00e9largir ses connaissances, le Dr Santos Stahl a \u00e9galement collabor\u00e9 avec des chirurgiens de renom en Allemagne et aux \u00c9tats-Unis. Parmi les chirurgiens br\u00e9siliens de renomm\u00e9e internationale, on peut citer<\/p>\n\n\n\n<p>Ribeiro L. (Une nouvelle technique pour la mammoplastie de r\u00e9duction. Plast Reconstr Surg. 1975 Mar;55(3):330-4).<\/p>\n\n\n\n<p>Goes JCS. (Plastie mammaire p\u00e9riar\u00e9olaire : technique de la double peau. Rev Soc Bras Cir Plast 4:55-63, 1989).<\/p>\n\n\n\n<p>PD Dr. Stahl a acquis son expertise dans le domaine de la chirurgie mammaire en Allemagne et aux \u00c9tats-Unis. Sa formation \u00e0 dominante chirurgicale lui permet non seulement d&rsquo;\u00eatre extr\u00eamement attentif aux d\u00e9tails, mais aussi de faire preuve d&rsquo;une grande sensibilit\u00e9. En tant que scientifique, il sait que le progr\u00e8s n\u00e9cessite une remise en question critique. PD Dr. Stahl entretient des \u00e9changes permanents avec des scientifiques et des experts internationaux dans le domaine de la chirurgie plastique afin de toujours vous donner une longueur d&rsquo;avance gr\u00e2ce \u00e0 ses connaissances.<\/p>\n\n<\/div>\n                <\/div>\n            \n<\/div>\n\n\n                                                    \n<div id=\"bptb-block-container-69f5a858c63e0\" class=\"bp-block-container alignfull position-relative bg-secondary-light pt-6 pt-lg-9 pb-6 pb-lg-9 is-layout-flow wp-block-bp-container-is-layout-flow\"\n        >\n\n    \n                            <div class=\"container container-medium \">\n                    <div class=\"acf-innerblocks-container\">\n    <div class=\"bp-block-anchor blank-anchor is-layout-flow wp-block-bp-anchor-is-layout-flow\" id=\"soutien-gorge-interne\" data-title=\"Soutien-gorge interne\">\n        <div class=\"bp-block-anchor-innerblocks acf-innerblocks-container\"><\/div>\n    <\/div>\n\n    \n\n\n<div class=\"bp-block-row\" id=\"bptb-block-row-69f5a858c57e5\">\n    <div class=\"row  gx-xl-0 gx-xl-8 gx-xl-0 gy-5 gy-lg-0 p0 pnone p0 pb-lg-9 \">\n\n<div class=\"bp-block-column col-12 col-lg\" id=\"bptb-block-column-69f5a858c50e2\">\n    \n\n<h2 class=\"wp-block-heading is-style-display-3 has-primary-color has-text-color has-link-color wp-elements-d7172cc12d8605e1977e7f29d009d2ca\">Quelle est la technique du soutien-gorge interne ?<\/h2>\n\n\n\n<p class=\"has-primary-color has-text-color has-link-color wp-elements-99e7887fa0272de59ea9bea054e6ef8f\">Le lifting des seins consiste \u00e0 remettre le mamelon dans sa position initiale et \u00e0 retirer l&rsquo;exc\u00e8s de peau. Pour donner plus de soutien au tissu mammaire et plus de volume \u00e0 la poitrine, diff\u00e9rentes techniques ont \u00e9t\u00e9 d\u00e9crites, qui consistent \u00e0 d\u00e9placer les couches profondes de la peau et du tissu adipeux de la poitrine. Depuis la premi\u00e8re description de la technique du soutien-gorge interne en 1978, de nombreuses variations ont \u00e9t\u00e9 ajout\u00e9es<sup data-fn=\"70372dfc-3a24-4698-8bb1-c0bbf3cfe455\" class=\"fn\">\n  <a href=\"#70372dfc-3a24-4698-8bb1-c0bbf3cfe455\" id=\"70372dfc-3a24-4698-8bb1-c0bbf3cfe455-link\">12<\/a>\n<\/sup>. Des \u00e9tudes indiquent que la technique du soutien-gorge interne permet d&rsquo;am\u00e9liorer le soutien de la moiti\u00e9 inf\u00e9rieure de la poitrine.<sup data-fn=\"4d2087aa-d7fb-4df0-a8be-f66a72b606ec\" class=\"fn\">\n  <a href=\"#4d2087aa-d7fb-4df0-a8be-f66a72b606ec\" id=\"4d2087aa-d7fb-4df0-a8be-f66a72b606ec-link\">13<\/a>\n<\/sup>.<\/p>\n\n\n\n<p>Repr\u00e9sentation sch\u00e9matique de la technique du soutien-gorge interne. Cette technique peut \u00eatre r\u00e9alis\u00e9e dans le cas d&rsquo;un lifting des seins avec un pont tissulaire m\u00e9dian sup\u00e9rieur. Dans la technique du soutien-gorge interne de Ribeiro, le tissu situ\u00e9 entre le pli sous-mammaire et le mamelon est utilis\u00e9 pour fa\u00e7onner la poitrine, comme dans le cas du pont tiss\u00e9 inf\u00e9rieur. Le propre tissu mammaire aide la poitrine \u00e0 avoir une meilleure forme et un d\u00e9collet\u00e9 qui a tendance \u00e0 \u00eatre plus volumineux.<\/p>\n\n\n<\/div>\n\n\n<div class=\"bp-block-column col-12 col-lg\" id=\"bptb-block-column-69f5a858c5703\">\n    \n\n<figure class=\"wp-block-image size-full is-style-border-20\"><img decoding=\"async\" width=\"1024\" height=\"487\" src=\"https:\/\/www.centerplast.de\/wp-content\/uploads\/2024\/04\/dermal-suspension-flap_beschriftet_copyright-1024x487-1.webp\" loading=\"lazy\" alt=\"Graphique sur la technique de coupe du soutien-gorge interne\" class=\"wp-image-2358\" srcset=\"https:\/\/www.centerplast.de\/wp-content\/uploads\/2024\/04\/dermal-suspension-flap_beschriftet_copyright-1024x487-1.webp 1024w, https:\/\/www.centerplast.de\/wp-content\/uploads\/2024\/04\/dermal-suspension-flap_beschriftet_copyright-1024x487-1-300x143.webp 300w, https:\/\/www.centerplast.de\/wp-content\/uploads\/2024\/04\/dermal-suspension-flap_beschriftet_copyright-1024x487-1-768x365.webp 768w, https:\/\/www.centerplast.de\/wp-content\/uploads\/2024\/04\/dermal-suspension-flap_beschriftet_copyright-1024x487-1-960x457.webp 960w, https:\/\/www.centerplast.de\/wp-content\/uploads\/2024\/04\/dermal-suspension-flap_beschriftet_copyright-1024x487-1-480x228.webp 480w, https:\/\/www.centerplast.de\/wp-content\/uploads\/2024\/04\/dermal-suspension-flap_beschriftet_copyright-1024x487-1-850x404.webp 850w, https:\/\/www.centerplast.de\/wp-content\/uploads\/2024\/04\/dermal-suspension-flap_beschriftet_copyright-1024x487-1-600x285.webp 600w, https:\/\/www.centerplast.de\/wp-content\/uploads\/2024\/04\/dermal-suspension-flap_beschriftet_copyright-1024x487-1-590x281.webp 590w\" sizes=\"auto, (max-width: 1024px) 100vw, 1024px\" \/><\/figure>\n\n\n\n<p><\/p>\n\n\n\n<p class=\"is-style-paragraph-3\"><strong>1<\/strong> manche en tissu inf\u00e9rieur  <br><strong>2<\/strong> Poitrine raffermie selon la technique du T avec des sutures intradermiques fines et discr\u00e8tes<br><strong>3<\/strong> Tige inf\u00e9rieure du tissu, appel\u00e9e soutien-gorge interne<\/p>\n\n\n\n<p><\/p>\n\n\n<\/div>\n<\/div>\n<\/div>\n\n    <div class=\"bp-block-anchor blank-anchor is-layout-flow wp-block-bp-anchor-is-layout-flow\" id=\"technique-t\" data-title=\"Technique T\">\n        <div class=\"bp-block-anchor-innerblocks acf-innerblocks-container\"><\/div>\n    <\/div>\n\n    \n\n\n<div class=\"bp-block-row\" id=\"bptb-block-row-69f5a858c636a\">\n    <div class=\"row  gx-xl-0 gx-xl-8 gx-xl-0 gy-5 gy-lg-0 p0 pnone p0 pnone \">\n\n<div class=\"bp-block-column col-12 col-lg\" id=\"bptb-block-column-69f5a858c5f44\">\n    \n\n<figure class=\"wp-block-image size-full is-resized is-style-border-20\"><img decoding=\"async\" width=\"1024\" height=\"819\" src=\"https:\/\/www.centerplast.de\/wp-content\/uploads\/2024\/02\/t-pattern-breast-reduction_2beschriftet_copyright-1024x819-1.webp\" loading=\"lazy\" alt=\"Graphique sur la technique de l'incision en T du lifting des seins\" class=\"wp-image-2359\" style=\"width:653px;height:auto\" srcset=\"https:\/\/www.centerplast.de\/wp-content\/uploads\/2024\/02\/t-pattern-breast-reduction_2beschriftet_copyright-1024x819-1.webp 1024w, https:\/\/www.centerplast.de\/wp-content\/uploads\/2024\/02\/t-pattern-breast-reduction_2beschriftet_copyright-1024x819-1-300x240.webp 300w, https:\/\/www.centerplast.de\/wp-content\/uploads\/2024\/02\/t-pattern-breast-reduction_2beschriftet_copyright-1024x819-1-768x614.webp 768w, https:\/\/www.centerplast.de\/wp-content\/uploads\/2024\/02\/t-pattern-breast-reduction_2beschriftet_copyright-1024x819-1-960x768.webp 960w, https:\/\/www.centerplast.de\/wp-content\/uploads\/2024\/02\/t-pattern-breast-reduction_2beschriftet_copyright-1024x819-1-480x384.webp 480w, https:\/\/www.centerplast.de\/wp-content\/uploads\/2024\/02\/t-pattern-breast-reduction_2beschriftet_copyright-1024x819-1-850x680.webp 850w, https:\/\/www.centerplast.de\/wp-content\/uploads\/2024\/02\/t-pattern-breast-reduction_2beschriftet_copyright-1024x819-1-600x480.webp 600w, https:\/\/www.centerplast.de\/wp-content\/uploads\/2024\/02\/t-pattern-breast-reduction_2beschriftet_copyright-1024x819-1-590x472.webp 590w\" sizes=\"auto, (max-width: 1024px) 100vw, 1024px\" \/><\/figure>\n\n\n\n<p><\/p>\n\n\n\n<p class=\"is-style-paragraph-3\"><strong>1 <\/strong>Branches art\u00e9rielles nourrici\u00e8res du mamelon (branches de l&rsquo;art\u00e8re thoracique lat\u00e9rale)  <br><strong>2<\/strong> Branches art\u00e9rielles nourrici\u00e8res du mamelon (branches de l&rsquo;art\u00e8re mammaire interne, \u00e9galement appel\u00e9e art\u00e8re thoracique interne)<br><strong>3<\/strong> Pont tissulaire sup\u00e9rieur du mamelon<br><strong>4<\/strong> Cinqui\u00e8me c\u00f4te<br><strong>5<\/strong> Seins raffermis selon la technique du T avec de fines sutures intradermiques peu visibles<br><strong>6<\/strong> Pont tissulaire inf\u00e9rieur du mamelon<\/p>\n\n\n<\/div>\n\n\n<div class=\"bp-block-column col-12 col-lg\" id=\"bptb-block-column-69f5a858c62ee\">\n    \n\n<h2 class=\"wp-block-heading is-style-display-3 has-primary-color has-text-color has-link-color wp-elements-ac3568d98b696313db14074f97d5c814\">Qu&rsquo;est-ce que la technique de l&rsquo;incision en T pour le lifting ou la r\u00e9duction des seins ?<\/h2>\n\n\n\n<p>Repr\u00e9sentation sch\u00e9matique de la technique de l&rsquo;incision en T pour le lifting ou la r\u00e9duction mammaire. Le choix de la meilleure technique chirurgicale d\u00e9pend de la gravit\u00e9 de l&rsquo;affaissement des seins. Un l\u00e9ger raffermissement peut \u00eatre obtenu avec la technique dite du \u00ab\u00a0O\u00a0\u00bb. Il est possible d&rsquo;enlever au maximum deux centim\u00e8tres de peau exc\u00e9dentaire autour du mamelon. Dans la technique I, la moiti\u00e9 inf\u00e9rieure du sein (p\u00f4le mammaire) est \u00e9galement r\u00e9tr\u00e9cie.<\/p>\n\n\n\n<p>L&rsquo;\u00e9limination la plus large possible de l&rsquo;exc\u00e8s de peau et de tissu glandulaire mammaire est obtenue avec la technique en T. La peau et le tissu glandulaire mammaire sont enlev\u00e9s \u00e0 l&rsquo;aide d&rsquo;une aiguille. Dans la technique de l&rsquo;incision en T, le mamelon est d\u00e9plac\u00e9 autant que n\u00e9cessaire. Le mamelon reste alors en contact avec le sein via un pont tissulaire. Cela permet de s&rsquo;assurer que le mamelon reste connect\u00e9 \u00e0 la circulation vasculaire et aliment\u00e9 par les nerfs cutan\u00e9s.<\/p>\n\n\n\n<p>On distingue essentiellement la technique du pont tissulaire inf\u00e9rieur et la technique du pont tissulaire sup\u00e9rieur central. Pour un apport sanguin optimal, le pont tissulaire doit \u00eatre le plus court possible. Dans le cas de seins tr\u00e8s tombants ou tr\u00e8s volumineux, la meilleure fa\u00e7on d&rsquo;assurer l&rsquo;approvisionnement en sang est de passer par le pont tissulaire inf\u00e9rieur. La technique du soutien-gorge interne consiste \u00e0 utiliser le tissu situ\u00e9 entre le pli sous-mammaire et le mamelon, comme dans le cas du pont tissulaire inf\u00e9rieur, pour fa\u00e7onner la poitrine.<\/p>\n\n\n<\/div>\n<\/div>\n<\/div>\n<\/div>\n                <\/div>\n            \n<\/div>\n\n\n                                                    \n<div id=\"bptb-block-container-69f5a858c6c51\" class=\"bp-block-container alignfull position-relative bg-white pt-6 pt-lg-9 pb-6 pb-lg-9 is-layout-flow wp-block-bp-container-is-layout-flow\"\n        >\n\n    \n                            <div class=\"container container-small \">\n                    <div class=\"acf-innerblocks-container\">\n    <div class=\"bp-block-anchor blank-anchor is-layout-flow wp-block-bp-anchor-is-layout-flow\" id=\"recommandation-de-comportement\" data-title=\"Recommandation de comportement\">\n        <div class=\"bp-block-anchor-innerblocks acf-innerblocks-container\"><\/div>\n    <\/div>\n\n    \n\n\n\n<h2 class=\"wp-block-heading is-style-display-3\">Recommandations de comportement avant et apr\u00e8s un lifting des seins<\/h2>\n\n\n\n<p>Quelles sont les pr\u00e9cautions \u00e0 prendre avant et apr\u00e8s un lifting des seins ? La pression externe sur les tissus nuit \u00e0 la cicatrisation. Dormez donc sur le dos ou sur le c\u00f4t\u00e9 pendant les six premi\u00e8res semaines apr\u00e8s un lifting des seins. Un soutien-gorge de soutien sp\u00e9cial favorise la gu\u00e9rison en \u00e9liminant la tension de la plaie. Lors d&rsquo;une consultation personnelle, d\u00e9couvrez comment vous pr\u00e9parer \u00e0 une op\u00e9ration du sein et quelles sont les autres mesures de suivi \u00e0 prendre en compte. Il explique \u00e9galement quand il est possible de reprendre le sport et le travail, et comment optimiser les soins afin de r\u00e9duire les cicatrices visibles.<\/p>\n\n\n    <div class=\"bp-block-anchor blank-anchor is-layout-flow wp-block-bp-anchor-is-layout-flow\" id=\"images-avant-et-apres\" data-title=\"Images avant et apr\u00e8s\">\n        <div class=\"bp-block-anchor-innerblocks acf-innerblocks-container\"><\/div>\n    <\/div>\n\n    \n\n\n\n<h2 class=\"wp-block-heading is-style-display-3\">Nos photos avant et apr\u00e8s un lifting des seins chez CenterPlast  <\/h2>\n\n\n\n<p>Les photos avant\/apr\u00e8s ne peuvent pas \u00eatre publi\u00e9es sur Internet, conform\u00e9ment \u00e0 l&rsquo;article 1, paragraphe 1, point 2, de la loi sur la publicit\u00e9 pour les produits th\u00e9rapeutiques. Dans le cadre d&rsquo;une information sur le lifting des seins, il est toutefois possible, lors de la premi\u00e8re consultation, d&rsquo;expliquer le r\u00e9sultat souhait\u00e9 et, en cas d&rsquo;int\u00e9r\u00eat s\u00e9rieux, de consulter des photos s\u00e9lectionn\u00e9es pour lesquelles les patientes ont donn\u00e9 leur accord au pr\u00e9alable. Cela se fait dans le respect de la protection des donn\u00e9es. Les photographies vous permettent de vous faire une id\u00e9e de votre \u00ab\u00a0nouvelle poitrine\u00a0\u00bb. Vous pourrez ainsi \u00e9valuer de mani\u00e8re r\u00e9aliste les possibilit\u00e9s et les limites de la chirurgie esth\u00e9tique.<\/p>\n\n<\/div>\n                <\/div>\n            \n<\/div>\n\n\n                                                    \n<div id=\"bptb-block-container-69f5a858c7c40\" class=\"bp-block-container alignfull position-relative bg-green-light pt-6 pt-lg-9 pb-6 pb-lg-9 is-layout-flow wp-block-bp-container-is-layout-flow\"\n        >\n\n    \n                            <div class=\"container container-small \">\n                    <div class=\"acf-innerblocks-container\">\n    <div class=\"bp-block-anchor blank-anchor is-layout-flow wp-block-bp-anchor-is-layout-flow\" id=\"faq\" data-title=\"FAQ\">\n        <div class=\"bp-block-anchor-innerblocks acf-innerblocks-container\"><\/div>\n    <\/div>\n\n    \n\n\n\n<h2 class=\"wp-block-heading has-text-align-center is-style-display-3\" id=\"FAQ\">FAQ &#8211; Foire aux questions<\/h2>\n\n\n<div\n    id=\"bptb-block-accordion-69f5a858c7b63\"\n    class=\"bp-block-accordion accordion conversation is-layout-flow wp-block-bp-accordion-is-layout-flow\"\n    itemscope=\"\" itemtype=\"https:\/\/schema.org\/FAQPage\">\n    <div class=\"acf-innerblocks-container\">\n<div\n    class=\"bp-block-accordion-item accordion-item is-layout-flow wp-block-bp-accordion-item-is-layout-flow\"\n    itemscope=\"\" itemprop=\"mainEntity\" itemtype=\"https:\/\/schema.org\/Question\">\n    <div class=\"accordion-header\">\n        <button\n            class=\"accordion-button \"\n            type=\"button\"\n            data-toggle=\"collapse\"\n            data-target=\"#bptb-block-accordion-item-69f5a858c7301\"\n            aria-expanded=\"true\"\n            aria-controls=\"bptb-block-accordion-item-69f5a858c7301\"\n        >\n                            <span\n                    itemprop=\"name\" itemprop=\"name\"                >\n                    \u00c0 quel \u00e2ge se fait le lifting des seins ?\n                <\/span>\n                    <\/button>\n    <\/div>\n\n    <div\n        id=\"bptb-block-accordion-item-69f5a858c7301\"\n        class=\"accordion-collapse collapse show\"\n        data-bs-parent=\"#\"\n    >\n        <div\n            class=\"accordion-body\"\n            itemscope=\"\" itemprop=\"acceptedAnswer\" itemtype=\"https:\/\/schema.org\/Answer\"        >\n                            <div itemprop=\"text\">\n                            <div class=\"acf-innerblocks-container\">\n\n<p>En moyenne, les patientes qui subissent un lifting des seins ont 45 ans.<sup data-fn=\"c5627177-e575-40c5-ac6e-7ebdfd4b9c39\" class=\"fn\">\n  <a href=\"#c5627177-e575-40c5-ac6e-7ebdfd4b9c39\" id=\"c5627177-e575-40c5-ac6e-7ebdfd4b9c39-link\">14<\/a>\n<\/sup>. Mais comme nous l&rsquo;avons vu plus haut, le processus naturel de vieillissement n&rsquo;est pas la seule cause du rel\u00e2chement des seins. Il y a aussi beaucoup de patientes plus jeunes qui, apr\u00e8s avoir perdu beaucoup de poids, souhaitent se sentir mieux dans leur corps et envisagent donc une intervention chirurgicale.<\/p>\n\n\n\n<p>Si les seins tombent fortement apr\u00e8s une grossesse et un sevrage, nous recommandons d&rsquo;attendre non pas quelques semaines, mais 6 mois. Profitez d&rsquo;une consultation vid\u00e9o en ligne sans engagement ou prenez de pr\u00e9f\u00e9rence rendez-vous pour un examen sur place afin que vos souhaits individuels soient analys\u00e9s en tenant compte de vos conditions physiques.<\/p>\n\n<\/div>\n                            <\/div>\n                    <\/div>\n    <\/div>\n<\/div>\n\n\n<div\n    class=\"bp-block-accordion-item accordion-item is-layout-flow wp-block-bp-accordion-item-is-layout-flow\"\n    itemscope=\"\" itemprop=\"mainEntity\" itemtype=\"https:\/\/schema.org\/Question\">\n    <div class=\"accordion-header\">\n        <button\n            class=\"accordion-button collapsed\"\n            type=\"button\"\n            data-toggle=\"collapse\"\n            data-target=\"#bptb-block-accordion-item-69f5a858c7437\"\n            aria-expanded=\"false\"\n            aria-controls=\"bptb-block-accordion-item-69f5a858c7437\"\n        >\n                            <span\n                    itemprop=\"name\" itemprop=\"name\"                >\n                    Existe-t-il des alternatives au lifting des seins ?\n                <\/span>\n                    <\/button>\n    <\/div>\n\n    <div\n        id=\"bptb-block-accordion-item-69f5a858c7437\"\n        class=\"accordion-collapse collapse \"\n        data-bs-parent=\"#\"\n    >\n        <div\n            class=\"accordion-body\"\n            itemscope=\"\" itemprop=\"acceptedAnswer\" itemtype=\"https:\/\/schema.org\/Answer\"        >\n                            <div itemprop=\"text\">\n                            <div class=\"acf-innerblocks-container\">\n\n<p>Il existe de nombreuses approches de traitement pour stopper le vieillissement de la peau ou lui redonner l&rsquo;\u00e9lasticit\u00e9 de sa jeunesse. Les cr\u00e8mes pour la peau peuvent \u00eatre utilis\u00e9es \u00e0 titre pr\u00e9ventif. Un traitement au microneedling ou au Sculptra\u00ae stimule la production de collag\u00e8ne et am\u00e9liore l&rsquo;\u00e9lasticit\u00e9 de la peau. Les vergetures sur la poitrine peuvent \u00eatre efficacement att\u00e9nu\u00e9es gr\u00e2ce \u00e0 ces m\u00e9thodes de traitement. D&rsquo;autres m\u00e9thodes de traitement, telles que le lifting par fils, la radiofr\u00e9quence (Cutera\u00ae), les ultrasons (Ultherapy\u00ae) ou un traitement au laser, ne sont pas adapt\u00e9es pour raffermir une poitrine. Pour en savoir plus, consultez notre rubrique \u00ab\u00a0<a href=\"https:\/\/www.centerplast.de\/fr\/traitements\/peau-cheveux\/\">Peau et cheveux<\/a>\u00ab\u00a0.<\/p>\n\n<\/div>\n                            <\/div>\n                    <\/div>\n    <\/div>\n<\/div>\n\n\n<div\n    class=\"bp-block-accordion-item accordion-item is-layout-flow wp-block-bp-accordion-item-is-layout-flow\"\n    itemscope=\"\" itemprop=\"mainEntity\" itemtype=\"https:\/\/schema.org\/Question\">\n    <div class=\"accordion-header\">\n        <button\n            class=\"accordion-button collapsed\"\n            type=\"button\"\n            data-toggle=\"collapse\"\n            data-target=\"#bptb-block-accordion-item-69f5a858c755c\"\n            aria-expanded=\"false\"\n            aria-controls=\"bptb-block-accordion-item-69f5a858c755c\"\n        >\n                            <span\n                    itemprop=\"name\" itemprop=\"name\"                >\n                    Est-il judicieux de combiner le lifting des seins et l&#039;augmentation mammaire ?\n                <\/span>\n                    <\/button>\n    <\/div>\n\n    <div\n        id=\"bptb-block-accordion-item-69f5a858c755c\"\n        class=\"accordion-collapse collapse \"\n        data-bs-parent=\"#\"\n    >\n        <div\n            class=\"accordion-body\"\n            itemscope=\"\" itemprop=\"acceptedAnswer\" itemtype=\"https:\/\/schema.org\/Answer\"        >\n                            <div itemprop=\"text\">\n                            <div class=\"acf-innerblocks-container\">\n\n<p>Les patientes aux seins tombants portent souvent des soutiens-gorge plus grands que n\u00e9cessaire en raison du rel\u00e2chement de la peau. Selon la taille du sein, l&rsquo;exc\u00e9dent de peau retir\u00e9 peut peser entre 80 et 150 grammes. Par cons\u00e9quent, un simple lifting des seins peut r\u00e9duire la taille du soutien-gorge d&rsquo;un bonnet.<sup data-fn=\"0e49a82e-e3db-4510-ad5b-ecad54d7c634\" class=\"fn\">\n  <a href=\"#0e49a82e-e3db-4510-ad5b-ecad54d7c634\" id=\"0e49a82e-e3db-4510-ad5b-ecad54d7c634-link\">15<\/a>\n<\/sup>. Si un d\u00e9collet\u00e9 plus volumineux est souhait\u00e9, il est donc recommand\u00e9 de r\u00e9aliser en m\u00eame temps un traitement par graisse autologue des seins.<\/p>\n\n\n\n<p>Pour en savoir plus, consultez notre page <a href=\"https:\/\/www.centerplast.de\/fr\/traitements\/seins-feminins\/augmentation-mammaire-avec-graisse-autologue\/\" data-type=\"treatment\" data-id=\"553\">Augmentation mammaire par injection de graisse autologue<\/a>. Nous recommandons aux patientes qui souhaitent une augmentation mammaire de plus d&rsquo;une taille de bonnet de recourir au lifting des seins avec une augmentation par implant. Pour en savoir plus, consultez notre page <a href=\"https:\/\/www.centerplast.de\/fr\/traitements\/seins-feminins\/augmentation-mammaire-par-implant\/\" data-type=\"treatment\" data-id=\"1077\">Augmentation mammaire par implant<\/a>.<\/p>\n\n<\/div>\n                            <\/div>\n                    <\/div>\n    <\/div>\n<\/div>\n\n\n<div\n    class=\"bp-block-accordion-item accordion-item is-layout-flow wp-block-bp-accordion-item-is-layout-flow\"\n    itemscope=\"\" itemprop=\"mainEntity\" itemtype=\"https:\/\/schema.org\/Question\">\n    <div class=\"accordion-header\">\n        <button\n            class=\"accordion-button collapsed\"\n            type=\"button\"\n            data-toggle=\"collapse\"\n            data-target=\"#bptb-block-accordion-item-69f5a858c767b\"\n            aria-expanded=\"false\"\n            aria-controls=\"bptb-block-accordion-item-69f5a858c767b\"\n        >\n                            <span\n                    itemprop=\"name\" itemprop=\"name\"                >\n                    Combien de temps dure le r\u00e9sultat d&#039;un lifting des seins ? Est-elle durable ?\n                <\/span>\n                    <\/button>\n    <\/div>\n\n    <div\n        id=\"bptb-block-accordion-item-69f5a858c767b\"\n        class=\"accordion-collapse collapse \"\n        data-bs-parent=\"#\"\n    >\n        <div\n            class=\"accordion-body\"\n            itemscope=\"\" itemprop=\"acceptedAnswer\" itemtype=\"https:\/\/schema.org\/Answer\"        >\n                            <div itemprop=\"text\">\n                            <div class=\"acf-innerblocks-container\">\n\n<p>Au cours de la cicatrisation de la plaie et de la cicatrice apr\u00e8s l&rsquo;op\u00e9ration, le tissu entre le mamelon et le pli sous-mammaire s&rsquo;abaisse un peu. Ces modifications sont planifi\u00e9es par des experts exp\u00e9riment\u00e9s en chirurgie esth\u00e9tique et plastique d\u00e8s l&rsquo;op\u00e9ration. Au cours des premiers mois, les seins peuvent donc avoir une forme l\u00e9g\u00e8rement pointue.<\/p>\n\n\n\n<p>C&rsquo;est vers le troisi\u00e8me mois que la forme finale se dessine. Un an au plus tard apr\u00e8s l&rsquo;op\u00e9ration, un r\u00e9sultat durable est obtenu. Des \u00e9tudes montrent que les r\u00e9sultats restent inchang\u00e9s pendant 10 ans.<sup data-fn=\"7ae11606-e9b5-407a-84b1-c962bad0f8f4\" class=\"fn\">\n  <a href=\"#7ae11606-e9b5-407a-84b1-c962bad0f8f4\" id=\"7ae11606-e9b5-407a-84b1-c962bad0f8f4-link\">16<\/a>\n<\/sup>.<\/p>\n\n<\/div>\n                            <\/div>\n                    <\/div>\n    <\/div>\n<\/div>\n\n\n<div\n    class=\"bp-block-accordion-item accordion-item is-layout-flow wp-block-bp-accordion-item-is-layout-flow\"\n    itemscope=\"\" itemprop=\"mainEntity\" itemtype=\"https:\/\/schema.org\/Question\">\n    <div class=\"accordion-header\">\n        <button\n            class=\"accordion-button collapsed\"\n            type=\"button\"\n            data-toggle=\"collapse\"\n            data-target=\"#bptb-block-accordion-item-69f5a858c7791\"\n            aria-expanded=\"false\"\n            aria-controls=\"bptb-block-accordion-item-69f5a858c7791\"\n        >\n                            <span\n                    itemprop=\"name\" itemprop=\"name\"                >\n                    Des drains sont-ils pos\u00e9s lors d&#039;un lifting des seins ?\n                <\/span>\n                    <\/button>\n    <\/div>\n\n    <div\n        id=\"bptb-block-accordion-item-69f5a858c7791\"\n        class=\"accordion-collapse collapse \"\n        data-bs-parent=\"#\"\n    >\n        <div\n            class=\"accordion-body\"\n            itemscope=\"\" itemprop=\"acceptedAnswer\" itemtype=\"https:\/\/schema.org\/Answer\"        >\n                            <div itemprop=\"text\">\n                            <div class=\"acf-innerblocks-container\">\n\n<p>Le liquide de la plaie qui s&rsquo;accumule dans une cavit\u00e9 peut provoquer une sensation de tension et favoriser le d\u00e9veloppement d&rsquo;une inflammation. Pour \u00e9viter que le liquide de la plaie ne s&rsquo;accumule, des drains \u00e9vacuent le liquide de la plaie. Gr\u00e2ce \u00e0 une technique de tumescence douce et \u00e0 l&rsquo;utilisation de la chirurgie \u00e0 haute fr\u00e9quence, les risques d&rsquo;h\u00e9matome sont r\u00e9duits. N\u00e9anmoins, des maladies concomitantes, des efforts physiques ou certaines habitudes de vie peuvent perturber la cicatrisation et entra\u00eener une accumulation de liquide de la plaie.<\/p>\n\n\n\n<p>Parfois, les risques de formation d&rsquo;ecchymoses peuvent passer inaper\u00e7us malgr\u00e9 une pr\u00e9paration optimale et un examen sanguin cibl\u00e9. Si des risques \u00e9lev\u00e9s sont identifi\u00e9s avant une op\u00e9ration ou si une tendance accrue aux saignements est d\u00e9tect\u00e9e pendant l&rsquo;op\u00e9ration, des drains sont mis en place. Dans la plupart des cas, nous parvenons \u00e0 \u00e9viter le drainage.<\/p>\n\n<\/div>\n                            <\/div>\n                    <\/div>\n    <\/div>\n<\/div>\n\n\n<div\n    class=\"bp-block-accordion-item accordion-item is-layout-flow wp-block-bp-accordion-item-is-layout-flow\"\n    itemscope=\"\" itemprop=\"mainEntity\" itemtype=\"https:\/\/schema.org\/Question\">\n    <div class=\"accordion-header\">\n        <button\n            class=\"accordion-button collapsed\"\n            type=\"button\"\n            data-toggle=\"collapse\"\n            data-target=\"#bptb-block-accordion-item-69f5a858c78a4\"\n            aria-expanded=\"false\"\n            aria-controls=\"bptb-block-accordion-item-69f5a858c78a4\"\n        >\n                            <span\n                    itemprop=\"name\" itemprop=\"name\"                >\n                    Quels sont les risques d&#039;un lifting des seins ?\n                <\/span>\n                    <\/button>\n    <\/div>\n\n    <div\n        id=\"bptb-block-accordion-item-69f5a858c78a4\"\n        class=\"accordion-collapse collapse \"\n        data-bs-parent=\"#\"\n    >\n        <div\n            class=\"accordion-body\"\n            itemscope=\"\" itemprop=\"acceptedAnswer\" itemtype=\"https:\/\/schema.org\/Answer\"        >\n                            <div itemprop=\"text\">\n                            <div class=\"acf-innerblocks-container\">\n\n<p>En g\u00e9n\u00e9ral, on constate une grande satisfaction des patients apr\u00e8s un lifting des seins. Les taux de complications sont en moyenne relativement faibles<sup data-fn=\"d76c504b-a850-4115-9ef8-3631aa5922bd\" class=\"fn\">\n  <a href=\"#d76c504b-a850-4115-9ef8-3631aa5922bd\" id=\"d76c504b-a850-4115-9ef8-3631aa5922bd-link\">17<\/a>\n<\/sup>. Les risques potentiels les plus fr\u00e9quents sont les probl\u00e8mes de cicatrice ou les modifications de la forme du mamelon. M\u00eame si une sym\u00e9trie parfaite est toujours recherch\u00e9e, les in\u00e9galit\u00e9s lat\u00e9rales ne peuvent pas \u00eatre totalement corrig\u00e9es dans certains cas.<\/p>\n\n\n\n<p>Les risques g\u00e9n\u00e9raux li\u00e9s \u00e0 l&rsquo;op\u00e9ration comprennent les saignements postop\u00e9ratoires, l&rsquo;accumulation de liquide dans la plaie, l&rsquo;inflammation et les probl\u00e8mes de cicatrisation. L&rsquo;ampleur de l&rsquo;intervention ainsi que l&rsquo;\u00e2ge et l&rsquo;\u00e9tat de sant\u00e9 de la patiente ont une incidence sur les risques op\u00e9ratoires. En moyenne, le lifting des seins entra\u00eene moins de complications que la combinaison d&rsquo;un lifting et d&rsquo;une augmentation mammaire par implant. Les risques ou les complications possibles sont g\u00e9n\u00e9ralement moins importants chez les non-fumeuses en bonne sant\u00e9 que chez les patientes qui fument ou ont fum\u00e9 et qui souffrent de maladies concomitantes.<\/p>\n\n<\/div>\n                            <\/div>\n                    <\/div>\n    <\/div>\n<\/div>\n\n\n<div\n    class=\"bp-block-accordion-item accordion-item is-layout-flow wp-block-bp-accordion-item-is-layout-flow\"\n    itemscope=\"\" itemprop=\"mainEntity\" itemtype=\"https:\/\/schema.org\/Question\">\n    <div class=\"accordion-header\">\n        <button\n            class=\"accordion-button collapsed\"\n            type=\"button\"\n            data-toggle=\"collapse\"\n            data-target=\"#bptb-block-accordion-item-69f5a858c7991\"\n            aria-expanded=\"false\"\n            aria-controls=\"bptb-block-accordion-item-69f5a858c7991\"\n        >\n                            <span\n                    itemprop=\"name\" itemprop=\"name\"                >\n                    Quel est le co\u00fbt d&#039;un lifting des seins ?\n                <\/span>\n                    <\/button>\n    <\/div>\n\n    <div\n        id=\"bptb-block-accordion-item-69f5a858c7991\"\n        class=\"accordion-collapse collapse \"\n        data-bs-parent=\"#\"\n    >\n        <div\n            class=\"accordion-body\"\n            itemscope=\"\" itemprop=\"acceptedAnswer\" itemtype=\"https:\/\/schema.org\/Answer\"        >\n                            <div itemprop=\"text\">\n                            <div class=\"acf-innerblocks-container\">\n\n<p>Vous souhaitez conna\u00eetre le prix d&rsquo;une op\u00e9ration de lifting des seins ? Le co\u00fbt d&rsquo;un lifting des seins ne peut pas \u00eatre d\u00e9termin\u00e9 de mani\u00e8re g\u00e9n\u00e9rale sans examen. Pour ce faire, un entretien personnel doit avoir lieu. Si vous souhaitez avoir un aper\u00e7u du cadre tarifaire avant de vous lancer dans une telle consultation approfondie, nous vous invitons \u00e0 consulter notre page de co\u00fbts.<\/p>\n\n<\/div>\n                            <\/div>\n                    <\/div>\n    <\/div>\n<\/div>\n\n\n<div\n    class=\"bp-block-accordion-item accordion-item is-layout-flow wp-block-bp-accordion-item-is-layout-flow\"\n    itemscope=\"\" itemprop=\"mainEntity\" itemtype=\"https:\/\/schema.org\/Question\">\n    <div class=\"accordion-header\">\n        <button\n            class=\"accordion-button collapsed\"\n            type=\"button\"\n            data-toggle=\"collapse\"\n            data-target=\"#bptb-block-accordion-item-69f5a858c7a97\"\n            aria-expanded=\"false\"\n            aria-controls=\"bptb-block-accordion-item-69f5a858c7a97\"\n        >\n                            <span\n                    itemprop=\"name\" itemprop=\"name\"                >\n                    Quand la caisse d&#039;assurance maladie prend-elle en charge un lifting des seins ?\n                <\/span>\n                    <\/button>\n    <\/div>\n\n    <div\n        id=\"bptb-block-accordion-item-69f5a858c7a97\"\n        class=\"accordion-collapse collapse \"\n        data-bs-parent=\"#\"\n    >\n        <div\n            class=\"accordion-body\"\n            itemscope=\"\" itemprop=\"acceptedAnswer\" itemtype=\"https:\/\/schema.org\/Answer\"        >\n                            <div itemprop=\"text\">\n                            <div class=\"acf-innerblocks-container\">\n\n<p>Lorsqu&rsquo;il est question de lifting des seins et donc de correction de l&rsquo;affaissement de la poitrine, il faut garder \u00e0 l&rsquo;esprit qu&rsquo;il s&rsquo;agit d&rsquo;une op\u00e9ration esth\u00e9tique. Les co\u00fbts de ce type de chirurgie esth\u00e9tique ne sont pas pris en charge par l&rsquo;assurance maladie. Si vous souhaitez savoir comment financer la correction du rel\u00e2chement des seins, consultez notre page sur les possibilit\u00e9s de financement de la chirurgie esth\u00e9tique.<\/p>\n\n<\/div>\n                            <\/div>\n                    <\/div>\n    <\/div>\n<\/div>\n\n<\/div>\n<\/div>\n\n<\/div>\n                <\/div>\n            \n<\/div>\n\n\n                                                    \n<div id=\"bptb-block-container-69f5a858c8edd\" class=\"bp-block-container alignfull position-relative bg-secondary-light pt-6 pt-lg-9 pb-6 pb-lg-9 is-layout-flow wp-block-bp-container-is-layout-flow\"\n        >\n\n    \n                            <div class=\"container container-small-medium \">\n                    <div class=\"acf-innerblocks-container\">\n<div class=\"bp-block-quote is-layout-flow wp-block-bp-quote-is-layout-flow\" id=\"bptb-block-quote-69f5a858c8b42\">\n    <div class=\"row gx-lg-6\">\n        <div class=\"col-md-4\">\n            <picture class=\"d-block author-image mb-4 mb-md-0\">\n                <source srcset=\"https:\/\/www.centerplast.de\/wp-content\/uploads\/2024\/03\/dr-stephane-stahl-260x260.png\" media=\"(min-width: 468px)\">\n                <img decoding=\"async\" class=\"img-fluid\"\n                     src=\"https:\/\/www.centerplast.de\/wp-content\/uploads\/2024\/03\/dr-stephane-stahl-165x165.png\"\n                     width=\"260\"\n                     height=\"260\"\n                     loading=\"lazy\"\n                     alt=\"\">\n            <\/picture>\n        <\/div>\n        <div class=\"col-md-8\">\n            <div class=\"acf-innerblocks-container\">\n\n<p class=\"mb-0 has-primary-color has-text-color has-link-color wp-elements-c9a10e3e9dbdbeda4b7187f7d924616a\"><strong>AUTEUR<\/strong><\/p>\n\n\n\n<h4 class=\"wp-block-heading mt-0 mb-2 has-primary-color has-text-color has-link-color wp-elements-a936ef2664301a6a71ffcaef1ea67ef5\">Dr. St\u00e9phane Stahl<\/h4>\n\n\n\n<p class=\"is-style-quote has-primary-color has-text-color has-link-color wp-elements-8a2a99a7288049f5dd1104f93611269d\"><em>Nous vous fournissons des connaissances approfondies d&rsquo;experts pour choisir avec vous la meilleure voie de traitement possible.<\/em><\/p>\n\n\n\n<p class=\"has-primary-color has-text-color has-link-color wp-elements-7fbff1859ad36b1e916f51becfe6dd6e\">Le Dr St\u00e9phane Stahl, privat-docent, est l&rsquo;ancien directeur de la clinique de chirurgie plastique, reconstructive et esth\u00e9tique \/ chirurgie de la main \u00e0 la clinique de L\u00fcdenscheid. Le Dr Stahl a \u00e9tudi\u00e9 la m\u00e9decine \u00e0 l&rsquo;universit\u00e9 de Fribourg et de Berlin.<\/p>\n\n\n\n<p class=\"has-primary-color has-text-color has-link-color wp-elements-2898204b6d431ddc58473b1bf24f0f81\">  Il a pass\u00e9 l&rsquo;examen europ\u00e9en de chirurgie plastique et esth\u00e9tique en 2011 et l&rsquo;examen allemand de chirurgie esth\u00e9tique et plastique en 2012. D&rsquo;autres qualifications de m\u00e9decin sp\u00e9cialiste et qualifications suppl\u00e9mentaires ont suivi (notamment gestion de la qualit\u00e9, didactique m\u00e9dicale, th\u00e9rapie physique, m\u00e9decine d&rsquo;urgence, responsable de la protection laser, chirurgie de la main), ainsi que des prix et des distinctions.  <\/p>\n\n\n\n<p class=\"has-primary-color has-text-color has-link-color wp-elements-641eeb64bc230c2dd4cab088a34a47a7\">En 2015, il a obtenu son habilitation en chirurgie plastique et esth\u00e9tique \u00e0 T\u00fcbingen. Il est un microchirurgien exp\u00e9riment\u00e9, un expert tr\u00e8s demand\u00e9 et un intervenant r\u00e9gulier dans les congr\u00e8s sp\u00e9cialis\u00e9s. St\u00e9phane Stahl est devenu membre de l&rsquo;American Society for Aesthetic Plastic Surgery (ASAPS), l&rsquo;une des soci\u00e9t\u00e9s de chirurgie esth\u00e9tique les plus importantes et les plus influentes au monde, \u00e0 l&rsquo;issue d&rsquo;un processus de s\u00e9lection en plusieurs \u00e9tapes.  <\/p>\n\n\n\n<p class=\"is-style-paragraph-1 has-primary-color has-text-color has-link-color wp-elements-f4c1b6af3ccc376102b42f96becb3ea3\">Il est notamment l&rsquo;auteur de nombreux articles publi\u00e9s dans des revues \u00e0 comit\u00e9 de lecture prestigieuses et dans des manuels de chirurgie standard.<\/p>\n\n\n<div id=\"bptb-block-button-group-69f5a858c88ce\" class=\"bp-block-button-group\">\n    <div class=\"acf-innerblocks-container d-flex flex-wrap flex-row justify-content-start\">\n        <a href=\"https:\/\/www.centerplast.de\/ueber-uns\/team\/pd-dr-stephane-stahl\/\" class=\"bp-block-button-item btn btn-icon-link btn-icon  btn-arrow-circle-coloured-right\" target=\"\">\n                                                <svg xmlns=\"http:\/\/www.w3.org\/2000\/svg\" xml:space=\"preserve\" x=\"0\" y=\"0\" version=\"1.1\" viewBox=\"0 0 64 64\">\n  <circle id=\"Ellipse_34\" cx=\"36.6\" cy=\"31.8\" r=\"26.8\" style=\"fill:#d9c69e\"\/>\n\t<g transform=\"translate(0 20)\">\n    <path d=\"M43.5 19.9c-.3 0-.5-.1-.7-.3-.4-.4-.4-1 0-1.4l6.3-6.3-6.3-6.3c-.4-.4-.4-1 0-1.4.4-.4 1-.4 1.4 0l7.7 7.7-7.7 7.7c-.2.2-.4.3-.7.3z\" class=\"st1\"\/>\n\t\t<path d=\"M43.5 12.9H1.4c-.6 0-1-.4-1-1s.4-1 1-1h42.1c.6 0 1 .4 1 1s-.4 1-1 1z\" class=\"st1\"\/>\n  <\/g>\n<\/svg>\n                                        <span class=\"btn-text text-primaire\">En savoir plus sur Dr. med. Stahl<\/span>\n            <\/a>\n\n<\/div>\n<\/div>\n<\/div>\n        <\/div>\n    <\/div>\n<\/div>\n<\/div>\n                <\/div>\n            \n<\/div>\n\n\n                                                    \n<div id=\"bptb-block-container-69f5a858c958d\" class=\"bp-block-container alignfull position-relative bg-white pt-6 pt-lg-9 pb-6 pb-lg-0 is-layout-flow wp-block-bp-container-is-layout-flow\"\n        >\n\n    \n                            <div class=\"container container-extra-small \">\n                    <div class=\"acf-innerblocks-container\">\n<div\n    id=\"bptb-block-accordion-69f5a858c93c2\"\n    class=\"bp-block-accordion accordion is-style-clean is-layout-flow wp-block-bp-accordion-is-layout-flow\"\n    >\n    <div class=\"acf-innerblocks-container\">\n<div\n    class=\"bp-block-accordion-item accordion-item is-layout-flow wp-block-bp-accordion-item-is-layout-flow\"\n    >\n    <div class=\"accordion-header\">\n        <button\n            class=\"accordion-button collapsed\"\n            type=\"button\"\n            data-toggle=\"collapse\"\n            data-target=\"#bptb-block-accordion-item-69f5a858c912b\"\n            aria-expanded=\"false\"\n            aria-controls=\"bptb-block-accordion-item-69f5a858c912b\"\n        >\n                            <span\n                                    >\n                    R\u00e9f\u00e9rences\n                <\/span>\n                    <\/button>\n    <\/div>\n\n    <div\n        id=\"bptb-block-accordion-item-69f5a858c912b\"\n        class=\"accordion-collapse collapse \"\n        data-bs-parent=\"#\"\n    >\n        <div\n            class=\"accordion-body\"\n                    >\n                            <div class=\"acf-innerblocks-container\">\n<ol class=\"wp-block-footnotes\"><li id=\"aa911eed-bb90-41c0-994e-1f697cea9bcd\">Lewin R, et al., 2020, Aesthetic Plast Surg. <a href=\"#aa911eed-bb90-41c0-994e-1f697cea9bcd-link\" aria-label=\"Aller \u00e0 la note de bas de page 1\">\u21a9\ufe0e<\/a><\/li><li id=\"5f7417fb-6002-4312-b946-0672402d5de0\">Mallucci P, 2014, Plast Reconstr Surg. <a href=\"#5f7417fb-6002-4312-b946-0672402d5de0-link\" aria-label=\"Aller \u00e0 la note de bas de page 2\">\u21a9\ufe0e<\/a><\/li><li id=\"9a4ada20-f636-4399-961e-e3638f2410cc\"> Spencer L, et al. PLoS One. 2019 <a href=\"#9a4ada20-f636-4399-961e-e3638f2410cc-link\" aria-label=\"Aller \u00e0 la note de bas de page 3\">\u21a9\ufe0e<\/a><\/li><li id=\"714ca943-840e-48f4-9cf8-5c6d13bf7196\">Swanson E., 2013, J Plast Reconstr Aesthet Surg <a href=\"#714ca943-840e-48f4-9cf8-5c6d13bf7196-link\" aria-label=\"Aller \u00e0 la note de bas de page 4\">\u21a9\ufe0e<\/a><\/li><li id=\"41523385-abb5-49b2-aaf4-d5ea422c64d1\">Eitner E., 1932, Kosmetische Operationen, Springer <a href=\"#41523385-abb5-49b2-aaf4-d5ea422c64d1-link\" aria-label=\"Aller \u00e0 la note de bas de page 5\">\u21a9\ufe0e<\/a><\/li><li id=\"af9d1d26-aef5-4c8e-9f6a-edbe0d4e81b9\">Benelli L., 1990, Aesthetic Plast Surg. <a href=\"#af9d1d26-aef5-4c8e-9f6a-edbe0d4e81b9-link\" aria-label=\"Aller \u00e0 la note de bas de page 6\">\u21a9\ufe0e<\/a><\/li><li id=\"866fca1f-496c-425c-b224-5c4c72fbb85d\">L\u00f6tsch F., 1923, Zentralbl Chir. <a href=\"#866fca1f-496c-425c-b224-5c4c72fbb85d-link\" aria-label=\"Aller \u00e0 la note de bas de page 7\">\u21a9\ufe0e<\/a><\/li><li id=\"f18d96e1-47dd-4406-9c8d-50cb9b7fcf8e\">Lassus C., 1986, Aesthetic Plast Surg).In den neunziger Jahren hat Lejour ihre Variationen dieser Technik mit zus\u00e4tzlicher Fettabsaugung beschrieben (Lejour M., 1994, Plast Reconstr Surg. <a href=\"#f18d96e1-47dd-4406-9c8d-50cb9b7fcf8e-link\" aria-label=\"Aller \u00e0 la note de bas de page 8\">\u21a9\ufe0e<\/a><\/li><li id=\"b3ec50d1-43d0-4bd3-9cd5-cc19020485bf\">Hall-Findlay E.J., 1999, Plast Reconstr Surg <a href=\"#b3ec50d1-43d0-4bd3-9cd5-cc19020485bf-link\" aria-label=\"Aller \u00e0 la note de bas de page 9\">\u21a9\ufe0e<\/a><\/li><li id=\"2fb752da-57e2-45c4-872c-e27217a3537b\">Lexer E, 1912, M\u00fcnch Med Wochenschr. <a href=\"#2fb752da-57e2-45c4-872c-e27217a3537b-link\" aria-label=\"Aller \u00e0 la note de bas de page 10\">\u21a9\ufe0e<\/a><\/li><li id=\"6a25b990-a0d4-4407-807a-ba7ac747b6e8\">Wise R.J., 1956, Plast Reconstr Surg <a href=\"#6a25b990-a0d4-4407-807a-ba7ac747b6e8-link\" aria-label=\"Aller \u00e0 la note de bas de page 11\">\u21a9\ufe0e<\/a><\/li><li id=\"70372dfc-3a24-4698-8bb1-c0bbf3cfe455\">Hinderer U., 1978, Aesthetic Plast Surg. <a href=\"#70372dfc-3a24-4698-8bb1-c0bbf3cfe455-link\" aria-label=\"Aller \u00e0 la note de bas de page 12\">\u21a9\ufe0e<\/a><\/li><li id=\"4d2087aa-d7fb-4df0-a8be-f66a72b606ec\">Menderes A et al., 2005, Br J Plast Surg <a href=\"#4d2087aa-d7fb-4df0-a8be-f66a72b606ec-link\" aria-label=\"Aller \u00e0 la note de bas de page 13\">\u21a9\ufe0e<\/a><\/li><li id=\"c5627177-e575-40c5-ac6e-7ebdfd4b9c39\">P\u00e9rez-San-Gregorio M\u00c1, et al., 2016, Medicine (Baltimore <a href=\"#c5627177-e575-40c5-ac6e-7ebdfd4b9c39-link\" aria-label=\"Aller \u00e0 la note de bas de page 14\">\u21a9\ufe0e<\/a><\/li><li id=\"0e49a82e-e3db-4510-ad5b-ecad54d7c634\">Weichman K, et al., 2014, Plast Reconstr Surg <a href=\"#0e49a82e-e3db-4510-ad5b-ecad54d7c634-link\" aria-label=\"Aller \u00e0 la note de bas de page 15\">\u21a9\ufe0e<\/a><\/li><li id=\"7ae11606-e9b5-407a-84b1-c962bad0f8f4\">Swanson E., 2018, Plast Reconstr Surg Glob Open. <a href=\"#7ae11606-e9b5-407a-84b1-c962bad0f8f4-link\" aria-label=\"Aller \u00e0 la note de bas de page 16\">\u21a9\ufe0e<\/a><\/li><li id=\"d76c504b-a850-4115-9ef8-3631aa5922bd\">di Summa PG, et al., 2019, J Plast Reconstr Aesthet Surg. <a href=\"#d76c504b-a850-4115-9ef8-3631aa5922bd-link\" aria-label=\"Aller \u00e0 la note de bas de page 17\">\u21a9\ufe0e<\/a><\/li><\/ol>\n<\/div>\n                    <\/div>\n    <\/div>\n<\/div>\n\n<\/div>\n<\/div>\n\n<\/div>\n                <\/div>\n            \n<\/div>\n\n\n                                                    \n<div id=\"bptb-block-container-69f5a858cbe4b\" class=\"bp-block-container alignfull position-relative bg-white is-layout-flow wp-block-bp-container-is-layout-flow\"\n        >\n\n    \n                            <div class=\"container container-medium \">\n                    <div class=\"acf-innerblocks-container\">\n\n<h3 class=\"wp-block-heading has-text-align-center is-style-display-3\">Vous pourriez \u00e9galement \u00eatre int\u00e9ress\u00e9 par<\/h3>\n\n\n<div id=\"bptb-block-slider-item-69f5a858cb331\" class=\"bp-block-slider-item is-layout-flow wp-block-bp-slider-item-is-layout-flow\">\n    <div class=\"slider-container show-card-shadow\">\n    <div id=\"slider-69f5a858cb39f\"\n         class=\"swiper slider \"\n         data-slider-config=\"{&quot;pagination&quot;:true,&quot;spaceBetween&quot;:15,&quot;slidesPerView&quot;:1.25,&quot;scrollbar&quot;:{&quot;el&quot;:&quot;.swiper-scrollbar&quot;,&quot;draggable&quot;:true},&quot;breakpoints&quot;:{&quot;768&quot;:{&quot;slidesPerView&quot;:1.75,&quot;spaceBetween&quot;:30},&quot;1024&quot;:{&quot;slidesPerView&quot;:&quot;3&quot;,&quot;spaceBetween&quot;:30},&quot;1250&quot;:{&quot;slidesPerView&quot;:&quot;3&quot;,&quot;spaceBetween&quot;:30}}}\"          data-slides=\"3\"     >\n        <div class=\"swiper-wrapper py-4\">\n                                        <div class=\"swiper-slide h-100\">\n                    <div class=\"item-container h-100\">\n                                                    <a href=\"https:\/\/www.centerplast.de\/fr\/traitements\/seins-feminins\/augmentation-mammaire-avec-graisse-autologue\/\" title=\"Mehr zu:  Augmentation mammaire avec graisse autologue\" class=\"stretched-link\">\n                                                                    <span class=\"visually-hidden\">Augmentation mammaire avec graisse autologue<\/span>\n                                                            <\/a>\n                                                <picture class=\"d-block author-image mb-0 h-100\">\n                            <source srcset=\"https:\/\/www.centerplast.de\/wp-content\/uploads\/2024\/02\/behandlung-brustvergroesserung-mit-eigenfett-575x887.jpg\" media=\"(min-width: 468px)\">\n                            <img decoding=\"async\"\n                                    src=\"https:\/\/www.centerplast.de\/wp-content\/uploads\/2024\/02\/behandlung-brustvergroesserung-mit-eigenfett-300x463.jpg\"\n                                    alt=\"Centerplast Slider Bild\"\n                                    width=\"575\"\n                                    height=\"887\"\n                                    loading=\"lazy\"\n                                    class=\"thumbnail img-fluid h-100\"\n                            >\n                        <\/picture>\n                        <div class=\"content-container text-white text-center px-4 px-lg-5 py-5\">\n                            <div class=\"inner\">\n                                                                    <span class=\"d-block h4 mb-2 title fw-medium letter-spacing-xs font-size-base\">Augmentation mammaire avec graisse autologue<\/span>\n                                                                                                                                    <a href=\"https:\/\/www.centerplast.de\/fr\/traitements\/seins-feminins\/augmentation-mammaire-avec-graisse-autologue\/\" class=\"link\" aria-label=\"Mehr zu:  Augmentation mammaire avec graisse autologue\">\n                                        <i class=\"icon icon-arrow-right\"><\/i>\n                                    <\/a>\n                                                            <\/div>\n                        <\/div>\n                    <\/div>\n                <\/div>\n                            <div class=\"swiper-slide h-100\">\n                    <div class=\"item-container h-100\">\n                                                    <a href=\"https:\/\/www.centerplast.de\/fr\/traitements\/seins-feminins\/augmentation-mammaire-par-implant\/\" title=\"Mehr zu:  Augmentation mammaire par implant\" class=\"stretched-link\">\n                                                                    <span class=\"visually-hidden\">Augmentation mammaire par implant<\/span>\n                                                            <\/a>\n                                                <picture class=\"d-block author-image mb-0 h-100\">\n                            <source srcset=\"https:\/\/www.centerplast.de\/wp-content\/uploads\/2024\/02\/brustvergroesserung-implantat-575x887.jpg\" media=\"(min-width: 468px)\">\n                            <img decoding=\"async\"\n                                    src=\"https:\/\/www.centerplast.de\/wp-content\/uploads\/2024\/02\/brustvergroesserung-implantat-300x463.jpg\"\n                                    alt=\"Centerplast Slider Bild\"\n                                    width=\"575\"\n                                    height=\"887\"\n                                    loading=\"lazy\"\n                                    class=\"thumbnail img-fluid h-100\"\n                            >\n                        <\/picture>\n                        <div class=\"content-container text-white text-center px-4 px-lg-5 py-5\">\n                            <div class=\"inner\">\n                                                                    <span class=\"d-block h4 mb-2 title fw-medium letter-spacing-xs font-size-base\">Augmentation mammaire par implant<\/span>\n                                                                                                                                    <a href=\"https:\/\/www.centerplast.de\/fr\/traitements\/seins-feminins\/augmentation-mammaire-par-implant\/\" class=\"link\" aria-label=\"Mehr zu:  Augmentation mammaire par implant\">\n                                        <i class=\"icon icon-arrow-right\"><\/i>\n                                    <\/a>\n                                                            <\/div>\n                        <\/div>\n                    <\/div>\n                <\/div>\n                            <div class=\"swiper-slide h-100\">\n                    <div class=\"item-container h-100\">\n                                                    <a href=\"https:\/\/www.centerplast.de\/fr\/traitements\/seins-feminins\/augmentation-mammaire-hybride\/\" title=\"Mehr zu:  Augmentation mammaire hybride\" class=\"stretched-link\">\n                                                                    <span class=\"visually-hidden\">Augmentation mammaire hybride<\/span>\n                                                            <\/a>\n                                                <picture class=\"d-block author-image mb-0 h-100\">\n                            <source srcset=\"https:\/\/www.centerplast.de\/wp-content\/uploads\/2024\/02\/hybrid-brustvergroesserung-575x887.jpg\" media=\"(min-width: 468px)\">\n                            <img decoding=\"async\"\n                                    src=\"https:\/\/www.centerplast.de\/wp-content\/uploads\/2024\/02\/hybrid-brustvergroesserung-300x463.jpg\"\n                                    alt=\"Centerplast Slider Bild\"\n                                    width=\"575\"\n                                    height=\"887\"\n                                    loading=\"lazy\"\n                                    class=\"thumbnail img-fluid h-100\"\n                            >\n                        <\/picture>\n                        <div class=\"content-container text-white text-center px-4 px-lg-5 py-5\">\n                            <div class=\"inner\">\n                                                                    <span class=\"d-block h4 mb-2 title fw-medium letter-spacing-xs font-size-base\">Augmentation mammaire hybride<\/span>\n                                                                                                                                    <a href=\"https:\/\/www.centerplast.de\/fr\/traitements\/seins-feminins\/augmentation-mammaire-hybride\/\" class=\"link\" aria-label=\"Mehr zu:  Augmentation mammaire hybride\">\n                                        <i class=\"icon icon-arrow-right\"><\/i>\n                                    <\/a>\n                                                            <\/div>\n                        <\/div>\n                    <\/div>\n                <\/div>\n                            <\/div>\n    <\/div>\n\n    <div class=\"swiper-controls mt-5\">\n        <div class=\"swiper-arrow swiper-button-prev\"><i class=\"icon icon-arrow-circle-left\"><\/i><\/div>\n\n        <div class=\"swiper-pagination\"><\/div>\n        <div class=\"swiper-scrollbar\"><\/div>\n\n        <div class=\"swiper-arrow swiper-button-next\"><i class=\"icon icon-arrow-circle-right\"><\/i><\/div>\n    <\/div>\n\n    <\/div>\n\n    \n<\/div>\n\n<\/div>\n                <\/div>\n            \n<\/div>\n\n\n<div id=\"bptb-block-personal-advice-69f5a858cd7ae\" class=\"bp-block-personal-advice position-relative  bg-secondary-light overflow-x-hidden alignfull\"\ndata-overlapping=\"true\">\n            <div class=\"overlapping d-none d-lg-block bg-white\"\n        style=&quot;height:20%;&quot;><\/div>\n        <div class=\"container text-primary py-7 py-lg-0\">\n        <div class=\"row justify-content-center\">\n            <div class=\"col-lg-10\">\n                <div class=\"row\">\n                                            <div class=\"col-lg-6\">\n                            <div class=\"image-container position-relative d-none d-lg-block\">\n                                <img decoding=\"async\"\n                                        src=\"https:\/\/www.centerplast.de\/wp-content\/uploads\/2024\/02\/persoenliche-beratung-600x716.png\"\n                                        alt=\"\"\n                                        width=\"600\"\n                                        height=\"716\"\n                                        loading=\"lazy\"\n                                        class=\"d-block img-fluid\"\n                                >\n                            <\/div>\n                        <\/div>\n                                        <div class=\"col-12 col-lg-5 content-col d-flex align-items-center\">\n                        <div class=\"acf-innerblocks-container\">\n\n<h2 class=\"wp-block-heading\">Conseil personnalis\u00e9<\/h2>\n\n\n\n<p class=\"has-text-align-left is-style-paragraph-1\">Nous prenons le temps de vous conseiller et de vous offrir un traitement sur mesure pour un r\u00e9sultat personnalis\u00e9.<\/p>\n\n\n<div id=\"bptb-block-button-group-69f5a858ccaec\" class=\"bp-block-button-group\">\n    <div class=\"acf-innerblocks-container d-flex flex-wrap flex-row justify-content-start\">\n\n<a href=\"https:\/\/www.centerplast.de\/terminbuchung\/\"\n   class=\"bp-block-button-item btn btn-icon-link btn-appointment-circle\"\n   target=\"_blank\"\n>\n                                <i class=\"icon icon-appointment-circle\"><\/i>\n            \n    <span class=\"btn-text \">\n        Termin auf doctolib buchen\n    <\/span>\n\n<\/a>\n\n\n        <a href=\"https:\/\/www.centerplast.de\/fr\/a-propos-de-nous\/pratique\/consultation-video\/\" class=\"bp-block-button-item btn btn-icon-link btn-icon  btn-video-consultation-circle\" target=\"\">\n                                                <i class=\"icon icon-video-consultation-circle\"><\/i>\n                                        <span class=\"btn-text text-primary\">R\u00e9server une consultation vid\u00e9o<\/span>\n            <\/a>\n\n<\/div>\n<\/div>\n<\/div>\n                    <\/div>\n                <\/div>\n            <\/div>\n        <\/div>\n    <\/div>\n<\/div>\n\n\n\n<\/div>\n\n<\/div>\n\n\n\n","protected":false},"featured_media":5428,"parent":6686,"menu_order":0,"template":"","meta":{"_acf_changed":false,"_seopress_robots_primary_cat":"","_seopress_titles_title":"Raffermissement des seins \u00e0 Sarrebruck | CenterPlast","_seopress_titles_desc":"Correction des tissus mammaires tombants \u2713 R\u00e9sultats naturels \u2713 Sp\u00e9cialistes exp\u00e9riment\u00e9s \u2713 Demandez conseil !","_seopress_robots_index":"","footnotes":"[{\"content\":\"Lewin R, et al., 2020, Aesthetic Plast Surg.\",\"id\":\"aa911eed-bb90-41c0-994e-1f697cea9bcd\"},{\"content\":\"Mallucci P, 2014, Plast Reconstr Surg.\",\"id\":\"5f7417fb-6002-4312-b946-0672402d5de0\"},{\"content\":\" Spencer L, et al. PLoS One. 2019\",\"id\":\"9a4ada20-f636-4399-961e-e3638f2410cc\"},{\"content\":\"Swanson E., 2013, J Plast Reconstr Aesthet Surg\",\"id\":\"714ca943-840e-48f4-9cf8-5c6d13bf7196\"},{\"content\":\"Eitner E., 1932, Kosmetische Operationen, Springer\",\"id\":\"41523385-abb5-49b2-aaf4-d5ea422c64d1\"},{\"content\":\"Benelli L., 1990, Aesthetic Plast Surg.\",\"id\":\"af9d1d26-aef5-4c8e-9f6a-edbe0d4e81b9\"},{\"content\":\"L\\u00f6tsch F., 1923, Zentralbl Chir.\",\"id\":\"866fca1f-496c-425c-b224-5c4c72fbb85d\"},{\"content\":\"Lassus C., 1986, Aesthetic Plast Surg).In den neunziger Jahren hat Lejour ihre Variationen dieser Technik mit zus\\u00e4tzlicher Fettabsaugung beschrieben (Lejour M., 1994, Plast Reconstr Surg.\",\"id\":\"f18d96e1-47dd-4406-9c8d-50cb9b7fcf8e\"},{\"content\":\"Hall-Findlay E.J., 1999, Plast Reconstr Surg\",\"id\":\"b3ec50d1-43d0-4bd3-9cd5-cc19020485bf\"},{\"content\":\"Lexer E, 1912, M\\u00fcnch Med Wochenschr.\",\"id\":\"2fb752da-57e2-45c4-872c-e27217a3537b\"},{\"content\":\"Wise R.J., 1956, Plast Reconstr Surg\",\"id\":\"6a25b990-a0d4-4407-807a-ba7ac747b6e8\"},{\"content\":\"Hinderer U., 1978, Aesthetic Plast Surg.\",\"id\":\"70372dfc-3a24-4698-8bb1-c0bbf3cfe455\"},{\"content\":\"Menderes A et al., 2005, Br J Plast Surg\",\"id\":\"4d2087aa-d7fb-4df0-a8be-f66a72b606ec\"},{\"content\":\"P\\u00e9rez-San-Gregorio M\\u00c1, et al., 2016, Medicine (Baltimore\",\"id\":\"c5627177-e575-40c5-ac6e-7ebdfd4b9c39\"},{\"content\":\"Weichman K, et al., 2014, Plast Reconstr Surg\",\"id\":\"0e49a82e-e3db-4510-ad5b-ecad54d7c634\"},{\"content\":\"Swanson E., 2018, Plast Reconstr Surg Glob Open.\",\"id\":\"7ae11606-e9b5-407a-84b1-c962bad0f8f4\"},{\"content\":\"di Summa PG, et al., 2019, J Plast Reconstr Aesthet Surg.\",\"id\":\"d76c504b-a850-4115-9ef8-3631aa5922bd\"}]"},"class_list":["post-6827","treatment","type-treatment","status-publish","has-post-thumbnail","hentry"],"acf":[],"_links":{"self":[{"href":"https:\/\/www.centerplast.de\/fr\/wp-json\/wp\/v2\/treatment\/6827","targetHints":{"allow":["GET"]}}],"collection":[{"href":"https:\/\/www.centerplast.de\/fr\/wp-json\/wp\/v2\/treatment"}],"about":[{"href":"https:\/\/www.centerplast.de\/fr\/wp-json\/wp\/v2\/types\/treatment"}],"version-history":[{"count":4,"href":"https:\/\/www.centerplast.de\/fr\/wp-json\/wp\/v2\/treatment\/6827\/revisions"}],"predecessor-version":[{"id":8488,"href":"https:\/\/www.centerplast.de\/fr\/wp-json\/wp\/v2\/treatment\/6827\/revisions\/8488"}],"up":[{"embeddable":true,"href":"https:\/\/www.centerplast.de\/fr\/wp-json\/wp\/v2\/treatment\/6686"}],"wp:featuredmedia":[{"embeddable":true,"href":"https:\/\/www.centerplast.de\/fr\/wp-json\/wp\/v2\/media\/5428"}],"wp:attachment":[{"href":"https:\/\/www.centerplast.de\/fr\/wp-json\/wp\/v2\/media?parent=6827"}],"curies":[{"name":"wp","href":"https:\/\/api.w.org\/{rel}","templated":true}]}}