{"id":6926,"date":"2024-04-08T09:42:13","date_gmt":"2024-04-08T07:42:13","guid":{"rendered":"https:\/\/www.centerplast.de\/behandlungen\/peau-cheveux\/eliminer-les-glandes-sudoripares\/"},"modified":"2024-04-23T15:27:30","modified_gmt":"2024-04-23T13:27:30","slug":"eliminer-les-glandes-sudoripares","status":"publish","type":"treatment","link":"https:\/\/www.centerplast.de\/fr\/traitements\/peau-cheveux\/eliminer-les-glandes-sudoripares\/","title":{"rendered":"\u00e9liminer les glandes sudoripares"},"content":{"rendered":"<section id=\"bptb-block-page-header-69f4986d5c2b4\" class=\"bp-block-page-header position-relative alignfull\" data-type=\"text_image_overlap\"\n         \n>\n            \n    \n    \n            <div class=\"outer-container hide-overlay text-image-overlapping-block-container bg-secondary\">\n    <div class=\"after bg-secondary-light\"><\/div>\n        <div class=\"container container-medium\">\n        <div class=\"inner-grid\">\n            <div class=\"content-container\"\n                 data-aos=\"fade-down\">\n                                    <div class=\"content-container d-flex h-100 align-items-center pt-5 pt-lg-9 pb-5 pb-lg-9 \"\n                         data-aos=\"fade-down\" data-aos-anchor=\"#bptb-block-page-header-69f4986d5c2b4\">\n                        <div class=\"inner inner-container\">\n                            <div class=\"row justify-content-center\">\n                                <div class=\"col-12 col-lg-12\">\n                                    <div class=\"acf-innerblocks-container\">\n\n<h1 class=\"wp-block-heading has-primary-color has-text-color has-link-color wp-elements-69c30d8758abdeec5039c2a4d0350263\">Glandes sudoripares <br>supprimer Saarland<\/h1>\n\n\n<div id=\"bptb-block-button-group-69f4986d5a672\" class=\"bp-block-button-group\">\n    <div class=\"acf-innerblocks-container d-flex flex-wrap flex-row justify-content-start\">\n        <a href=\"https:\/\/www.centerplast.de\/terminbuchung\/\/booking\/insurance-sector?specialityId=1297&amp;telehealth=false&amp;placeId=practice-115021&amp;profile_skipped=true&amp;vmid=2605989&amp;visit_motive_category_id=84756&amp;speciality_ids%5B%5D=1297&amp;utm_source=centerplast-website-button&amp;utm_medium=referral&amp;utm_campaign=website-button&amp;utm_content=custom&amp;bookingFunnelSource=external_referral\" class=\"bp-block-button-item btn btn-icon-link btn-icon  btn-arrow-circle-white-right\" target=\"_blank\">\n                                                <i class=\"icon icon-arrow-circle-white-right\"><\/i>\n                                        <span class=\"btn-text text-primaire\">Prendre rendez-vous<\/span>\n            <\/a>\n\n<\/div>\n<\/div>\n<\/div>\n                                <\/div>\n                            <\/div>\n                        <\/div>\n                    <\/div>\n                \n            <\/div>\n\n            <div class=\"image-container\">\n                <picture>\n                    <img fetchpriority=\"high\" decoding=\"async\" src=\"https:\/\/www.centerplast.de\/wp-content\/uploads\/2024\/04\/frau-moechte-ihre-schweissdruesen-entfernen-lassen-600x690.jpg\"\n                         alt=\"\"\n                         width=\"600\"\n                         height=\"690\"\n                         loading=\"eager\"\n                         class=\"img-fluid\"\n                         data-aos=\"fade-down\">\n                <\/picture>\n            <\/div>\n\n            <div class=\"breadcrumb-outer bg-secondary-light\">\n                <div class=\"before bg-secondary-light\"><\/div>\n                    <section class=\"breadcrumb-container  pt-3 py-lg-3\">\n                                   <div class=\"row\">\n                    <div class=\"col-12 col-md-6\">\n                        <div class=\"animation-container overflow-navigation\" data-aos=\"fade-down\" data-aos-anchor=\"#page-header\">\n                            <nav  aria-label=\"Fil d&#039;Ariane\"><ol class=\"breadcrumb overflow-element\" itemscope itemtype=\"https:\/\/schema.org\/BreadcrumbList\"><li class=\"breadcrumb-item active\" aria-current=\"page\" itemprop=\"itemListElement\" itemscope itemtype=\"https:\/\/schema.org\/ListItem\"><span itemprop=\"name\">Page d&rsquo;accueil<\/span><meta itemprop=\"position\" content=\"1\"><\/li><\/ol><\/nav>\n                            <div class=\"overflow-navigation-items\">\n                                <button type=\"button\" class=\"btn btn-overflow btn-overflow-prev d-none\" aria-label=\"button left\">\n                                    <i class=\"icon icon-chevron-left\" title=\"left\"><\/i>\n                                <\/button>\n                                <button type=\"button\" class=\"btn btn-overflow btn-overflow-next\" aria-label=\"button right\">\n                                    <i class=\"icon icon-chevron-right\" title=\"right\"><\/i>\n                                <\/button>\n                            <\/div>\n                        <\/div>\n                    <\/div>\n                <\/div>\n                    <\/section>\n                <div class=\"after bg-secondary-light\"><\/div>\n            <\/div>\n\n        <\/div>\n\n    <\/div>\n\n<\/div>    \n<\/section>\n\n\n                                                    \n<div id=\"bptb-block-container-69f4986d5dc33\" class=\"bp-block-container alignfull position-relative bg-secondary-light pt-6 pt-lg-9 pb-6 pb-lg-9 is-layout-flow wp-block-bp-container-is-layout-flow\"\n        >\n\n    \n                            <div class=\"container container-small \">\n                    <div class=\"acf-innerblocks-container\">\n\n<h2 class=\"wp-block-heading\">\u00c9limination des glandes sudoripares pour lutter contre la transpiration excessive des aisselles<\/h2>\n\n\n\n<p>L&rsquo;augmentation de la transpiration, l&rsquo;hyperhidrose, peut entra\u00eener une souffrance consid\u00e9rable. La forme la plus fr\u00e9quente, l&rsquo;hyperhidrose focale primaire, touche principalement les aisselles (hyperhidrose axillaire), les pieds, les mains ou le visage, c&rsquo;est-\u00e0-dire des zones principalement responsables de la transpiration \u00e9motionnelle. Gr\u00e2ce \u00e0 une petite op\u00e9ration, nous pouvons \u00e9liminer vos glandes sudoripares.<\/p>\n\n\n\n<p>Pour ce faire, les glandes sudoripares sont aspir\u00e9es \u00e0 l&rsquo;aide de canules sp\u00e9ciales apr\u00e8s une pr\u00e9paration ad\u00e9quate. Les cicatrices dues aux petites incisions sont presque imperceptibles par la suite. Il est ainsi possible de corriger le probl\u00e8me de la transpiration excessive au niveau des aisselles.<\/p>\n\n\n<div id=\"bptb-block-button-group-69f4986d5cbfb\" class=\"bp-block-button-group\">\n    <div class=\"acf-innerblocks-container d-flex flex-wrap flex-row justify-content-start\">\n        <a href=\"https:\/\/www.centerplast.de\/terminbuchung\/\/booking\/insurance-sector?specialityId=1297&amp;telehealth=false&amp;placeId=practice-115021&amp;profile_skipped=true&amp;vmid=2605989&amp;visit_motive_category_id=84756&amp;speciality_ids%5B%5D=1297&amp;utm_source=centerplast-website-button&amp;utm_medium=referral&amp;utm_campaign=website-button&amp;utm_content=custom&amp;bookingFunnelSource=external_referral\" class=\"bp-block-button-item btn btn-icon-link btn-icon  btn-arrow-circle-coloured-right\" target=\"_blank\">\n                                                <svg xmlns=\"http:\/\/www.w3.org\/2000\/svg\" xml:space=\"preserve\" x=\"0\" y=\"0\" version=\"1.1\" viewBox=\"0 0 64 64\">\n  <circle id=\"Ellipse_34\" cx=\"36.6\" cy=\"31.8\" r=\"26.8\" style=\"fill:#d9c69e\"\/>\n\t<g transform=\"translate(0 20)\">\n    <path d=\"M43.5 19.9c-.3 0-.5-.1-.7-.3-.4-.4-.4-1 0-1.4l6.3-6.3-6.3-6.3c-.4-.4-.4-1 0-1.4.4-.4 1-.4 1.4 0l7.7 7.7-7.7 7.7c-.2.2-.4.3-.7.3z\" class=\"st1\"\/>\n\t\t<path d=\"M43.5 12.9H1.4c-.6 0-1-.4-1-1s.4-1 1-1h42.1c.6 0 1 .4 1 1s-.4 1-1 1z\" class=\"st1\"\/>\n  <\/g>\n<\/svg>\n                                        <span class=\"btn-text text-primaire\">Prendre rendez-vous<\/span>\n            <\/a>\n\n<\/div>\n<\/div>\n<\/div>\n                <\/div>\n            \n<\/div>\n\n\n                                                    \n<div id=\"bptb-block-container-69f4986d5f3fb\" class=\"bp-block-container alignfull position-relative bg-white pt-6 pt-lg-9 pb-6 pb-lg-9 is-layout-flow wp-block-bp-container-is-layout-flow\"\n        >\n\n    \n                            <div class=\"container container-medium \">\n                    <div class=\"acf-innerblocks-container\">\n\n<h3 class=\"wp-block-heading has-text-align-center\">Ce que disent nos patients<\/h3>\n\n\n    <div id=\"bptb-block-provenexpert-69f4986d5f1a9\" class=\"bp-block-provenexpert wp-block-box\"\n         data-script-url=\"https:\/\/www.provenexpert.com\/widget\/landing_centerplast.js?feedback=0&amp;avatar=1&amp;competence=1&amp;style=white\"\n         data-style-url=\"https:\/\/www.provenexpert.com\/css\/widget_landing.css\">\n        <!-- ProvenExpert Bewertungssiegel -->\n        <div id=\"pewl\"><\/div>\n        \n        <!-- ProvenExpert Bewertungssiegel Ende -->\n    <\/div>\n\n<\/div>\n                <\/div>\n            \n<\/div>\n\n\n                                                    \n<div id=\"bptb-block-container-69f4986d6146b\" class=\"bp-block-container alignfull position-relative bg-secondary-light pt-6 pt-lg-9 pb-6 pb-lg-9 is-layout-flow wp-block-bp-container-is-layout-flow\"\n        >\n\n    \n                            <div class=\"container container-medium \">\n                    <div class=\"acf-innerblocks-container\">\n<div class=\"bp-block-row\" id=\"bptb-block-row-69f4986d61288\">\n    <div class=\"row  gx-xl-8 gx-lg-default gx-md-default gy-5 gy-lg-0 p0 pnone p0 pnone \">\n\n<div class=\"bp-block-column col-12 col-lg\" id=\"bptb-block-column-69f4986d600a7\">\n    \n\n<figure class=\"wp-block-image size-full is-style-border-20\"><img decoding=\"async\" width=\"923\" height=\"729\" src=\"https:\/\/www.centerplast.de\/wp-content\/uploads\/2024\/04\/schweissdruesenentfernung_content.jpg\" loading=\"lazy\" alt=\"\" class=\"wp-image-4153\" style=\"aspect-ratio:4\/3;object-fit:cover\" srcset=\"https:\/\/www.centerplast.de\/wp-content\/uploads\/2024\/04\/schweissdruesenentfernung_content.jpg 923w, https:\/\/www.centerplast.de\/wp-content\/uploads\/2024\/04\/schweissdruesenentfernung_content-300x237.jpg 300w, https:\/\/www.centerplast.de\/wp-content\/uploads\/2024\/04\/schweissdruesenentfernung_content-768x607.jpg 768w, https:\/\/www.centerplast.de\/wp-content\/uploads\/2024\/04\/schweissdruesenentfernung_content-480x379.jpg 480w, https:\/\/www.centerplast.de\/wp-content\/uploads\/2024\/04\/schweissdruesenentfernung_content-615x485.jpg 615w, https:\/\/www.centerplast.de\/wp-content\/uploads\/2024\/04\/schweissdruesenentfernung_content-400x315.jpg 400w, https:\/\/www.centerplast.de\/wp-content\/uploads\/2024\/04\/schweissdruesenentfernung_content-850x671.jpg 850w, https:\/\/www.centerplast.de\/wp-content\/uploads\/2024\/04\/schweissdruesenentfernung_content-600x474.jpg 600w, https:\/\/www.centerplast.de\/wp-content\/uploads\/2024\/04\/schweissdruesenentfernung_content-590x466.jpg 590w\" sizes=\"auto, (max-width: 923px) 100vw, 923px\" \/><\/figure>\n\n\n\n<p><\/p>\n\n\n\n<p><\/p>\n\n\n<\/div>\n\n\n<div class=\"bp-block-column col-12 col-lg\" id=\"bptb-block-column-69f4986d60a21\">\n    \n    <div class=\"bp-block-anchor blank-anchor is-layout-flow wp-block-bp-anchor-is-layout-flow\" id=\"preparation\" data-title=\"Pr\u00e9paration\">\n        <div class=\"bp-block-anchor-innerblocks acf-innerblocks-container\"><\/div>\n    <\/div>\n\n    \n\n\n\n<h2 class=\"wp-block-heading is-style-display-3\">Comment se pr\u00e9parer \u00e0 l&rsquo;ablation des glandes sudoripares ?<\/h2>\n\n\n\n<ul class=\"is-style-check wp-block-list\">\n<li>Toutes vos questions concernant d&rsquo;\u00e9ventuelles complications li\u00e9es \u00e0 l&rsquo;ablation des glandes sudoripares ainsi que les formes alternatives de traitement doivent \u00eatre discut\u00e9es au pr\u00e9alable.<\/li>\n\n\n\n<li>Pour des raisons de s\u00e9curit\u00e9, limitez au maximum la consommation de nicotine et d&rsquo;alcool !<\/li>\n\n\n\n<li>La prise de m\u00e9dicaments contenant des hormones, tels que la pilule, peut n\u00e9cessiter un suivi. \u00eatre suspendu temporairement.<\/li>\n\n\n\n<li>Les m\u00e9dicaments anticoagulants (tels que l&rsquo;ASS ou la Thomapyrin\u00ae) doivent \u00eatre pris au moins une fois par jour. \u00eatre arr\u00eat\u00e9 dix jours avant l&rsquo;intervention chirurgicale (apr\u00e8s avoir consult\u00e9 votre m\u00e9decin traitant).<\/li>\n\n\n\n<li>Tous les compl\u00e9ments alimentaires (acides gras om\u00e9ga-3, pr\u00e9parations \u00e0 base de millepertuis&#8230;) et les pr\u00e9parations vitamin\u00e9es (A, E) doivent \u00eatre pris au moins une fois par semaine. Arr\u00eater 4 semaines avant l&rsquo;op\u00e9ration des glandes sudoripares.<\/li>\n\n\n\n<li>Avant d&rsquo;effectuer des interventions esth\u00e9tiques, il est recommand\u00e9 de souscrire une assurance de suivi.<\/li>\n\n\n\n<li>Les interventions chirurgicales limitent votre capacit\u00e9 \u00e0 voyager en avion. Dans les 6 semaines suivant l&rsquo;intervention, ne pr\u00e9voyez pas de voyager en avion, que ce soit pour des raisons professionnelles ou priv\u00e9es !<\/li>\n<\/ul>\n\n\n<\/div>\n<\/div>\n<\/div>\n<\/div>\n                <\/div>\n            \n<\/div>\n\n\n                                                    \n<div id=\"bptb-block-container-69f4986d6218e\" class=\"bp-block-container alignfull position-relative bg-secondary-light pt-6 pt-lg-0 pb-6 pb-lg-9 is-layout-flow wp-block-bp-container-is-layout-flow\"\n        >\n\n    \n                            <div class=\"container container-medium \">\n                    <div class=\"acf-innerblocks-container\">\n<div class=\"bp-block-row\" id=\"bptb-block-row-69f4986d61fec\">\n    <div class=\"row  gx-xl-8 gx-lg-default gx-md-default gy-5 gy-lg-0 p0 pnone p0 pnone \">\n\n<div class=\"bp-block-column col-12 col-lg-6 order-2 order-lg-1 has-col-class\" id=\"bptb-block-column-69f4986d61b5a\">\n    \n    <div class=\"bp-block-anchor blank-anchor is-layout-flow wp-block-bp-anchor-is-layout-flow\" id=\"mise-en-oeuvre\" data-title=\"Mise en \u0153uvre\">\n        <div class=\"bp-block-anchor-innerblocks acf-innerblocks-container\"><\/div>\n    <\/div>\n\n    \n\n\n\n<h2 class=\"wp-block-heading is-style-display-3\">Comment s&rsquo;effectue l&rsquo;ablation des glandes sudoripares ?<\/h2>\n\n\n\n<ul class=\"is-style-check wp-block-list\">\n<li>L&rsquo;intervention dure environ 1 heure.<\/li>\n\n\n\n<li>L&rsquo;aspiration des glandes sudoripares est r\u00e9alis\u00e9e en ambulatoire sous anesth\u00e9sie locale et, sur demande, sous s\u00e9dation.<\/li>\n\n\n\n<li>Les petites piq\u00fbres sont cousues avec de fins fils de peau.<\/li>\n<\/ul>\n\n\n<\/div>\n\n\n<div class=\"bp-block-column col-12 col-lg-6 order-1 order-lg-2 has-col-class\" id=\"bptb-block-column-69f4986d61f75\">\n    \n\n<figure class=\"wp-block-image size-full is-style-border-20\"><img decoding=\"async\" width=\"923\" height=\"729\" src=\"https:\/\/www.centerplast.de\/wp-content\/uploads\/2024\/04\/schweissdruesenentfernung_content2.jpg\" loading=\"lazy\" alt=\"\" class=\"wp-image-4154\" style=\"aspect-ratio:4\/3;object-fit:cover\" srcset=\"https:\/\/www.centerplast.de\/wp-content\/uploads\/2024\/04\/schweissdruesenentfernung_content2.jpg 923w, https:\/\/www.centerplast.de\/wp-content\/uploads\/2024\/04\/schweissdruesenentfernung_content2-300x237.jpg 300w, https:\/\/www.centerplast.de\/wp-content\/uploads\/2024\/04\/schweissdruesenentfernung_content2-768x607.jpg 768w, https:\/\/www.centerplast.de\/wp-content\/uploads\/2024\/04\/schweissdruesenentfernung_content2-480x379.jpg 480w, https:\/\/www.centerplast.de\/wp-content\/uploads\/2024\/04\/schweissdruesenentfernung_content2-615x485.jpg 615w, https:\/\/www.centerplast.de\/wp-content\/uploads\/2024\/04\/schweissdruesenentfernung_content2-400x315.jpg 400w, https:\/\/www.centerplast.de\/wp-content\/uploads\/2024\/04\/schweissdruesenentfernung_content2-850x671.jpg 850w, https:\/\/www.centerplast.de\/wp-content\/uploads\/2024\/04\/schweissdruesenentfernung_content2-600x474.jpg 600w, https:\/\/www.centerplast.de\/wp-content\/uploads\/2024\/04\/schweissdruesenentfernung_content2-590x466.jpg 590w\" sizes=\"auto, (max-width: 923px) 100vw, 923px\" \/><\/figure>\n\n\n<\/div>\n<\/div>\n<\/div>\n<\/div>\n                <\/div>\n            \n<\/div>\n\n\n                                                    \n<div id=\"bptb-block-container-69f4986d63f64\" class=\"bp-block-container alignfull position-relative bg-green-light pt-6 pt-lg-9 pb-6 pb-lg-9 is-layout-flow wp-block-bp-container-is-layout-flow\"\n        >\n\n    \n                            <div class=\"container container-small \">\n                    <div class=\"acf-innerblocks-container\">\n\n<h3 class=\"wp-block-heading has-text-align-center  is-style-display-3\">Vos experts pour l&rsquo;ablation des glandes sudoripares<\/h3>\n\n\n    <div id=\"bptb-block-post-cards-69f4986d63d11\" class=\"bp-block-post-cards \">\n        <div class=\"row    \">\n            \n                \n                \n                                                    \n                                                                                                                                                                        \n                <div class=\"col-12 col-md-6 col-lg-6 mb-6 mb-md-0 \">\n\n                                                                \n                    <article class=\"card card-overlap position-relative has-overlay\">\n   <div class=\"item-container\">\n                  <a href=\"https:\/\/www.centerplast.de\/ueber-uns\/team\/dr-adelana-santos-stahl\/\" title=\"Mehr zu:  Dr. Adelana Santos Stahl\" class=\"stretched-link\"><\/a>\n       \n       <div class=\"image\">\n           <img decoding=\"async\"\n                   src=\"https:\/\/www.centerplast.de\/wp-content\/uploads\/2024\/03\/dr-santos-stahl-400x475.jpg\"\n                   alt=\"Dr. Adelana Santos Stahl\"\n                   width=\"400\"\n                   height=\"475\"\n                   loading=\"lazy\"\n                   class=\"thumbnail img-fluid\">\n       <\/div>\n\n       <div class=\"content-container text-primary pt-4 card-body px-4 px-lg-5 py-5\">\n                          <span class=\"card-title d-block h4 mb-2 title position-relative text-center text-white\">\n                Dr. Adelana Santos Stahl\n            <\/span>\n                                                                     <a href=\"https:\/\/www.centerplast.de\/ueber-uns\/team\/dr-adelana-santos-stahl\/\" class=\"link text-center\">\n                                   <i class=\"icon icon-arrow-right\"><\/i>\n                               <\/a>\n                                                            <\/div>\n   <\/div>\n<\/article>\n                <\/div>\n            \n                \n                \n                                                    \n                                                                                                                                                                        \n                <div class=\"col-12 col-md-6 col-lg-6 mb-6 mb-md-0 \">\n\n                                                                \n                    <article class=\"card card-overlap position-relative has-overlay\">\n   <div class=\"item-container\">\n                  <a href=\"https:\/\/www.centerplast.de\/ueber-uns\/team\/pd-dr-stephane-stahl\/\" title=\"Mehr zu:  PD. Dr. St\u00e9phane Stahl\" class=\"stretched-link\"><\/a>\n       \n       <div class=\"image\">\n           <img decoding=\"async\"\n                   src=\"https:\/\/www.centerplast.de\/wp-content\/uploads\/2024\/03\/dr-stephane-stahl-400x475.jpg\"\n                   alt=\"Dr. Stephane Stahl\"\n                   width=\"400\"\n                   height=\"475\"\n                   loading=\"lazy\"\n                   class=\"thumbnail img-fluid\">\n       <\/div>\n\n       <div class=\"content-container text-primary pt-4 card-body px-4 px-lg-5 py-5\">\n                          <span class=\"card-title d-block h4 mb-2 title position-relative text-center text-white\">\n                PD. Dr. St\u00e9phane Stahl\n            <\/span>\n                                                                     <a href=\"https:\/\/www.centerplast.de\/ueber-uns\/team\/pd-dr-stephane-stahl\/\" class=\"link text-center\">\n                                   <i class=\"icon icon-arrow-right\"><\/i>\n                               <\/a>\n                                                            <\/div>\n   <\/div>\n<\/article>\n                <\/div>\n                    <\/div>\n    <\/div>\n\n<\/div>\n                <\/div>\n            \n<\/div>\n\n\n                                                    \n<div id=\"bptb-block-container-69f4986d64803\" class=\"bp-block-container alignfull position-relative bg-white pt-6 pt-lg-9 pb-6 pb-lg-9 is-layout-flow wp-block-bp-container-is-layout-flow\"\n        >\n\n    \n                            <div class=\"container container-small \">\n                    <div class=\"acf-innerblocks-container\">\n    <div class=\"bp-block-anchor blank-anchor is-layout-flow wp-block-bp-anchor-is-layout-flow\" id=\"suivi-des-patients\" data-title=\"Suivi des patients\">\n        <div class=\"bp-block-anchor-innerblocks acf-innerblocks-container\"><\/div>\n    <\/div>\n\n    \n\n\n\n<h2 class=\"wp-block-heading is-style-display-3\" id=\"de335-4\">Quelles sont les pr\u00e9cautions \u00e0 prendre apr\u00e8s une ablation des glandes sudoripares ?<\/h2>\n\n\n\n<ul class=\"is-style-check wp-block-list\">\n<li>Des contr\u00f4les cliniques postop\u00e9ratoires sont recommand\u00e9s au troisi\u00e8me jour postop\u00e9ratoire, puis \u00e0 nouveau \u00e0 1, 2 et 6 semaines, ainsi qu&rsquo;\u00e0 6 mois et 12 mois.<\/li>\n\n\n\n<li>La douche est possible juste avant le contr\u00f4le de la plaie \u00e0 partir du troisi\u00e8me jour apr\u00e8s l&rsquo;op\u00e9ration.<\/li>\n\n\n\n<li>Les fils sont tir\u00e9s entre le 10e et le 14e jour postop\u00e9ratoire.<\/li>\n\n\n\n<li>Le soin des cicatrices, compos\u00e9 d&rsquo;un massage des cicatrices, d&rsquo;une protection solaire et d&rsquo;une couche de silicone, permet d&rsquo;obtenir des cicatrices peu visibles \u00e0 partir de la troisi\u00e8me semaine postop\u00e9ratoire.<\/li>\n\n\n\n<li>Le sport, le sauna, la natation, les travaux lourds et les bains de soleil doivent \u00eatre \u00e9vit\u00e9s au minimum. 6 semaines.<\/li>\n<\/ul>\n\n<\/div>\n                <\/div>\n            \n<\/div>\n\n\n                                                    \n<div id=\"bptb-block-container-69f4986d65b45\" class=\"bp-block-container alignfull position-relative bg-secondary-light pt-6 pt-lg-9 pb-6 pb-lg-9 is-layout-flow wp-block-bp-container-is-layout-flow\"\n        >\n\n    \n                            <div class=\"container container-small-medium \">\n                    <div class=\"acf-innerblocks-container\">\n<div class=\"bp-block-quote is-layout-flow wp-block-bp-quote-is-layout-flow\" id=\"bptb-block-quote-69f4986d65772\">\n    <div class=\"row gx-lg-6\">\n        <div class=\"col-md-4\">\n            <picture class=\"d-block author-image mb-4 mb-md-0\">\n                <source srcset=\"https:\/\/www.centerplast.de\/wp-content\/uploads\/2024\/03\/dr-stephane-stahl-260x260.png\" media=\"(min-width: 468px)\">\n                <img decoding=\"async\" class=\"img-fluid\"\n                     src=\"https:\/\/www.centerplast.de\/wp-content\/uploads\/2024\/03\/dr-stephane-stahl-165x165.png\"\n                     width=\"260\"\n                     height=\"260\"\n                     loading=\"lazy\"\n                     alt=\"\">\n            <\/picture>\n        <\/div>\n        <div class=\"col-md-8\">\n            <div class=\"acf-innerblocks-container\">\n\n<p class=\"mb-0 has-primary-color has-text-color has-link-color wp-elements-c9a10e3e9dbdbeda4b7187f7d924616a\"><strong>AUTEUR<\/strong><\/p>\n\n\n\n<h4 class=\"wp-block-heading mt-0 mb-2 has-primary-color has-text-color has-link-color wp-elements-a936ef2664301a6a71ffcaef1ea67ef5\">Dr. St\u00e9phane Stahl<\/h4>\n\n\n\n<p class=\"is-style-quote has-primary-color has-text-color has-link-color wp-elements-8a2a99a7288049f5dd1104f93611269d\"><em>Nous vous fournissons des connaissances approfondies d&rsquo;experts pour choisir avec vous la meilleure voie de traitement possible.<\/em><\/p>\n\n\n\n<p class=\"has-primary-color has-text-color has-link-color wp-elements-7fbff1859ad36b1e916f51becfe6dd6e\">Le Dr St\u00e9phane Stahl, privat-docent, est l&rsquo;ancien directeur de la clinique de chirurgie plastique, reconstructive et esth\u00e9tique \/ chirurgie de la main \u00e0 la clinique de L\u00fcdenscheid. Le Dr Stahl a \u00e9tudi\u00e9 la m\u00e9decine \u00e0 l&rsquo;universit\u00e9 de Fribourg et de Berlin.<\/p>\n\n\n\n<p class=\"has-primary-color has-text-color has-link-color wp-elements-2898204b6d431ddc58473b1bf24f0f81\">  Il a pass\u00e9 l&rsquo;examen europ\u00e9en de chirurgie plastique et esth\u00e9tique en 2011 et l&rsquo;examen allemand de chirurgie esth\u00e9tique et plastique en 2012. D&rsquo;autres qualifications de m\u00e9decin sp\u00e9cialiste et qualifications suppl\u00e9mentaires ont suivi (notamment gestion de la qualit\u00e9, didactique m\u00e9dicale, th\u00e9rapie physique, m\u00e9decine d&rsquo;urgence, responsable de la protection laser, chirurgie de la main), ainsi que des prix et des distinctions.  <\/p>\n\n\n\n<p class=\"has-primary-color has-text-color has-link-color wp-elements-641eeb64bc230c2dd4cab088a34a47a7\">En 2015, il a obtenu son habilitation en chirurgie plastique et esth\u00e9tique \u00e0 T\u00fcbingen. Il est un microchirurgien exp\u00e9riment\u00e9, un expert tr\u00e8s demand\u00e9 et un intervenant r\u00e9gulier dans les congr\u00e8s sp\u00e9cialis\u00e9s. St\u00e9phane Stahl est devenu membre de l&rsquo;American Society for Aesthetic Plastic Surgery (ASAPS), l&rsquo;une des soci\u00e9t\u00e9s de chirurgie esth\u00e9tique les plus importantes et les plus influentes au monde, \u00e0 l&rsquo;issue d&rsquo;un processus de s\u00e9lection en plusieurs \u00e9tapes.  <\/p>\n\n\n\n<p class=\"is-style-paragraph-1 has-primary-color has-text-color has-link-color wp-elements-f4c1b6af3ccc376102b42f96becb3ea3\">Il est notamment l&rsquo;auteur de nombreux articles publi\u00e9s dans des revues \u00e0 comit\u00e9 de lecture prestigieuses et dans des manuels de chirurgie standard.<\/p>\n\n\n<div id=\"bptb-block-button-group-69f4986d654b1\" class=\"bp-block-button-group\">\n    <div class=\"acf-innerblocks-container d-flex flex-wrap flex-row justify-content-start\">\n        <a href=\"https:\/\/www.centerplast.de\/ueber-uns\/team\/pd-dr-stephane-stahl\/\" class=\"bp-block-button-item btn btn-icon-link btn-icon  btn-arrow-circle-coloured-right\" target=\"\">\n                                                <svg xmlns=\"http:\/\/www.w3.org\/2000\/svg\" xml:space=\"preserve\" x=\"0\" y=\"0\" version=\"1.1\" viewBox=\"0 0 64 64\">\n  <circle id=\"Ellipse_34\" cx=\"36.6\" cy=\"31.8\" r=\"26.8\" style=\"fill:#d9c69e\"\/>\n\t<g transform=\"translate(0 20)\">\n    <path d=\"M43.5 19.9c-.3 0-.5-.1-.7-.3-.4-.4-.4-1 0-1.4l6.3-6.3-6.3-6.3c-.4-.4-.4-1 0-1.4.4-.4 1-.4 1.4 0l7.7 7.7-7.7 7.7c-.2.2-.4.3-.7.3z\" class=\"st1\"\/>\n\t\t<path d=\"M43.5 12.9H1.4c-.6 0-1-.4-1-1s.4-1 1-1h42.1c.6 0 1 .4 1 1s-.4 1-1 1z\" class=\"st1\"\/>\n  <\/g>\n<\/svg>\n                                        <span class=\"btn-text text-primaire\">En savoir plus sur Dr. med. Stahl<\/span>\n            <\/a>\n\n<\/div>\n<\/div>\n<\/div>\n        <\/div>\n    <\/div>\n<\/div>\n<\/div>\n                <\/div>\n            \n<\/div>\n\n\n                                                    \n<div id=\"bptb-block-container-69f4986d68ad0\" class=\"bp-block-container alignfull position-relative bg-white is-layout-flow wp-block-bp-container-is-layout-flow\"\n        >\n\n    \n                            <div class=\"container container-medium \">\n                    <div class=\"acf-innerblocks-container\">\n\n<h3 class=\"wp-block-heading has-text-align-center is-style-display-3\">Vous pourriez \u00e9galement \u00eatre int\u00e9ress\u00e9 par<\/h3>\n\n\n<div id=\"bptb-block-slider-item-69f4986d67ea2\" class=\"bp-block-slider-item is-layout-flow wp-block-bp-slider-item-is-layout-flow\">\n    <div class=\"slider-container show-card-shadow\">\n    <div id=\"slider-69f4986d67f32\"\n         class=\"swiper slider \"\n         data-slider-config=\"{&quot;pagination&quot;:true,&quot;spaceBetween&quot;:15,&quot;slidesPerView&quot;:1.25,&quot;scrollbar&quot;:{&quot;el&quot;:&quot;.swiper-scrollbar&quot;,&quot;draggable&quot;:true},&quot;breakpoints&quot;:{&quot;768&quot;:{&quot;slidesPerView&quot;:1.75,&quot;spaceBetween&quot;:30},&quot;1024&quot;:{&quot;slidesPerView&quot;:&quot;3&quot;,&quot;spaceBetween&quot;:30},&quot;1250&quot;:{&quot;slidesPerView&quot;:&quot;3&quot;,&quot;spaceBetween&quot;:30}}}\"          data-slides=\"3\"     >\n        <div class=\"swiper-wrapper py-4\">\n                                        <div class=\"swiper-slide h-100\">\n                    <div class=\"item-container h-100\">\n                                                    <a href=\"https:\/\/www.centerplast.de\/fr\/traitements\/visage\/lifting-de-la-paupiere-inferieure\/\" title=\"Mehr zu:  Lifting de la paupi\u00e8re inf\u00e9rieure\" class=\"stretched-link\">\n                                                                    <span class=\"visually-hidden\">Lifting de la paupi\u00e8re inf\u00e9rieure<\/span>\n                                                            <\/a>\n                                                <picture class=\"d-block author-image mb-0 h-100\">\n                            <source srcset=\"https:\/\/www.centerplast.de\/wp-content\/uploads\/2024\/02\/behandlung-zur-unterlidstraffung-575x887.jpg\" media=\"(min-width: 468px)\">\n                            <img decoding=\"async\"\n                                    src=\"https:\/\/www.centerplast.de\/wp-content\/uploads\/2024\/02\/behandlung-zur-unterlidstraffung-300x463.jpg\"\n                                    alt=\"Centerplast Slider Bild\"\n                                    width=\"575\"\n                                    height=\"887\"\n                                    loading=\"lazy\"\n                                    class=\"thumbnail img-fluid h-100\"\n                            >\n                        <\/picture>\n                        <div class=\"content-container text-white text-center px-4 px-lg-5 py-5\">\n                            <div class=\"inner\">\n                                                                    <span class=\"d-block h4 mb-2 title fw-medium letter-spacing-xs font-size-base\">Lifting de la paupi\u00e8re inf\u00e9rieure<\/span>\n                                                                                                                                    <a href=\"https:\/\/www.centerplast.de\/fr\/traitements\/visage\/lifting-de-la-paupiere-inferieure\/\" class=\"link\" aria-label=\"Mehr zu:  Lifting de la paupi\u00e8re inf\u00e9rieure\">\n                                        <i class=\"icon icon-arrow-right\"><\/i>\n                                    <\/a>\n                                                            <\/div>\n                        <\/div>\n                    <\/div>\n                <\/div>\n                            <div class=\"swiper-slide h-100\">\n                    <div class=\"item-container h-100\">\n                                                    <a href=\"https:\/\/www.centerplast.de\/fr\/traitements\/botox\/supprimer-les-pattes-doie\/\" title=\"Mehr zu:  Supprimer les pattes d&rsquo;oie\" class=\"stretched-link\">\n                                                                    <span class=\"visually-hidden\">Supprimer les pattes d&rsquo;oie<\/span>\n                                                            <\/a>\n                                                <picture class=\"d-block author-image mb-0 h-100\">\n                            <source srcset=\"https:\/\/www.centerplast.de\/wp-content\/uploads\/2024\/04\/botox-behandlung-gegen-kraehenfuesse-575x887.jpg\" media=\"(min-width: 468px)\">\n                            <img decoding=\"async\"\n                                    src=\"https:\/\/www.centerplast.de\/wp-content\/uploads\/2024\/04\/botox-behandlung-gegen-kraehenfuesse-300x463.jpg\"\n                                    alt=\"Centerplast Slider Bild\"\n                                    width=\"575\"\n                                    height=\"887\"\n                                    loading=\"lazy\"\n                                    class=\"thumbnail img-fluid h-100\"\n                            >\n                        <\/picture>\n                        <div class=\"content-container text-white text-center px-4 px-lg-5 py-5\">\n                            <div class=\"inner\">\n                                                                    <span class=\"d-block h4 mb-2 title fw-medium letter-spacing-xs font-size-base\">Supprimer les pattes d&rsquo;oie<\/span>\n                                                                                                                                    <a href=\"https:\/\/www.centerplast.de\/fr\/traitements\/botox\/supprimer-les-pattes-doie\/\" class=\"link\" aria-label=\"Mehr zu:  Supprimer les pattes d&rsquo;oie\">\n                                        <i class=\"icon icon-arrow-right\"><\/i>\n                                    <\/a>\n                                                            <\/div>\n                        <\/div>\n                    <\/div>\n                <\/div>\n                            <div class=\"swiper-slide h-100\">\n                    <div class=\"item-container h-100\">\n                                                    <a href=\"https:\/\/www.centerplast.de\/fr\/traitements\/botox\/supprimer-les-rides-du-front\/\" title=\"Mehr zu:  Supprimer les rides du front\" class=\"stretched-link\">\n                                                                    <span class=\"visually-hidden\">Supprimer les rides du front<\/span>\n                                                            <\/a>\n                                                <picture class=\"d-block author-image mb-0 h-100\">\n                            <source srcset=\"https:\/\/www.centerplast.de\/wp-content\/uploads\/2024\/04\/botox-behandlung-gegen-zornesfalten-575x887.jpg\" media=\"(min-width: 468px)\">\n                            <img decoding=\"async\"\n                                    src=\"https:\/\/www.centerplast.de\/wp-content\/uploads\/2024\/04\/botox-behandlung-gegen-zornesfalten-300x463.jpg\"\n                                    alt=\"Centerplast Slider Bild\"\n                                    width=\"575\"\n                                    height=\"887\"\n                                    loading=\"lazy\"\n                                    class=\"thumbnail img-fluid h-100\"\n                            >\n                        <\/picture>\n                        <div class=\"content-container text-white text-center px-4 px-lg-5 py-5\">\n                            <div class=\"inner\">\n                                                                    <span class=\"d-block h4 mb-2 title fw-medium letter-spacing-xs font-size-base\">Supprimer les rides du front<\/span>\n                                                                                                                                    <a href=\"https:\/\/www.centerplast.de\/fr\/traitements\/botox\/supprimer-les-rides-du-front\/\" class=\"link\" aria-label=\"Mehr zu:  Supprimer les rides du front\">\n                                        <i class=\"icon icon-arrow-right\"><\/i>\n                                    <\/a>\n                                                            <\/div>\n                        <\/div>\n                    <\/div>\n                <\/div>\n                            <\/div>\n    <\/div>\n\n    <div class=\"swiper-controls mt-5\">\n        <div class=\"swiper-arrow swiper-button-prev\"><i class=\"icon icon-arrow-circle-left\"><\/i><\/div>\n\n        <div class=\"swiper-pagination\"><\/div>\n        <div class=\"swiper-scrollbar\"><\/div>\n\n        <div class=\"swiper-arrow swiper-button-next\"><i class=\"icon icon-arrow-circle-right\"><\/i><\/div>\n    <\/div>\n\n    <\/div>\n\n    \n<\/div>\n\n<\/div>\n                <\/div>\n            \n<\/div>\n\n\n<div id=\"bptb-block-personal-advice-69f4986d6a71b\" class=\"bp-block-personal-advice position-relative  bg-secondary-light overflow-x-hidden alignfull\"\ndata-overlapping=\"true\">\n            <div class=\"overlapping d-none d-lg-block bg-white\"\n        style=&quot;height:20%;&quot;><\/div>\n        <div class=\"container text-primary py-7 py-lg-0\">\n        <div class=\"row justify-content-center\">\n            <div class=\"col-lg-10\">\n                <div class=\"row\">\n                                            <div class=\"col-lg-6\">\n                            <div class=\"image-container position-relative d-none d-lg-block\">\n                                <img decoding=\"async\"\n                                        src=\"https:\/\/www.centerplast.de\/wp-content\/uploads\/2024\/02\/persoenliche-beratung-600x716.png\"\n                                        alt=\"\"\n                                        width=\"600\"\n                                        height=\"716\"\n                                        loading=\"lazy\"\n                                        class=\"d-block img-fluid\"\n                                >\n                            <\/div>\n                        <\/div>\n                                        <div class=\"col-12 col-lg-5 content-col d-flex align-items-center\">\n                        <div class=\"acf-innerblocks-container\">\n\n<h2 class=\"wp-block-heading\">Conseil personnalis\u00e9<\/h2>\n\n\n\n<p class=\"has-text-align-left is-style-paragraph-1\">Nous prenons le temps de vous conseiller et de vous offrir un traitement sur mesure pour un r\u00e9sultat personnalis\u00e9.<\/p>\n\n\n<div id=\"bptb-block-button-group-69f4986d698ce\" class=\"bp-block-button-group\">\n    <div class=\"acf-innerblocks-container d-flex flex-wrap flex-row justify-content-start\">\n\n<a href=\"https:\/\/www.centerplast.de\/terminbuchung\/\"\n   class=\"bp-block-button-item btn btn-icon-link btn-appointment-circle\"\n   target=\"_blank\"\n>\n                                <i class=\"icon icon-appointment-circle\"><\/i>\n            \n    <span class=\"btn-text \">\n        Termin auf doctolib buchen\n    <\/span>\n\n<\/a>\n\n\n        <a href=\"https:\/\/www.centerplast.de\/fr\/a-propos-de-nous\/pratique\/consultation-video\/\" class=\"bp-block-button-item btn btn-icon-link btn-icon  btn-video-consultation-circle\" target=\"\">\n                                                <i class=\"icon icon-video-consultation-circle\"><\/i>\n                                        <span class=\"btn-text text-primary\">R\u00e9server une consultation vid\u00e9o<\/span>\n            <\/a>\n\n<\/div>\n<\/div>\n<\/div>\n                    <\/div>\n                <\/div>\n            <\/div>\n        <\/div>\n    <\/div>\n<\/div>\n\n\n\n\n<p><!-- \/wp:post-content --><\/p>","protected":false},"featured_media":5710,"parent":6662,"menu_order":0,"template":"","meta":{"_acf_changed":false,"_seopress_robots_primary_cat":"","_seopress_titles_title":"Enl\u00e8vement des glandes sudoripares \u00e0 Sarrebruck | CenterPlast","_seopress_titles_desc":"Traitement de l'hyperhidrose \u2713 aspiration permanente des glandes sudoripares \u2713 Consultez maintenant un sp\u00e9cialiste !","_seopress_robots_index":"","footnotes":""},"class_list":["post-6926","treatment","type-treatment","status-publish","has-post-thumbnail","hentry"],"acf":[],"_links":{"self":[{"href":"https:\/\/www.centerplast.de\/fr\/wp-json\/wp\/v2\/treatment\/6926","targetHints":{"allow":["GET"]}}],"collection":[{"href":"https:\/\/www.centerplast.de\/fr\/wp-json\/wp\/v2\/treatment"}],"about":[{"href":"https:\/\/www.centerplast.de\/fr\/wp-json\/wp\/v2\/types\/treatment"}],"version-history":[{"count":3,"href":"https:\/\/www.centerplast.de\/fr\/wp-json\/wp\/v2\/treatment\/6926\/revisions"}],"predecessor-version":[{"id":8542,"href":"https:\/\/www.centerplast.de\/fr\/wp-json\/wp\/v2\/treatment\/6926\/revisions\/8542"}],"up":[{"embeddable":true,"href":"https:\/\/www.centerplast.de\/fr\/wp-json\/wp\/v2\/treatment\/6662"}],"wp:featuredmedia":[{"embeddable":true,"href":"https:\/\/www.centerplast.de\/fr\/wp-json\/wp\/v2\/media\/5710"}],"wp:attachment":[{"href":"https:\/\/www.centerplast.de\/fr\/wp-json\/wp\/v2\/media?parent=6926"}],"curies":[{"name":"wp","href":"https:\/\/api.w.org\/{rel}","templated":true}]}}