{"id":7019,"date":"2024-04-09T10:53:11","date_gmt":"2024-04-09T08:53:11","guid":{"rendered":"https:\/\/www.centerplast.de\/behandlungen\/peau-cheveux\/supprimer-les-grains-de-beaute\/"},"modified":"2024-04-23T15:29:30","modified_gmt":"2024-04-23T13:29:30","slug":"supprimer-les-grains-de-beaute","status":"publish","type":"treatment","link":"https:\/\/www.centerplast.de\/fr\/traitements\/peau-cheveux\/supprimer-les-grains-de-beaute\/","title":{"rendered":"Supprimer les grains de beaut\u00e9"},"content":{"rendered":"<section id=\"bptb-block-page-header-69f4db0c72551\" class=\"bp-block-page-header position-relative alignfull\" data-type=\"text_image_overlap\"\n         \n>\n            \n    \n    \n            <div class=\"outer-container hide-overlay text-image-overlapping-block-container bg-secondary\">\n    <div class=\"after bg-secondary-light\"><\/div>\n        <div class=\"container container-medium\">\n        <div class=\"inner-grid\">\n            <div class=\"content-container\"\n                 data-aos=\"fade-down\">\n                                    <div class=\"content-container d-flex h-100 align-items-center pt-5 pt-lg-9 pb-5 pb-lg-9 \"\n                         data-aos=\"fade-down\" data-aos-anchor=\"#bptb-block-page-header-69f4db0c72551\">\n                        <div class=\"inner inner-container\">\n                            <div class=\"row justify-content-center\">\n                                <div class=\"col-12 col-lg-12\">\n                                    <div class=\"acf-innerblocks-container\">\n\n<h1 class=\"wp-block-heading has-primary-color has-text-color has-link-color wp-elements-4ba31e3d49856921aa72a30ded5f0014\">Supprimer les grains de beaut\u00e9 Saarbr\u00fccken<\/h1>\n\n\n<div id=\"bptb-block-button-group-69f4db0c7080f\" class=\"bp-block-button-group\">\n    <div class=\"acf-innerblocks-container d-flex flex-wrap flex-row justify-content-start\">\n        <a href=\"https:\/\/www.centerplast.de\/terminbuchung\/\/booking\/insurance-sector?specialityId=1297&amp;telehealth=false&amp;placeId=practice-115021&amp;bookingFunnelSource=profile\" class=\"bp-block-button-item btn btn-icon-link btn-icon  btn-arrow-circle-white-right\" target=\"\">\n                                                <i class=\"icon icon-arrow-circle-white-right\"><\/i>\n                                        <span class=\"btn-text text-primaire\">Prendre rendez-vous<\/span>\n            <\/a>\n\n<\/div>\n<\/div>\n<\/div>\n                                <\/div>\n                            <\/div>\n                        <\/div>\n                    <\/div>\n                \n            <\/div>\n\n            <div class=\"image-container\">\n                <picture>\n                    <img fetchpriority=\"high\" decoding=\"async\" src=\"https:\/\/www.centerplast.de\/wp-content\/uploads\/2024\/04\/behandlung-muttermale-entfernen-600x690.jpg\"\n                         alt=\"\"\n                         width=\"600\"\n                         height=\"690\"\n                         loading=\"eager\"\n                         class=\"img-fluid\"\n                         data-aos=\"fade-down\">\n                <\/picture>\n            <\/div>\n\n            <div class=\"breadcrumb-outer bg-secondary-light\">\n                <div class=\"before bg-secondary-light\"><\/div>\n                    <section class=\"breadcrumb-container  pt-3 py-lg-3\">\n                                   <div class=\"row\">\n                    <div class=\"col-12 col-md-6\">\n                        <div class=\"animation-container overflow-navigation\" data-aos=\"fade-down\" data-aos-anchor=\"#page-header\">\n                            <nav  aria-label=\"Fil d&#039;Ariane\"><ol class=\"breadcrumb overflow-element\" itemscope itemtype=\"https:\/\/schema.org\/BreadcrumbList\"><li class=\"breadcrumb-item active\" aria-current=\"page\" itemprop=\"itemListElement\" itemscope itemtype=\"https:\/\/schema.org\/ListItem\"><span itemprop=\"name\">Page d&rsquo;accueil<\/span><meta itemprop=\"position\" content=\"1\"><\/li><\/ol><\/nav>\n                            <div class=\"overflow-navigation-items\">\n                                <button type=\"button\" class=\"btn btn-overflow btn-overflow-prev d-none\" aria-label=\"button left\">\n                                    <i class=\"icon icon-chevron-left\" title=\"left\"><\/i>\n                                <\/button>\n                                <button type=\"button\" class=\"btn btn-overflow btn-overflow-next\" aria-label=\"button right\">\n                                    <i class=\"icon icon-chevron-right\" title=\"right\"><\/i>\n                                <\/button>\n                            <\/div>\n                        <\/div>\n                    <\/div>\n                <\/div>\n                    <\/section>\n                <div class=\"after bg-secondary-light\"><\/div>\n            <\/div>\n\n        <\/div>\n\n    <\/div>\n\n<\/div>    \n<\/section>\n\n\n                                                    \n<div id=\"bptb-block-container-69f4db0c73e71\" class=\"bp-block-container alignfull position-relative bg-secondary-light pt-6 pt-lg-9 pb-6 pb-lg-9 is-layout-flow wp-block-bp-container-is-layout-flow\"\n        >\n\n    \n                            <div class=\"container container-small \">\n                    <div class=\"acf-innerblocks-container\">\n\n<h2 class=\"wp-block-heading\">Qu&rsquo;est-ce qu&rsquo;un grain de beaut\u00e9 ?<\/h2>\n\n\n\n<p>Un grain de beaut\u00e9 est une prolif\u00e9ration locale de cellules pigmentaires de la peau (m\u00e9lanocytes) qui se pr\u00e9sente sous la forme d&rsquo;une tache sombre. Il s&rsquo;agit d&rsquo;une modification b\u00e9nigne de la peau, \u00e9galement connue dans le langage courant sous les termes de taches de beaut\u00e9 ou de grains de beaut\u00e9. Le terme technique pour d\u00e9signer un grain de beaut\u00e9 est naevus (au pluriel naevus). Le nombre de grains de beaut\u00e9 augmente avec l&rsquo;\u00e2ge. De nouveaux grains de beaut\u00e9 peuvent appara\u00eetre chez les jeunes jusqu&rsquo;\u00e0 l&rsquo;\u00e2ge de quarante ans. Les taches pigmentaires qui apparaissent \u00e0 un \u00e2ge avanc\u00e9 sont appel\u00e9es taches de vieillesse.<\/p>\n\n\n\n<p>Les taches augmentent donc avec l&rsquo;\u00e2ge. L&rsquo;apparition de ces modifications b\u00e9nignes de la peau s&rsquo;accompagne d&rsquo;une r\u00e9duction de l&rsquo;\u00e9lasticit\u00e9 due \u00e0 la perte de collag\u00e8ne. L&rsquo;humidit\u00e9 diminue. De plus, des facteurs externes (influences ext\u00e9rieures), tels que les rayons UV et une alimentation malsaine ou saine, jouent un r\u00f4le important sur l&rsquo;aspect de votre peau et peuvent favoriser encore plus une peau s\u00e8che. En fonction de l&rsquo;interaction de ces facteurs, vous \u00eates donc confront\u00e9 \u00e0 un vieillissement pr\u00e9matur\u00e9 de la peau et \u00e0 l&rsquo;apparition ou \u00e0 l&rsquo;aggravation de l\u00e9sions cutan\u00e9es.<\/p>\n\n\n\n<p>Un grain de beaut\u00e9 ordinaire est g\u00e9n\u00e9ralement inf\u00e9rieur \u00e0 environ 5 millim\u00e8tres de diam\u00e8tre. La tache est ronde ou ovale, de couleur brun clair \u00e0 brun fonc\u00e9. Il a une surface lisse et se distingue nettement de la peau environnante. Les grains de beaut\u00e9 sont particuli\u00e8rement fr\u00e9quents sur les parties du corps qui ont \u00e9t\u00e9 expos\u00e9es au soleil (k\u00e9ratose actinique). Selon les pr\u00e9dispositions h\u00e9r\u00e9ditaires, un adulte d&rsquo;Europe centrale d\u00e9veloppe en moyenne 10 \u00e0 40 grains de beaut\u00e9 de plus de deux millim\u00e8tres de diam\u00e8tre sur l&rsquo;ensemble de son corps au fil du temps. Au-del\u00e0 de 50 grains de beaut\u00e9, le risque de cancer de la peau est l\u00e9g\u00e8rement plus \u00e9lev\u00e9.<sup data-fn=\"a57bede5-9b16-40d0-ab44-08472925fcf2\" class=\"fn\">\n  <a href=\"#a57bede5-9b16-40d0-ab44-08472925fcf2\" id=\"a57bede5-9b16-40d0-ab44-08472925fcf2-link\">1<\/a>\n<\/sup>. Le risque qu&rsquo;un grain de beaut\u00e9 se transforme en cancer de la peau est faible. Sur une p\u00e9riode d&rsquo;un an, le risque varie de 1\/200 000 \u00e0 1\/33 000 selon l&rsquo;\u00e2ge.<sup data-fn=\"33e2f889-47c1-4301-9bb9-cac10e29c456\" class=\"fn\">\n  <a href=\"#33e2f889-47c1-4301-9bb9-cac10e29c456\" id=\"33e2f889-47c1-4301-9bb9-cac10e29c456-link\">2<\/a>\n<\/sup>. Dans plus de 70% des cas, le cancer noir de la peau se d\u00e9veloppe \u00e0 des endroits o\u00f9 il n&rsquo;y a pas de grain de beaut\u00e9.<sup data-fn=\"83b1e295-3c5c-43c5-a88f-e678eb936de0\" class=\"fn\">\n  <a href=\"#83b1e295-3c5c-43c5-a88f-e678eb936de0\" id=\"83b1e295-3c5c-43c5-a88f-e678eb936de0-link\">3<\/a>\n<\/sup>.<\/p>\n\n\n<div id=\"bptb-block-button-group-69f4db0c72e6d\" class=\"bp-block-button-group\">\n    <div class=\"acf-innerblocks-container d-flex flex-wrap flex-row justify-content-start\">\n        <a href=\"https:\/\/www.centerplast.de\/terminbuchung\/\/booking\/insurance-sector?specialityId=1297&amp;telehealth=false&amp;placeId=practice-115021&amp;profile_skipped=true&amp;vmid=3107326&amp;utm_source=centerplast-website-button&amp;utm_medium=referral&amp;utm_campaign=website-button&amp;utm_content=custom&amp;bookingFunnelSource=external_referral\" class=\"bp-block-button-item btn btn-icon-link btn-icon  btn-arrow-circle-coloured-right\" target=\"_blank\">\n                                                <svg xmlns=\"http:\/\/www.w3.org\/2000\/svg\" xml:space=\"preserve\" x=\"0\" y=\"0\" version=\"1.1\" viewBox=\"0 0 64 64\">\n  <circle id=\"Ellipse_34\" cx=\"36.6\" cy=\"31.8\" r=\"26.8\" style=\"fill:#d9c69e\"\/>\n\t<g transform=\"translate(0 20)\">\n    <path d=\"M43.5 19.9c-.3 0-.5-.1-.7-.3-.4-.4-.4-1 0-1.4l6.3-6.3-6.3-6.3c-.4-.4-.4-1 0-1.4.4-.4 1-.4 1.4 0l7.7 7.7-7.7 7.7c-.2.2-.4.3-.7.3z\" class=\"st1\"\/>\n\t\t<path d=\"M43.5 12.9H1.4c-.6 0-1-.4-1-1s.4-1 1-1h42.1c.6 0 1 .4 1 1s-.4 1-1 1z\" class=\"st1\"\/>\n  <\/g>\n<\/svg>\n                                        <span class=\"btn-text text-primaire\">Prendre rendez-vous<\/span>\n            <\/a>\n\n<\/div>\n<\/div>\n<\/div>\n                <\/div>\n            \n<\/div>\n\n\n                                                    \n<div id=\"bptb-block-container-69f4db0c7562b\" class=\"bp-block-container alignfull position-relative bg-white pt-6 pt-lg-9 pb-6 pb-lg-9 is-layout-flow wp-block-bp-container-is-layout-flow\"\n        >\n\n    \n                            <div class=\"container container-medium \">\n                    <div class=\"acf-innerblocks-container\">\n\n<h3 class=\"wp-block-heading has-text-align-center\">Ce que disent nos patients<\/h3>\n\n\n    <div id=\"bptb-block-provenexpert-69f4db0c7544d\" class=\"bp-block-provenexpert wp-block-box\"\n         data-script-url=\"https:\/\/www.provenexpert.com\/widget\/landing_centerplast.js?feedback=0&amp;avatar=1&amp;competence=1&amp;style=white\"\n         data-style-url=\"https:\/\/www.provenexpert.com\/css\/widget_landing.css\">\n        <!-- ProvenExpert Bewertungssiegel -->\n        <div id=\"pewl\"><\/div>\n        \n        <!-- ProvenExpert Bewertungssiegel Ende -->\n    <\/div>\n\n<\/div>\n                <\/div>\n            \n<\/div>\n\n\n\n<div id=\"bptb-block-table-of-content-69f4db0c839d1\" class=\"bp-block-table-of-content alignfull bg-secondary-light\"\n     data-type=\"individual\"\n     \n     data-style=\"widget\"\n     data-cols=3\n     data-headlines=\"\">\n\n    \n                    <div class=\"container container-medium \">\n                    <div id=\"toc-content-69f4db0c839d2\" class=\"toc-container pt-5 pt-lg-9 pb-0 pb-lg-0\">\n        <div class=\"toc-header position-relative\">\n            <div class=\"h4 title text-primary mb-0 d-flex justify-content-between align-items-center collapsed\"\n                 data-toggle=\"collapse\" data-target=\"#collapse-toc-topics\"\n            >\n                <span>Table des mati\u00e8res<\/span>\n                <i class=\"icon icon-plus d-md-none\"><\/i>\n            <\/div>\n        <\/div>\n                    <ul id=\"collapse-toc-topics\" class=\"toc-topics list-unstyled mb-0\">\n                            <\/ul>\n            <\/div>\n\n    <button class=\"anchor-navigation-toggler shadow\">\n        <i class=\"icon icon-list\"><\/i>\n    <\/button>\n\n            <\/div>\n        \n    \n    <div class=\"acf-innerblocks-container\">\n                                                    \n<div id=\"bptb-block-container-69f4db0c7794d\" class=\"bp-block-container alignfull position-relative bg-secondary-light pt-6 pt-lg-9 pb-6 pb-lg-9 is-layout-flow wp-block-bp-container-is-layout-flow\"\n        >\n\n    \n                            <div class=\"container container-medium \">\n                    <div class=\"acf-innerblocks-container\">\n    <div class=\"bp-block-anchor blank-anchor is-layout-flow wp-block-bp-anchor-is-layout-flow\" id=\"grain-de-beaute-remarquable\" data-title=\"Grain de beaut\u00e9 remarquable\">\n        <div class=\"bp-block-anchor-innerblocks acf-innerblocks-container\"><\/div>\n    <\/div>\n\n    \n\n\n<div class=\"bp-block-row\" id=\"bptb-block-row-69f4db0c77775\">\n    <div class=\"row  gx-xl-0 gx-xl-9 gx-xl-0 gy-5 gy-lg-0 p0 pnone p0 pnone \">\n\n<div class=\"bp-block-column col-12 col-lg\" id=\"bptb-block-column-69f4db0c76633\">\n    \n\n<figure class=\"wp-block-image size-full is-style-border-20\"><img decoding=\"async\" width=\"923\" height=\"729\" src=\"https:\/\/www.centerplast.de\/wp-content\/uploads\/2024\/04\/muttermale-entfernen_content.webp\" loading=\"lazy\" alt=\"\" class=\"wp-image-4188\" srcset=\"https:\/\/www.centerplast.de\/wp-content\/uploads\/2024\/04\/muttermale-entfernen_content.webp 923w, https:\/\/www.centerplast.de\/wp-content\/uploads\/2024\/04\/muttermale-entfernen_content-300x237.webp 300w, https:\/\/www.centerplast.de\/wp-content\/uploads\/2024\/04\/muttermale-entfernen_content-768x607.webp 768w, https:\/\/www.centerplast.de\/wp-content\/uploads\/2024\/04\/muttermale-entfernen_content-480x379.webp 480w, https:\/\/www.centerplast.de\/wp-content\/uploads\/2024\/04\/muttermale-entfernen_content-615x485.webp 615w, https:\/\/www.centerplast.de\/wp-content\/uploads\/2024\/04\/muttermale-entfernen_content-400x315.webp 400w, https:\/\/www.centerplast.de\/wp-content\/uploads\/2024\/04\/muttermale-entfernen_content-850x671.webp 850w, https:\/\/www.centerplast.de\/wp-content\/uploads\/2024\/04\/muttermale-entfernen_content-600x474.webp 600w, https:\/\/www.centerplast.de\/wp-content\/uploads\/2024\/04\/muttermale-entfernen_content-590x466.webp 590w\" sizes=\"auto, (max-width: 923px) 100vw, 923px\" \/><\/figure>\n\n\n<\/div>\n\n\n<div class=\"bp-block-column col-12 col-lg\" id=\"bptb-block-column-69f4db0c76f76\">\n    \n\n<h2 class=\"wp-block-heading is-style-display-3\">Qu&rsquo;est-ce qu&rsquo;une tache cutan\u00e9e remarquable (naevus atypique ou dysplasique) ?<\/h2>\n\n\n\n<p>L&rsquo;aspect inhabituel des grains de beaut\u00e9 atypiques peut \u00eatre distingu\u00e9 des grains de beaut\u00e9 \u00e0 l&rsquo;aide de la r\u00e8gle ABCDE. L&rsquo;observation des cellules individuelles au microscope r\u00e9v\u00e8le \u00e9galement des changements par rapport aux grains de beaut\u00e9 ordinaires. Les grains de beaut\u00e9 atypiques n&rsquo;apparaissent que pendant ou apr\u00e8s la pubert\u00e9. Ils ont souvent un diam\u00e8tre sup\u00e9rieur \u00e0 6 millim\u00e8tres, sont en relief ou pr\u00e9sentent des motifs irr\u00e9guliers. Les personnes au teint clair, aux cheveux roux ou blonds, aux yeux bleus ou verts et aux taches de rousseur sont particuli\u00e8rement vuln\u00e9rables. Les coups de soleil, en particulier pendant l&rsquo;enfance, augmentent le risque de d\u00e9velopper des grains de beaut\u00e9 atypiques.<\/p>\n\n\n\n<p>Les grains de beaut\u00e9 atypiques touchent environ 10 % de la population europ\u00e9enne (fourchette : 7-24 %).<sup data-fn=\"e1a93b95-7207-474a-b8f1-6bdaff171297\" class=\"fn\">\n  <a href=\"#e1a93b95-7207-474a-b8f1-6bdaff171297\" id=\"e1a93b95-7207-474a-b8f1-6bdaff171297-link\">4<\/a>\n<\/sup>. On estime que le risque de d\u00e9velopper un cancer de la peau augmente avec le nombre de grains de beaut\u00e9 atypiques.<sup data-fn=\"557e2ec2-2a6f-4aef-8d4d-ce6492c3fbb1\" class=\"fn\">\n  <a href=\"#557e2ec2-2a6f-4aef-8d4d-ce6492c3fbb1\" id=\"557e2ec2-2a6f-4aef-8d4d-ce6492c3fbb1-link\">5<\/a>\n<\/sup>. Le risque de d\u00e9velopper un cancer noir de la peau en pr\u00e9sence de grains de beaut\u00e9 visibles est estim\u00e9 \u00e0 environ 1:30 000 \u00e0 1:40 000.<sup data-fn=\"8cbe06a6-cd1d-4897-bd53-11c310fd991b\" class=\"fn\">\n  <a href=\"#8cbe06a6-cd1d-4897-bd53-11c310fd991b\" id=\"8cbe06a6-cd1d-4897-bd53-11c310fd991b-link\">6<\/a>\n<\/sup>.<\/p>\n\n\n\n<p>Il est donc recommand\u00e9 d&rsquo;enlever les marques cutan\u00e9es visibles sans laisser de traces.<sup data-fn=\"c84ca130-c0f1-43b0-97fc-0d5f5db33c98\" class=\"fn\">\n  <a href=\"#c84ca130-c0f1-43b0-97fc-0d5f5db33c98\" id=\"c84ca130-c0f1-43b0-97fc-0d5f5db33c98-link\">7<\/a>\n<\/sup>.<\/p>\n\n\n\n<h3 class=\"wp-block-heading is-style-heading-4\">Quel grain de beaut\u00e9 est dangereux ?<\/h3>\n\n\n\n<p>Les cancers de la peau ou les l\u00e9sions pr\u00e9canc\u00e9reuses se distinguent par certaines caract\u00e9ristiques. La r\u00e8gle ABCDE permet d&rsquo;identifier les grains de beaut\u00e9 suspects ou dangereux et, le cas \u00e9ch\u00e9ant, de les \u00e9liminer. de mani\u00e8re pr\u00e9coce avant l&rsquo;apparition d&rsquo;une tumeur maligne de la peau. Chaque lettre repr\u00e9sente une caract\u00e9ristique. Si au moins une de ces caract\u00e9ristiques est pr\u00e9sente, un examen par un dermatologue doit \u00eatre effectu\u00e9.<\/p>\n\n\n\n<ul class=\"is-style-check wp-block-list\">\n<li>A = Asym\u00e9trie : forme irr\u00e9guli\u00e8re du grain de beaut\u00e9.<\/li>\n\n\n\n<li>B = Limite : bords irr\u00e9guliers ou mal d\u00e9limit\u00e9s, sans d\u00e9marcation nette avec la peau saine environnante.<\/li>\n\n\n\n<li>C = Coloration : coloration variable avec des parties claires, fonc\u00e9es ou roses.<\/li>\n\n\n\n<li>D = diam\u00e8tre : \u00e0 l&rsquo;endroit le plus large, le diam\u00e8tre est sup\u00e9rieur \u00e0 6 millim\u00e8tres.<\/li>\n\n\n\n<li>E = d\u00e9veloppement \/ sublimation : changements de taille, de forme ou de couleur \/ croissance au-dessus du niveau de la peau.<\/li>\n<\/ul>\n\n\n\n<p>Les grains de beaut\u00e9 situ\u00e9s sur la plante des pieds ou sur les muqueuses passent souvent inaper\u00e7us lors de l&rsquo;auto-examen. Si le grain de beaut\u00e9 provoque des d\u00e9mangeaisons ou saigne, les patients doivent \u00e9galement consulter un dermatologue. Si vous n&rsquo;\u00eates pas s\u00fbr que la marque soit b\u00e9nigne, contactez dans tous les cas un dermatologue pour exclure toute modification maligne.<\/p>\n\n\n<\/div>\n<\/div>\n<\/div>\n<\/div>\n                <\/div>\n            \n<\/div>\n\n\n                                                    \n<div id=\"bptb-block-container-69f4db0c77f2f\" class=\"bp-block-container alignfull position-relative bg-white pt-6 pt-lg-9 pb-6 pb-lg-9 is-layout-flow wp-block-bp-container-is-layout-flow\"\n        >\n\n    \n                            <div class=\"container container-small \">\n                    <div class=\"acf-innerblocks-container\">\n    <div class=\"bp-block-anchor blank-anchor is-layout-flow wp-block-bp-anchor-is-layout-flow\" id=\"origine-du-grain-de-beaute\" data-title=\"Origine du grain de beaut\u00e9\">\n        <div class=\"bp-block-anchor-innerblocks acf-innerblocks-container\"><\/div>\n    <\/div>\n\n    \n\n\n\n<h2 class=\"wp-block-heading is-style-display-3\">Comment se forme un grain de beaut\u00e9 et comment les subdivise-t-on ?<\/h2>\n\n\n\n<p>L&rsquo;origine de cette modification b\u00e9nigne de la couche externe de la peau peut \u00eatre retrac\u00e9e jusqu&rsquo;aux premi\u00e8res semaines de l&rsquo;enfant \u00e0 na\u00eetre. Sous l&rsquo;influence de neurotransmetteurs, les cellules de la zone de la future moelle \u00e9pini\u00e8re (\u00e9galement appel\u00e9e cr\u00eate neurale) se d\u00e9veloppent en cellules du tissu conjonctif, en cellules cartilagineuses, en neurones et en cellules pigmentaires. Certains messagers chimiques initient le d\u00e9veloppement des cellules pr\u00e9curseurs en cellules pigmentaires. Les UV peuvent modifier le patrimoine g\u00e9n\u00e9tique des cellules pigmentaires. Certaines modifications du patrimoine g\u00e9n\u00e9tique entra\u00eenent une multiplication des cellules pigmentaires, qui deviennent visibles sous forme de grains de beaut\u00e9.<sup data-fn=\"d764a44f-71ad-4b37-8bf8-0cc74682af53\" class=\"fn\">\n  <a href=\"#d764a44f-71ad-4b37-8bf8-0cc74682af53\" id=\"d764a44f-71ad-4b37-8bf8-0cc74682af53-link\">8<\/a>\n<\/sup>.<\/p>\n\n\n\n<p>Les marques cutan\u00e9es sont class\u00e9es en fonction de l&rsquo;\u00e2ge auquel elles apparaissent. Les grains de beaut\u00e9 cong\u00e9nitaux apparaissent dans le ventre de la m\u00e8re ou au cours des premi\u00e8res semaines de vie. Les grains de beaut\u00e9 qui se d\u00e9veloppent chez les personnes plus jeunes, dans l&rsquo;enfance ou plus tard, sont appel\u00e9s grains de beaut\u00e9 acquis. Les taches pigmentaires, qui apparaissent sur la peau mature des personnes \u00e2g\u00e9es apr\u00e8s 40 ans, sont des taches de vieillesse.<\/p>\n\n\n\n<p>Les grains de beaut\u00e9 sont \u00e9galement class\u00e9s en fonction de leur emplacement dans les couches de la peau. Un grain de beaut\u00e9 qui appara\u00eet \u00e0 la jonction entre l&rsquo;\u00e9piderme et le derme est appel\u00e9 n\u00e6vus de jonction. Si les cellules pigmentaires se trouvent \u00e0 la fois dans l&rsquo;\u00e9piderme et dans le derme, on parle de n\u00e6vus compos\u00e9. Le terme technique pour un grain de beaut\u00e9 dont les cellules pigmentaires ne se trouvent que dans le derme est le nevus dermique.<\/p>\n\n\n\n<p>Une loupe sp\u00e9ciale (dermatoscope) permet de contr\u00f4ler la disposition des cellules pigmentaires dans la peau. La disposition des cellules peut \u00eatre divis\u00e9e en motifs tels que des lignes fines, des mottes, des cercles ou des points. Les grains de beaut\u00e9 de la paume de la main ou de la plante des pieds pr\u00e9sentent des lignes parall\u00e8les dans les sillons de la peau.<sup data-fn=\"93d650af-ae2e-4a18-8708-ab4c1536176e\" class=\"fn\">\n  <a href=\"#93d650af-ae2e-4a18-8708-ab4c1536176e\" id=\"93d650af-ae2e-4a18-8708-ab4c1536176e-link\">9<\/a>\n<\/sup>. Les autres caract\u00e9ristiques permettant de distinguer les taches pigmentaires sont par exemple la couleur, la taille et l&rsquo;endroit du corps o\u00f9 se trouve le grain de beaut\u00e9 (par ex. le visage).<\/p>\n\n<\/div>\n                <\/div>\n            \n<\/div>\n\n\n                                                    \n<div id=\"bptb-block-container-69f4db0c79c22\" class=\"bp-block-container alignfull position-relative bg-green-light pt-6 pt-lg-9 pb-6 pb-lg-9 is-layout-flow wp-block-bp-container-is-layout-flow\"\n        >\n\n    \n                            <div class=\"container container-small \">\n                    <div class=\"acf-innerblocks-container\">\n\n<h3 class=\"wp-block-heading has-text-align-center  is-style-display-3\">Vos experts pour l&rsquo;\u00e9limination des grains de beaut\u00e9<\/h3>\n\n\n    <div id=\"bptb-block-post-cards-69f4db0c799b4\" class=\"bp-block-post-cards \">\n        <div class=\"row    \">\n            \n                \n                \n                                                    \n                                                                                                                                                                        \n                <div class=\"col-12 col-md-6 col-lg-6 mb-6 mb-md-0 \">\n\n                                                                \n                    <article class=\"card card-overlap position-relative has-overlay\">\n   <div class=\"item-container\">\n                  <a href=\"https:\/\/www.centerplast.de\/ueber-uns\/team\/dr-adelana-santos-stahl\/\" title=\"Mehr zu:  Dr. Adelana Santos Stahl\" class=\"stretched-link\"><\/a>\n       \n       <div class=\"image\">\n           <img decoding=\"async\"\n                   src=\"https:\/\/www.centerplast.de\/wp-content\/uploads\/2024\/03\/dr-santos-stahl-400x475.jpg\"\n                   alt=\"Dr. Adelana Santos Stahl\"\n                   width=\"400\"\n                   height=\"475\"\n                   loading=\"lazy\"\n                   class=\"thumbnail img-fluid\">\n       <\/div>\n\n       <div class=\"content-container text-primary pt-4 card-body px-4 px-lg-5 py-5\">\n                          <span class=\"card-title d-block h4 mb-2 title position-relative text-center text-white\">\n                Dr. Adelana Santos Stahl\n            <\/span>\n                                                                     <a href=\"https:\/\/www.centerplast.de\/ueber-uns\/team\/dr-adelana-santos-stahl\/\" class=\"link text-center\">\n                                   <i class=\"icon icon-arrow-right\"><\/i>\n                               <\/a>\n                                                            <\/div>\n   <\/div>\n<\/article>\n                <\/div>\n            \n                \n                \n                                                    \n                                                                                                                                                                        \n                <div class=\"col-12 col-md-6 col-lg-6 mb-6 mb-md-0 \">\n\n                                                                \n                    <article class=\"card card-overlap position-relative has-overlay\">\n   <div class=\"item-container\">\n                  <a href=\"https:\/\/www.centerplast.de\/ueber-uns\/team\/pd-dr-stephane-stahl\/\" title=\"Mehr zu:  PD. Dr. St\u00e9phane Stahl\" class=\"stretched-link\"><\/a>\n       \n       <div class=\"image\">\n           <img decoding=\"async\"\n                   src=\"https:\/\/www.centerplast.de\/wp-content\/uploads\/2024\/03\/dr-stephane-stahl-400x475.jpg\"\n                   alt=\"Dr. Stephane Stahl\"\n                   width=\"400\"\n                   height=\"475\"\n                   loading=\"lazy\"\n                   class=\"thumbnail img-fluid\">\n       <\/div>\n\n       <div class=\"content-container text-primary pt-4 card-body px-4 px-lg-5 py-5\">\n                          <span class=\"card-title d-block h4 mb-2 title position-relative text-center text-white\">\n                PD. Dr. St\u00e9phane Stahl\n            <\/span>\n                                                                     <a href=\"https:\/\/www.centerplast.de\/ueber-uns\/team\/pd-dr-stephane-stahl\/\" class=\"link text-center\">\n                                   <i class=\"icon icon-arrow-right\"><\/i>\n                               <\/a>\n                                                            <\/div>\n   <\/div>\n<\/article>\n                <\/div>\n                    <\/div>\n    <\/div>\n\n<\/div>\n                <\/div>\n            \n<\/div>\n\n\n                                                    \n<div id=\"bptb-block-container-69f4db0c7a6cb\" class=\"bp-block-container alignfull position-relative bg-secondary-light pt-6 pt-lg-9 pb-6 pb-lg-9 is-layout-flow wp-block-bp-container-is-layout-flow\"\n        >\n\n    \n                            <div class=\"container container-small \">\n                    <div class=\"acf-innerblocks-container\">\n    <div class=\"bp-block-anchor blank-anchor is-layout-flow wp-block-bp-anchor-is-layout-flow\" id=\"grain-de-beaute-ou-cancer-de-la-peau\" data-title=\"Grain de beaut\u00e9 ou cancer de la peau ?\">\n        <div class=\"bp-block-anchor-innerblocks acf-innerblocks-container\"><\/div>\n    <\/div>\n\n    \n\n\n\n<h2 class=\"wp-block-heading is-style-display-3\">Grain de beaut\u00e9, cancer de la peau ou diagnostic totalement diff\u00e9rent ?<\/h2>\n\n\n\n<p>Lors d&rsquo;un entretien avec le m\u00e9decin, il leur explique, en cas d&rsquo;ignorance, s&rsquo;il s&rsquo;agit d&rsquo;un grain de beaut\u00e9, d&rsquo;une verrue, d&rsquo;un fibrome, d&rsquo;une verrue de style ou d&rsquo;une autre modification de la peau. Sur notre page consacr\u00e9e au cancer de la peau, vous apprendrez \u00e0 distinguer les tumeurs cutan\u00e9es b\u00e9nignes, les k\u00e9ratoses s\u00e9borrh\u00e9iques et les tumeurs b\u00e9nignes des tumeurs cutan\u00e9es malignes, des excroissances malignes et de toutes les autres tumeurs malignes de la peau. Dans le cadre d&rsquo;un d\u00e9pistage du cancer de la peau, on recherche un cancer de la peau white ou noir. Il s&rsquo;agit de v\u00e9rifier quels sont vos sympt\u00f4mes et s&rsquo;il y a \u00e9ventuellement des nodules. Le cas \u00e9ch\u00e9ant, le m\u00e9decin recommandera un traitement appropri\u00e9 qui est m\u00e9dicalement appropri\u00e9. S&rsquo;il existe des raisons m\u00e9dicales, l&rsquo;examen et le traitement ou l&rsquo;ablation sont pris en charge par l&rsquo;assurance maladie obligatoire. Si vous avez d&rsquo;autres questions auxquelles nos pages ne r\u00e9pondent pas, n&rsquo;h\u00e9sitez pas \u00e0 convenir d&rsquo;un entretien personnel.<\/p>\n\n\n    <div class=\"bp-block-anchor blank-anchor is-layout-flow wp-block-bp-anchor-is-layout-flow\" id=\"grain-de-beaute-congenital\" data-title=\"Grain de beaut\u00e9 cong\u00e9nital\">\n        <div class=\"bp-block-anchor-innerblocks acf-innerblocks-container\"><\/div>\n    <\/div>\n\n    \n\n\n\n<h2 class=\"wp-block-heading is-style-display-3\">Qu&rsquo;est-ce qu&rsquo;un grain de beaut\u00e9 cong\u00e9nital ?<\/h2>\n\n\n\n<p>Les grains de beaut\u00e9 cong\u00e9nitaux sont des taches cutan\u00e9es pr\u00e9sentes \u00e0 la naissance ou des modifications de la peau qui se forment et deviennent visibles au cours des premi\u00e8res semaines de vie. Les marques cutan\u00e9es cong\u00e9nitales sont sombres et parfois poilues. Dans certains cas, il peut s&rsquo;agir de l\u00e9sions cutan\u00e9es l\u00e9g\u00e8rement en relief. Ils peuvent \u00e9galement pr\u00e9senter une grande vari\u00e9t\u00e9 de couleurs, du brun clair au noir. Les grains de beaut\u00e9 cong\u00e9nitaux augmentent avec le temps proportionnellement \u00e0 la croissance en taille de l&rsquo;individu lorsqu&rsquo;il vieillit. Ils sont constitu\u00e9s de cellules pigmentaires denses. Dans le jargon m\u00e9dical, on parle de naevus m\u00e9lanocytaire cong\u00e9nital. Les grains de beaut\u00e9 cong\u00e9nitaux sont pr\u00e9sents chez 1 nouveau-n\u00e9 sur 100. Ils sont un peu plus fr\u00e9quents chez les femmes que chez les hommes (ratio de 3:2). Dans les grains de beaut\u00e9 cong\u00e9nitaux, les cellules pigmentaires sont situ\u00e9es dans le derme.<\/p>\n\n\n\n<p>Les grains de beaut\u00e9 sont class\u00e9s en fonction de leur taille :<\/p>\n\n\n\n<ul class=\"is-style-check wp-block-list\">\n<li>Petit : moins de 1,5 centim\u00e8tre.<\/li>\n\n\n\n<li>Moyenne : 1,5 \u00e0 20 centim\u00e8tres.<\/li>\n\n\n\n<li>Grande : 20 \u00e0 40 centim\u00e8tres.<\/li>\n\n\n\n<li>\u00c9norme : plus grand que 40 centim\u00e8tres.<\/li>\n<\/ul>\n\n\n\n<p>Plus le grain de beaut\u00e9 cong\u00e9nital est gros, plus le risque de d\u00e9g\u00e9n\u00e9rescence en cancer de la peau est \u00e9lev\u00e9.<sup data-fn=\"adae894d-016f-42cd-8cc1-47257c665b95\" class=\"fn\">\n  <a href=\"#adae894d-016f-42cd-8cc1-47257c665b95\" id=\"adae894d-016f-42cd-8cc1-47257c665b95-link\">10<\/a>\n<\/sup>. Le risque pour les petits grains de beaut\u00e9 cong\u00e9nitaux de d\u00e9velopper un cancer de la peau au cours de leur vie est d&rsquo;environ un pour cent.<sup data-fn=\"732379c6-0b64-48c8-a40b-9792792361e7\" class=\"fn\">\n  <a href=\"#732379c6-0b64-48c8-a40b-9792792361e7\" id=\"732379c6-0b64-48c8-a40b-9792792361e7-link\">11<\/a>\n<\/sup>. Le risque de d\u00e9velopper un cancer noir de la peau au cours de sa vie est de 0,3 \u00e0 1,6% pour la population g\u00e9n\u00e9rale en Europe.<sup data-fn=\"3b96f5dc-b51d-4cc6-9b81-52c0511f91e6\" class=\"fn\">\n  <a href=\"#3b96f5dc-b51d-4cc6-9b81-52c0511f91e6\" id=\"3b96f5dc-b51d-4cc6-9b81-52c0511f91e6-link\">12<\/a>\n<\/sup>. Outre le cancer noir de la peau, il existe \u00e9galement le cancer de la peau clair ou white. Celle-ci appara\u00eet le plus souvent sur les r\u00e9gions du corps d\u00e9pourvues de poils et particuli\u00e8rement expos\u00e9es au soleil (visage, cou, oreilles, haut des bras, etc.). Les rayons UV sont consid\u00e9r\u00e9s comme la cause la plus fr\u00e9quente de ces deux types de cancer. C&rsquo;est pourquoi il est recommand\u00e9 de toujours utiliser des cr\u00e8mes solaires appropri\u00e9es, offrant une protection UV suffisante contre les rayons UV, afin d&rsquo;\u00e9viter le d\u00e9veloppement de l\u00e9sions cutan\u00e9es malignes. Prot\u00e9gez-vous par pr\u00e9caution et veillez \u00e0 bien soigner votre peau, par exemple avec des produits anti-\u00e2ge ou un traitement anti-\u00e2ge, afin qu&rsquo;elle soit toujours suffisamment hydrat\u00e9e. Cela a \u00e9galement pour effet secondaire positif de pr\u00e9venir les rides et les rides plus profondes pour les futures peaux matures. Faites examiner ou contr\u00f4ler r\u00e9guli\u00e8rement les modifications de la peau.<\/p>\n\n<\/div>\n                <\/div>\n            \n<\/div>\n\n\n                                                    \n<div id=\"bptb-block-container-69f4db0c7bf73\" class=\"bp-block-container alignfull position-relative bg-green-light pt-6 pt-lg-9 pb-6 pb-lg-9 is-layout-flow wp-block-bp-container-is-layout-flow\"\n        >\n\n    \n                            <div class=\"container container-medium \">\n                    <div class=\"acf-innerblocks-container\">\n    <div class=\"bp-block-anchor blank-anchor is-layout-flow wp-block-bp-anchor-is-layout-flow\" id=\"enlevement-des-grains-de-beaute\" data-title=\"Enl\u00e8vement des grains de beaut\u00e9\">\n        <div class=\"bp-block-anchor-innerblocks acf-innerblocks-container\"><\/div>\n    <\/div>\n\n    \n\n\n<div class=\"bp-block-row\" id=\"bptb-block-row-69f4db0c7bdd5\">\n    <div class=\"row  gx-xl-0 gx-xl-9 gx-xl-0 gy-5 gy-lg-0 p0 pnone p0 pnone \">\n\n<div class=\"bp-block-column col-12 col-lg\" id=\"bptb-block-column-69f4db0c7ac29\">\n    \n\n<figure class=\"wp-block-image size-full is-style-border-20\"><img decoding=\"async\" width=\"923\" height=\"729\" src=\"https:\/\/www.centerplast.de\/wp-content\/uploads\/2024\/04\/muttermale-entfernen_content2.jpg\" loading=\"lazy\" alt=\"\" class=\"wp-image-4193\" srcset=\"https:\/\/www.centerplast.de\/wp-content\/uploads\/2024\/04\/muttermale-entfernen_content2.jpg 923w, https:\/\/www.centerplast.de\/wp-content\/uploads\/2024\/04\/muttermale-entfernen_content2-300x237.jpg 300w, https:\/\/www.centerplast.de\/wp-content\/uploads\/2024\/04\/muttermale-entfernen_content2-768x607.jpg 768w, https:\/\/www.centerplast.de\/wp-content\/uploads\/2024\/04\/muttermale-entfernen_content2-480x379.jpg 480w, https:\/\/www.centerplast.de\/wp-content\/uploads\/2024\/04\/muttermale-entfernen_content2-615x485.jpg 615w, https:\/\/www.centerplast.de\/wp-content\/uploads\/2024\/04\/muttermale-entfernen_content2-400x315.jpg 400w, https:\/\/www.centerplast.de\/wp-content\/uploads\/2024\/04\/muttermale-entfernen_content2-850x671.jpg 850w, https:\/\/www.centerplast.de\/wp-content\/uploads\/2024\/04\/muttermale-entfernen_content2-600x474.jpg 600w, https:\/\/www.centerplast.de\/wp-content\/uploads\/2024\/04\/muttermale-entfernen_content2-590x466.jpg 590w\" sizes=\"auto, (max-width: 923px) 100vw, 923px\" \/><\/figure>\n\n\n<\/div>\n\n\n<div class=\"bp-block-column col-12 col-lg\" id=\"bptb-block-column-69f4db0c7bd63\">\n    \n\n<h2 class=\"wp-block-heading is-style-display-3\">Enl\u00e8vement des grains de beaut\u00e9<\/h2>\n\n\n<div class=\"bp-block-tabs wp-block-box\" id=\"bptb-block-tabs-69f4db0c7bcc8\">\n            <ul class=\"nav nav-pills mb-5 d-lg-flex flex-lg-wrap justify-content-start\">\n                        <li class=\"nav-item w-25\">\n                <button class=\"nav-link\">\n                    Wird geladen&#8230;\n                <\/button>\n            <\/li>\n        <\/ul>\n    \n    <div class=\"tab-content acf-innerblocks-container\">\n    <div id=\"supprimer-les-grains-de-beaute-sans-chirurgie-tab-pane\" class=\"wp-block-tab-item tab-pane fade \" role=\"tabpanel\" tabindex=\"0\" aria-labelledby=\"supprimer-les-grains-de-beaute-sans-chirurgie-tab\" data-tab-title=\"Supprimer les grains de beaut\u00e9 sans chirurgie\">\n        <div class=\"acf-innerblocks-container\">\n\n<h3 class=\"wp-block-heading is-style-heading-4\">Supprimer les grains de beaut\u00e9 sans chirurgie<\/h3>\n\n\n\n<p>Les grains de beaut\u00e9 peuvent \u00eatre \u00e9limin\u00e9s de diff\u00e9rentes mani\u00e8res. Dans certains cas, un grain de beaut\u00e9 peut \u00eatre \u00e9limin\u00e9 au laser. Le laser permet de transmettre une lumi\u00e8re de haute \u00e9nergie \u00e0 la peau. Pendant une fraction de seconde, les tissus sont fortement chauff\u00e9s. Des couches individuelles de tissus ou de cellules se vaporisent ou se carbonisent.<\/p>\n\n\n\n<p>Certains lasers transmettent l&rsquo;\u00e9nergie \u00e0 des compos\u00e9s chimiques d&rsquo;une couleur sp\u00e9cifique (h\u00e9moglobine, m\u00e9lanine, eau). Cela permet de d\u00e9truire de mani\u00e8re cibl\u00e9e les cellules pigmentaires tout en pr\u00e9servant les tissus environnants. Cependant, ces lasers ont une profondeur de p\u00e9n\u00e9tration limit\u00e9e, de sorte que seule la couche sup\u00e9rieure de la peau peut \u00eatre trait\u00e9e le mieux possible. Les cellules pigmentaires situ\u00e9es dans les couches profondes de la peau peuvent persister et se multiplier \u00e0 nouveau. Cela est particuli\u00e8rement dangereux si un cancer noir de la peau (m\u00e9lanome malin) n&rsquo;a pas \u00e9t\u00e9 exclu avec une certitude absolue au pr\u00e9alable. Le laser comporte \u00e9galement le risque de voir appara\u00eetre des taches claires sur la peau si toutes les cellules pigmentaires sont d\u00e9truites. D&rsquo;autres lasers, comme le laser CO2 ou le laser YAG, d\u00e9truisent la couche de tissu la plus superficielle sans distinction de pigment de couleur. Dans 25 \u00e0 50 % des cas, il en r\u00e9sulte des cicatrices et dans 18 % des cas, les plaies peuvent s&rsquo;infecter.<sup data-fn=\"2bdad842-42ce-4af9-9557-b2e744ec1668\" class=\"fn\">\n  <a href=\"#2bdad842-42ce-4af9-9557-b2e744ec1668\" id=\"2bdad842-42ce-4af9-9557-b2e744ec1668-link\">13<\/a>\n<\/sup>.<\/p>\n\n\n\n<p>Le r\u00e9sultat d&rsquo;un traitement au laser d\u00e9pend du type de grain de beaut\u00e9, des caract\u00e9ristiques de la peau du patient, des caract\u00e9ristiques du laser et de l&rsquo;exp\u00e9rience de l&rsquo;utilisateur. Les experts s&rsquo;accordent \u00e0 dire que les grains de beaut\u00e9 doivent \u00eatre soigneusement s\u00e9lectionn\u00e9s pour un traitement au laser. Si une suspicion de cancer ne peut \u00eatre exclue, le m\u00e9decin doit faire examiner un \u00e9chantillon de tissu par histologie (recommandation de la Commission de radioprotection, f\u00e9vrier 2016).<\/p>\n\n\n\n<p>Il est fortement d\u00e9conseill\u00e9 d&rsquo;enlever soi-m\u00eame un grain de beaut\u00e9 \u00e0 la maison. Dans le pire des cas, cela peut retarder le diagnostic d&rsquo;un cancer de la peau.<\/p>\n\n<\/div>\n    <\/div>\n\n\n    <div id=\"ablation-chirurgicale-des-grains-de-beaute-tab-pane\" class=\"wp-block-tab-item tab-pane fade \" role=\"tabpanel\" tabindex=\"0\" aria-labelledby=\"ablation-chirurgicale-des-grains-de-beaute-tab\" data-tab-title=\"Ablation chirurgicale des grains de beaut\u00e9\">\n        <div class=\"acf-innerblocks-container\">\n\n<h3 class=\"wp-block-heading is-style-heading-4\">Ablation chirurgicale des grains de beaut\u00e9<\/h3>\n\n\n\n<p>La m\u00e9thode de premier choix pour \u00e9valuer avec certitude les l\u00e9sions cutan\u00e9es suspectes de cancer est l&rsquo;ablation tridimensionnelle contr\u00f4l\u00e9e par micrographie. Les proc\u00e9dures de shaven, de grattage ou de d\u00e9coupage ont une valeur limit\u00e9e dans l&rsquo;examen du tissu fin. Si les tissus sont trait\u00e9s en douceur et que la peau est sutur\u00e9e finement sans tension, il ne reste g\u00e9n\u00e9ralement qu&rsquo;une fine cicatrice en forme de trait. Dans le cas d&rsquo;une planification chirurgicale \u00e0 des fins esth\u00e9tiques, la cicatrice est orient\u00e9e de mani\u00e8re \u00e0 ce qu&rsquo;elle soit \u00e0 peine visible. Les grains de beaut\u00e9 cong\u00e9nitaux plus importants sont enlev\u00e9s en plusieurs fois pour des raisons esth\u00e9tiques, afin que la suture de la peau puisse cicatriser sans tension et de mani\u00e8re esth\u00e9tique. Le chirurgien plasticien parle d&rsquo;excision en s\u00e9rie pour ce type de retrait chirurgical.<\/p>\n\n\n\n<figure class=\"wp-block-image size-full\"><img decoding=\"async\" width=\"768\" height=\"819\" src=\"https:\/\/www.centerplast.de\/wp-content\/uploads\/2024\/04\/hauttumore_220528_kopie-768x819-1.webp\" loading=\"lazy\" alt=\"\" class=\"wp-image-3752\" srcset=\"https:\/\/www.centerplast.de\/wp-content\/uploads\/2024\/04\/hauttumore_220528_kopie-768x819-1.webp 768w, https:\/\/www.centerplast.de\/wp-content\/uploads\/2024\/04\/hauttumore_220528_kopie-768x819-1-281x300.webp 281w, https:\/\/www.centerplast.de\/wp-content\/uploads\/2024\/04\/hauttumore_220528_kopie-768x819-1-480x512.webp 480w, https:\/\/www.centerplast.de\/wp-content\/uploads\/2024\/04\/hauttumore_220528_kopie-768x819-1-600x640.webp 600w, https:\/\/www.centerplast.de\/wp-content\/uploads\/2024\/04\/hauttumore_220528_kopie-768x819-1-590x629.webp 590w\" sizes=\"auto, (max-width: 768px) 100vw, 768px\" \/><\/figure>\n\n\n\n<p><strong>1 <\/strong><strong>. <\/strong>lignes de s\u00e9paration des r\u00e9gions du visage<strong> 2. <\/strong>lignes de tension de la peau<\/p>\n\n\n\n<p>En chirurgie faciale, la connaissance des unit\u00e9s esth\u00e9tiques et des lignes de tension de la peau est tr\u00e8s importante, \u00e0 condition d&rsquo;avoir une connaissance d\u00e9taill\u00e9e de l&rsquo;anatomie. Les cicatrices gu\u00e9rissent g\u00e9n\u00e9ralement de mani\u00e8re assez discr\u00e8te lorsque les incisions cutan\u00e9es sont pratiqu\u00e9es le long des lignes de s\u00e9paration ou des petites rides. En dehors de ces lignes, les cicatrices irr\u00e9guli\u00e8res en zigzag sont plus discr\u00e8tes. La technique chirurgicale \u00ab\u00a0broken line\u00a0\u00bb est utilis\u00e9e \u00e0 cet effet.<\/p>\n\n<\/div>\n    <\/div>\n\n\n    <div id=\"supprimer-les-grains-de-beaute-sur-le-visage-tab-pane\" class=\"wp-block-tab-item tab-pane fade \" role=\"tabpanel\" tabindex=\"0\" aria-labelledby=\"supprimer-les-grains-de-beaute-sur-le-visage-tab\" data-tab-title=\"Supprimer les grains de beaut\u00e9 sur le visage\">\n        <div class=\"acf-innerblocks-container\">\n\n<h3 class=\"wp-block-heading is-style-heading-4\">Supprimer les grains de beaut\u00e9 sur le visage<\/h3>\n\n\n\n<p>Pour obtenir un r\u00e9sultat esth\u00e9tique optimal du traitement, les chirurgiens plasticiens exp\u00e9riment\u00e9s travaillent avec des instruments fins et des lunettes-loupes afin d&rsquo;\u00e9liminer au mieux la modification de la peau. La petite intervention chirurgicale pour l&rsquo;ablation des grains de beaut\u00e9 est indolore ou peu douloureuse, car elle est r\u00e9alis\u00e9e sous anesth\u00e9sie locale.<\/p>\n\n\n\n<p>Au d\u00e9but de la m\u00e9thode, le m\u00e9decin injecte, \u00e0 l&rsquo;aide d&rsquo;une canule tr\u00e8s fine, l&rsquo;anesth\u00e9siant n\u00e9cessaire \u00e0 l&rsquo;anesth\u00e9sie locale. L&rsquo;ajout d&rsquo;adr\u00e9naline \u00e0 l&rsquo;agent r\u00e9duit le risque de voir un bleu apr\u00e8s l&rsquo;op\u00e9ration. Le m\u00e9decin proc\u00e8de \u00e0 l&rsquo;ablation chirurgicale de la l\u00e9sion cutan\u00e9e au moyen d&rsquo;un scalpel. L&rsquo;intervention dure rarement plus de quinze minutes. L&rsquo;exp\u00e9rience des techniques de microchirurgie et des m\u00e9thodes de chirurgie plastique permet d&rsquo;obtenir des cicatrices \u00e0 peine visibles. Le m\u00e9decin, sp\u00e9cialiste de la chirurgie esth\u00e9tique, referme les plus petites plaies le long des lignes de tension de la peau. Dans ces conditions, la plaie peut gu\u00e9rir sans tension et les fils peuvent \u00eatre retir\u00e9s par le m\u00e9decin apr\u00e8s quelques jours.<\/p>\n\n<\/div>\n    <\/div>\n\n<\/div>\n<\/div>\n\n<\/div>\n<\/div>\n<\/div>\n<\/div>\n                <\/div>\n            \n<\/div>\n\n\n                                                    \n<div id=\"bptb-block-container-69f4db0c7ca31\" class=\"bp-block-container alignfull position-relative bg-secondary-light pt-6 pt-lg-9 pb-6 pb-lg-9 is-layout-flow wp-block-bp-container-is-layout-flow\"\n        >\n\n    \n                            <div class=\"container container-small \">\n                    <div class=\"acf-innerblocks-container\">\n    <div class=\"bp-block-anchor blank-anchor is-layout-flow wp-block-bp-anchor-is-layout-flow\" id=\"types-de-taches-pigmentaires\" data-title=\"Types de taches pigmentaires\">\n        <div class=\"bp-block-anchor-innerblocks acf-innerblocks-container\"><\/div>\n    <\/div>\n\n    \n\n\n\n<h2 class=\"wp-block-heading is-style-display-3\">Quels sont les diff\u00e9rents types de taches pigmentaires ?<\/h2>\n\n\n\n<p>Les taches pigmentaires les plus courantes sont principalement :<\/p>\n\n\n\n<ul class=\"is-style-check wp-block-list\">\n<li>Taches de rousseur (\u00e9ph\u00e9lides).<\/li>\n\n\n\n<li>Grain de beaut\u00e9 (lentigo simplex, tache de vieillesse : lentigo solaris).<\/li>\n\n\n\n<li>Grain de beaut\u00e9 acquis (naevus de type jonctionnel, de type composite ou naevus dermique).<\/li>\n\n\n\n<li>Grain de beaut\u00e9 cong\u00e9nital (naevus cong\u00e9nital).<\/li>\n\n\n\n<li>Tache caf\u00e9 au lait (nevus pigmentosus).<\/li>\n<\/ul>\n\n\n\n<p>Les formes sp\u00e9ciales rares comprennent<\/p>\n\n\n\n<ul class=\"is-style-check wp-block-list\">\n<li>Naevus bleu (naevus caeruleus).<\/li>\n\n\n\n<li>N\u00e6vus de Halo ou de Sutton.<\/li>\n\n\n\n<li>N\u00e6vus de Spitz (n\u00e6vus \u00e0 cellules fusiformes et \u00e9pith\u00e9lio\u00efdes).<\/li>\n\n\n\n<li>Naevus de Reed (naevus \u00e0 cellules fusiformes).<\/li>\n\n\n\n<li>N\u00e6vus spilus.<\/li>\n\n\n\n<li>N\u00e6vus de Becker.<\/li>\n\n\n\n<li>Grand grain de beaut\u00e9 cong\u00e9nital sur le visage (nevus d&rsquo;Ota).<\/li>\n\n\n\n<li>Grand grain de beaut\u00e9 cong\u00e9nital sur l&rsquo;\u00e9paule (nevus Ito).<\/li>\n<\/ul>\n\n\n\n<p>  Pour les changements de peau, un contr\u00f4le r\u00e9gulier est recommand\u00e9.<\/p>\n\n<\/div>\n                <\/div>\n            \n<\/div>\n\n\n                                                    \n<div id=\"bptb-block-container-69f4db0c7d2fa\" class=\"bp-block-container alignfull position-relative bg-green-light pt-6 pt-lg-9 pb-6 pb-lg-9 is-layout-flow wp-block-bp-container-is-layout-flow\"\n        >\n\n    \n                            <div class=\"container container-small \">\n                    <div class=\"acf-innerblocks-container\">\n    <div class=\"bp-block-anchor blank-anchor is-layout-flow wp-block-bp-anchor-is-layout-flow\" id=\"faq\" data-title=\"FAQ\">\n        <div class=\"bp-block-anchor-innerblocks acf-innerblocks-container\"><\/div>\n    <\/div>\n\n    \n\n\n\n<h3 class=\"wp-block-heading has-text-align-center is-style-display-3\" id=\"FAQ\">FAQ &#8211; Foire aux questions<\/h3>\n\n\n<div\n    id=\"bptb-block-accordion-69f4db0c7d230\"\n    class=\"bp-block-accordion accordion conversation is-layout-flow wp-block-bp-accordion-is-layout-flow\"\n    itemscope=\"\" itemtype=\"https:\/\/schema.org\/FAQPage\">\n    <div class=\"acf-innerblocks-container\">\n<div\n    class=\"bp-block-accordion-item accordion-item is-layout-flow wp-block-bp-accordion-item-is-layout-flow\"\n    itemscope=\"\" itemprop=\"mainEntity\" itemtype=\"https:\/\/schema.org\/Question\">\n    <div class=\"accordion-header\">\n        <button\n            class=\"accordion-button \"\n            type=\"button\"\n            data-toggle=\"collapse\"\n            data-target=\"#bptb-block-accordion-item-69f4db0c7d041\"\n            aria-expanded=\"true\"\n            aria-controls=\"bptb-block-accordion-item-69f4db0c7d041\"\n        >\n                            <span\n                    itemprop=\"name\" itemprop=\"name\"                >\n                    Quelles sont les pr\u00e9cautions \u00e0 prendre apr\u00e8s l&#039;ablation d&#039;un grain de beaut\u00e9 ?\n                <\/span>\n                    <\/button>\n    <\/div>\n\n    <div\n        id=\"bptb-block-accordion-item-69f4db0c7d041\"\n        class=\"accordion-collapse collapse show\"\n        data-bs-parent=\"#\"\n    >\n        <div\n            class=\"accordion-body\"\n            itemscope=\"\" itemprop=\"acceptedAnswer\" itemtype=\"https:\/\/schema.org\/Answer\"        >\n                            <div itemprop=\"text\">\n                            <div class=\"acf-innerblocks-container\">\n\n<p>La plaie doit \u00eatre l\u00e9g\u00e8rement refroidie le premier jour apr\u00e8s l&rsquo;intervention. Il est g\u00e9n\u00e9ralement possible de prendre une douche d\u00e8s le premier jour apr\u00e8s le traitement. N\u00e9anmoins, il convient d&rsquo;\u00e9viter toute baignade ou natation prolong\u00e9e pendant les deux premi\u00e8res semaines. Un cong\u00e9 de maladie n&rsquo;est g\u00e9n\u00e9ralement pas n\u00e9cessaire. Les fils de peau sont retir\u00e9s apr\u00e8s 5 \u00e0 7 jours. La cicatrisation de la plaie est g\u00e9n\u00e9ralement termin\u00e9e au bout de 7 \u00e0 10 jours. La fum\u00e9e de cigarette retarde la cicatrisation et augmente le risque d&rsquo;inflammation. Apr\u00e8s deux \u00e0 trois semaines, la cicatrisation peut \u00eatre favoris\u00e9e par l&rsquo;application fr\u00e9quente de cr\u00e8me. Veillez \u00e0 ces soins. Pour une cicatrice particuli\u00e8rement discr\u00e8te, il est recommand\u00e9 d&rsquo;appliquer une protection contre les rayons UV pendant les premiers mois.<\/p>\n\n<\/div>\n                            <\/div>\n                    <\/div>\n    <\/div>\n<\/div>\n\n\n<div\n    class=\"bp-block-accordion-item accordion-item is-layout-flow wp-block-bp-accordion-item-is-layout-flow\"\n    itemscope=\"\" itemprop=\"mainEntity\" itemtype=\"https:\/\/schema.org\/Question\">\n    <div class=\"accordion-header\">\n        <button\n            class=\"accordion-button collapsed\"\n            type=\"button\"\n            data-toggle=\"collapse\"\n            data-target=\"#bptb-block-accordion-item-69f4db0c7d17b\"\n            aria-expanded=\"false\"\n            aria-controls=\"bptb-block-accordion-item-69f4db0c7d17b\"\n        >\n                            <span\n                    itemprop=\"name\" itemprop=\"name\"                >\n                    Combien co\u00fbte l&#039;ablation d&#039;un grain de beaut\u00e9 ?\n                <\/span>\n                    <\/button>\n    <\/div>\n\n    <div\n        id=\"bptb-block-accordion-item-69f4db0c7d17b\"\n        class=\"accordion-collapse collapse \"\n        data-bs-parent=\"#\"\n    >\n        <div\n            class=\"accordion-body\"\n            itemscope=\"\" itemprop=\"acceptedAnswer\" itemtype=\"https:\/\/schema.org\/Answer\"        >\n                            <div itemprop=\"text\">\n                            <div class=\"acf-innerblocks-container\">\n\n<p>L&rsquo;assurance maladie prend en charge l&rsquo;\u00e9limination des grains de beaut\u00e9 s&rsquo;il existe une n\u00e9cessit\u00e9 m\u00e9dicale. Il y a raison m\u00e9dicale lorsqu&rsquo;il existe une suspicion fond\u00e9e de cancer. Les grains de beaut\u00e9 g\u00eanants peuvent \u00e9galement \u00eatre enlev\u00e9s s&rsquo;ils ne vous plaisent pas pour des raisons esth\u00e9tiques. Souvent, les patients ne sont pas satisfaits des grains de beaut\u00e9 et souhaitent les faire enlever pour avoir une belle peau sans marques, qu&rsquo;ils peuvent \u00e9ventuellement essayer de couvrir avec du maquillage. Le prix de l&rsquo;ablation des grains de beaut\u00e9 b\u00e9nins d\u00e9pend de leur taille, de leur emplacement et du nombre de grains de beaut\u00e9 \u00e0 enlever.<\/p>\n\n<\/div>\n                            <\/div>\n                    <\/div>\n    <\/div>\n<\/div>\n\n<\/div>\n<\/div>\n\n<\/div>\n                <\/div>\n            \n<\/div>\n\n\n                                                    \n<div id=\"bptb-block-container-69f4db0c7e5dc\" class=\"bp-block-container alignfull position-relative bg-secondary-light pt-6 pt-lg-9 pb-6 pb-lg-9 is-layout-flow wp-block-bp-container-is-layout-flow\"\n        >\n\n    \n                            <div class=\"container container-small-medium \">\n                    <div class=\"acf-innerblocks-container\">\n<div class=\"bp-block-quote is-layout-flow wp-block-bp-quote-is-layout-flow\" id=\"bptb-block-quote-69f4db0c7e212\">\n    <div class=\"row gx-lg-6\">\n        <div class=\"col-md-4\">\n            <picture class=\"d-block author-image mb-4 mb-md-0\">\n                <source srcset=\"https:\/\/www.centerplast.de\/wp-content\/uploads\/2024\/03\/dr-stephane-stahl-260x260.png\" media=\"(min-width: 468px)\">\n                <img decoding=\"async\" class=\"img-fluid\"\n                     src=\"https:\/\/www.centerplast.de\/wp-content\/uploads\/2024\/03\/dr-stephane-stahl-165x165.png\"\n                     width=\"260\"\n                     height=\"260\"\n                     loading=\"lazy\"\n                     alt=\"\">\n            <\/picture>\n        <\/div>\n        <div class=\"col-md-8\">\n            <div class=\"acf-innerblocks-container\">\n\n<p class=\"mb-0 has-primary-color has-text-color has-link-color wp-elements-c9a10e3e9dbdbeda4b7187f7d924616a\"><strong>AUTEUR<\/strong><\/p>\n\n\n\n<h4 class=\"wp-block-heading mt-0 mb-2 has-primary-color has-text-color has-link-color wp-elements-a936ef2664301a6a71ffcaef1ea67ef5\">Dr. St\u00e9phane Stahl<\/h4>\n\n\n\n<p class=\"is-style-quote has-primary-color has-text-color has-link-color wp-elements-8a2a99a7288049f5dd1104f93611269d\"><em>Nous vous fournissons des connaissances approfondies d&rsquo;experts pour choisir avec vous la meilleure voie de traitement possible.<\/em><\/p>\n\n\n\n<p class=\"has-primary-color has-text-color has-link-color wp-elements-7fbff1859ad36b1e916f51becfe6dd6e\">Le Dr St\u00e9phane Stahl, privat-docent, est l&rsquo;ancien directeur de la clinique de chirurgie plastique, reconstructive et esth\u00e9tique \/ chirurgie de la main \u00e0 la clinique de L\u00fcdenscheid. Le Dr Stahl a \u00e9tudi\u00e9 la m\u00e9decine \u00e0 l&rsquo;universit\u00e9 de Fribourg et de Berlin.<\/p>\n\n\n\n<p class=\"has-primary-color has-text-color has-link-color wp-elements-2898204b6d431ddc58473b1bf24f0f81\">  Il a pass\u00e9 l&rsquo;examen europ\u00e9en de chirurgie plastique et esth\u00e9tique en 2011 et l&rsquo;examen allemand de chirurgie esth\u00e9tique et plastique en 2012. D&rsquo;autres qualifications de m\u00e9decin sp\u00e9cialiste et qualifications suppl\u00e9mentaires ont suivi (notamment gestion de la qualit\u00e9, didactique m\u00e9dicale, th\u00e9rapie physique, m\u00e9decine d&rsquo;urgence, responsable de la protection laser, chirurgie de la main), ainsi que des prix et des distinctions.  <\/p>\n\n\n\n<p class=\"has-primary-color has-text-color has-link-color wp-elements-641eeb64bc230c2dd4cab088a34a47a7\">En 2015, il a obtenu son habilitation en chirurgie plastique et esth\u00e9tique \u00e0 T\u00fcbingen. Il est un microchirurgien exp\u00e9riment\u00e9, un expert tr\u00e8s demand\u00e9 et un intervenant r\u00e9gulier dans les congr\u00e8s sp\u00e9cialis\u00e9s. St\u00e9phane Stahl est devenu membre de l&rsquo;American Society for Aesthetic Plastic Surgery (ASAPS), l&rsquo;une des soci\u00e9t\u00e9s de chirurgie esth\u00e9tique les plus importantes et les plus influentes au monde, \u00e0 l&rsquo;issue d&rsquo;un processus de s\u00e9lection en plusieurs \u00e9tapes.  <\/p>\n\n\n\n<p class=\"is-style-paragraph-1 has-primary-color has-text-color has-link-color wp-elements-f4c1b6af3ccc376102b42f96becb3ea3\">Il est notamment l&rsquo;auteur de nombreux articles publi\u00e9s dans des revues \u00e0 comit\u00e9 de lecture prestigieuses et dans des manuels de chirurgie standard.<\/p>\n\n\n<div id=\"bptb-block-button-group-69f4db0c7dfaa\" class=\"bp-block-button-group\">\n    <div class=\"acf-innerblocks-container d-flex flex-wrap flex-row justify-content-start\">\n        <a href=\"https:\/\/www.centerplast.de\/ueber-uns\/team\/pd-dr-stephane-stahl\/\" class=\"bp-block-button-item btn btn-icon-link btn-icon  btn-arrow-circle-coloured-right\" target=\"\">\n                                                <svg xmlns=\"http:\/\/www.w3.org\/2000\/svg\" xml:space=\"preserve\" x=\"0\" y=\"0\" version=\"1.1\" viewBox=\"0 0 64 64\">\n  <circle id=\"Ellipse_34\" cx=\"36.6\" cy=\"31.8\" r=\"26.8\" style=\"fill:#d9c69e\"\/>\n\t<g transform=\"translate(0 20)\">\n    <path d=\"M43.5 19.9c-.3 0-.5-.1-.7-.3-.4-.4-.4-1 0-1.4l6.3-6.3-6.3-6.3c-.4-.4-.4-1 0-1.4.4-.4 1-.4 1.4 0l7.7 7.7-7.7 7.7c-.2.2-.4.3-.7.3z\" class=\"st1\"\/>\n\t\t<path d=\"M43.5 12.9H1.4c-.6 0-1-.4-1-1s.4-1 1-1h42.1c.6 0 1 .4 1 1s-.4 1-1 1z\" class=\"st1\"\/>\n  <\/g>\n<\/svg>\n                                        <span class=\"btn-text text-primaire\">En savoir plus sur Dr. med. Stahl<\/span>\n            <\/a>\n\n<\/div>\n<\/div>\n<\/div>\n        <\/div>\n    <\/div>\n<\/div>\n<\/div>\n                <\/div>\n            \n<\/div>\n\n\n                                                    \n<div id=\"bptb-block-container-69f4db0c7ecde\" class=\"bp-block-container alignfull position-relative bg-white pt-6 pt-lg-9 pb-6 pb-lg-0 is-layout-flow wp-block-bp-container-is-layout-flow\"\n        >\n\n    \n                            <div class=\"container container-small \">\n                    <div class=\"acf-innerblocks-container\">\n<div\n    id=\"bptb-block-accordion-69f4db0c7eb07\"\n    class=\"bp-block-accordion accordion is-style-clean is-layout-flow wp-block-bp-accordion-is-layout-flow\"\n    >\n    <div class=\"acf-innerblocks-container\">\n<div\n    class=\"bp-block-accordion-item accordion-item is-layout-flow wp-block-bp-accordion-item-is-layout-flow\"\n    >\n    <div class=\"accordion-header\">\n        <button\n            class=\"accordion-button collapsed\"\n            type=\"button\"\n            data-toggle=\"collapse\"\n            data-target=\"#bptb-block-accordion-item-69f4db0c7e876\"\n            aria-expanded=\"false\"\n            aria-controls=\"bptb-block-accordion-item-69f4db0c7e876\"\n        >\n                            <span\n                                    >\n                    R\u00e9f\u00e9rences\n                <\/span>\n                    <\/button>\n    <\/div>\n\n    <div\n        id=\"bptb-block-accordion-item-69f4db0c7e876\"\n        class=\"accordion-collapse collapse \"\n        data-bs-parent=\"#\"\n    >\n        <div\n            class=\"accordion-body\"\n                    >\n                            <div class=\"acf-innerblocks-container\">\n<ol class=\"wp-block-footnotes\"><li id=\"a57bede5-9b16-40d0-ab44-08472925fcf2\">Garbe C. et al. 1994, J Invest Dermatol <a href=\"#a57bede5-9b16-40d0-ab44-08472925fcf2-link\" aria-label=\"Aller \u00e0 la note de bas de page 1\">\u21a9\ufe0e<\/a><\/li><li id=\"33e2f889-47c1-4301-9bb9-cac10e29c456\">Cymerman RM, et al., 2016, J Natl Cancer Inst <a href=\"#33e2f889-47c1-4301-9bb9-cac10e29c456-link\" aria-label=\"Aller \u00e0 la note de bas de page 2\">\u21a9\ufe0e<\/a><\/li><li id=\"83b1e295-3c5c-43c5-a88f-e678eb936de0\">Pampena R., et al., 2017, J Am Acad Dermatol <a href=\"#83b1e295-3c5c-43c5-a88f-e678eb936de0-link\" aria-label=\"Aller \u00e0 la note de bas de page 3\">\u21a9\ufe0e<\/a><\/li><li id=\"e1a93b95-7207-474a-b8f1-6bdaff171297\">Tucker M.A., 2009, Hematol Oncol Clin North Am <a href=\"#e1a93b95-7207-474a-b8f1-6bdaff171297-link\" aria-label=\"Aller \u00e0 la note de bas de page 4\">\u21a9\ufe0e<\/a><\/li><li id=\"557e2ec2-2a6f-4aef-8d4d-ce6492c3fbb1\">Gandini S., et al., 2005, Eur J Cancer <a href=\"#557e2ec2-2a6f-4aef-8d4d-ce6492c3fbb1-link\" aria-label=\"Aller \u00e0 la note de bas de page 5\">\u21a9\ufe0e<\/a><\/li><li id=\"8cbe06a6-cd1d-4897-bd53-11c310fd991b\">Tsao H., et al., 2003, Arch Dermatol <a href=\"#8cbe06a6-cd1d-4897-bd53-11c310fd991b-link\" aria-label=\"Aller \u00e0 la note de bas de page 6\">\u21a9\ufe0e<\/a><\/li><li id=\"c84ca130-c0f1-43b0-97fc-0d5f5db33c98\">Winkelmann R.R., et al., 2015, J Am Acad Dermatol. 2015 <a href=\"#c84ca130-c0f1-43b0-97fc-0d5f5db33c98-link\" aria-label=\"Aller \u00e0 la note de bas de page 7\">\u21a9\ufe0e<\/a><\/li><li id=\"d764a44f-71ad-4b37-8bf8-0cc74682af53\">Grichnik JM, et al., 2014, Exp Dermatol <a href=\"#d764a44f-71ad-4b37-8bf8-0cc74682af53-link\" aria-label=\"Aller \u00e0 la note de bas de page 8\">\u21a9\ufe0e<\/a><\/li><li id=\"93d650af-ae2e-4a18-8708-ab4c1536176e\">Kittler H., 2015, Dermatoskopie: Musteranalyse pigmentierter und unpigmentierter Hautl\u00e4sionen <a href=\"#93d650af-ae2e-4a18-8708-ab4c1536176e-link\" aria-label=\"Aller \u00e0 la note de bas de page 9\">\u21a9\ufe0e<\/a><\/li><li id=\"adae894d-016f-42cd-8cc1-47257c665b95\">Kinsler VA, et al., 2017, Br J Dermatol <a href=\"#adae894d-016f-42cd-8cc1-47257c665b95-link\" aria-label=\"Aller \u00e0 la note de bas de page 10\">\u21a9\ufe0e<\/a><\/li><li id=\"732379c6-0b64-48c8-a40b-9792792361e7\">Caccavale S., et al., 2020, Dermatology <a href=\"#732379c6-0b64-48c8-a40b-9792792361e7-link\" aria-label=\"Aller \u00e0 la note de bas de page 11\">\u21a9\ufe0e<\/a><\/li><li id=\"3b96f5dc-b51d-4cc6-9b81-52c0511f91e6\">Erdmann F, et al., 2013, Int J Cancer <a href=\"#3b96f5dc-b51d-4cc6-9b81-52c0511f91e6-link\" aria-label=\"Aller \u00e0 la note de bas de page 12\">\u21a9\ufe0e<\/a><\/li><li id=\"2bdad842-42ce-4af9-9557-b2e744ec1668\">Eggen C.A.M., et al., 2018, Br J Dermatol <a href=\"#2bdad842-42ce-4af9-9557-b2e744ec1668-link\" aria-label=\"Aller \u00e0 la note de bas de page 13\">\u21a9\ufe0e<\/a><\/li><\/ol>\n<\/div>\n                    <\/div>\n    <\/div>\n<\/div>\n\n<\/div>\n<\/div>\n\n<\/div>\n                <\/div>\n            \n<\/div>\n\n\n                                                    \n<div id=\"bptb-block-container-69f4db0c817a4\" class=\"bp-block-container alignfull position-relative bg-white is-layout-flow wp-block-bp-container-is-layout-flow\"\n        >\n\n    \n                            <div class=\"container container-medium \">\n                    <div class=\"acf-innerblocks-container\">\n\n<h3 class=\"wp-block-heading has-text-align-center is-style-display-3\">Vous pourriez \u00e9galement \u00eatre int\u00e9ress\u00e9 par<\/h3>\n\n\n<div id=\"bptb-block-slider-item-69f4db0c80bed\" class=\"bp-block-slider-item is-layout-flow wp-block-bp-slider-item-is-layout-flow\">\n    <div class=\"slider-container show-card-shadow\">\n    <div id=\"slider-69f4db0c80c7b\"\n         class=\"swiper slider \"\n         data-slider-config=\"{&quot;pagination&quot;:true,&quot;spaceBetween&quot;:15,&quot;slidesPerView&quot;:1.25,&quot;scrollbar&quot;:{&quot;el&quot;:&quot;.swiper-scrollbar&quot;,&quot;draggable&quot;:true},&quot;breakpoints&quot;:{&quot;768&quot;:{&quot;slidesPerView&quot;:1.75,&quot;spaceBetween&quot;:30},&quot;1024&quot;:{&quot;slidesPerView&quot;:&quot;3&quot;,&quot;spaceBetween&quot;:30},&quot;1250&quot;:{&quot;slidesPerView&quot;:&quot;3&quot;,&quot;spaceBetween&quot;:30}}}\"          data-slides=\"3\"     >\n        <div class=\"swiper-wrapper py-4\">\n                                        <div class=\"swiper-slide h-100\">\n                    <div class=\"item-container h-100\">\n                                                    <a href=\"https:\/\/www.centerplast.de\/fr\/traitements\/visage\/lifting-de-la-paupiere-inferieure\/\" title=\"Mehr zu:  Lifting de la paupi\u00e8re inf\u00e9rieure\" class=\"stretched-link\">\n                                                                    <span class=\"visually-hidden\">Lifting de la paupi\u00e8re inf\u00e9rieure<\/span>\n                                                            <\/a>\n                                                <picture class=\"d-block author-image mb-0 h-100\">\n                            <source srcset=\"https:\/\/www.centerplast.de\/wp-content\/uploads\/2024\/02\/behandlung-zur-unterlidstraffung-575x887.jpg\" media=\"(min-width: 468px)\">\n                            <img decoding=\"async\"\n                                    src=\"https:\/\/www.centerplast.de\/wp-content\/uploads\/2024\/02\/behandlung-zur-unterlidstraffung-300x463.jpg\"\n                                    alt=\"Centerplast Slider Bild\"\n                                    width=\"575\"\n                                    height=\"887\"\n                                    loading=\"lazy\"\n                                    class=\"thumbnail img-fluid h-100\"\n                            >\n                        <\/picture>\n                        <div class=\"content-container text-white text-center px-4 px-lg-5 py-5\">\n                            <div class=\"inner\">\n                                                                    <span class=\"d-block h4 mb-2 title fw-medium letter-spacing-xs font-size-base\">Lifting de la paupi\u00e8re inf\u00e9rieure<\/span>\n                                                                                                                                    <a href=\"https:\/\/www.centerplast.de\/fr\/traitements\/visage\/lifting-de-la-paupiere-inferieure\/\" class=\"link\" aria-label=\"Mehr zu:  Lifting de la paupi\u00e8re inf\u00e9rieure\">\n                                        <i class=\"icon icon-arrow-right\"><\/i>\n                                    <\/a>\n                                                            <\/div>\n                        <\/div>\n                    <\/div>\n                <\/div>\n                            <div class=\"swiper-slide h-100\">\n                    <div class=\"item-container h-100\">\n                                                    <a href=\"https:\/\/www.centerplast.de\/fr\/traitements\/peau-cheveux\/correction-de-cicatrices\/\" title=\"Mehr zu:  Correction de cicatrices\" class=\"stretched-link\">\n                                                                    <span class=\"visually-hidden\">Correction de cicatrices<\/span>\n                                                            <\/a>\n                                                <picture class=\"d-block author-image mb-0 h-100\">\n                            <source srcset=\"https:\/\/www.centerplast.de\/wp-content\/uploads\/2024\/04\/behandlung-zur-narbenkorrektur-575x887.jpg\" media=\"(min-width: 468px)\">\n                            <img decoding=\"async\"\n                                    src=\"https:\/\/www.centerplast.de\/wp-content\/uploads\/2024\/04\/behandlung-zur-narbenkorrektur-300x463.jpg\"\n                                    alt=\"Centerplast Slider Bild\"\n                                    width=\"575\"\n                                    height=\"887\"\n                                    loading=\"lazy\"\n                                    class=\"thumbnail img-fluid h-100\"\n                            >\n                        <\/picture>\n                        <div class=\"content-container text-white text-center px-4 px-lg-5 py-5\">\n                            <div class=\"inner\">\n                                                                    <span class=\"d-block h4 mb-2 title fw-medium letter-spacing-xs font-size-base\">Correction de cicatrices<\/span>\n                                                                                                                                    <a href=\"https:\/\/www.centerplast.de\/fr\/traitements\/peau-cheveux\/correction-de-cicatrices\/\" class=\"link\" aria-label=\"Mehr zu:  Correction de cicatrices\">\n                                        <i class=\"icon icon-arrow-right\"><\/i>\n                                    <\/a>\n                                                            <\/div>\n                        <\/div>\n                    <\/div>\n                <\/div>\n                            <div class=\"swiper-slide h-100\">\n                    <div class=\"item-container h-100\">\n                                                    <a href=\"https:\/\/www.centerplast.de\/fr\/traitements\/peau-cheveux\/depistage-du-cancer-de-la-peau\/\" title=\"Mehr zu:  D\u00e9pistage du cancer de la peau\" class=\"stretched-link\">\n                                                                    <span class=\"visually-hidden\">D\u00e9pistage du cancer de la peau<\/span>\n                                                            <\/a>\n                                                <picture class=\"d-block author-image mb-0 h-100\">\n                            <source srcset=\"https:\/\/www.centerplast.de\/wp-content\/uploads\/2024\/04\/behandlung-zur-hautkrebsbehandlung-575x887.jpg\" media=\"(min-width: 468px)\">\n                            <img decoding=\"async\"\n                                    src=\"https:\/\/www.centerplast.de\/wp-content\/uploads\/2024\/04\/behandlung-zur-hautkrebsbehandlung-300x463.jpg\"\n                                    alt=\"Centerplast Slider Bild\"\n                                    width=\"575\"\n                                    height=\"887\"\n                                    loading=\"lazy\"\n                                    class=\"thumbnail img-fluid h-100\"\n                            >\n                        <\/picture>\n                        <div class=\"content-container text-white text-center px-4 px-lg-5 py-5\">\n                            <div class=\"inner\">\n                                                                    <span class=\"d-block h4 mb-2 title fw-medium letter-spacing-xs font-size-base\">D\u00e9pistage du cancer de la peau<\/span>\n                                                                                                                                    <a href=\"https:\/\/www.centerplast.de\/fr\/traitements\/peau-cheveux\/depistage-du-cancer-de-la-peau\/\" class=\"link\" aria-label=\"Mehr zu:  D\u00e9pistage du cancer de la peau\">\n                                        <i class=\"icon icon-arrow-right\"><\/i>\n                                    <\/a>\n                                                            <\/div>\n                        <\/div>\n                    <\/div>\n                <\/div>\n                            <\/div>\n    <\/div>\n\n    <div class=\"swiper-controls mt-5\">\n        <div class=\"swiper-arrow swiper-button-prev\"><i class=\"icon icon-arrow-circle-left\"><\/i><\/div>\n\n        <div class=\"swiper-pagination\"><\/div>\n        <div class=\"swiper-scrollbar\"><\/div>\n\n        <div class=\"swiper-arrow swiper-button-next\"><i class=\"icon icon-arrow-circle-right\"><\/i><\/div>\n    <\/div>\n\n    <\/div>\n\n    \n<\/div>\n\n<\/div>\n                <\/div>\n            \n<\/div>\n\n\n<div id=\"bptb-block-personal-advice-69f4db0c831e6\" class=\"bp-block-personal-advice position-relative  bg-secondary-light overflow-x-hidden alignfull\"\ndata-overlapping=\"true\">\n            <div class=\"overlapping d-none d-lg-block bg-white\"\n        style=&quot;height:20%;&quot;><\/div>\n        <div class=\"container text-primary py-7 py-lg-0\">\n        <div class=\"row justify-content-center\">\n            <div class=\"col-lg-10\">\n                <div class=\"row\">\n                                            <div class=\"col-lg-6\">\n                            <div class=\"image-container position-relative d-none d-lg-block\">\n                                <img decoding=\"async\"\n                                        src=\"https:\/\/www.centerplast.de\/wp-content\/uploads\/2024\/02\/persoenliche-beratung-600x716.png\"\n                                        alt=\"\"\n                                        width=\"600\"\n                                        height=\"716\"\n                                        loading=\"lazy\"\n                                        class=\"d-block img-fluid\"\n                                >\n                            <\/div>\n                        <\/div>\n                                        <div class=\"col-12 col-lg-5 content-col d-flex align-items-center\">\n                        <div class=\"acf-innerblocks-container\">\n\n<h2 class=\"wp-block-heading\">Conseil personnalis\u00e9<\/h2>\n\n\n\n<p class=\"has-text-align-left is-style-paragraph-1\">Nous prenons le temps de vous conseiller et de vous offrir un traitement sur mesure pour un r\u00e9sultat personnalis\u00e9.<\/p>\n\n\n<div id=\"bptb-block-button-group-69f4db0c8243f\" class=\"bp-block-button-group\">\n    <div class=\"acf-innerblocks-container d-flex flex-wrap flex-row justify-content-start\">\n\n<a href=\"https:\/\/www.centerplast.de\/terminbuchung\/\"\n   class=\"bp-block-button-item btn btn-icon-link btn-appointment-circle\"\n   target=\"_blank\"\n>\n                                <i class=\"icon icon-appointment-circle\"><\/i>\n            \n    <span class=\"btn-text \">\n        Termin auf doctolib buchen\n    <\/span>\n\n<\/a>\n\n\n        <a href=\"https:\/\/www.centerplast.de\/fr\/a-propos-de-nous\/pratique\/consultation-video\/\" class=\"bp-block-button-item btn btn-icon-link btn-icon  btn-video-consultation-circle\" target=\"\">\n                                                <i class=\"icon icon-video-consultation-circle\"><\/i>\n                                        <span class=\"btn-text text-primary\">R\u00e9server une consultation vid\u00e9o<\/span>\n            <\/a>\n\n<\/div>\n<\/div>\n<\/div>\n                    <\/div>\n                <\/div>\n            <\/div>\n        <\/div>\n    <\/div>\n<\/div>\n\n\n\n<\/div>\n\n<\/div>\n\n\n\n","protected":false},"featured_media":6036,"parent":6662,"menu_order":0,"template":"","meta":{"_acf_changed":false,"_seopress_robots_primary_cat":"","_seopress_titles_title":"Enlever les grains de beaut\u00e9 \u00e0 Sarrebruck | CenterPlast","_seopress_titles_desc":"Supprimer les grains de beaut\u00e9 et les taches pigmentaires \u2713 chirurgical et non chirurgical \u2713 Consultez maintenant un sp\u00e9cialiste !","_seopress_robots_index":"","footnotes":"[{\"content\":\"Garbe C. et al. 1994, J Invest Dermatol\",\"id\":\"a57bede5-9b16-40d0-ab44-08472925fcf2\"},{\"content\":\"Cymerman RM, et al., 2016, J Natl Cancer Inst\",\"id\":\"33e2f889-47c1-4301-9bb9-cac10e29c456\"},{\"content\":\"Pampena R., et al., 2017, J Am Acad Dermatol\",\"id\":\"83b1e295-3c5c-43c5-a88f-e678eb936de0\"},{\"content\":\"Tucker M.A., 2009, Hematol Oncol Clin North Am\",\"id\":\"e1a93b95-7207-474a-b8f1-6bdaff171297\"},{\"content\":\"Gandini S., et al., 2005, Eur J Cancer\",\"id\":\"557e2ec2-2a6f-4aef-8d4d-ce6492c3fbb1\"},{\"content\":\"Tsao H., et al., 2003, Arch Dermatol\",\"id\":\"8cbe06a6-cd1d-4897-bd53-11c310fd991b\"},{\"content\":\"Winkelmann R.R., et al., 2015, J Am Acad Dermatol. 2015\",\"id\":\"c84ca130-c0f1-43b0-97fc-0d5f5db33c98\"},{\"content\":\"Grichnik JM, et al., 2014, Exp Dermatol\",\"id\":\"d764a44f-71ad-4b37-8bf8-0cc74682af53\"},{\"content\":\"Kittler H., 2015, Dermatoskopie: Musteranalyse pigmentierter und unpigmentierter Hautl\\u00e4sionen\",\"id\":\"93d650af-ae2e-4a18-8708-ab4c1536176e\"},{\"content\":\"Kinsler VA, et al., 2017, Br J Dermatol\",\"id\":\"adae894d-016f-42cd-8cc1-47257c665b95\"},{\"content\":\"Caccavale S., et al., 2020, Dermatology\",\"id\":\"732379c6-0b64-48c8-a40b-9792792361e7\"},{\"content\":\"Erdmann F, et al., 2013, Int J Cancer\",\"id\":\"3b96f5dc-b51d-4cc6-9b81-52c0511f91e6\"},{\"content\":\"Eggen C.A.M., et al., 2018, Br J Dermatol\",\"id\":\"2bdad842-42ce-4af9-9557-b2e744ec1668\"}]"},"class_list":["post-7019","treatment","type-treatment","status-publish","has-post-thumbnail","hentry"],"acf":[],"_links":{"self":[{"href":"https:\/\/www.centerplast.de\/fr\/wp-json\/wp\/v2\/treatment\/7019","targetHints":{"allow":["GET"]}}],"collection":[{"href":"https:\/\/www.centerplast.de\/fr\/wp-json\/wp\/v2\/treatment"}],"about":[{"href":"https:\/\/www.centerplast.de\/fr\/wp-json\/wp\/v2\/types\/treatment"}],"version-history":[{"count":4,"href":"https:\/\/www.centerplast.de\/fr\/wp-json\/wp\/v2\/treatment\/7019\/revisions"}],"predecessor-version":[{"id":8544,"href":"https:\/\/www.centerplast.de\/fr\/wp-json\/wp\/v2\/treatment\/7019\/revisions\/8544"}],"up":[{"embeddable":true,"href":"https:\/\/www.centerplast.de\/fr\/wp-json\/wp\/v2\/treatment\/6662"}],"wp:featuredmedia":[{"embeddable":true,"href":"https:\/\/www.centerplast.de\/fr\/wp-json\/wp\/v2\/media\/6036"}],"wp:attachment":[{"href":"https:\/\/www.centerplast.de\/fr\/wp-json\/wp\/v2\/media?parent=7019"}],"curies":[{"name":"wp","href":"https:\/\/api.w.org\/{rel}","templated":true}]}}