{"id":7040,"date":"2024-04-09T10:53:35","date_gmt":"2024-04-09T08:53:35","guid":{"rendered":"https:\/\/www.centerplast.de\/behandlungen\/peau-cheveux\/correction-de-cicatrices\/"},"modified":"2024-04-25T21:44:34","modified_gmt":"2024-04-25T19:44:34","slug":"correction-de-cicatrices","status":"publish","type":"treatment","link":"https:\/\/www.centerplast.de\/fr\/traitements\/peau-cheveux\/correction-de-cicatrices\/","title":{"rendered":"Correction de cicatrices"},"content":{"rendered":"<section id=\"bptb-block-page-header-69f4db44d79f2\" class=\"bp-block-page-header position-relative alignfull\" data-type=\"text_image_overlap\"\n         \n>\n            \n    \n    \n            <div class=\"outer-container hide-overlay text-image-overlapping-block-container bg-secondary\">\n    <div class=\"after bg-secondary-light\"><\/div>\n        <div class=\"container container-medium\">\n        <div class=\"inner-grid\">\n            <div class=\"content-container\"\n                 data-aos=\"fade-down\">\n                                    <div class=\"content-container d-flex h-100 align-items-center pt-5 pt-lg-9 pb-5 pb-lg-9 \"\n                         data-aos=\"fade-down\" data-aos-anchor=\"#bptb-block-page-header-69f4db44d79f2\">\n                        <div class=\"inner inner-container\">\n                            <div class=\"row justify-content-center\">\n                                <div class=\"col-12 col-lg-12\">\n                                    <div class=\"acf-innerblocks-container\">\n\n<h1 class=\"wp-block-heading has-primary-color has-text-color has-link-color wp-elements-e2cdd02817231af746a6badcce7c5d48\">Correction de cicatrices en Saarland<\/h1>\n\n\n<div id=\"bptb-block-button-group-69f4db44d5e73\" class=\"bp-block-button-group\">\n    <div class=\"acf-innerblocks-container d-flex flex-wrap flex-row justify-content-start\">\n        <a href=\"https:\/\/www.centerplast.de\/terminbuchung\/\/booking\/insurance-sector?specialityId=1297&amp;telehealth=false&amp;placeId=practice-115021&amp;bookingFunnelSource=profile\" class=\"bp-block-button-item btn btn-icon-link btn-icon  btn-arrow-circle-white-right\" target=\"\">\n                                                <i class=\"icon icon-arrow-circle-white-right\"><\/i>\n                                        <span class=\"btn-text text-primaire\">Prendre rendez-vous<\/span>\n            <\/a>\n\n<\/div>\n<\/div>\n<\/div>\n                                <\/div>\n                            <\/div>\n                        <\/div>\n                    <\/div>\n                \n            <\/div>\n\n            <div class=\"image-container\">\n                <picture>\n                    <img fetchpriority=\"high\" decoding=\"async\" src=\"https:\/\/www.centerplast.de\/wp-content\/uploads\/2024\/04\/behandlung-zur-narbenkorrektur-600x690.jpg\"\n                         alt=\"\"\n                         width=\"600\"\n                         height=\"690\"\n                         loading=\"eager\"\n                         class=\"img-fluid\"\n                         data-aos=\"fade-down\">\n                <\/picture>\n            <\/div>\n\n            <div class=\"breadcrumb-outer bg-secondary-light\">\n                <div class=\"before bg-secondary-light\"><\/div>\n                    <section class=\"breadcrumb-container  pt-3 py-lg-3\">\n                                   <div class=\"row\">\n                    <div class=\"col-12 col-md-6\">\n                        <div class=\"animation-container overflow-navigation\" data-aos=\"fade-down\" data-aos-anchor=\"#page-header\">\n                            <nav  aria-label=\"Fil d&#039;Ariane\"><ol class=\"breadcrumb overflow-element\" itemscope itemtype=\"https:\/\/schema.org\/BreadcrumbList\"><li class=\"breadcrumb-item active\" aria-current=\"page\" itemprop=\"itemListElement\" itemscope itemtype=\"https:\/\/schema.org\/ListItem\"><span itemprop=\"name\">Page d&rsquo;accueil<\/span><meta itemprop=\"position\" content=\"1\"><\/li><\/ol><\/nav>\n                            <div class=\"overflow-navigation-items\">\n                                <button type=\"button\" class=\"btn btn-overflow btn-overflow-prev d-none\" aria-label=\"button left\">\n                                    <i class=\"icon icon-chevron-left\" title=\"left\"><\/i>\n                                <\/button>\n                                <button type=\"button\" class=\"btn btn-overflow btn-overflow-next\" aria-label=\"button right\">\n                                    <i class=\"icon icon-chevron-right\" title=\"right\"><\/i>\n                                <\/button>\n                            <\/div>\n                        <\/div>\n                    <\/div>\n                <\/div>\n                    <\/section>\n                <div class=\"after bg-secondary-light\"><\/div>\n            <\/div>\n\n        <\/div>\n\n    <\/div>\n\n<\/div>    \n<\/section>\n\n\n                                                    \n<div id=\"bptb-block-container-69f4db44d9184\" class=\"bp-block-container alignfull position-relative bg-secondary-light pt-6 pt-lg-9 pb-6 pb-lg-9 is-layout-flow wp-block-bp-container-is-layout-flow\"\n        >\n\n    \n                            <div class=\"container container-small \">\n                    <div class=\"acf-innerblocks-container\">\n\n<h2 class=\"wp-block-heading\">Gu\u00e9rison d&rsquo;une cicatrice &amp; traitement des cicatrices<\/h2>\n\n\n\n<p>Les cicatrices ne constituent pas seulement un probl\u00e8me esth\u00e9tique. \u00c0 proximit\u00e9 des articulations, les cicatrices limitent la mobilit\u00e9. Pr\u00e8s de l&rsquo;\u0153il, les cicatrices g\u00eanent la fermeture de l&rsquo;\u0153il ou provoquent un larmoiement. Dans la r\u00e9gion de la bouche, des cicatrices d\u00e9forment l&rsquo;expression du visage.<\/p>\n\n\n<div id=\"bptb-block-button-group-69f4db44d8230\" class=\"bp-block-button-group\">\n    <div class=\"acf-innerblocks-container d-flex flex-wrap flex-row justify-content-start\">\n        <a href=\"https:\/\/www.centerplast.de\/terminbuchung\/\/booking\/insurance-sector?specialityId=1297&amp;telehealth=false&amp;placeId=practice-115021&amp;profile_skipped=true&amp;vmid=3107262&amp;utm_source=centerplast-website-button&amp;utm_medium=referral&amp;utm_campaign=website-button&amp;utm_content=custom&amp;bookingFunnelSource=external_referral\" class=\"bp-block-button-item btn btn-icon-link btn-icon  btn-arrow-circle-coloured-right\" target=\"_blank\">\n                                                <svg xmlns=\"http:\/\/www.w3.org\/2000\/svg\" xml:space=\"preserve\" x=\"0\" y=\"0\" version=\"1.1\" viewBox=\"0 0 64 64\">\n  <circle id=\"Ellipse_34\" cx=\"36.6\" cy=\"31.8\" r=\"26.8\" style=\"fill:#d9c69e\"\/>\n\t<g transform=\"translate(0 20)\">\n    <path d=\"M43.5 19.9c-.3 0-.5-.1-.7-.3-.4-.4-.4-1 0-1.4l6.3-6.3-6.3-6.3c-.4-.4-.4-1 0-1.4.4-.4 1-.4 1.4 0l7.7 7.7-7.7 7.7c-.2.2-.4.3-.7.3z\" class=\"st1\"\/>\n\t\t<path d=\"M43.5 12.9H1.4c-.6 0-1-.4-1-1s.4-1 1-1h42.1c.6 0 1 .4 1 1s-.4 1-1 1z\" class=\"st1\"\/>\n  <\/g>\n<\/svg>\n                                        <span class=\"btn-text text-primaire\">Prendre rendez-vous<\/span>\n            <\/a>\n\n<\/div>\n<\/div>\n<\/div>\n                <\/div>\n            \n<\/div>\n\n\n                                                    \n<div id=\"bptb-block-container-69f4db44da8b4\" class=\"bp-block-container alignfull position-relative bg-white pt-6 pt-lg-9 pb-6 pb-lg-9 is-layout-flow wp-block-bp-container-is-layout-flow\"\n        >\n\n    \n                            <div class=\"container container-medium \">\n                    <div class=\"acf-innerblocks-container\">\n\n<h3 class=\"wp-block-heading has-text-align-center\">Ce que disent nos patients<\/h3>\n\n\n    <div id=\"bptb-block-provenexpert-69f4db44da6db\" class=\"bp-block-provenexpert wp-block-box\"\n         data-script-url=\"https:\/\/www.provenexpert.com\/widget\/landing_centerplast.js?feedback=0&amp;avatar=1&amp;competence=1&amp;style=white\"\n         data-style-url=\"https:\/\/www.provenexpert.com\/css\/widget_landing.css\">\n        <!-- ProvenExpert Bewertungssiegel -->\n        <div id=\"pewl\"><\/div>\n        \n        <!-- ProvenExpert Bewertungssiegel Ende -->\n    <\/div>\n\n<\/div>\n                <\/div>\n            \n<\/div>\n\n\n\n<div id=\"bptb-block-table-of-content-69f4db44eaa1c\" class=\"bp-block-table-of-content alignfull bg-secondary-light\"\n     data-type=\"individual\"\n     \n     data-style=\"widget\"\n     data-cols=3\n     data-headlines=\"\">\n\n    \n                    <div class=\"container container-medium \">\n                    <div id=\"toc-content-69f4db44eaa1d\" class=\"toc-container pt-5 pt-lg-9 pb-0 pb-lg-0\">\n        <div class=\"toc-header position-relative\">\n            <div class=\"h4 title text-primary mb-0 d-flex justify-content-between align-items-center collapsed\"\n                 data-toggle=\"collapse\" data-target=\"#collapse-toc-topics\"\n            >\n                <span>Table des mati\u00e8res<\/span>\n                <i class=\"icon icon-plus d-md-none\"><\/i>\n            <\/div>\n        <\/div>\n                    <ul id=\"collapse-toc-topics\" class=\"toc-topics list-unstyled mb-0\">\n                            <\/ul>\n            <\/div>\n\n    <button class=\"anchor-navigation-toggler shadow\">\n        <i class=\"icon icon-list\"><\/i>\n    <\/button>\n\n            <\/div>\n        \n    \n    <div class=\"acf-innerblocks-container\">\n                                                    \n<div id=\"bptb-block-container-69f4db44dcc5a\" class=\"bp-block-container alignfull position-relative bg-secondary-light pt-6 pt-lg-9 pb-6 pb-lg-9 is-layout-flow wp-block-bp-container-is-layout-flow\"\n        >\n\n    \n                            <div class=\"container container-medium \">\n                    <div class=\"acf-innerblocks-container\">\n    <div class=\"bp-block-anchor blank-anchor is-layout-flow wp-block-bp-anchor-is-layout-flow\" id=\"origine\" data-title=\"Origine\">\n        <div class=\"bp-block-anchor-innerblocks acf-innerblocks-container\"><\/div>\n    <\/div>\n\n    \n\n\n\n<h2 class=\"wp-block-heading has-text-align-center is-style-display-3\">Comment se forme une cicatrice<\/h2>\n\n\n<div class=\"bp-block-row\" id=\"bptb-block-row-69f4db44dc4dd\">\n    <div class=\"row  gx-xl-8 gx-lg-default gx-md-default gy-5 gy-lg-0 p0 pt-lg-8 p0 pb-lg-4 \">\n\n<div class=\"bp-block-column col-12 col-lg\" id=\"bptb-block-column-69f4db44db597\">\n    \n\n<p>L&rsquo;objectif d&rsquo;une bonne suture cutan\u00e9e est d&rsquo;obtenir une adaptation sans tension, douce et pr\u00e9cise des bords de la plaie, afin que celle-ci soit la moins visible possible et qu&rsquo;elle gu\u00e9risse rapidement. C&rsquo;est pourquoi les plaies sont id\u00e9alement sutur\u00e9es avec des fils tr\u00e8s fins et sous grossissement optique.<\/p>\n\n\n\n<ol class=\"wp-block-list\">\n<li>La premi\u00e8re semaine : Au cours de ces jours, des cro\u00fbtes de blessure se forment.<\/li>\n\n\n\n<li>Semaine 2 : Le tissu cicatriciel d\u00e9finitif se forme, la plaie se contracte.<\/li>\n\n\n\n<li>Semaine 2 : Le tissu cicatriciel commence \u00e0 s&rsquo;\u00e9claircir et s&rsquo;aplatit lentement. La cicatrice a atteint 20 % de sa r\u00e9sistance finale.<\/li>\n<\/ol>\n\n\n\n<p>La cicatrisation prend de 6 \u00e0 12 mois. Au cours des premiers mois, les cicatrices sont rouges, \u00e9ventuellement douloureuses ou irritantes et parfois l\u00e9g\u00e8rement sur\u00e9lev\u00e9es par rapport au niveau de la peau.<\/p>\n\n\n\n<p>En g\u00e9n\u00e9ral, les cicatrices sont p\u00e2les, molles, indolores et plates au bout d&rsquo;un an.<\/p>\n\n\n<\/div>\n\n\n<div class=\"bp-block-column col-12 col-lg\" id=\"bptb-block-column-69f4db44dbca3\">\n    \n\n<figure class=\"wp-block-image size-full is-resized is-style-border-20\"><img decoding=\"async\" width=\"1024\" height=\"1024\" src=\"https:\/\/www.centerplast.de\/wp-content\/uploads\/2024\/04\/6.3_narbko_skin_histogoly_221013-kopie2-1024x1024-1.webp\" loading=\"lazy\" alt=\"\" class=\"wp-image-3762\" style=\"width:653px;height:auto\" srcset=\"https:\/\/www.centerplast.de\/wp-content\/uploads\/2024\/04\/6.3_narbko_skin_histogoly_221013-kopie2-1024x1024-1.webp 1024w, https:\/\/www.centerplast.de\/wp-content\/uploads\/2024\/04\/6.3_narbko_skin_histogoly_221013-kopie2-1024x1024-1-150x150.webp 150w, https:\/\/www.centerplast.de\/wp-content\/uploads\/2024\/04\/6.3_narbko_skin_histogoly_221013-kopie2-1024x1024-1-300x300.webp 300w, https:\/\/www.centerplast.de\/wp-content\/uploads\/2024\/04\/6.3_narbko_skin_histogoly_221013-kopie2-1024x1024-1-768x768.webp 768w, https:\/\/www.centerplast.de\/wp-content\/uploads\/2024\/04\/6.3_narbko_skin_histogoly_221013-kopie2-1024x1024-1-960x960.webp 960w, https:\/\/www.centerplast.de\/wp-content\/uploads\/2024\/04\/6.3_narbko_skin_histogoly_221013-kopie2-1024x1024-1-480x480.webp 480w, https:\/\/www.centerplast.de\/wp-content\/uploads\/2024\/04\/6.3_narbko_skin_histogoly_221013-kopie2-1024x1024-1-850x850.webp 850w, https:\/\/www.centerplast.de\/wp-content\/uploads\/2024\/04\/6.3_narbko_skin_histogoly_221013-kopie2-1024x1024-1-157x157.webp 157w, https:\/\/www.centerplast.de\/wp-content\/uploads\/2024\/04\/6.3_narbko_skin_histogoly_221013-kopie2-1024x1024-1-314x314.webp 314w, https:\/\/www.centerplast.de\/wp-content\/uploads\/2024\/04\/6.3_narbko_skin_histogoly_221013-kopie2-1024x1024-1-600x600.webp 600w, https:\/\/www.centerplast.de\/wp-content\/uploads\/2024\/04\/6.3_narbko_skin_histogoly_221013-kopie2-1024x1024-1-590x590.webp 590w, https:\/\/www.centerplast.de\/wp-content\/uploads\/2024\/04\/6.3_narbko_skin_histogoly_221013-kopie2-1024x1024-1-260x260.webp 260w, https:\/\/www.centerplast.de\/wp-content\/uploads\/2024\/04\/6.3_narbko_skin_histogoly_221013-kopie2-1024x1024-1-165x165.webp 165w\" sizes=\"auto, (max-width: 1024px) 100vw, 1024px\" \/><\/figure>\n\n\n\n<p><\/p>\n\n\n<\/div>\n<\/div>\n<\/div>\n\n<div class=\"bp-block-row\" id=\"bptb-block-row-69f4db44dcab8\">\n    <div class=\"row  gx-xl-8 gx-lg-default gx-md-default gy-5 gy-lg-0 pt-5 pt-lg-9 p0 pnone \">\n\n<div class=\"bp-block-column col-12 col-lg-6 order-2 order-lg-1 has-col-class\" id=\"bptb-block-column-69f4db44dc928\">\n    \n\n<figure class=\"wp-block-image size-full is-style-border-20\"><img decoding=\"async\" width=\"1024\" height=\"679\" src=\"https:\/\/www.centerplast.de\/wp-content\/uploads\/2024\/04\/narbenheilung-1024x679-1.webp\" loading=\"lazy\" alt=\"\" class=\"wp-image-3763\" srcset=\"https:\/\/www.centerplast.de\/wp-content\/uploads\/2024\/04\/narbenheilung-1024x679-1.webp 1024w, https:\/\/www.centerplast.de\/wp-content\/uploads\/2024\/04\/narbenheilung-1024x679-1-300x199.webp 300w, https:\/\/www.centerplast.de\/wp-content\/uploads\/2024\/04\/narbenheilung-1024x679-1-768x509.webp 768w, https:\/\/www.centerplast.de\/wp-content\/uploads\/2024\/04\/narbenheilung-1024x679-1-960x637.webp 960w, https:\/\/www.centerplast.de\/wp-content\/uploads\/2024\/04\/narbenheilung-1024x679-1-480x318.webp 480w, https:\/\/www.centerplast.de\/wp-content\/uploads\/2024\/04\/narbenheilung-1024x679-1-850x564.webp 850w, https:\/\/www.centerplast.de\/wp-content\/uploads\/2024\/04\/narbenheilung-1024x679-1-600x398.webp 600w, https:\/\/www.centerplast.de\/wp-content\/uploads\/2024\/04\/narbenheilung-1024x679-1-590x391.webp 590w\" sizes=\"auto, (max-width: 1024px) 100vw, 1024px\" \/><\/figure>\n\n\n<\/div>\n\n\n<div class=\"bp-block-column col-12 col-lg-6 order-1 order-lg-2 has-col-class\" id=\"bptb-block-column-69f4db44dc9d9\">\n    \n\n<p>L&rsquo;\u00e9volution de la cicatrisation peut \u00eatre compar\u00e9e math\u00e9matiquement \u00e0 une courbe asymptotique. Cela signifie que beaucoup de choses changent au cours des premi\u00e8res semaines et des premiers mois. Le collag\u00e8ne est fabriqu\u00e9 pour refermer la plaie le plus rapidement possible. Par la suite, le collag\u00e8ne est reconstruit de mani\u00e8re \u00e0 \u00eatre id\u00e9alement orient\u00e9 en fonction des conditions de tension de la peau. La reconstruction prend beaucoup plus de temps. Dans les premiers temps, la cicatrice peut \u00eatre rouge, en relief, indur\u00e9e et peut d\u00e9manger. Apr\u00e8s neuf \u00e0 douze mois, la cicatrice devient finalement p\u00e2le, plate et souple. Apr\u00e8s un an, une cicatrice a atteint sa r\u00e9sistance maximale \u00e0 la traction. Cependant, une cicatrice n&rsquo;atteint pas la r\u00e9sistance \u00e0 la traction du tissu d&rsquo;origine.<\/p>\n\n\n<\/div>\n<\/div>\n<\/div>\n<\/div>\n                <\/div>\n            \n<\/div>\n\n\n                                                    \n<div id=\"bptb-block-container-69f4db44de274\" class=\"bp-block-container alignfull position-relative bg-green-light pt-6 pt-lg-9 pb-6 pb-lg-9 is-layout-flow wp-block-bp-container-is-layout-flow\"\n        >\n\n    \n                            <div class=\"container container-small \">\n                    <div class=\"acf-innerblocks-container\">\n    <div class=\"bp-block-anchor blank-anchor is-layout-flow wp-block-bp-anchor-is-layout-flow\" id=\"cicatrisation-des-plaies-et-des-cicatrices\" data-title=\"Cicatrisation des plaies et des cicatrices\">\n        <div class=\"bp-block-anchor-innerblocks acf-innerblocks-container\"><\/div>\n    <\/div>\n\n    \n\n\n\n<h2 class=\"wp-block-heading is-style-display-3\">Cicatrisation des plaies et des cicatrices<\/h2>\n\n\n\n<p>La cicatrisation des plaies et des cicatrices se d\u00e9roule en quatre \u00e9tapes distinctes. La premi\u00e8re \u00e9tape consiste \u00e0 activer la coagulation du sang de la plaie. La deuxi\u00e8me phase est celle de la migration des globules whites qui prot\u00e8gent le corps contre l&rsquo;invasion des germes. Dans la troisi\u00e8me phase, la formation de collag\u00e8ne par les cellules du tissu conjonctif pr\u00e9domine. Au cours de la derni\u00e8re \u00e9tape de la cicatrisation des fous, le collag\u00e8ne est reconstruit et orient\u00e9 en fonction des forces de tension de la peau. Cette derni\u00e8re phase dure environ un an chez les jeunes.<\/p>\n\n\n<div class=\"bp-block-row\" id=\"bptb-block-row-69f4db44de0bd\">\n    <div class=\"row  gx-xl-8 gx-lg-default gx-md-default gy-5 gy-lg-0 p0 pnone p0 pnone \">\n\n<div class=\"bp-block-column col-12 col-lg\" id=\"bptb-block-column-69f4db44dd7fb\">\n    \n\n<p><strong>1) Coagulation du sang (jour 1)<\/strong><\/p>\n\n\n\n<figure class=\"wp-block-image size-full is-style-border-20\"><img decoding=\"async\" width=\"1024\" height=\"1024\" src=\"https:\/\/www.centerplast.de\/wp-content\/uploads\/2024\/04\/6.3_stages_wound_healing_hemostasis_221101-kopie-1024x1024-1.webp\" loading=\"lazy\" alt=\"\" class=\"wp-image-3768\" srcset=\"https:\/\/www.centerplast.de\/wp-content\/uploads\/2024\/04\/6.3_stages_wound_healing_hemostasis_221101-kopie-1024x1024-1.webp 1024w, https:\/\/www.centerplast.de\/wp-content\/uploads\/2024\/04\/6.3_stages_wound_healing_hemostasis_221101-kopie-1024x1024-1-150x150.webp 150w, https:\/\/www.centerplast.de\/wp-content\/uploads\/2024\/04\/6.3_stages_wound_healing_hemostasis_221101-kopie-1024x1024-1-300x300.webp 300w, https:\/\/www.centerplast.de\/wp-content\/uploads\/2024\/04\/6.3_stages_wound_healing_hemostasis_221101-kopie-1024x1024-1-768x768.webp 768w, https:\/\/www.centerplast.de\/wp-content\/uploads\/2024\/04\/6.3_stages_wound_healing_hemostasis_221101-kopie-1024x1024-1-960x960.webp 960w, https:\/\/www.centerplast.de\/wp-content\/uploads\/2024\/04\/6.3_stages_wound_healing_hemostasis_221101-kopie-1024x1024-1-480x480.webp 480w, https:\/\/www.centerplast.de\/wp-content\/uploads\/2024\/04\/6.3_stages_wound_healing_hemostasis_221101-kopie-1024x1024-1-850x850.webp 850w, https:\/\/www.centerplast.de\/wp-content\/uploads\/2024\/04\/6.3_stages_wound_healing_hemostasis_221101-kopie-1024x1024-1-157x157.webp 157w, https:\/\/www.centerplast.de\/wp-content\/uploads\/2024\/04\/6.3_stages_wound_healing_hemostasis_221101-kopie-1024x1024-1-314x314.webp 314w, https:\/\/www.centerplast.de\/wp-content\/uploads\/2024\/04\/6.3_stages_wound_healing_hemostasis_221101-kopie-1024x1024-1-600x600.webp 600w, https:\/\/www.centerplast.de\/wp-content\/uploads\/2024\/04\/6.3_stages_wound_healing_hemostasis_221101-kopie-1024x1024-1-590x590.webp 590w, https:\/\/www.centerplast.de\/wp-content\/uploads\/2024\/04\/6.3_stages_wound_healing_hemostasis_221101-kopie-1024x1024-1-260x260.webp 260w, https:\/\/www.centerplast.de\/wp-content\/uploads\/2024\/04\/6.3_stages_wound_healing_hemostasis_221101-kopie-1024x1024-1-165x165.webp 165w\" sizes=\"auto, (max-width: 1024px) 100vw, 1024px\" \/><\/figure>\n\n\n\n<p><strong>2) R\u00e9action inflammatoire (jour 2-3)<\/strong><\/p>\n\n\n\n<figure class=\"wp-block-image size-full is-style-border-20\"><img decoding=\"async\" width=\"1024\" height=\"1024\" src=\"https:\/\/www.centerplast.de\/wp-content\/uploads\/2024\/04\/6.3_stages_wound_healing_inflammation_221110-1024x1024-1.webp\" loading=\"lazy\" alt=\"\" class=\"wp-image-3769\" srcset=\"https:\/\/www.centerplast.de\/wp-content\/uploads\/2024\/04\/6.3_stages_wound_healing_inflammation_221110-1024x1024-1.webp 1024w, https:\/\/www.centerplast.de\/wp-content\/uploads\/2024\/04\/6.3_stages_wound_healing_inflammation_221110-1024x1024-1-150x150.webp 150w, https:\/\/www.centerplast.de\/wp-content\/uploads\/2024\/04\/6.3_stages_wound_healing_inflammation_221110-1024x1024-1-300x300.webp 300w, https:\/\/www.centerplast.de\/wp-content\/uploads\/2024\/04\/6.3_stages_wound_healing_inflammation_221110-1024x1024-1-768x768.webp 768w, https:\/\/www.centerplast.de\/wp-content\/uploads\/2024\/04\/6.3_stages_wound_healing_inflammation_221110-1024x1024-1-960x960.webp 960w, https:\/\/www.centerplast.de\/wp-content\/uploads\/2024\/04\/6.3_stages_wound_healing_inflammation_221110-1024x1024-1-480x480.webp 480w, https:\/\/www.centerplast.de\/wp-content\/uploads\/2024\/04\/6.3_stages_wound_healing_inflammation_221110-1024x1024-1-850x850.webp 850w, https:\/\/www.centerplast.de\/wp-content\/uploads\/2024\/04\/6.3_stages_wound_healing_inflammation_221110-1024x1024-1-157x157.webp 157w, https:\/\/www.centerplast.de\/wp-content\/uploads\/2024\/04\/6.3_stages_wound_healing_inflammation_221110-1024x1024-1-314x314.webp 314w, https:\/\/www.centerplast.de\/wp-content\/uploads\/2024\/04\/6.3_stages_wound_healing_inflammation_221110-1024x1024-1-600x600.webp 600w, https:\/\/www.centerplast.de\/wp-content\/uploads\/2024\/04\/6.3_stages_wound_healing_inflammation_221110-1024x1024-1-590x590.webp 590w, https:\/\/www.centerplast.de\/wp-content\/uploads\/2024\/04\/6.3_stages_wound_healing_inflammation_221110-1024x1024-1-260x260.webp 260w, https:\/\/www.centerplast.de\/wp-content\/uploads\/2024\/04\/6.3_stages_wound_healing_inflammation_221110-1024x1024-1-165x165.webp 165w\" sizes=\"auto, (max-width: 1024px) 100vw, 1024px\" \/><\/figure>\n\n\n<\/div>\n\n\n<div class=\"bp-block-column col-12 col-lg\" id=\"bptb-block-column-69f4db44ddfd4\">\n    \n\n<p><strong>3) Multiplication des cellules (jours 3-7)<\/strong><\/p>\n\n\n\n<figure class=\"wp-block-image size-full is-style-border-20\"><img decoding=\"async\" width=\"1024\" height=\"1024\" src=\"https:\/\/www.centerplast.de\/wp-content\/uploads\/2024\/04\/6.3_stages_wound_healing_proliferation_221120-1024x1024-1.webp\" loading=\"lazy\" alt=\"\" class=\"wp-image-3770\" srcset=\"https:\/\/www.centerplast.de\/wp-content\/uploads\/2024\/04\/6.3_stages_wound_healing_proliferation_221120-1024x1024-1.webp 1024w, https:\/\/www.centerplast.de\/wp-content\/uploads\/2024\/04\/6.3_stages_wound_healing_proliferation_221120-1024x1024-1-150x150.webp 150w, https:\/\/www.centerplast.de\/wp-content\/uploads\/2024\/04\/6.3_stages_wound_healing_proliferation_221120-1024x1024-1-300x300.webp 300w, https:\/\/www.centerplast.de\/wp-content\/uploads\/2024\/04\/6.3_stages_wound_healing_proliferation_221120-1024x1024-1-768x768.webp 768w, https:\/\/www.centerplast.de\/wp-content\/uploads\/2024\/04\/6.3_stages_wound_healing_proliferation_221120-1024x1024-1-960x960.webp 960w, https:\/\/www.centerplast.de\/wp-content\/uploads\/2024\/04\/6.3_stages_wound_healing_proliferation_221120-1024x1024-1-480x480.webp 480w, https:\/\/www.centerplast.de\/wp-content\/uploads\/2024\/04\/6.3_stages_wound_healing_proliferation_221120-1024x1024-1-850x850.webp 850w, https:\/\/www.centerplast.de\/wp-content\/uploads\/2024\/04\/6.3_stages_wound_healing_proliferation_221120-1024x1024-1-157x157.webp 157w, https:\/\/www.centerplast.de\/wp-content\/uploads\/2024\/04\/6.3_stages_wound_healing_proliferation_221120-1024x1024-1-314x314.webp 314w, https:\/\/www.centerplast.de\/wp-content\/uploads\/2024\/04\/6.3_stages_wound_healing_proliferation_221120-1024x1024-1-600x600.webp 600w, https:\/\/www.centerplast.de\/wp-content\/uploads\/2024\/04\/6.3_stages_wound_healing_proliferation_221120-1024x1024-1-590x590.webp 590w, https:\/\/www.centerplast.de\/wp-content\/uploads\/2024\/04\/6.3_stages_wound_healing_proliferation_221120-1024x1024-1-260x260.webp 260w, https:\/\/www.centerplast.de\/wp-content\/uploads\/2024\/04\/6.3_stages_wound_healing_proliferation_221120-1024x1024-1-165x165.webp 165w\" sizes=\"auto, (max-width: 1024px) 100vw, 1024px\" \/><\/figure>\n\n\n\n<p><strong>4) Phase de reconstruction (\u00e0 partir du jour 8)<\/strong><\/p>\n\n\n\n<figure class=\"wp-block-image size-full is-style-border-20\"><img decoding=\"async\" width=\"1024\" height=\"1024\" src=\"https:\/\/www.centerplast.de\/wp-content\/uploads\/2024\/04\/stages_wound_healing_remodeling-2.jpg\" loading=\"lazy\" alt=\"\" class=\"wp-image-8678\" srcset=\"https:\/\/www.centerplast.de\/wp-content\/uploads\/2024\/04\/stages_wound_healing_remodeling-2.jpg 1024w, https:\/\/www.centerplast.de\/wp-content\/uploads\/2024\/04\/stages_wound_healing_remodeling-2-300x300.jpg 300w, https:\/\/www.centerplast.de\/wp-content\/uploads\/2024\/04\/stages_wound_healing_remodeling-2-150x150.jpg 150w, https:\/\/www.centerplast.de\/wp-content\/uploads\/2024\/04\/stages_wound_healing_remodeling-2-768x768.jpg 768w, https:\/\/www.centerplast.de\/wp-content\/uploads\/2024\/04\/stages_wound_healing_remodeling-2-960x960.jpg 960w, https:\/\/www.centerplast.de\/wp-content\/uploads\/2024\/04\/stages_wound_healing_remodeling-2-480x480.jpg 480w, https:\/\/www.centerplast.de\/wp-content\/uploads\/2024\/04\/stages_wound_healing_remodeling-2-850x850.jpg 850w, https:\/\/www.centerplast.de\/wp-content\/uploads\/2024\/04\/stages_wound_healing_remodeling-2-157x157.jpg 157w, https:\/\/www.centerplast.de\/wp-content\/uploads\/2024\/04\/stages_wound_healing_remodeling-2-314x314.jpg 314w, https:\/\/www.centerplast.de\/wp-content\/uploads\/2024\/04\/stages_wound_healing_remodeling-2-600x600.jpg 600w, https:\/\/www.centerplast.de\/wp-content\/uploads\/2024\/04\/stages_wound_healing_remodeling-2-590x590.jpg 590w, https:\/\/www.centerplast.de\/wp-content\/uploads\/2024\/04\/stages_wound_healing_remodeling-2-260x260.jpg 260w, https:\/\/www.centerplast.de\/wp-content\/uploads\/2024\/04\/stages_wound_healing_remodeling-2-165x165.jpg 165w\" sizes=\"auto, (max-width: 1024px) 100vw, 1024px\" \/><\/figure>\n\n\n<\/div>\n<\/div>\n<\/div>\n<\/div>\n                <\/div>\n            \n<\/div>\n\n\n                                                    \n<div id=\"bptb-block-container-69f4db44de988\" class=\"bp-block-container alignfull position-relative bg-secondary-light pt-6 pt-lg-9 pb-6 pb-lg-9 is-layout-flow wp-block-bp-container-is-layout-flow\"\n        >\n\n    \n                            <div class=\"container container-small \">\n                    <div class=\"acf-innerblocks-container\">\n    <div class=\"bp-block-anchor blank-anchor is-layout-flow wp-block-bp-anchor-is-layout-flow\" id=\"cicatrisation\" data-title=\"Cicatrisation\">\n        <div class=\"bp-block-anchor-innerblocks acf-innerblocks-container\"><\/div>\n    <\/div>\n\n    \n\n\n\n<h2 class=\"wp-block-heading is-style-display-3\" id=\"de3144-3\">Comment puis-je contribuer \u00e0 la cicatrisation ?<\/h2>\n\n\n\n<ul class=\"is-style-check wp-block-list\">\n<li>Les rayons UV (soleil ou solarium) peuvent entra\u00eener une coloration fonc\u00e9e permanente de la cicatrice. Prot\u00e9gez donc votre cicatrice avec un indice de protection 50 ou des v\u00eatements imperm\u00e9ables aux UV, surtout la premi\u00e8re ann\u00e9e.<\/li>\n\n\n\n<li>La cicatrisation des plaies et des cicatrices est influenc\u00e9e n\u00e9gativement par les facteurs suivants : le tabagisme, l&rsquo;exercice excessif ou la colonisation par des germes.<\/li>\n\n\n\n<li>Au cours de la troisi\u00e8me semaine postop\u00e9ratoire, la cicatrisation peut \u00eatre favoris\u00e9e par des massages quotidiens r\u00e9p\u00e9t\u00e9s. Comment ? Il est pr\u00e9f\u00e9rable de faire des cercles pendant quelques minutes, ainsi que dans le sens de la longueur et de la largeur de la cicatrice et d&rsquo;utiliser des cr\u00e8mes grasses comme Bepanthen\u00ae Pommade \/ Linola\u00ae Graisse.<\/li>\n\n\n\n<li>Les pansements en silicone pr\u00e9viennent la formation de bourrelets et assouplissent la cicatrice (par exemple, Cica-Care de Smith et Nephew ou Medipatch Gel Z\u00ae d&rsquo;asclepios Medizintechnik e.K.). Pour cela, le patch en silicone doit \u00eatre port\u00e9 en continu pendant un an.<\/li>\n\n\n\n<li>Un traitement de compression par des v\u00eatements de compression sp\u00e9ciaux favorise \u00e9galement une cicatrisation favorable. De m\u00eame, les v\u00eatements de compression doivent \u00eatre port\u00e9s en continu pendant toute la dur\u00e9e de la cicatrisation, soit un an.<\/li>\n<\/ul>\n\n<\/div>\n                <\/div>\n            \n<\/div>\n\n\n                                                    \n<div id=\"bptb-block-container-69f4db44e05b8\" class=\"bp-block-container alignfull position-relative bg-green-light pt-6 pt-lg-9 pb-6 pb-lg-9 is-layout-flow wp-block-bp-container-is-layout-flow\"\n        >\n\n    \n                            <div class=\"container container-small \">\n                    <div class=\"acf-innerblocks-container\">\n\n<h3 class=\"wp-block-heading has-text-align-center  is-style-display-3\">Vos experts en correction de cicatrices<\/h3>\n\n\n    <div id=\"bptb-block-post-cards-69f4db44e0459\" class=\"bp-block-post-cards \">\n        <div class=\"row    \">\n            \n                \n                \n                                                    \n                                                                                                                                                                        \n                <div class=\"col-12 col-md-6 col-lg-6 mb-6 mb-md-0 \">\n\n                                                                \n                    <article class=\"card card-overlap position-relative has-overlay\">\n   <div class=\"item-container\">\n                  <a href=\"https:\/\/www.centerplast.de\/ueber-uns\/team\/dr-adelana-santos-stahl\/\" title=\"Mehr zu:  Dr. Adelana Santos Stahl\" class=\"stretched-link\"><\/a>\n       \n       <div class=\"image\">\n           <img decoding=\"async\"\n                   src=\"https:\/\/www.centerplast.de\/wp-content\/uploads\/2024\/03\/dr-santos-stahl-400x475.jpg\"\n                   alt=\"Dr. Adelana Santos Stahl\"\n                   width=\"400\"\n                   height=\"475\"\n                   loading=\"lazy\"\n                   class=\"thumbnail img-fluid\">\n       <\/div>\n\n       <div class=\"content-container text-primary pt-4 card-body px-4 px-lg-5 py-5\">\n                          <span class=\"card-title d-block h4 mb-2 title position-relative text-center text-white\">\n                Dr. Adelana Santos Stahl\n            <\/span>\n                                                                     <a href=\"https:\/\/www.centerplast.de\/ueber-uns\/team\/dr-adelana-santos-stahl\/\" class=\"link text-center\">\n                                   <i class=\"icon icon-arrow-right\"><\/i>\n                               <\/a>\n                                                            <\/div>\n   <\/div>\n<\/article>\n                <\/div>\n            \n                \n                \n                                                    \n                                                                                                                                                                        \n                <div class=\"col-12 col-md-6 col-lg-6 mb-6 mb-md-0 \">\n\n                                                                \n                    <article class=\"card card-overlap position-relative has-overlay\">\n   <div class=\"item-container\">\n                  <a href=\"https:\/\/www.centerplast.de\/ueber-uns\/team\/pd-dr-stephane-stahl\/\" title=\"Mehr zu:  PD. Dr. St\u00e9phane Stahl\" class=\"stretched-link\"><\/a>\n       \n       <div class=\"image\">\n           <img decoding=\"async\"\n                   src=\"https:\/\/www.centerplast.de\/wp-content\/uploads\/2024\/03\/dr-stephane-stahl-400x475.jpg\"\n                   alt=\"Dr. Stephane Stahl\"\n                   width=\"400\"\n                   height=\"475\"\n                   loading=\"lazy\"\n                   class=\"thumbnail img-fluid\">\n       <\/div>\n\n       <div class=\"content-container text-primary pt-4 card-body px-4 px-lg-5 py-5\">\n                          <span class=\"card-title d-block h4 mb-2 title position-relative text-center text-white\">\n                PD. Dr. St\u00e9phane Stahl\n            <\/span>\n                                                                     <a href=\"https:\/\/www.centerplast.de\/ueber-uns\/team\/pd-dr-stephane-stahl\/\" class=\"link text-center\">\n                                   <i class=\"icon icon-arrow-right\"><\/i>\n                               <\/a>\n                                                            <\/div>\n   <\/div>\n<\/article>\n                <\/div>\n                    <\/div>\n    <\/div>\n\n<\/div>\n                <\/div>\n            \n<\/div>\n\n\n                                                    \n<div id=\"bptb-block-container-69f4db44e1d2d\" class=\"bp-block-container alignfull position-relative bg-secondary-light pt-6 pt-lg-9 pb-6 pb-lg-9 is-layout-flow wp-block-bp-container-is-layout-flow\"\n        >\n\n    \n                            <div class=\"container container-small-medium \">\n                    <div class=\"acf-innerblocks-container\">\n    <div class=\"bp-block-anchor blank-anchor is-layout-flow wp-block-bp-anchor-is-layout-flow\" id=\"difference-cicatrice-hypertrophique-et-cicatrice-de-proliferation\" data-title=\"Diff\u00e9rence : cicatrice hypertrophique et cicatrice de prolif\u00e9ration\">\n        <div class=\"bp-block-anchor-innerblocks acf-innerblocks-container\"><\/div>\n    <\/div>\n\n    \n\n\n\n<h2 class=\"wp-block-heading has-text-align-center is-style-display-3\">Quelles sont les diff\u00e9rences entre une cicatrice hypertrophique et une cicatrice d&rsquo;excroissance ?<\/h2>\n\n\n<div class=\"bp-block-info-table mb-4 mb-md-6\" id=\"bptb-block-info-table-69f4db44e1adc\">\n                        <div class=\"outer-container row pb-4 d-none d-md-flex\">\n                                    <div class=\"info-table-head\">\n                                                    <div class=\"row\">\n                                <div class=\"col-md-3 mb-2 mb-md-0\">\n                                <\/div>\n                                                                    <div class=\"col-12 col-md\">\n                                        <table>\n<tbody>\n<tr>\n<td>Cicatrice bomb\u00e9e (cicatrice hypertrophique)<\/td>\n<\/tr>\n<\/tbody>\n<\/table>\n\n                                    <\/div>\n                                                                    <div class=\"col-12 col-md\">\n                                        <table>\n<tbody>\n<tr>\n<td>Cicatrice prolif\u00e9rante (ch\u00e9lo\u00efde)<\/td>\n<\/tr>\n<\/tbody>\n<\/table>\n\n                                    <\/div>\n                                                            <\/div>\n                                            <\/div>\n                \n                <div class=\"accordion-content col-9\"\n                     id=\"bptb-block-info-table-69f4db44e1adc-row-1\">\n\n                    <div class=\"row\">\n\n                                            <\/div>\n\n                <\/div>\n            <\/div>\n                    <div class=\"outer-container row pb-4 \">\n                                    <div class=\"accordion-header collapsed col-3\"\n                         data-toggle=\"collapse\" data-target=\"#bptb-block-info-table-69f4db44e1adc-row-2\">\n                        \n                                                            <div class=\"col\">\n                                    <strong>Apparence<\/strong>\n                                <\/div>\n                                                    \n                                                                        <\/div>\n                \n                <div class=\"accordion-content col-9\"\n                     id=\"bptb-block-info-table-69f4db44e1adc-row-2\">\n\n                    <div class=\"row\">\n\n                                                    \n                                                                    <div class=\"d-md-none mt-2\">\n                                        <table>\n<tbody>\n<tr>\n<td>Cicatrice bomb\u00e9e (cicatrice hypertrophique)<\/td>\n<\/tr>\n<\/tbody>\n<\/table>\n\n                                    <\/div>\n                                \n                                <div class=\"col-12 col-md\">\n                                    <table>\n<tbody>\n<tr>\n<td>Sublime, limit\u00e9 \u00e0 la blessure<\/td>\n<\/tr>\n<\/tbody>\n<\/table>\n\n                                <\/div>\n                            \n                                                                    <div class=\"d-md-none mt-2\">\n                                        <table>\n<tbody>\n<tr>\n<td>Cicatrice prolif\u00e9rante (ch\u00e9lo\u00efde)<\/td>\n<\/tr>\n<\/tbody>\n<\/table>\n\n                                    <\/div>\n                                \n                                <div class=\"col-12 col-md\">\n                                    <table>\n<tbody>\n<tr>\n<td>Prolif\u00e9rant au-del\u00e0 des bords de la plaie<\/td>\n<\/tr>\n<\/tbody>\n<\/table>\n\n                                <\/div>\n                                                                        <\/div>\n\n                <\/div>\n            <\/div>\n                    <div class=\"outer-container row pb-4 \">\n                                    <div class=\"accordion-header collapsed col-3\"\n                         data-toggle=\"collapse\" data-target=\"#bptb-block-info-table-69f4db44e1adc-row-3\">\n                        \n                                                            <div class=\"col\">\n                                    <strong>Tendance \u00e0 la gu\u00e9rison  <\/strong>\n                                <\/div>\n                                                    \n                                                                        <\/div>\n                \n                <div class=\"accordion-content col-9\"\n                     id=\"bptb-block-info-table-69f4db44e1adc-row-3\">\n\n                    <div class=\"row\">\n\n                                                    \n                                                                    <div class=\"d-md-none mt-2\">\n                                        <table>\n<tbody>\n<tr>\n<td>Cicatrice bomb\u00e9e (cicatrice hypertrophique)<\/td>\n<\/tr>\n<\/tbody>\n<\/table>\n\n                                    <\/div>\n                                \n                                <div class=\"col-12 col-md\">\n                                    <table>\n<tbody>\n<tr>\n<td>Se reforme<\/td>\n<\/tr>\n<\/tbody>\n<\/table>\n\n                                <\/div>\n                            \n                                                                    <div class=\"d-md-none mt-2\">\n                                        <table>\n<tbody>\n<tr>\n<td>Cicatrice prolif\u00e9rante (ch\u00e9lo\u00efde)<\/td>\n<\/tr>\n<\/tbody>\n<\/table>\n\n                                    <\/div>\n                                \n                                <div class=\"col-12 col-md\">\n                                    <table>\n<tbody>\n<tr>\n<td>Aucune tendance \u00e0 la r\u00e9gression<\/td>\n<\/tr>\n<\/tbody>\n<\/table>\n\n                                <\/div>\n                                                                        <\/div>\n\n                <\/div>\n            <\/div>\n                    <div class=\"outer-container row pb-4 \">\n                                    <div class=\"accordion-header collapsed col-3\"\n                         data-toggle=\"collapse\" data-target=\"#bptb-block-info-table-69f4db44e1adc-row-4\">\n                        \n                                                            <div class=\"col\">\n                                    <strong>Site de cicatrisation  <\/strong>\n                                <\/div>\n                                                    \n                                                                        <\/div>\n                \n                <div class=\"accordion-content col-9\"\n                     id=\"bptb-block-info-table-69f4db44e1adc-row-4\">\n\n                    <div class=\"row\">\n\n                                                    \n                                                                    <div class=\"d-md-none mt-2\">\n                                        <table>\n<tbody>\n<tr>\n<td>Cicatrice bomb\u00e9e (cicatrice hypertrophique)<\/td>\n<\/tr>\n<\/tbody>\n<\/table>\n\n                                    <\/div>\n                                \n                                <div class=\"col-12 col-md\">\n                                    <table>\n<tbody>\n<tr>\n<td>Aucun site de pr\u00e9diction<\/td>\n<\/tr>\n<\/tbody>\n<\/table>\n\n                                <\/div>\n                            \n                                                                    <div class=\"d-md-none mt-2\">\n                                        <table>\n<tbody>\n<tr>\n<td>Cicatrice prolif\u00e9rante (ch\u00e9lo\u00efde)<\/td>\n<\/tr>\n<\/tbody>\n<\/table>\n\n                                    <\/div>\n                                \n                                <div class=\"col-12 col-md\">\n                                    <table>\n<tbody>\n<tr>\n<td>Surtout sur les oreilles, le sternum<\/td>\n<\/tr>\n<\/tbody>\n<\/table>\n\n                                <\/div>\n                                                                        <\/div>\n\n                <\/div>\n            <\/div>\n                    <div class=\"outer-container row pb-4 \">\n                                    <div class=\"accordion-header collapsed col-3\"\n                         data-toggle=\"collapse\" data-target=\"#bptb-block-info-table-69f4db44e1adc-row-5\">\n                        \n                                                            <div class=\"col\">\n                                    <strong>Processus de gu\u00e9rison<\/strong>\n                                <\/div>\n                                                    \n                                                                        <\/div>\n                \n                <div class=\"accordion-content col-9\"\n                     id=\"bptb-block-info-table-69f4db44e1adc-row-5\">\n\n                    <div class=\"row\">\n\n                                                    \n                                                                    <div class=\"d-md-none mt-2\">\n                                        <table>\n<tbody>\n<tr>\n<td>Cicatrice bomb\u00e9e (cicatrice hypertrophique)<\/td>\n<\/tr>\n<\/tbody>\n<\/table>\n\n                                    <\/div>\n                                \n                                <div class=\"col-12 col-md\">\n                                    <table>\n<tbody>\n<tr>\n<td>R\u00e9cup\u00e9ration spontan\u00e9e<\/td>\n<\/tr>\n<\/tbody>\n<\/table>\n\n                                <\/div>\n                            \n                                                                    <div class=\"d-md-none mt-2\">\n                                        <table>\n<tbody>\n<tr>\n<td>Cicatrice prolif\u00e9rante (ch\u00e9lo\u00efde)<\/td>\n<\/tr>\n<\/tbody>\n<\/table>\n\n                                    <\/div>\n                                \n                                <div class=\"col-12 col-md\">\n                                    <table>\n<tbody>\n<tr>\n<td>Pas de r\u00e9gression<\/td>\n<\/tr>\n<\/tbody>\n<\/table>\n\n                                <\/div>\n                                                                        <\/div>\n\n                <\/div>\n            <\/div>\n                    <div class=\"outer-container row pb-4 \">\n                                    <div class=\"accordion-header collapsed col-3\"\n                         data-toggle=\"collapse\" data-target=\"#bptb-block-info-table-69f4db44e1adc-row-6\">\n                        \n                                                            <div class=\"col\">\n                                    <strong>Tendance familiale  <\/strong>\n                                <\/div>\n                                                    \n                                                                        <\/div>\n                \n                <div class=\"accordion-content col-9\"\n                     id=\"bptb-block-info-table-69f4db44e1adc-row-6\">\n\n                    <div class=\"row\">\n\n                                                    \n                                                                    <div class=\"d-md-none mt-2\">\n                                        <table>\n<tbody>\n<tr>\n<td>Cicatrice bomb\u00e9e (cicatrice hypertrophique)<\/td>\n<\/tr>\n<\/tbody>\n<\/table>\n\n                                    <\/div>\n                                \n                                <div class=\"col-12 col-md\">\n                                    <table>\n<tbody>\n<tr>\n<td>Pas de risque de r\u00e9cidive<\/td>\n<\/tr>\n<\/tbody>\n<\/table>\n\n                                <\/div>\n                            \n                                                                    <div class=\"d-md-none mt-2\">\n                                        <table>\n<tbody>\n<tr>\n<td>Cicatrice prolif\u00e9rante (ch\u00e9lo\u00efde)<\/td>\n<\/tr>\n<\/tbody>\n<\/table>\n\n                                    <\/div>\n                                \n                                <div class=\"col-12 col-md\">\n                                    <table>\n<tbody>\n<tr>\n<td>Risque \u00e9lev\u00e9 de r\u00e9cidive<\/td>\n<\/tr>\n<\/tbody>\n<\/table>\n\n                                <\/div>\n                                                                        <\/div>\n\n                <\/div>\n            <\/div>\n                    <div class=\"outer-container row pb-4 \">\n                                    <div class=\"accordion-header collapsed col-3\"\n                         data-toggle=\"collapse\" data-target=\"#bptb-block-info-table-69f4db44e1adc-row-7\">\n                        \n                                                            <div class=\"col\">\n                                    <strong>R\u00e9duction de la cicatrice<\/strong>\n                                <\/div>\n                                                    \n                                                                        <\/div>\n                \n                <div class=\"accordion-content col-9\"\n                     id=\"bptb-block-info-table-69f4db44e1adc-row-7\">\n\n                    <div class=\"row\">\n\n                                                    \n                                                                    <div class=\"d-md-none mt-2\">\n                                        <table>\n<tbody>\n<tr>\n<td>Cicatrice bomb\u00e9e (cicatrice hypertrophique)<\/td>\n<\/tr>\n<\/tbody>\n<\/table>\n\n                                    <\/div>\n                                \n                                <div class=\"col-12 col-md\">\n                                    <table>\n<tbody>\n<tr>\n<td>\n<table>\n<tbody>\n<tr>\n<td>Contraction possible<\/td>\n<\/tr>\n<\/tbody>\n<\/table>\n<p>.<\/td>\n<\/tr>\n<\/tbody>\n<\/table>\n\n                                <\/div>\n                            \n                                                                    <div class=\"d-md-none mt-2\">\n                                        <table>\n<tbody>\n<tr>\n<td>Cicatrice prolif\u00e9rante (ch\u00e9lo\u00efde)<\/td>\n<\/tr>\n<\/tbody>\n<\/table>\n\n                                    <\/div>\n                                \n                                <div class=\"col-12 col-md\">\n                                    <p>Contracture<\/p>\n\n                                <\/div>\n                                                                        <\/div>\n\n                <\/div>\n            <\/div>\n                    <div class=\"outer-container row pb-4 \">\n                                    <div class=\"accordion-header collapsed col-3\"\n                         data-toggle=\"collapse\" data-target=\"#bptb-block-info-table-69f4db44e1adc-row-8\">\n                        \n                                                            <div class=\"col\">\n                                    <strong>M\u00e9thodes de traitement<\/strong>\n                                <\/div>\n                                                    \n                                                                        <\/div>\n                \n                <div class=\"accordion-content col-9\"\n                     id=\"bptb-block-info-table-69f4db44e1adc-row-8\">\n\n                    <div class=\"row\">\n\n                                                    \n                                                                    <div class=\"d-md-none mt-2\">\n                                        <table>\n<tbody>\n<tr>\n<td>Cicatrice bomb\u00e9e (cicatrice hypertrophique)<\/td>\n<\/tr>\n<\/tbody>\n<\/table>\n\n                                    <\/div>\n                                \n                                <div class=\"col-12 col-md\">\n                                    <table>\n<tbody>\n<tr>\n<td>Excision, infiltration de cortisone, pression, silicone<\/td>\n<\/tr>\n<\/tbody>\n<\/table>\n\n                                <\/div>\n                            \n                                                                    <div class=\"d-md-none mt-2\">\n                                        <table>\n<tbody>\n<tr>\n<td>Cicatrice prolif\u00e9rante (ch\u00e9lo\u00efde)<\/td>\n<\/tr>\n<\/tbody>\n<\/table>\n\n                                    <\/div>\n                                \n                                <div class=\"col-12 col-md\">\n                                    <figure class=\"wp-block-table\">\n<table>\n<tbody>\n<tr>\n<td>Excision, infiltration de cortisone, pression, silicone, radioth\u00e9rapie, 5-fluorouracile<\/td>\n<\/tr>\n<\/tbody>\n<\/table>\n<\/figure>\n\n                                <\/div>\n                                                                        <\/div>\n\n                <\/div>\n            <\/div>\n            <\/div>\n<\/div>\n                <\/div>\n            \n<\/div>\n\n\n                                                    \n<div id=\"bptb-block-container-69f4db44e22f6\" class=\"bp-block-container alignfull position-relative bg-white pt-6 pt-lg-9 pb-6 pb-lg-9 is-layout-flow wp-block-bp-container-is-layout-flow\"\n        >\n\n    \n                            <div class=\"container container-small \">\n                    <div class=\"acf-innerblocks-container\">\n    <div class=\"bp-block-anchor blank-anchor is-layout-flow wp-block-bp-anchor-is-layout-flow\" id=\"correction-de-cicatrices\" data-title=\"Correction de cicatrices\">\n        <div class=\"bp-block-anchor-innerblocks acf-innerblocks-container\"><\/div>\n    <\/div>\n\n    \n\n\n\n<h2 class=\"wp-block-heading is-style-display-3\" id=\"de3144-3\">Correction de cicatrices<\/h2>\n\n\n\n<p>\u00c9tant donn\u00e9 que jusqu&rsquo;\u00e0 un an apr\u00e8s la fermeture de la plaie, les cicatrices deviennent spontan\u00e9ment plus p\u00e2les, plus plates et plus souples et que la douleur diminue, les corrections chirurgicales des cicatrices ne devraient pas \u00eatre effectu\u00e9es plus t\u00f4t. En cas d&rsquo;indications m\u00e9dicales, c&rsquo;est-\u00e0-dire de limitations fonctionnelles par exemple, les frais de traitement sont g\u00e9n\u00e9ralement pris en charge par la caisse d&rsquo;assurance maladie.<\/p>\n\n<\/div>\n                <\/div>\n            \n<\/div>\n\n\n                                                    \n<div id=\"bptb-block-container-69f4db44e352c\" class=\"bp-block-container alignfull position-relative bg-green-light pt-6 pt-lg-9 pb-6 pb-lg-9 is-layout-flow wp-block-bp-container-is-layout-flow\"\n        >\n\n    \n                            <div class=\"container container-small \">\n                    <div class=\"acf-innerblocks-container\">\n    <div class=\"bp-block-anchor blank-anchor is-layout-flow wp-block-bp-anchor-is-layout-flow\" id=\"faq\" data-title=\"FAQ\">\n        <div class=\"bp-block-anchor-innerblocks acf-innerblocks-container\"><\/div>\n    <\/div>\n\n    \n\n\n\n<h3 class=\"wp-block-heading has-text-align-center is-style-display-3\" id=\"FAQ\">FAQ &#8211; Foire aux questions<\/h3>\n\n\n<div\n    id=\"bptb-block-accordion-69f4db44e345a\"\n    class=\"bp-block-accordion accordion conversation is-layout-flow wp-block-bp-accordion-is-layout-flow\"\n    itemscope=\"\" itemtype=\"https:\/\/schema.org\/FAQPage\">\n    <div class=\"acf-innerblocks-container\">\n<div\n    class=\"bp-block-accordion-item accordion-item is-layout-flow wp-block-bp-accordion-item-is-layout-flow\"\n    itemscope=\"\" itemprop=\"mainEntity\" itemtype=\"https:\/\/schema.org\/Question\">\n    <div class=\"accordion-header\">\n        <button\n            class=\"accordion-button \"\n            type=\"button\"\n            data-toggle=\"collapse\"\n            data-target=\"#bptb-block-accordion-item-69f4db44e293e\"\n            aria-expanded=\"true\"\n            aria-controls=\"bptb-block-accordion-item-69f4db44e293e\"\n        >\n                            <span\n                    itemprop=\"name\" itemprop=\"name\"                >\n                    Qu&#039;est-ce qu&#039;une excroissance cicatricielle ?\n                <\/span>\n                    <\/button>\n    <\/div>\n\n    <div\n        id=\"bptb-block-accordion-item-69f4db44e293e\"\n        class=\"accordion-collapse collapse show\"\n        data-bs-parent=\"#\"\n    >\n        <div\n            class=\"accordion-body\"\n            itemscope=\"\" itemprop=\"acceptedAnswer\" itemtype=\"https:\/\/schema.org\/Answer\"        >\n                            <div itemprop=\"text\">\n                            <div class=\"acf-innerblocks-container\">\n\n<p>Les cicatrices qui poussent, qui d\u00e9mangent, qui sont rouge\u00e2tres ou sombres sont appel\u00e9es excroissances cicatricielles. Les excroissances cicatricielles sont appel\u00e9es ch\u00e9lo\u00efdes dans le jargon m\u00e9dical. La principale caract\u00e9ristique d&rsquo;une ch\u00e9lo\u00efde est qu&rsquo;elle se d\u00e9veloppe au-del\u00e0 des limites du tissu l\u00e9s\u00e9 apr\u00e8s que la plaie a \u00e9t\u00e9 referm\u00e9e. Les ch\u00e9lo\u00efdes apparaissent de pr\u00e9f\u00e9rence sur les oreilles, les \u00e9paules et la partie sup\u00e9rieure de la poitrine.<\/p>\n\n<\/div>\n                            <\/div>\n                    <\/div>\n    <\/div>\n<\/div>\n\n\n<div\n    class=\"bp-block-accordion-item accordion-item is-layout-flow wp-block-bp-accordion-item-is-layout-flow\"\n    itemscope=\"\" itemprop=\"mainEntity\" itemtype=\"https:\/\/schema.org\/Question\">\n    <div class=\"accordion-header\">\n        <button\n            class=\"accordion-button collapsed\"\n            type=\"button\"\n            data-toggle=\"collapse\"\n            data-target=\"#bptb-block-accordion-item-69f4db44e2a80\"\n            aria-expanded=\"false\"\n            aria-controls=\"bptb-block-accordion-item-69f4db44e2a80\"\n        >\n                            <span\n                    itemprop=\"name\" itemprop=\"name\"                >\n                    Qu&#039;est-ce qu&#039;une cicatrice hypertrophique ?\n                <\/span>\n                    <\/button>\n    <\/div>\n\n    <div\n        id=\"bptb-block-accordion-item-69f4db44e2a80\"\n        class=\"accordion-collapse collapse \"\n        data-bs-parent=\"#\"\n    >\n        <div\n            class=\"accordion-body\"\n            itemscope=\"\" itemprop=\"acceptedAnswer\" itemtype=\"https:\/\/schema.org\/Answer\"        >\n                            <div itemprop=\"text\">\n                            <div class=\"acf-innerblocks-container\">\n\n<p>Les cicatrices hypertrophiques sont des cicatrices \u00e9paisses en relief qui ne poussent pas au-del\u00e0 de la limite de la cicatrice. La phase de gu\u00e9rison peut toutefois durer jusqu&rsquo;\u00e0 un an.<\/p>\n\n<\/div>\n                            <\/div>\n                    <\/div>\n    <\/div>\n<\/div>\n\n\n<div\n    class=\"bp-block-accordion-item accordion-item is-layout-flow wp-block-bp-accordion-item-is-layout-flow\"\n    itemscope=\"\" itemprop=\"mainEntity\" itemtype=\"https:\/\/schema.org\/Question\">\n    <div class=\"accordion-header\">\n        <button\n            class=\"accordion-button collapsed\"\n            type=\"button\"\n            data-toggle=\"collapse\"\n            data-target=\"#bptb-block-accordion-item-69f4db44e2b78\"\n            aria-expanded=\"false\"\n            aria-controls=\"bptb-block-accordion-item-69f4db44e2b78\"\n        >\n                            <span\n                    itemprop=\"name\" itemprop=\"name\"                >\n                    Qu&#039;est-ce qu&#039;une contracture cicatricielle ?\n                <\/span>\n                    <\/button>\n    <\/div>\n\n    <div\n        id=\"bptb-block-accordion-item-69f4db44e2b78\"\n        class=\"accordion-collapse collapse \"\n        data-bs-parent=\"#\"\n    >\n        <div\n            class=\"accordion-body\"\n            itemscope=\"\" itemprop=\"acceptedAnswer\" itemtype=\"https:\/\/schema.org\/Answer\"        >\n                            <div itemprop=\"text\">\n                            <div class=\"acf-innerblocks-container\">\n\n<p>Les blessures de la peau qui entra\u00eenent une perte de tissu, comme les br\u00fblures, peuvent cr\u00e9er une cicatrice ferme et contract\u00e9e. On parle alors de contracture. Le traitement chirurgical n\u00e9cessite l&rsquo;ablation de la contracture avec recouvrement du d\u00e9faut par un lambeau de peau ou une greffe.<\/p>\n\n<\/div>\n                            <\/div>\n                    <\/div>\n    <\/div>\n<\/div>\n\n\n<div\n    class=\"bp-block-accordion-item accordion-item is-layout-flow wp-block-bp-accordion-item-is-layout-flow\"\n    itemscope=\"\" itemprop=\"mainEntity\" itemtype=\"https:\/\/schema.org\/Question\">\n    <div class=\"accordion-header\">\n        <button\n            class=\"accordion-button collapsed\"\n            type=\"button\"\n            data-toggle=\"collapse\"\n            data-target=\"#bptb-block-accordion-item-69f4db44e2fa7\"\n            aria-expanded=\"false\"\n            aria-controls=\"bptb-block-accordion-item-69f4db44e2fa7\"\n        >\n                            <span\n                    itemprop=\"name\" itemprop=\"name\"                >\n                    Quelles sont les proc\u00e9dures que nous vous proposons pour la correction des cicatrices ?\n                <\/span>\n                    <\/button>\n    <\/div>\n\n    <div\n        id=\"bptb-block-accordion-item-69f4db44e2fa7\"\n        class=\"accordion-collapse collapse \"\n        data-bs-parent=\"#\"\n    >\n        <div\n            class=\"accordion-body\"\n            itemscope=\"\" itemprop=\"acceptedAnswer\" itemtype=\"https:\/\/schema.org\/Answer\"        >\n                            <div itemprop=\"text\">\n                            <div class=\"acf-innerblocks-container\">\n\n<ul class=\"is-style-check wp-block-list\">\n<li>Correction chirurgicale des cicatrices<\/li>\n\n\n\n<li>Plastiques en Z<\/li>\n\n\n\n<li>Plastiques W<\/li>\n\n\n\n<li>L&rsquo;injection de graisse autologue dans les cicatrices<\/li>\n\n\n\n<li>Microneedling contre les cicatrices<\/li>\n\n\n\n<li>L&rsquo;injection de cortisone dans les cicatrices<\/li>\n<\/ul>\n\n\n\n<p>Le r\u00e9sultat de la correction de la cicatrice d\u00e9pend de son type, de sa taille et de son \u00e9volution, ainsi que de la cicatrisation individuelle, du repos postop\u00e9ratoire et des soins de la cicatrice.<\/p>\n\n<\/div>\n                            <\/div>\n                    <\/div>\n    <\/div>\n<\/div>\n\n\n<div\n    class=\"bp-block-accordion-item accordion-item is-layout-flow wp-block-bp-accordion-item-is-layout-flow\"\n    itemscope=\"\" itemprop=\"mainEntity\" itemtype=\"https:\/\/schema.org\/Question\">\n    <div class=\"accordion-header\">\n        <button\n            class=\"accordion-button collapsed\"\n            type=\"button\"\n            data-toggle=\"collapse\"\n            data-target=\"#bptb-block-accordion-item-69f4db44e33a1\"\n            aria-expanded=\"false\"\n            aria-controls=\"bptb-block-accordion-item-69f4db44e33a1\"\n        >\n                            <span\n                    itemprop=\"name\" itemprop=\"name\"                >\n                    Quels sont les traitements que nous proposons pour les ch\u00e9lo\u00efdes ?\n                <\/span>\n                    <\/button>\n    <\/div>\n\n    <div\n        id=\"bptb-block-accordion-item-69f4db44e33a1\"\n        class=\"accordion-collapse collapse \"\n        data-bs-parent=\"#\"\n    >\n        <div\n            class=\"accordion-body\"\n            itemscope=\"\" itemprop=\"acceptedAnswer\" itemtype=\"https:\/\/schema.org\/Answer\"        >\n                            <div itemprop=\"text\">\n                            <div class=\"acf-innerblocks-container\">\n\n<p>Choisir le bon traitement avec vous est l&rsquo;\u00e9tape d\u00e9cisive vers le succ\u00e8s. Nous effectuons fr\u00e9quemment et avec une bonne exp\u00e9rience les traitements suivants :<\/p>\n\n\n\n<ul class=\"is-style-check wp-block-list\">\n<li>Retrait de la ch\u00e9lo\u00efde<\/li>\n\n\n\n<li>Injection de cortisone dans la ch\u00e9lo\u00efde<\/li>\n\n\n\n<li>Injection de ch\u00e9lo\u00efde avec du 5-fluorouracile<\/li>\n<\/ul>\n\n\n\n<p>Les ch\u00e9lo\u00efdes \u00e9tant r\u00e9currentes, les proc\u00e9dures combin\u00e9es telles que l&rsquo;ablation chirurgicale et l&rsquo;injection ou la radioth\u00e9rapie sont tr\u00e8s avantageuses. Les pansements compressifs avec des feuilles de silicone retardent la r\u00e9apparition.<\/p>\n\n<\/div>\n                            <\/div>\n                    <\/div>\n    <\/div>\n<\/div>\n\n<\/div>\n<\/div>\n\n<\/div>\n                <\/div>\n            \n<\/div>\n\n\n                                                    \n<div id=\"bptb-block-container-69f4db44e475a\" class=\"bp-block-container alignfull position-relative bg-secondary-light pt-6 pt-lg-9 pb-6 pb-lg-9 is-layout-flow wp-block-bp-container-is-layout-flow\"\n        >\n\n    \n                            <div class=\"container container-small-medium \">\n                    <div class=\"acf-innerblocks-container\">\n<div class=\"bp-block-quote is-layout-flow wp-block-bp-quote-is-layout-flow\" id=\"bptb-block-quote-69f4db44e44b2\">\n    <div class=\"row gx-lg-6\">\n        <div class=\"col-md-4\">\n            <picture class=\"d-block author-image mb-4 mb-md-0\">\n                <source srcset=\"https:\/\/www.centerplast.de\/wp-content\/uploads\/2024\/03\/dr-stephane-stahl-260x260.png\" media=\"(min-width: 468px)\">\n                <img decoding=\"async\" class=\"img-fluid\"\n                     src=\"https:\/\/www.centerplast.de\/wp-content\/uploads\/2024\/03\/dr-stephane-stahl-165x165.png\"\n                     width=\"260\"\n                     height=\"260\"\n                     loading=\"lazy\"\n                     alt=\"\">\n            <\/picture>\n        <\/div>\n        <div class=\"col-md-8\">\n            <div class=\"acf-innerblocks-container\">\n\n<p class=\"mb-0 has-primary-color has-text-color has-link-color wp-elements-c9a10e3e9dbdbeda4b7187f7d924616a\"><strong>AUTEUR<\/strong><\/p>\n\n\n\n<h4 class=\"wp-block-heading mt-0 mb-2 has-primary-color has-text-color has-link-color wp-elements-a936ef2664301a6a71ffcaef1ea67ef5\">Dr. St\u00e9phane Stahl<\/h4>\n\n\n\n<p class=\"is-style-quote has-primary-color has-text-color has-link-color wp-elements-8a2a99a7288049f5dd1104f93611269d\"><em>Nous vous fournissons des connaissances approfondies d&rsquo;experts pour choisir avec vous la meilleure voie de traitement possible.<\/em><\/p>\n\n\n\n<p class=\"has-primary-color has-text-color has-link-color wp-elements-7fbff1859ad36b1e916f51becfe6dd6e\">Le Dr St\u00e9phane Stahl, privat-docent, est l&rsquo;ancien directeur de la clinique de chirurgie plastique, reconstructive et esth\u00e9tique \/ chirurgie de la main \u00e0 la clinique de L\u00fcdenscheid. Le Dr Stahl a \u00e9tudi\u00e9 la m\u00e9decine \u00e0 l&rsquo;universit\u00e9 de Fribourg et de Berlin.<\/p>\n\n\n\n<p class=\"has-primary-color has-text-color has-link-color wp-elements-2898204b6d431ddc58473b1bf24f0f81\">  Il a pass\u00e9 l&rsquo;examen europ\u00e9en de chirurgie plastique et esth\u00e9tique en 2011 et l&rsquo;examen allemand de chirurgie esth\u00e9tique et plastique en 2012. D&rsquo;autres qualifications de m\u00e9decin sp\u00e9cialiste et qualifications suppl\u00e9mentaires ont suivi (notamment gestion de la qualit\u00e9, didactique m\u00e9dicale, th\u00e9rapie physique, m\u00e9decine d&rsquo;urgence, responsable de la protection laser, chirurgie de la main), ainsi que des prix et des distinctions.  <\/p>\n\n\n\n<p class=\"has-primary-color has-text-color has-link-color wp-elements-641eeb64bc230c2dd4cab088a34a47a7\">En 2015, il a obtenu son habilitation en chirurgie plastique et esth\u00e9tique \u00e0 T\u00fcbingen. Il est un microchirurgien exp\u00e9riment\u00e9, un expert tr\u00e8s demand\u00e9 et un intervenant r\u00e9gulier dans les congr\u00e8s sp\u00e9cialis\u00e9s. St\u00e9phane Stahl est devenu membre de l&rsquo;American Society for Aesthetic Plastic Surgery (ASAPS), l&rsquo;une des soci\u00e9t\u00e9s de chirurgie esth\u00e9tique les plus importantes et les plus influentes au monde, \u00e0 l&rsquo;issue d&rsquo;un processus de s\u00e9lection en plusieurs \u00e9tapes.  <\/p>\n\n\n\n<p class=\"is-style-paragraph-1 has-primary-color has-text-color has-link-color wp-elements-f4c1b6af3ccc376102b42f96becb3ea3\">Il est notamment l&rsquo;auteur de nombreux articles publi\u00e9s dans des revues \u00e0 comit\u00e9 de lecture prestigieuses et dans des manuels de chirurgie standard.<\/p>\n\n\n<div id=\"bptb-block-button-group-69f4db44e4202\" class=\"bp-block-button-group\">\n    <div class=\"acf-innerblocks-container d-flex flex-wrap flex-row justify-content-start\">\n        <a href=\"https:\/\/www.centerplast.de\/ueber-uns\/team\/pd-dr-stephane-stahl\/\" class=\"bp-block-button-item btn btn-icon-link btn-icon  btn-arrow-circle-coloured-right\" target=\"\">\n                                                <svg xmlns=\"http:\/\/www.w3.org\/2000\/svg\" xml:space=\"preserve\" x=\"0\" y=\"0\" version=\"1.1\" viewBox=\"0 0 64 64\">\n  <circle id=\"Ellipse_34\" cx=\"36.6\" cy=\"31.8\" r=\"26.8\" style=\"fill:#d9c69e\"\/>\n\t<g transform=\"translate(0 20)\">\n    <path d=\"M43.5 19.9c-.3 0-.5-.1-.7-.3-.4-.4-.4-1 0-1.4l6.3-6.3-6.3-6.3c-.4-.4-.4-1 0-1.4.4-.4 1-.4 1.4 0l7.7 7.7-7.7 7.7c-.2.2-.4.3-.7.3z\" class=\"st1\"\/>\n\t\t<path d=\"M43.5 12.9H1.4c-.6 0-1-.4-1-1s.4-1 1-1h42.1c.6 0 1 .4 1 1s-.4 1-1 1z\" class=\"st1\"\/>\n  <\/g>\n<\/svg>\n                                        <span class=\"btn-text text-primaire\">En savoir plus sur Dr. med. Stahl<\/span>\n            <\/a>\n\n<\/div>\n<\/div>\n<\/div>\n        <\/div>\n    <\/div>\n<\/div>\n<\/div>\n                <\/div>\n            \n<\/div>\n\n\n                                                    \n<div id=\"bptb-block-container-69f4db44e7677\" class=\"bp-block-container alignfull position-relative bg-white is-layout-flow wp-block-bp-container-is-layout-flow\"\n        >\n\n    \n                            <div class=\"container container-medium \">\n                    <div class=\"acf-innerblocks-container\">\n\n<h3 class=\"wp-block-heading has-text-align-center is-style-display-3\">Vous pourriez \u00e9galement \u00eatre int\u00e9ress\u00e9 par<\/h3>\n\n\n<div id=\"bptb-block-slider-item-69f4db44e64c9\" class=\"bp-block-slider-item is-layout-flow wp-block-bp-slider-item-is-layout-flow\">\n    <div class=\"slider-container show-card-shadow\">\n    <div id=\"slider-69f4db44e656b\"\n         class=\"swiper slider \"\n         data-slider-config=\"{&quot;pagination&quot;:true,&quot;spaceBetween&quot;:15,&quot;slidesPerView&quot;:1.25,&quot;scrollbar&quot;:{&quot;el&quot;:&quot;.swiper-scrollbar&quot;,&quot;draggable&quot;:true},&quot;breakpoints&quot;:{&quot;768&quot;:{&quot;slidesPerView&quot;:1.75,&quot;spaceBetween&quot;:30},&quot;1024&quot;:{&quot;slidesPerView&quot;:&quot;3&quot;,&quot;spaceBetween&quot;:30},&quot;1250&quot;:{&quot;slidesPerView&quot;:&quot;3&quot;,&quot;spaceBetween&quot;:30}}}\"          data-slides=\"3\"     >\n        <div class=\"swiper-wrapper py-4\">\n                                        <div class=\"swiper-slide h-100\">\n                    <div class=\"item-container h-100\">\n                                                    <a href=\"https:\/\/www.centerplast.de\/fr\/traitements\/visage\/injection-de-graisse-autologue-dans-les-rides\/\" title=\"Mehr zu:  Injection de graisse autologue dans les rides\" class=\"stretched-link\">\n                                                                    <span class=\"visually-hidden\">Injection de graisse autologue dans les rides<\/span>\n                                                            <\/a>\n                                                <picture class=\"d-block author-image mb-0 h-100\">\n                            <source srcset=\"https:\/\/www.centerplast.de\/wp-content\/uploads\/2024\/02\/behandlung-zur-faltenunterspritzung-mit-eigenfett-575x887.jpg\" media=\"(min-width: 468px)\">\n                            <img decoding=\"async\"\n                                    src=\"https:\/\/www.centerplast.de\/wp-content\/uploads\/2024\/02\/behandlung-zur-faltenunterspritzung-mit-eigenfett-300x463.jpg\"\n                                    alt=\"Centerplast Slider Bild\"\n                                    width=\"575\"\n                                    height=\"887\"\n                                    loading=\"lazy\"\n                                    class=\"thumbnail img-fluid h-100\"\n                            >\n                        <\/picture>\n                        <div class=\"content-container text-white text-center px-4 px-lg-5 py-5\">\n                            <div class=\"inner\">\n                                                                    <span class=\"d-block h4 mb-2 title fw-medium letter-spacing-xs font-size-base\">Injection de graisse autologue dans les rides<\/span>\n                                                                                                                                    <a href=\"https:\/\/www.centerplast.de\/fr\/traitements\/visage\/injection-de-graisse-autologue-dans-les-rides\/\" class=\"link\" aria-label=\"Mehr zu:  Injection de graisse autologue dans les rides\">\n                                        <i class=\"icon icon-arrow-right\"><\/i>\n                                    <\/a>\n                                                            <\/div>\n                        <\/div>\n                    <\/div>\n                <\/div>\n                            <div class=\"swiper-slide h-100\">\n                    <div class=\"item-container h-100\">\n                                                    <a href=\"https:\/\/www.centerplast.de\/fr\/traitements\/peau-cheveux\/microneedling\/\" title=\"Mehr zu:  Microneedling\" class=\"stretched-link\">\n                                                                    <span class=\"visually-hidden\">Microneedling<\/span>\n                                                            <\/a>\n                                                <picture class=\"d-block author-image mb-0 h-100\">\n                            <source srcset=\"https:\/\/www.centerplast.de\/wp-content\/uploads\/2024\/04\/behandlung-zum-microneedling-575x887.jpg\" media=\"(min-width: 468px)\">\n                            <img decoding=\"async\"\n                                    src=\"https:\/\/www.centerplast.de\/wp-content\/uploads\/2024\/04\/behandlung-zum-microneedling-300x463.jpg\"\n                                    alt=\"Centerplast Slider Bild\"\n                                    width=\"575\"\n                                    height=\"887\"\n                                    loading=\"lazy\"\n                                    class=\"thumbnail img-fluid h-100\"\n                            >\n                        <\/picture>\n                        <div class=\"content-container text-white text-center px-4 px-lg-5 py-5\">\n                            <div class=\"inner\">\n                                                                    <span class=\"d-block h4 mb-2 title fw-medium letter-spacing-xs font-size-base\">Microneedling<\/span>\n                                                                                                                                    <a href=\"https:\/\/www.centerplast.de\/fr\/traitements\/peau-cheveux\/microneedling\/\" class=\"link\" aria-label=\"Mehr zu:  Microneedling\">\n                                        <i class=\"icon icon-arrow-right\"><\/i>\n                                    <\/a>\n                                                            <\/div>\n                        <\/div>\n                    <\/div>\n                <\/div>\n                            <\/div>\n    <\/div>\n\n    <div class=\"swiper-controls mt-5\">\n        <div class=\"swiper-arrow swiper-button-prev\"><i class=\"icon icon-arrow-circle-left\"><\/i><\/div>\n\n        <div class=\"swiper-pagination\"><\/div>\n        <div class=\"swiper-scrollbar\"><\/div>\n\n        <div class=\"swiper-arrow swiper-button-next\"><i class=\"icon icon-arrow-circle-right\"><\/i><\/div>\n    <\/div>\n\n    <\/div>\n\n    \n<\/div>\n\n<\/div>\n                <\/div>\n            \n<\/div>\n\n\n<div id=\"bptb-block-personal-advice-69f4db44e9eee\" class=\"bp-block-personal-advice position-relative  bg-secondary-light overflow-x-hidden alignfull\"\ndata-overlapping=\"true\">\n            <div class=\"overlapping d-none d-lg-block bg-white\"\n        style=&quot;height:20%;&quot;><\/div>\n        <div class=\"container text-primary py-7 py-lg-0\">\n        <div class=\"row justify-content-center\">\n            <div class=\"col-lg-10\">\n                <div class=\"row\">\n                                            <div class=\"col-lg-6\">\n                            <div class=\"image-container position-relative d-none d-lg-block\">\n                                <img decoding=\"async\"\n                                        src=\"https:\/\/www.centerplast.de\/wp-content\/uploads\/2024\/02\/persoenliche-beratung-600x716.png\"\n                                        alt=\"\"\n                                        width=\"600\"\n                                        height=\"716\"\n                                        loading=\"lazy\"\n                                        class=\"d-block img-fluid\"\n                                >\n                            <\/div>\n                        <\/div>\n                                        <div class=\"col-12 col-lg-5 content-col d-flex align-items-center\">\n                        <div class=\"acf-innerblocks-container\">\n\n<h2 class=\"wp-block-heading\">Conseil personnalis\u00e9<\/h2>\n\n\n\n<p class=\"has-text-align-left is-style-paragraph-1\">Nous prenons le temps de vous conseiller et de vous offrir un traitement sur mesure pour un r\u00e9sultat personnalis\u00e9.<\/p>\n\n\n<div id=\"bptb-block-button-group-69f4db44e89de\" class=\"bp-block-button-group\">\n    <div class=\"acf-innerblocks-container d-flex flex-wrap flex-row justify-content-start\">\n\n<a href=\"https:\/\/www.centerplast.de\/terminbuchung\/\"\n   class=\"bp-block-button-item btn btn-icon-link btn-appointment-circle\"\n   target=\"_blank\"\n>\n                                <i class=\"icon icon-appointment-circle\"><\/i>\n            \n    <span class=\"btn-text \">\n        Termin auf doctolib buchen\n    <\/span>\n\n<\/a>\n\n\n        <a href=\"https:\/\/www.centerplast.de\/fr\/a-propos-de-nous\/pratique\/consultation-video\/\" class=\"bp-block-button-item btn btn-icon-link btn-icon  btn-video-consultation-circle\" target=\"\">\n                                                <i class=\"icon icon-video-consultation-circle\"><\/i>\n                                        <span class=\"btn-text text-primary\">R\u00e9server une consultation vid\u00e9o<\/span>\n            <\/a>\n\n<\/div>\n<\/div>\n<\/div>\n                    <\/div>\n                <\/div>\n            <\/div>\n        <\/div>\n    <\/div>\n<\/div>\n\n\n\n<\/div>\n\n<\/div>\n\n\n\n","protected":false},"featured_media":6044,"parent":6662,"menu_order":0,"template":"","meta":{"_acf_changed":false,"_seopress_robots_primary_cat":"","_seopress_titles_title":"Correction de cicatrices \u00e0 Sarrebruck | CenterPlast","_seopress_titles_desc":"Traitement des cicatrices hypertrophiques et des cicatrices de prolif\u00e9ration \u2713 chirurgicales et non chirurgicales \u2713 Consultez maintenant !","_seopress_robots_index":"","footnotes":""},"class_list":["post-7040","treatment","type-treatment","status-publish","has-post-thumbnail","hentry"],"acf":[],"_links":{"self":[{"href":"https:\/\/www.centerplast.de\/fr\/wp-json\/wp\/v2\/treatment\/7040","targetHints":{"allow":["GET"]}}],"collection":[{"href":"https:\/\/www.centerplast.de\/fr\/wp-json\/wp\/v2\/treatment"}],"about":[{"href":"https:\/\/www.centerplast.de\/fr\/wp-json\/wp\/v2\/types\/treatment"}],"version-history":[{"count":4,"href":"https:\/\/www.centerplast.de\/fr\/wp-json\/wp\/v2\/treatment\/7040\/revisions"}],"predecessor-version":[{"id":8681,"href":"https:\/\/www.centerplast.de\/fr\/wp-json\/wp\/v2\/treatment\/7040\/revisions\/8681"}],"up":[{"embeddable":true,"href":"https:\/\/www.centerplast.de\/fr\/wp-json\/wp\/v2\/treatment\/6662"}],"wp:featuredmedia":[{"embeddable":true,"href":"https:\/\/www.centerplast.de\/fr\/wp-json\/wp\/v2\/media\/6044"}],"wp:attachment":[{"href":"https:\/\/www.centerplast.de\/fr\/wp-json\/wp\/v2\/media?parent=7040"}],"curies":[{"name":"wp","href":"https:\/\/api.w.org\/{rel}","templated":true}]}}